{"id":107741,"date":"2025-11-03T18:46:58","date_gmt":"2025-11-03T17:46:58","guid":{"rendered":"https:\/\/www.sunset-sunside.com\/?post_type=tribe_events&#038;p=107741"},"modified":"2025-12-22T12:05:47","modified_gmt":"2025-12-22T11:05:47","slug":"hommage-a-miles-davis-avec-mederic-collignon-friends","status":"publish","type":"tribe_events","link":"https:\/\/www.sunset-sunside.com\/concert\/hommage-a-miles-davis-avec-mederic-collignon-friends\/","title":{"rendered":"Hommage \u00e0 Miles Davis avec M\u00e9d\u00e9ric Collignon &amp; friends"},"content":{"rendered":"<p>M\u00e9d\u00e9ric Collignon est un bon compagnon : on ne compte plus ses participations \u00e0 de multiples projets, ses ententes cordiales avec tout ce que le monde du jazz et des musiques improvis\u00e9es compte d\u2019aventures effervescentes. Avec Louis Sclavis, Andy Emler, Claude Barth\u00e9l\u00e9my\u2026 il encha\u00eene avec boulimie exp\u00e9riences et rencontres. Chanteur, vocalisateur autant que trompettiste (son instrument, le vrai, est le cornet), il rassemble autour de lui quatre musiciens cascadeurs comme lui , un quartette efficace, au son marqu\u00e9 de l\u2019emprunte du piano \u00e9lectrique Rhodes et d\u2019une rythmique s\u00e9v\u00e8re. Miles Davis enflamm\u00e9 !<\/p>\n","protected":false},"excerpt":{"rendered":"<p>M\u00e9d\u00e9ric Collignon est un bon compagnon : on ne compte plus ses participations \u00e0 de multiples projets, ses ententes cordiales avec tout ce que le monde du jazz et des [&hellip;]<\/p>\n","protected":false},"author":2,"featured_media":107745,"template":"","meta":{"_acf_changed":false,"_price":"","_stock":"","_tribe_ticket_header":"","_tribe_default_ticket_provider":"Tribe__Tickets_Plus__Commerce__WooCommerce__Main","_tribe_ticket_capacity":"96","_ticket_start_date":"","_ticket_end_date":"","_tribe_ticket_show_description":"","_tribe_ticket_show_not_going":false,"_tribe_ticket_use_global_stock":"1","_tribe_ticket_global_stock_level":"0","_global_stock_mode":"","_global_stock_cap":"","_tribe_rsvp_for_event":"","_tribe_ticket_going_count":"","_tribe_ticket_not_going_count":"","_tribe_tickets_list":"[{\"id\":107742,\"type\":\"default\",\"title\":\"Tarif r\\u00e9duit\",\"description\":\"Tarif r\\u00e9serv\\u00e9 aux \\u00e9tudiants de moins de 25 ans, ch\\u00f4meurs et intermittents du spectacle. Pr\\u00e9sentation obligatoire d\\u2019un justificatif \\u00e0 l\\u2019entr\\u00e9e. \\r\\nUn suppl\\u00e9ment vous sera demand\\u00e9 pour non pr\\u00e9sentation de justificatif. \",\"capacityType\":\"global\",\"price\":22,\"capacity\":96,\"available\":0,\"sharedCapacity\":96,\"sold\":14,\"shareSold\":14,\"isShared\":true,\"currencyDecimalPoint\":\",\",\"currencyNumberOfDecimals\":2,\"currencyPosition\":\"prefix\",\"currencySymbol\":\"$\",\"currencyThousandsSep\":\"\"},{\"id\":107743,\"type\":\"default\",\"title\":\"Tarif adh\\u00e9rent\",\"description\":\"\",\"capacityType\":\"global\",\"price\":27,\"capacity\":96,\"available\":0,\"sharedCapacity\":96,\"sold\":1,\"shareSold\":1,\"isShared\":true,\"currencyDecimalPoint\":\",\",\"currencyNumberOfDecimals\":2,\"currencyPosition\":\"prefix\",\"currencySymbol\":\"$\",\"currencyThousandsSep\":\"\"},{\"id\":107744,\"type\":\"default\",\"title\":\"Tarif plein*\",\"description\":\"\",\"capacityType\":\"global\",\"price\":32,\"capacity\":96,\"available\":0,\"sharedCapacity\":96,\"sold\":81,\"shareSold\":81,\"isShared\":true,\"currencyDecimalPoint\":\",\",\"currencyNumberOfDecimals\":2,\"currencyPosition\":\"prefix\",\"currencySymbol\":\"$\",\"currencyThousandsSep\":\"\"}]","_tribe_ticket_has_attendee_info_fields":false,"_tribe_events_status":"","_tribe_events_status_reason":"","footnotes":"","_tec_slr_enabled":"","_tec_slr_layout":""},"tags":[289],"genre":[68],"tribe_events_cat":[213,214,215,216],"class_list":["post-107741","tribe_events","type-tribe_events","status-publish","has-post-thumbnail","hentry","tag-marathon-du-jazz-3","genre-jazz-legend","tribe_events_cat-albums-du-mois","tribe_events_cat-coup-de-coeur","tribe_events_cat-decouvertes","tribe_events_cat-evenements","cat_albums-du-mois","cat_coup-de-coeur","cat_decouvertes","cat_evenements"],"acf":[],"yoast_head":"<!-- This site is optimized with the Yoast SEO plugin v25.7 - https:\/\/yoast.com\/wordpress\/plugins\/seo\/ -->\n<title>Hommage \u00e0 Miles Davis avec M\u00e9d\u00e9ric Collignon &amp; friends - Sunset Sunside<\/title>\n<meta name=\"robots\" content=\"index, follow, max-snippet:-1, max-image-preview:large, max-video-preview:-1\" \/>\n<link rel=\"canonical\" href=\"https:\/\/www.sunset-sunside.com\/concert\/hommage-a-miles-davis-avec-mederic-collignon-friends\/\" \/>\n<meta property=\"og:locale\" content=\"en_GB\" \/>\n<meta property=\"og:type\" content=\"article\" \/>\n<meta property=\"og:title\" content=\"Hommage \u00e0 Miles Davis avec M\u00e9d\u00e9ric Collignon &amp; friends - Sunset Sunside\" \/>\n<meta property=\"og:description\" content=\"M\u00e9d\u00e9ric Collignon est un bon compagnon : on ne compte plus ses participations \u00e0 de multiples projets, ses ententes cordiales avec tout ce que le monde du jazz et des [&hellip;]\" \/>\n<meta property=\"og:url\" content=\"https:\/\/www.sunset-sunside.com\/concert\/hommage-a-miles-davis-avec-mederic-collignon-friends\/\" \/>\n<meta property=\"og:site_name\" content=\"Sunset Sunside\" \/>\n<meta property=\"article:publisher\" content=\"https:\/\/www.facebook.com\/SunsetSunsideJazzClub\/\" \/>\n<meta property=\"article:modified_time\" content=\"2025-12-22T11:05:47+00:00\" \/>\n<meta property=\"og:image\" content=\"https:\/\/www.sunset-sunside.com\/app\/uploads\/2025\/11\/csm_Mederic_Collignon_Ph.Levy-Stab_3e72e49dbc.jpg\" \/>\n\t<meta property=\"og:image:width\" content=\"1200\" \/>\n\t<meta property=\"og:image:height\" content=\"1201\" \/>\n\t<meta property=\"og:image:type\" content=\"image\/jpeg\" \/>\n<meta name=\"twitter:card\" content=\"summary_large_image\" \/>\n<meta name=\"twitter:site\" content=\"@SunsetSunside\" \/>\n<meta name=\"twitter:label1\" content=\"Est. reading time\" \/>\n\t<meta name=\"twitter:data1\" content=\"1 minute\" \/>\n<script type=\"application\/ld+json\" class=\"yoast-schema-graph\">{\"@context\":\"https:\/\/schema.org\",\"@graph\":[{\"@type\":\"WebPage\",\"@id\":\"https:\/\/www.sunset-sunside.com\/concert\/hommage-a-miles-davis-avec-mederic-collignon-friends\/\",\"url\":\"https:\/\/www.sunset-sunside.com\/concert\/hommage-a-miles-davis-avec-mederic-collignon-friends\/\",\"name\":\"Hommage \u00e0 Miles Davis avec M\u00e9d\u00e9ric Collignon &amp; friends - Sunset Sunside\",\"isPartOf\":{\"@id\":\"https:\/\/www.sunset-sunside.com\/#website\"},\"primaryImageOfPage\":{\"@id\":\"https:\/\/www.sunset-sunside.com\/concert\/hommage-a-miles-davis-avec-mederic-collignon-friends\/#primaryimage\"},\"image\":{\"@id\":\"https:\/\/www.sunset-sunside.com\/concert\/hommage-a-miles-davis-avec-mederic-collignon-friends\/#primaryimage\"},\"thumbnailUrl\":\"https:\/\/www.sunset-sunside.com\/app\/uploads\/2025\/11\/csm_Mederic_Collignon_Ph.Levy-Stab_3e72e49dbc.jpg\",\"datePublished\":\"2025-11-03T17:46:58+00:00\",\"dateModified\":\"2025-12-22T11:05:47+00:00\",\"breadcrumb\":{\"@id\":\"https:\/\/www.sunset-sunside.com\/concert\/hommage-a-miles-davis-avec-mederic-collignon-friends\/#breadcrumb\"},\"inLanguage\":\"en-GB\",\"potentialAction\":[{\"@type\":\"ReadAction\",\"target\":[\"https:\/\/www.sunset-sunside.com\/concert\/hommage-a-miles-davis-avec-mederic-collignon-friends\/\"]}]},{\"@type\":\"ImageObject\",\"inLanguage\":\"en-GB\",\"@id\":\"https:\/\/www.sunset-sunside.com\/concert\/hommage-a-miles-davis-avec-mederic-collignon-friends\/#primaryimage\",\"url\":\"https:\/\/www.sunset-sunside.com\/app\/uploads\/2025\/11\/csm_Mederic_Collignon_Ph.Levy-Stab_3e72e49dbc.jpg\",\"contentUrl\":\"https:\/\/www.sunset-sunside.com\/app\/uploads\/2025\/11\/csm_Mederic_Collignon_Ph.Levy-Stab_3e72e49dbc.jpg\",\"width\":1200,\"height\":1201,\"caption\":\"\u00a9 Levy Stab\"},{\"@type\":\"BreadcrumbList\",\"@id\":\"https:\/\/www.sunset-sunside.com\/concert\/hommage-a-miles-davis-avec-mederic-collignon-friends\/#breadcrumb\",\"itemListElement\":[{\"@type\":\"ListItem\",\"position\":1,\"name\":\"Accueil\",\"item\":\"https:\/\/www.sunset-sunside.com\/\"},{\"@type\":\"ListItem\",\"position\":2,\"name\":\"\u00c9v\u00e8nements\",\"item\":\"https:\/\/www.sunset-sunside.com\/concerts\/\"},{\"@type\":\"ListItem\",\"position\":3,\"name\":\"Hommage \u00e0 Miles Davis avec M\u00e9d\u00e9ric Collignon &amp; friends\"}]},{\"@type\":\"WebSite\",\"@id\":\"https:\/\/www.sunset-sunside.com\/#website\",\"url\":\"https:\/\/www.sunset-sunside.com\/\",\"name\":\"Sunset Sunside\",\"description\":\"\",\"potentialAction\":[{\"@type\":\"SearchAction\",\"target\":{\"@type\":\"EntryPoint\",\"urlTemplate\":\"https:\/\/www.sunset-sunside.com\/?s={search_term_string}\"},\"query-input\":{\"@type\":\"PropertyValueSpecification\",\"valueRequired\":true,\"valueName\":\"search_term_string\"}}],\"inLanguage\":\"en-GB\"}]}<\/script>\n<!-- \/ Yoast SEO plugin. -->","yoast_head_json":{"title":"Hommage \u00e0 Miles Davis avec M\u00e9d\u00e9ric Collignon &amp; friends - Sunset Sunside","robots":{"index":"index","follow":"follow","max-snippet":"max-snippet:-1","max-image-preview":"max-image-preview:large","max-video-preview":"max-video-preview:-1"},"canonical":"https:\/\/www.sunset-sunside.com\/concert\/hommage-a-miles-davis-avec-mederic-collignon-friends\/","og_locale":"en_GB","og_type":"article","og_title":"Hommage \u00e0 Miles Davis avec M\u00e9d\u00e9ric Collignon &amp; friends - Sunset Sunside","og_description":"M\u00e9d\u00e9ric Collignon est un bon compagnon : on ne compte plus ses participations \u00e0 de multiples projets, ses ententes cordiales avec tout ce que le monde du jazz et des [&hellip;]","og_url":"https:\/\/www.sunset-sunside.com\/concert\/hommage-a-miles-davis-avec-mederic-collignon-friends\/","og_site_name":"Sunset Sunside","article_publisher":"https:\/\/www.facebook.com\/SunsetSunsideJazzClub\/","article_modified_time":"2025-12-22T11:05:47+00:00","og_image":[{"width":1200,"height":1201,"url":"https:\/\/www.sunset-sunside.com\/app\/uploads\/2025\/11\/csm_Mederic_Collignon_Ph.Levy-Stab_3e72e49dbc.jpg","type":"image\/jpeg"}],"twitter_card":"summary_large_image","twitter_site":"@SunsetSunside","twitter_misc":{"Est. reading time":"1 minute"},"schema":{"@context":"https:\/\/schema.org","@graph":[{"@type":"WebPage","@id":"https:\/\/www.sunset-sunside.com\/concert\/hommage-a-miles-davis-avec-mederic-collignon-friends\/","url":"https:\/\/www.sunset-sunside.com\/concert\/hommage-a-miles-davis-avec-mederic-collignon-friends\/","name":"Hommage \u00e0 Miles Davis avec M\u00e9d\u00e9ric Collignon &amp; friends - Sunset Sunside","isPartOf":{"@id":"https:\/\/www.sunset-sunside.com\/#website"},"primaryImageOfPage":{"@id":"https:\/\/www.sunset-sunside.com\/concert\/hommage-a-miles-davis-avec-mederic-collignon-friends\/#primaryimage"},"image":{"@id":"https:\/\/www.sunset-sunside.com\/concert\/hommage-a-miles-davis-avec-mederic-collignon-friends\/#primaryimage"},"thumbnailUrl":"https:\/\/www.sunset-sunside.com\/app\/uploads\/2025\/11\/csm_Mederic_Collignon_Ph.Levy-Stab_3e72e49dbc.jpg","datePublished":"2025-11-03T17:46:58+00:00","dateModified":"2025-12-22T11:05:47+00:00","breadcrumb":{"@id":"https:\/\/www.sunset-sunside.com\/concert\/hommage-a-miles-davis-avec-mederic-collignon-friends\/#breadcrumb"},"inLanguage":"en-GB","potentialAction":[{"@type":"ReadAction","target":["https:\/\/www.sunset-sunside.com\/concert\/hommage-a-miles-davis-avec-mederic-collignon-friends\/"]}]},{"@type":"ImageObject","inLanguage":"en-GB","@id":"https:\/\/www.sunset-sunside.com\/concert\/hommage-a-miles-davis-avec-mederic-collignon-friends\/#primaryimage","url":"https:\/\/www.sunset-sunside.com\/app\/uploads\/2025\/11\/csm_Mederic_Collignon_Ph.Levy-Stab_3e72e49dbc.jpg","contentUrl":"https:\/\/www.sunset-sunside.com\/app\/uploads\/2025\/11\/csm_Mederic_Collignon_Ph.Levy-Stab_3e72e49dbc.jpg","width":1200,"height":1201,"caption":"\u00a9 Levy Stab"},{"@type":"BreadcrumbList","@id":"https:\/\/www.sunset-sunside.com\/concert\/hommage-a-miles-davis-avec-mederic-collignon-friends\/#breadcrumb","itemListElement":[{"@type":"ListItem","position":1,"name":"Accueil","item":"https:\/\/www.sunset-sunside.com\/"},{"@type":"ListItem","position":2,"name":"\u00c9v\u00e8nements","item":"https:\/\/www.sunset-sunside.com\/concerts\/"},{"@type":"ListItem","position":3,"name":"Hommage \u00e0 Miles Davis avec M\u00e9d\u00e9ric Collignon &amp; friends"}]},{"@type":"WebSite","@id":"https:\/\/www.sunset-sunside.com\/#website","url":"https:\/\/www.sunset-sunside.com\/","name":"Sunset Sunside","description":"","potentialAction":[{"@type":"SearchAction","target":{"@type":"EntryPoint","urlTemplate":"https:\/\/www.sunset-sunside.com\/?s={search_term_string}"},"query-input":{"@type":"PropertyValueSpecification","valueRequired":true,"valueName":"search_term_string"}}],"inLanguage":"en-GB"}]}},"publishpress_future_action":{"enabled":false,"date":"2026-04-12 17:21:30","action":"change-status","newStatus":"draft","terms":[],"taxonomy":"post_tag","extraData":[]},"publishpress_future_workflow_manual_trigger":{"enabledWorkflows":[]},"ticketed":["woo"],"_links":{"self":[{"href":"https:\/\/www.sunset-sunside.com\/wp-json\/wp\/v2\/tribe_events\/107741","targetHints":{"allow":["GET"]}}],"collection":[{"href":"https:\/\/www.sunset-sunside.com\/wp-json\/wp\/v2\/tribe_events"}],"about":[{"href":"https:\/\/www.sunset-sunside.com\/wp-json\/wp\/v2\/types\/tribe_events"}],"author":[{"embeddable":true,"href":"https:\/\/www.sunset-sunside.com\/wp-json\/wp\/v2\/users\/2"}],"version-history":[{"count":1,"href":"https:\/\/www.sunset-sunside.com\/wp-json\/wp\/v2\/tribe_events\/107741\/revisions"}],"predecessor-version":[{"id":107753,"href":"https:\/\/www.sunset-sunside.com\/wp-json\/wp\/v2\/tribe_events\/107741\/revisions\/107753"}],"wp:featuredmedia":[{"embeddable":true,"href":"https:\/\/www.sunset-sunside.com\/wp-json\/wp\/v2\/media\/107745"}],"wp:attachment":[{"href":"https:\/\/www.sunset-sunside.com\/wp-json\/wp\/v2\/media?parent=107741"}],"wp:term":[{"taxonomy":"post_tag","embeddable":true,"href":"https:\/\/www.sunset-sunside.com\/wp-json\/wp\/v2\/tags?post=107741"},{"taxonomy":"genre","embeddable":true,"href":"https:\/\/www.sunset-sunside.com\/wp-json\/wp\/v2\/genre?post=107741"},{"taxonomy":"tribe_events_cat","embeddable":true,"href":"https:\/\/www.sunset-sunside.com\/wp-json\/wp\/v2\/tribe_events_cat?post=107741"}],"curies":[{"name":"wp","href":"https:\/\/api.w.org\/{rel}","templated":true}]}}