{"id":110588,"date":"2025-11-14T18:47:46","date_gmt":"2025-11-14T17:47:46","guid":{"rendered":"https:\/\/www.sunset-sunside.com\/?post_type=tribe_events&#038;p=110588"},"modified":"2026-01-02T10:50:21","modified_gmt":"2026-01-02T09:50:21","slug":"hommage-a-antonio-carlos-jobim-bruna-hetzel-quintet","status":"publish","type":"tribe_events","link":"https:\/\/www.sunset-sunside.com\/concert\/hommage-a-antonio-carlos-jobim-bruna-hetzel-quintet\/","title":{"rendered":"Hommage \u00e0 Antonio Carlos Jobim &#8211; Bruna Hetzel Quintet"},"content":{"rendered":"<p><strong>JOBIM EN TROIS DIMENSIONS: Bossa, Nature et Rythmes du Br\u00e9sil<\/strong><\/p>\n<p>&nbsp;<\/p>\n<p>Antonio Carlos Jobim (Tom Jobim) n&#8217;\u00e9tait pas qu\u2019un des p\u00e8res fondateurs de la bossa nova ; il \u00e9tait un compositeur dont l&#8217;\u0153uvre est un miroir des multiples \u00e2mes du Br\u00e9sil. Ce concert est une invitation \u00e0 explorer la richesse et la profondeur de son g\u00e9nie \u00e0 travers trois sets distincts, chacun d\u00e9di\u00e9 \u00e0 une dimension essentielle de son art:<\/p>\n<p>&nbsp;<\/p>\n<p>&nbsp;<\/p>\n<p><strong>1er Set: L\u2019amour et la Bossa<\/strong><\/p>\n<p>Ce premier set plonge au c\u0153ur du son qui a conquis le monde: la bossa nova. C&#8217;est le Jobim des m\u00e9lodies suaves, des harmonies sophistiqu\u00e9es et du rythme ber\u00e7ant qui \u00e9voque la vie carioca, l&#8217;effervescence de Rio de Janeiro et, surtout, les histoires d&#8217;amour universelles et intemporelles. Nous explorerons les standards embl\u00e9matiques qui c\u00e9l\u00e8brent cette douce nostalgie que les br\u00e9siliens appellent \u201csaudade\u201d.<\/p>\n<p>&nbsp;<\/p>\n<p>&nbsp;<\/p>\n<p><strong>2\u00e8me Set: Les Eaux de Mars et la Nature<\/strong><\/p>\n<p>Dans cette seconde partie, nous quittons les salons de Copacabana pour nous immerger dans le Br\u00e9sil sauvage et luxuriant. Jobim \u00e9tait profond\u00e9ment inspir\u00e9 par la nature, en particulier la for\u00eat atlantique et les paysages de son pays. Ce set est un hommage au Jobim \u00e9cologiste avant l&#8217;heure et au musicien capable de traduire les \u00e9l\u00e9ments naturels en sons. Des pluies fines aux vents, des rivi\u00e8res aux oiseaux, ses compositions se font tableaux sonores.<\/p>\n<p>&nbsp;<\/p>\n<p>&nbsp;<\/p>\n<p><strong>3\u00e8me Set: Autres Rythmes et le Br\u00e9sil Profond<\/strong><\/p>\n<p>Le dernier set met en lumi\u00e8re sa capacit\u00e9 \u00e0 fusionner les rythmes et \u00e0 explorer les racines plus profondes de la musique br\u00e9silienne. Nous voyagerons au-del\u00e0 de la bossa pour d\u00e9couvrir l&#8217;influence du choro, du frevo, du bai\u00e3o et des rythmes afro-br\u00e9siliens qui ont nourri son \u0153uvre. Ce final est une c\u00e9l\u00e9bration de la diversit\u00e9 culturelle du Br\u00e9sil, invitant \u00e0 la reconnaissance de la richesse musicale qu&#8217;il nous a laiss\u00e9e.<\/p>\n","protected":false},"excerpt":{"rendered":"<p>JOBIM EN TROIS DIMENSIONS: Bossa, Nature et Rythmes du Br\u00e9sil &nbsp; Antonio Carlos Jobim (Tom Jobim) n&#8217;\u00e9tait pas qu\u2019un des p\u00e8res fondateurs de la bossa nova ; il \u00e9tait un [&hellip;]<\/p>\n","protected":false},"author":2,"featured_media":110594,"template":"","meta":{"_acf_changed":false,"_price":"","_stock":"","_tribe_ticket_header":"","_tribe_default_ticket_provider":"Tribe__Tickets_Plus__Commerce__WooCommerce__Main","_tribe_ticket_capacity":"98","_ticket_start_date":"","_ticket_end_date":"","_tribe_ticket_show_description":"","_tribe_ticket_show_not_going":false,"_tribe_ticket_use_global_stock":"1","_tribe_ticket_global_stock_level":"0","_global_stock_mode":"","_global_stock_cap":"","_tribe_rsvp_for_event":"","_tribe_ticket_going_count":"","_tribe_ticket_not_going_count":"","_tribe_tickets_list":"[{\"id\":110589,\"type\":\"default\",\"title\":\"Tarif adh\\u00e9rent\",\"description\":\"\",\"capacityType\":\"global\",\"price\":25,\"capacity\":98,\"available\":0,\"sharedCapacity\":98,\"sold\":2,\"shareSold\":2,\"isShared\":true,\"currencyDecimalPoint\":\",\",\"currencyNumberOfDecimals\":2,\"currencyPosition\":\"prefix\",\"currencySymbol\":\"$\",\"currencyThousandsSep\":\"\"},{\"id\":110590,\"type\":\"default\",\"title\":\"Tarif plein*\",\"description\":\"\",\"capacityType\":\"global\",\"price\":30,\"capacity\":98,\"available\":0,\"sharedCapacity\":98,\"sold\":72,\"shareSold\":72,\"isShared\":true,\"currencyDecimalPoint\":\",\",\"currencyNumberOfDecimals\":2,\"currencyPosition\":\"prefix\",\"currencySymbol\":\"$\",\"currencyThousandsSep\":\"\"},{\"id\":110591,\"type\":\"default\",\"title\":\"Tarif r\\u00e9duit\",\"description\":\"Tarif r\\u00e9serv\\u00e9 aux \\u00e9tudiants de moins de 25 ans, ch\\u00f4meurs et intermittents du spectacle. Pr\\u00e9sentation obligatoire d\\u2019un justificatif \\u00e0 l\\u2019entr\\u00e9e. \\r\\nUn suppl\\u00e9ment vous sera demand\\u00e9 pour non pr\\u00e9sentation de justificatif. \",\"capacityType\":\"global\",\"price\":20,\"capacity\":98,\"available\":0,\"sharedCapacity\":98,\"sold\":21,\"shareSold\":21,\"isShared\":true,\"currencyDecimalPoint\":\",\",\"currencyNumberOfDecimals\":2,\"currencyPosition\":\"prefix\",\"currencySymbol\":\"$\",\"currencyThousandsSep\":\"\"}]","_tribe_ticket_has_attendee_info_fields":false,"_tribe_events_status":"","_tribe_events_status_reason":"","footnotes":"","_tec_slr_enabled":"","_tec_slr_layout":""},"tags":[289],"genre":[251],"tribe_events_cat":[213,269,214,215,216],"class_list":["post-110588","tribe_events","type-tribe_events","status-publish","has-post-thumbnail","hentry","tag-marathon-du-jazz-3","genre-jazz-bossa-nova-2","tribe_events_cat-albums-du-mois","tribe_events_cat-coming-soon","tribe_events_cat-coup-de-coeur","tribe_events_cat-decouvertes","tribe_events_cat-evenements","cat_albums-du-mois","cat_coming-soon","cat_coup-de-coeur","cat_decouvertes","cat_evenements"],"acf":[],"yoast_head":"<!-- This site is optimized with the Yoast SEO plugin v25.7 - https:\/\/yoast.com\/wordpress\/plugins\/seo\/ -->\n<title>Hommage \u00e0 Antonio Carlos Jobim - Bruna Hetzel Quintet - Sunset Sunside<\/title>\n<meta name=\"robots\" content=\"index, follow, max-snippet:-1, max-image-preview:large, max-video-preview:-1\" \/>\n<link rel=\"canonical\" href=\"https:\/\/www.sunset-sunside.com\/concert\/hommage-a-antonio-carlos-jobim-bruna-hetzel-quintet\/\" \/>\n<meta property=\"og:locale\" content=\"en_GB\" \/>\n<meta property=\"og:type\" content=\"article\" \/>\n<meta property=\"og:title\" content=\"Hommage \u00e0 Antonio Carlos Jobim - Bruna Hetzel Quintet - Sunset Sunside\" \/>\n<meta property=\"og:description\" content=\"JOBIM EN TROIS DIMENSIONS: Bossa, Nature et Rythmes du Br\u00e9sil &nbsp; Antonio Carlos Jobim (Tom Jobim) n&#8217;\u00e9tait pas qu\u2019un des p\u00e8res fondateurs de la bossa nova ; il \u00e9tait un [&hellip;]\" \/>\n<meta property=\"og:url\" content=\"https:\/\/www.sunset-sunside.com\/concert\/hommage-a-antonio-carlos-jobim-bruna-hetzel-quintet\/\" \/>\n<meta property=\"og:site_name\" content=\"Sunset Sunside\" \/>\n<meta property=\"article:publisher\" content=\"https:\/\/www.facebook.com\/SunsetSunsideJazzClub\/\" \/>\n<meta property=\"article:modified_time\" content=\"2026-01-02T09:50:21+00:00\" \/>\n<meta property=\"og:image\" content=\"https:\/\/www.sunset-sunside.com\/app\/uploads\/2025\/11\/Photo-03.jpeg\" \/>\n\t<meta property=\"og:image:width\" content=\"640\" \/>\n\t<meta property=\"og:image:height\" content=\"427\" \/>\n\t<meta property=\"og:image:type\" content=\"image\/jpeg\" \/>\n<meta name=\"twitter:card\" content=\"summary_large_image\" \/>\n<meta name=\"twitter:site\" content=\"@SunsetSunside\" \/>\n<meta name=\"twitter:label1\" content=\"Est. reading time\" \/>\n\t<meta name=\"twitter:data1\" content=\"2 minutes\" \/>\n<script type=\"application\/ld+json\" class=\"yoast-schema-graph\">{\"@context\":\"https:\/\/schema.org\",\"@graph\":[{\"@type\":\"WebPage\",\"@id\":\"https:\/\/www.sunset-sunside.com\/concert\/hommage-a-antonio-carlos-jobim-bruna-hetzel-quintet\/\",\"url\":\"https:\/\/www.sunset-sunside.com\/concert\/hommage-a-antonio-carlos-jobim-bruna-hetzel-quintet\/\",\"name\":\"Hommage \u00e0 Antonio Carlos Jobim - Bruna Hetzel Quintet - Sunset Sunside\",\"isPartOf\":{\"@id\":\"https:\/\/www.sunset-sunside.com\/#website\"},\"primaryImageOfPage\":{\"@id\":\"https:\/\/www.sunset-sunside.com\/concert\/hommage-a-antonio-carlos-jobim-bruna-hetzel-quintet\/#primaryimage\"},\"image\":{\"@id\":\"https:\/\/www.sunset-sunside.com\/concert\/hommage-a-antonio-carlos-jobim-bruna-hetzel-quintet\/#primaryimage\"},\"thumbnailUrl\":\"https:\/\/www.sunset-sunside.com\/app\/uploads\/2025\/11\/Photo-03.jpeg\",\"datePublished\":\"2025-11-14T17:47:46+00:00\",\"dateModified\":\"2026-01-02T09:50:21+00:00\",\"breadcrumb\":{\"@id\":\"https:\/\/www.sunset-sunside.com\/concert\/hommage-a-antonio-carlos-jobim-bruna-hetzel-quintet\/#breadcrumb\"},\"inLanguage\":\"en-GB\",\"potentialAction\":[{\"@type\":\"ReadAction\",\"target\":[\"https:\/\/www.sunset-sunside.com\/concert\/hommage-a-antonio-carlos-jobim-bruna-hetzel-quintet\/\"]}]},{\"@type\":\"ImageObject\",\"inLanguage\":\"en-GB\",\"@id\":\"https:\/\/www.sunset-sunside.com\/concert\/hommage-a-antonio-carlos-jobim-bruna-hetzel-quintet\/#primaryimage\",\"url\":\"https:\/\/www.sunset-sunside.com\/app\/uploads\/2025\/11\/Photo-03.jpeg\",\"contentUrl\":\"https:\/\/www.sunset-sunside.com\/app\/uploads\/2025\/11\/Photo-03.jpeg\",\"width\":640,\"height\":427,\"caption\":\"\u00a9 DR\"},{\"@type\":\"BreadcrumbList\",\"@id\":\"https:\/\/www.sunset-sunside.com\/concert\/hommage-a-antonio-carlos-jobim-bruna-hetzel-quintet\/#breadcrumb\",\"itemListElement\":[{\"@type\":\"ListItem\",\"position\":1,\"name\":\"Accueil\",\"item\":\"https:\/\/www.sunset-sunside.com\/\"},{\"@type\":\"ListItem\",\"position\":2,\"name\":\"\u00c9v\u00e8nements\",\"item\":\"https:\/\/www.sunset-sunside.com\/concerts\/\"},{\"@type\":\"ListItem\",\"position\":3,\"name\":\"Hommage \u00e0 Antonio Carlos Jobim &#8211; Bruna Hetzel Quintet\"}]},{\"@type\":\"WebSite\",\"@id\":\"https:\/\/www.sunset-sunside.com\/#website\",\"url\":\"https:\/\/www.sunset-sunside.com\/\",\"name\":\"Sunset Sunside\",\"description\":\"\",\"potentialAction\":[{\"@type\":\"SearchAction\",\"target\":{\"@type\":\"EntryPoint\",\"urlTemplate\":\"https:\/\/www.sunset-sunside.com\/?s={search_term_string}\"},\"query-input\":{\"@type\":\"PropertyValueSpecification\",\"valueRequired\":true,\"valueName\":\"search_term_string\"}}],\"inLanguage\":\"en-GB\"}]}<\/script>\n<!-- \/ Yoast SEO plugin. -->","yoast_head_json":{"title":"Hommage \u00e0 Antonio Carlos Jobim - Bruna Hetzel Quintet - Sunset Sunside","robots":{"index":"index","follow":"follow","max-snippet":"max-snippet:-1","max-image-preview":"max-image-preview:large","max-video-preview":"max-video-preview:-1"},"canonical":"https:\/\/www.sunset-sunside.com\/concert\/hommage-a-antonio-carlos-jobim-bruna-hetzel-quintet\/","og_locale":"en_GB","og_type":"article","og_title":"Hommage \u00e0 Antonio Carlos Jobim - Bruna Hetzel Quintet - Sunset Sunside","og_description":"JOBIM EN TROIS DIMENSIONS: Bossa, Nature et Rythmes du Br\u00e9sil &nbsp; Antonio Carlos Jobim (Tom Jobim) n&#8217;\u00e9tait pas qu\u2019un des p\u00e8res fondateurs de la bossa nova ; il \u00e9tait un [&hellip;]","og_url":"https:\/\/www.sunset-sunside.com\/concert\/hommage-a-antonio-carlos-jobim-bruna-hetzel-quintet\/","og_site_name":"Sunset Sunside","article_publisher":"https:\/\/www.facebook.com\/SunsetSunsideJazzClub\/","article_modified_time":"2026-01-02T09:50:21+00:00","og_image":[{"width":640,"height":427,"url":"https:\/\/www.sunset-sunside.com\/app\/uploads\/2025\/11\/Photo-03.jpeg","type":"image\/jpeg"}],"twitter_card":"summary_large_image","twitter_site":"@SunsetSunside","twitter_misc":{"Est. reading time":"2 minutes"},"schema":{"@context":"https:\/\/schema.org","@graph":[{"@type":"WebPage","@id":"https:\/\/www.sunset-sunside.com\/concert\/hommage-a-antonio-carlos-jobim-bruna-hetzel-quintet\/","url":"https:\/\/www.sunset-sunside.com\/concert\/hommage-a-antonio-carlos-jobim-bruna-hetzel-quintet\/","name":"Hommage \u00e0 Antonio Carlos Jobim - Bruna Hetzel Quintet - Sunset Sunside","isPartOf":{"@id":"https:\/\/www.sunset-sunside.com\/#website"},"primaryImageOfPage":{"@id":"https:\/\/www.sunset-sunside.com\/concert\/hommage-a-antonio-carlos-jobim-bruna-hetzel-quintet\/#primaryimage"},"image":{"@id":"https:\/\/www.sunset-sunside.com\/concert\/hommage-a-antonio-carlos-jobim-bruna-hetzel-quintet\/#primaryimage"},"thumbnailUrl":"https:\/\/www.sunset-sunside.com\/app\/uploads\/2025\/11\/Photo-03.jpeg","datePublished":"2025-11-14T17:47:46+00:00","dateModified":"2026-01-02T09:50:21+00:00","breadcrumb":{"@id":"https:\/\/www.sunset-sunside.com\/concert\/hommage-a-antonio-carlos-jobim-bruna-hetzel-quintet\/#breadcrumb"},"inLanguage":"en-GB","potentialAction":[{"@type":"ReadAction","target":["https:\/\/www.sunset-sunside.com\/concert\/hommage-a-antonio-carlos-jobim-bruna-hetzel-quintet\/"]}]},{"@type":"ImageObject","inLanguage":"en-GB","@id":"https:\/\/www.sunset-sunside.com\/concert\/hommage-a-antonio-carlos-jobim-bruna-hetzel-quintet\/#primaryimage","url":"https:\/\/www.sunset-sunside.com\/app\/uploads\/2025\/11\/Photo-03.jpeg","contentUrl":"https:\/\/www.sunset-sunside.com\/app\/uploads\/2025\/11\/Photo-03.jpeg","width":640,"height":427,"caption":"\u00a9 DR"},{"@type":"BreadcrumbList","@id":"https:\/\/www.sunset-sunside.com\/concert\/hommage-a-antonio-carlos-jobim-bruna-hetzel-quintet\/#breadcrumb","itemListElement":[{"@type":"ListItem","position":1,"name":"Accueil","item":"https:\/\/www.sunset-sunside.com\/"},{"@type":"ListItem","position":2,"name":"\u00c9v\u00e8nements","item":"https:\/\/www.sunset-sunside.com\/concerts\/"},{"@type":"ListItem","position":3,"name":"Hommage \u00e0 Antonio Carlos Jobim &#8211; Bruna Hetzel Quintet"}]},{"@type":"WebSite","@id":"https:\/\/www.sunset-sunside.com\/#website","url":"https:\/\/www.sunset-sunside.com\/","name":"Sunset Sunside","description":"","potentialAction":[{"@type":"SearchAction","target":{"@type":"EntryPoint","urlTemplate":"https:\/\/www.sunset-sunside.com\/?s={search_term_string}"},"query-input":{"@type":"PropertyValueSpecification","valueRequired":true,"valueName":"search_term_string"}}],"inLanguage":"en-GB"}]}},"publishpress_future_action":{"enabled":false,"date":"2026-04-12 15:52:30","action":"change-status","newStatus":"draft","terms":[],"taxonomy":"post_tag","extraData":[]},"publishpress_future_workflow_manual_trigger":{"enabledWorkflows":[]},"ticketed":["woo"],"_links":{"self":[{"href":"https:\/\/www.sunset-sunside.com\/wp-json\/wp\/v2\/tribe_events\/110588","targetHints":{"allow":["GET"]}}],"collection":[{"href":"https:\/\/www.sunset-sunside.com\/wp-json\/wp\/v2\/tribe_events"}],"about":[{"href":"https:\/\/www.sunset-sunside.com\/wp-json\/wp\/v2\/types\/tribe_events"}],"author":[{"embeddable":true,"href":"https:\/\/www.sunset-sunside.com\/wp-json\/wp\/v2\/users\/2"}],"version-history":[{"count":2,"href":"https:\/\/www.sunset-sunside.com\/wp-json\/wp\/v2\/tribe_events\/110588\/revisions"}],"predecessor-version":[{"id":114949,"href":"https:\/\/www.sunset-sunside.com\/wp-json\/wp\/v2\/tribe_events\/110588\/revisions\/114949"}],"wp:featuredmedia":[{"embeddable":true,"href":"https:\/\/www.sunset-sunside.com\/wp-json\/wp\/v2\/media\/110594"}],"wp:attachment":[{"href":"https:\/\/www.sunset-sunside.com\/wp-json\/wp\/v2\/media?parent=110588"}],"wp:term":[{"taxonomy":"post_tag","embeddable":true,"href":"https:\/\/www.sunset-sunside.com\/wp-json\/wp\/v2\/tags?post=110588"},{"taxonomy":"genre","embeddable":true,"href":"https:\/\/www.sunset-sunside.com\/wp-json\/wp\/v2\/genre?post=110588"},{"taxonomy":"tribe_events_cat","embeddable":true,"href":"https:\/\/www.sunset-sunside.com\/wp-json\/wp\/v2\/tribe_events_cat?post=110588"}],"curies":[{"name":"wp","href":"https:\/\/api.w.org\/{rel}","templated":true}]}}