{"id":111311,"date":"2025-11-17T18:36:46","date_gmt":"2025-11-17T17:36:46","guid":{"rendered":"https:\/\/www.sunset-sunside.com\/?post_type=tribe_events&#038;p=111311"},"modified":"2025-12-29T13:24:32","modified_gmt":"2025-12-29T12:24:32","slug":"paul-ketterer-invite-stephane-belmondo","status":"publish","type":"tribe_events","link":"https:\/\/www.sunset-sunside.com\/concert\/paul-ketterer-invite-stephane-belmondo\/","title":{"rendered":"Paul Ketterer invite St\u00e9phane Belmondo"},"content":{"rendered":"<p>Le 22 Janvier au Sunside, le\u00a0pianiste et compositeur Paul Ketterer\u00a0convie le grand\u00a0trompettiste St\u00e9phane Belmondo\u00a0pour un\u00a0concert exceptionnel\u00a0autour de son projet\u00a0\u00ab M\u00e9lodies from Paris \u00bb.<\/p>\n<p>&nbsp;<\/p>\n<p>&nbsp;<\/p>\n<p>Dans ce programme aux\u00a0m\u00e9lodies d\u2019une rare beaut\u00e9, les deux artistes offriront un moment de\u00a0gr\u00e2ce et d\u2019\u00e9motion, entre lyrisme et improvisation.<\/p>\n<p>&nbsp;<\/p>\n<p>\nCertaines pi\u00e8ces seront\u00a0jou\u00e9es pour la premi\u00e8re fois en France, offrant au public du Sunside la magie d\u2019une\u00a0d\u00e9couverte in\u00e9dite\u00a0au c\u0153ur de Paris.<\/p>\n<p>&nbsp;<\/p>\n<p>&nbsp;<\/p>\n<p>Une soir\u00e9e unique, suspendue dans le temps \u2014\u00a0comme un hommage vibrant \u00e0 la musique, \u00e0 la po\u00e9sie et \u00e0 l\u2019\u00e2me parisienne.<\/p>\n","protected":false},"excerpt":{"rendered":"<p>Le 22 Janvier au Sunside, le\u00a0pianiste et compositeur Paul Ketterer\u00a0convie le grand\u00a0trompettiste St\u00e9phane Belmondo\u00a0pour un\u00a0concert exceptionnel\u00a0autour de son projet\u00a0\u00ab M\u00e9lodies from Paris \u00bb. &nbsp; &nbsp; Dans ce programme aux\u00a0m\u00e9lodies d\u2019une [&hellip;]<\/p>\n","protected":false},"author":2,"featured_media":112741,"template":"","meta":{"_acf_changed":false,"_price":"","_stock":"","_tribe_ticket_header":"","_tribe_default_ticket_provider":"Tribe__Tickets_Plus__Commerce__WooCommerce__Main","_tribe_ticket_capacity":"93","_ticket_start_date":"","_ticket_end_date":"","_tribe_ticket_show_description":"","_tribe_ticket_show_not_going":false,"_tribe_ticket_use_global_stock":"1","_tribe_ticket_global_stock_level":"55","_global_stock_mode":"","_global_stock_cap":"","_tribe_rsvp_for_event":"","_tribe_ticket_going_count":"","_tribe_ticket_not_going_count":"","_tribe_tickets_list":"[{\"id\":111312,\"type\":\"default\",\"title\":\"Tarif r\\u00e9duit\",\"description\":\"Tarif r\\u00e9serv\\u00e9 aux \\u00e9tudiants de moins de 25 ans, ch\\u00f4meurs et intermittents du spectacle. Pr\\u00e9sentation obligatoire d\\u2019un justificatif \\u00e0 l\\u2019entr\\u00e9e. \\r\\nUn suppl\\u00e9ment vous sera demand\\u00e9 pour non pr\\u00e9sentation de justificatif. \",\"capacityType\":\"global\",\"price\":18,\"capacity\":93,\"available\":55,\"sharedCapacity\":93,\"sold\":5,\"shareSold\":5,\"isShared\":true,\"currencyDecimalPoint\":\",\",\"currencyNumberOfDecimals\":2,\"currencyPosition\":\"prefix\",\"currencySymbol\":\"$\",\"currencyThousandsSep\":\"\"},{\"id\":111313,\"type\":\"default\",\"title\":\"Tarif adh\\u00e9rent\",\"description\":\"\",\"capacityType\":\"capped\",\"price\":23,\"capacity\":93,\"available\":55,\"sharedCapacity\":93,\"sold\":0,\"shareSold\":0,\"isShared\":true,\"currencyDecimalPoint\":\",\",\"currencyNumberOfDecimals\":2,\"currencyPosition\":\"prefix\",\"currencySymbol\":\"$\",\"currencyThousandsSep\":\"\"},{\"id\":111314,\"type\":\"default\",\"title\":\"Tarif plein*\",\"description\":\"\",\"capacityType\":\"capped\",\"price\":28,\"capacity\":93,\"available\":55,\"sharedCapacity\":93,\"sold\":32,\"shareSold\":32,\"isShared\":true,\"currencyDecimalPoint\":\",\",\"currencyNumberOfDecimals\":2,\"currencyPosition\":\"prefix\",\"currencySymbol\":\"$\",\"currencyThousandsSep\":\"\"}]","_tribe_ticket_has_attendee_info_fields":false,"_tribe_events_status":"","_tribe_events_status_reason":"","footnotes":"","_tec_slr_enabled":"","_tec_slr_layout":""},"tags":[],"genre":[258],"tribe_events_cat":[213,214,215,216],"class_list":["post-111311","tribe_events","type-tribe_events","status-publish","has-post-thumbnail","hentry","genre-jazz-actuel","tribe_events_cat-albums-du-mois","tribe_events_cat-coup-de-coeur","tribe_events_cat-decouvertes","tribe_events_cat-evenements","cat_albums-du-mois","cat_coup-de-coeur","cat_decouvertes","cat_evenements"],"acf":[],"yoast_head":"<!-- This site is optimized with the Yoast SEO plugin v25.7 - https:\/\/yoast.com\/wordpress\/plugins\/seo\/ -->\n<title>Paul Ketterer invite St\u00e9phane Belmondo - Sunset Sunside<\/title>\n<meta name=\"robots\" content=\"index, follow, max-snippet:-1, max-image-preview:large, max-video-preview:-1\" \/>\n<link rel=\"canonical\" href=\"https:\/\/www.sunset-sunside.com\/concert\/paul-ketterer-invite-stephane-belmondo\/\" \/>\n<meta property=\"og:locale\" content=\"en_GB\" \/>\n<meta property=\"og:type\" content=\"article\" \/>\n<meta property=\"og:title\" content=\"Paul Ketterer invite St\u00e9phane Belmondo - Sunset Sunside\" \/>\n<meta property=\"og:description\" content=\"Le 22 Janvier au Sunside, le\u00a0pianiste et compositeur Paul Ketterer\u00a0convie le grand\u00a0trompettiste St\u00e9phane Belmondo\u00a0pour un\u00a0concert exceptionnel\u00a0autour de son projet\u00a0\u00ab M\u00e9lodies from Paris \u00bb. &nbsp; &nbsp; Dans ce programme aux\u00a0m\u00e9lodies d\u2019une [&hellip;]\" \/>\n<meta property=\"og:url\" content=\"https:\/\/www.sunset-sunside.com\/concert\/paul-ketterer-invite-stephane-belmondo\/\" \/>\n<meta property=\"og:site_name\" content=\"Sunset Sunside\" \/>\n<meta property=\"article:publisher\" content=\"https:\/\/www.facebook.com\/SunsetSunsideJazzClub\/\" \/>\n<meta property=\"article:modified_time\" content=\"2025-12-29T12:24:32+00:00\" \/>\n<meta property=\"og:image\" content=\"https:\/\/www.sunset-sunside.com\/app\/uploads\/2025\/11\/FB_IMG_1739109738233.jpg\" \/>\n\t<meta property=\"og:image:width\" content=\"1080\" \/>\n\t<meta property=\"og:image:height\" content=\"1915\" \/>\n\t<meta property=\"og:image:type\" content=\"image\/jpeg\" \/>\n<meta name=\"twitter:card\" content=\"summary_large_image\" \/>\n<meta name=\"twitter:site\" content=\"@SunsetSunside\" \/>\n<meta name=\"twitter:label1\" content=\"Est. reading time\" \/>\n\t<meta name=\"twitter:data1\" content=\"1 minute\" \/>\n<script type=\"application\/ld+json\" class=\"yoast-schema-graph\">{\"@context\":\"https:\/\/schema.org\",\"@graph\":[{\"@type\":\"WebPage\",\"@id\":\"https:\/\/www.sunset-sunside.com\/concert\/paul-ketterer-invite-stephane-belmondo\/\",\"url\":\"https:\/\/www.sunset-sunside.com\/concert\/paul-ketterer-invite-stephane-belmondo\/\",\"name\":\"Paul Ketterer invite St\u00e9phane Belmondo - Sunset Sunside\",\"isPartOf\":{\"@id\":\"https:\/\/www.sunset-sunside.com\/#website\"},\"primaryImageOfPage\":{\"@id\":\"https:\/\/www.sunset-sunside.com\/concert\/paul-ketterer-invite-stephane-belmondo\/#primaryimage\"},\"image\":{\"@id\":\"https:\/\/www.sunset-sunside.com\/concert\/paul-ketterer-invite-stephane-belmondo\/#primaryimage\"},\"thumbnailUrl\":\"https:\/\/www.sunset-sunside.com\/app\/uploads\/2025\/11\/FB_IMG_1739109738233.jpg\",\"datePublished\":\"2025-11-17T17:36:46+00:00\",\"dateModified\":\"2025-12-29T12:24:32+00:00\",\"breadcrumb\":{\"@id\":\"https:\/\/www.sunset-sunside.com\/concert\/paul-ketterer-invite-stephane-belmondo\/#breadcrumb\"},\"inLanguage\":\"en-GB\",\"potentialAction\":[{\"@type\":\"ReadAction\",\"target\":[\"https:\/\/www.sunset-sunside.com\/concert\/paul-ketterer-invite-stephane-belmondo\/\"]}]},{\"@type\":\"ImageObject\",\"inLanguage\":\"en-GB\",\"@id\":\"https:\/\/www.sunset-sunside.com\/concert\/paul-ketterer-invite-stephane-belmondo\/#primaryimage\",\"url\":\"https:\/\/www.sunset-sunside.com\/app\/uploads\/2025\/11\/FB_IMG_1739109738233.jpg\",\"contentUrl\":\"https:\/\/www.sunset-sunside.com\/app\/uploads\/2025\/11\/FB_IMG_1739109738233.jpg\",\"width\":1080,\"height\":1915,\"caption\":\"\u00a9\u00a0DR\"},{\"@type\":\"BreadcrumbList\",\"@id\":\"https:\/\/www.sunset-sunside.com\/concert\/paul-ketterer-invite-stephane-belmondo\/#breadcrumb\",\"itemListElement\":[{\"@type\":\"ListItem\",\"position\":1,\"name\":\"Accueil\",\"item\":\"https:\/\/www.sunset-sunside.com\/\"},{\"@type\":\"ListItem\",\"position\":2,\"name\":\"\u00c9v\u00e8nements\",\"item\":\"https:\/\/www.sunset-sunside.com\/concerts\/\"},{\"@type\":\"ListItem\",\"position\":3,\"name\":\"Paul Ketterer invite St\u00e9phane Belmondo\"}]},{\"@type\":\"WebSite\",\"@id\":\"https:\/\/www.sunset-sunside.com\/#website\",\"url\":\"https:\/\/www.sunset-sunside.com\/\",\"name\":\"Sunset Sunside\",\"description\":\"\",\"potentialAction\":[{\"@type\":\"SearchAction\",\"target\":{\"@type\":\"EntryPoint\",\"urlTemplate\":\"https:\/\/www.sunset-sunside.com\/?s={search_term_string}\"},\"query-input\":{\"@type\":\"PropertyValueSpecification\",\"valueRequired\":true,\"valueName\":\"search_term_string\"}}],\"inLanguage\":\"en-GB\"}]}<\/script>\n<!-- \/ Yoast SEO plugin. -->","yoast_head_json":{"title":"Paul Ketterer invite St\u00e9phane Belmondo - Sunset Sunside","robots":{"index":"index","follow":"follow","max-snippet":"max-snippet:-1","max-image-preview":"max-image-preview:large","max-video-preview":"max-video-preview:-1"},"canonical":"https:\/\/www.sunset-sunside.com\/concert\/paul-ketterer-invite-stephane-belmondo\/","og_locale":"en_GB","og_type":"article","og_title":"Paul Ketterer invite St\u00e9phane Belmondo - Sunset Sunside","og_description":"Le 22 Janvier au Sunside, le\u00a0pianiste et compositeur Paul Ketterer\u00a0convie le grand\u00a0trompettiste St\u00e9phane Belmondo\u00a0pour un\u00a0concert exceptionnel\u00a0autour de son projet\u00a0\u00ab M\u00e9lodies from Paris \u00bb. &nbsp; &nbsp; Dans ce programme aux\u00a0m\u00e9lodies d\u2019une [&hellip;]","og_url":"https:\/\/www.sunset-sunside.com\/concert\/paul-ketterer-invite-stephane-belmondo\/","og_site_name":"Sunset Sunside","article_publisher":"https:\/\/www.facebook.com\/SunsetSunsideJazzClub\/","article_modified_time":"2025-12-29T12:24:32+00:00","og_image":[{"width":1080,"height":1915,"url":"https:\/\/www.sunset-sunside.com\/app\/uploads\/2025\/11\/FB_IMG_1739109738233.jpg","type":"image\/jpeg"}],"twitter_card":"summary_large_image","twitter_site":"@SunsetSunside","twitter_misc":{"Est. reading time":"1 minute"},"schema":{"@context":"https:\/\/schema.org","@graph":[{"@type":"WebPage","@id":"https:\/\/www.sunset-sunside.com\/concert\/paul-ketterer-invite-stephane-belmondo\/","url":"https:\/\/www.sunset-sunside.com\/concert\/paul-ketterer-invite-stephane-belmondo\/","name":"Paul Ketterer invite St\u00e9phane Belmondo - Sunset Sunside","isPartOf":{"@id":"https:\/\/www.sunset-sunside.com\/#website"},"primaryImageOfPage":{"@id":"https:\/\/www.sunset-sunside.com\/concert\/paul-ketterer-invite-stephane-belmondo\/#primaryimage"},"image":{"@id":"https:\/\/www.sunset-sunside.com\/concert\/paul-ketterer-invite-stephane-belmondo\/#primaryimage"},"thumbnailUrl":"https:\/\/www.sunset-sunside.com\/app\/uploads\/2025\/11\/FB_IMG_1739109738233.jpg","datePublished":"2025-11-17T17:36:46+00:00","dateModified":"2025-12-29T12:24:32+00:00","breadcrumb":{"@id":"https:\/\/www.sunset-sunside.com\/concert\/paul-ketterer-invite-stephane-belmondo\/#breadcrumb"},"inLanguage":"en-GB","potentialAction":[{"@type":"ReadAction","target":["https:\/\/www.sunset-sunside.com\/concert\/paul-ketterer-invite-stephane-belmondo\/"]}]},{"@type":"ImageObject","inLanguage":"en-GB","@id":"https:\/\/www.sunset-sunside.com\/concert\/paul-ketterer-invite-stephane-belmondo\/#primaryimage","url":"https:\/\/www.sunset-sunside.com\/app\/uploads\/2025\/11\/FB_IMG_1739109738233.jpg","contentUrl":"https:\/\/www.sunset-sunside.com\/app\/uploads\/2025\/11\/FB_IMG_1739109738233.jpg","width":1080,"height":1915,"caption":"\u00a9\u00a0DR"},{"@type":"BreadcrumbList","@id":"https:\/\/www.sunset-sunside.com\/concert\/paul-ketterer-invite-stephane-belmondo\/#breadcrumb","itemListElement":[{"@type":"ListItem","position":1,"name":"Accueil","item":"https:\/\/www.sunset-sunside.com\/"},{"@type":"ListItem","position":2,"name":"\u00c9v\u00e8nements","item":"https:\/\/www.sunset-sunside.com\/concerts\/"},{"@type":"ListItem","position":3,"name":"Paul Ketterer invite St\u00e9phane Belmondo"}]},{"@type":"WebSite","@id":"https:\/\/www.sunset-sunside.com\/#website","url":"https:\/\/www.sunset-sunside.com\/","name":"Sunset Sunside","description":"","potentialAction":[{"@type":"SearchAction","target":{"@type":"EntryPoint","urlTemplate":"https:\/\/www.sunset-sunside.com\/?s={search_term_string}"},"query-input":{"@type":"PropertyValueSpecification","valueRequired":true,"valueName":"search_term_string"}}],"inLanguage":"en-GB"}]}},"publishpress_future_action":{"enabled":false,"date":"2026-04-12 15:24:08","action":"change-status","newStatus":"draft","terms":[],"taxonomy":"post_tag","extraData":[]},"publishpress_future_workflow_manual_trigger":{"enabledWorkflows":[]},"ticketed":["woo"],"_links":{"self":[{"href":"https:\/\/www.sunset-sunside.com\/wp-json\/wp\/v2\/tribe_events\/111311","targetHints":{"allow":["GET"]}}],"collection":[{"href":"https:\/\/www.sunset-sunside.com\/wp-json\/wp\/v2\/tribe_events"}],"about":[{"href":"https:\/\/www.sunset-sunside.com\/wp-json\/wp\/v2\/types\/tribe_events"}],"author":[{"embeddable":true,"href":"https:\/\/www.sunset-sunside.com\/wp-json\/wp\/v2\/users\/2"}],"version-history":[{"count":3,"href":"https:\/\/www.sunset-sunside.com\/wp-json\/wp\/v2\/tribe_events\/111311\/revisions"}],"predecessor-version":[{"id":118447,"href":"https:\/\/www.sunset-sunside.com\/wp-json\/wp\/v2\/tribe_events\/111311\/revisions\/118447"}],"wp:featuredmedia":[{"embeddable":true,"href":"https:\/\/www.sunset-sunside.com\/wp-json\/wp\/v2\/media\/112741"}],"wp:attachment":[{"href":"https:\/\/www.sunset-sunside.com\/wp-json\/wp\/v2\/media?parent=111311"}],"wp:term":[{"taxonomy":"post_tag","embeddable":true,"href":"https:\/\/www.sunset-sunside.com\/wp-json\/wp\/v2\/tags?post=111311"},{"taxonomy":"genre","embeddable":true,"href":"https:\/\/www.sunset-sunside.com\/wp-json\/wp\/v2\/genre?post=111311"},{"taxonomy":"tribe_events_cat","embeddable":true,"href":"https:\/\/www.sunset-sunside.com\/wp-json\/wp\/v2\/tribe_events_cat?post=111311"}],"curies":[{"name":"wp","href":"https:\/\/api.w.org\/{rel}","templated":true}]}}