{"id":111920,"date":"2025-11-20T14:09:49","date_gmt":"2025-11-20T13:09:49","guid":{"rendered":"https:\/\/www.sunset-sunside.com\/?post_type=tribe_events&#038;p=111920"},"modified":"2025-12-02T13:08:15","modified_gmt":"2025-12-02T12:08:15","slug":"baptiste-herbin-minino-garay-quartet","status":"publish","type":"tribe_events","link":"https:\/\/www.sunset-sunside.com\/concert\/baptiste-herbin-minino-garay-quartet\/","title":{"rendered":"Baptiste Herbin &amp; Minino Garay Quartet"},"content":{"rendered":"<p>Avec\u00a0Los Arregladores \/ Les Arrangeurs,\u00a0Baptiste Herbin\u00a0et\u00a0Minino Garay\u00a0unissent leurs univers pour revisiter et r\u00e9habiliter des chansons d\u2019Am\u00e9rique latine que le public fran\u00e7ais conna\u00eet souvent\u2026 sans en conna\u00eetre les v\u00e9ritables origines mais aussi certains des plus beaux standards de jazz.\u00a0<\/p>\n<p>&nbsp;<\/p>\n<p>&nbsp;<\/p>\n<p>Chaque morceau est arrang\u00e9 par des artistes que Baptiste Herbin et Minino Garay admirent, puis r\u00e9interpr\u00e9t\u00e9 avec leur propre regard, nourri de jazz, de rythmes traditionnels et d\u2019une profonde complicit\u00e9 musicale.\u00a0Avec Leo Montana et Felipe Cabrera, ils forment un\u00a0v\u00e9ritable collectif, o\u00f9 les exp\u00e9riences crois\u00e9es nourrissent une vision ouverte et g\u00e9n\u00e9reuse de la musique.<\/p>\n<p>&nbsp;<\/p>\n<p>&nbsp;<\/p>\n<p>Los Arregladores\u00a0est aussi un\u00a0hommage vibrant aux arrangeurs\u00a0\u2013 ces artisans souvent discrets, mais essentiels, qui transforment une composition en \u0153uvre vivante. \u00c0 travers des rythmes comme la\u00a0Chacarera, Cueca, Joropo, Habanera, Bol\u00e9ro, Tango, Land\u00f3, Festejo, Marinera\u00a0\u2014 sans oublier une touche de\u00a0rythme Gnawa\u00a0\u2014 l\u2019album c\u00e9l\u00e8bre la richesse de l\u2019Am\u00e9rique latine dans toute sa diversit\u00e9.<\/p>\n<p>&nbsp;<\/p>\n<p>&nbsp;<\/p>\n<p>Un album \u00e9rudit, sensible et audacieux, qui invite \u00e0 \u00e9couter autrement des chansons que l\u2019on croyait d\u00e9j\u00e0 conna\u00eetre.<\/p>\n","protected":false},"excerpt":{"rendered":"<p>Avec\u00a0Los Arregladores \/ Les Arrangeurs,\u00a0Baptiste Herbin\u00a0et\u00a0Minino Garay\u00a0unissent leurs univers pour revisiter et r\u00e9habiliter des chansons d\u2019Am\u00e9rique latine que le public fran\u00e7ais conna\u00eet souvent\u2026 sans en conna\u00eetre les v\u00e9ritables origines mais [&hellip;]<\/p>\n","protected":false},"author":2,"featured_media":111931,"template":"","meta":{"_acf_changed":false,"_price":"","_stock":"","_tribe_ticket_header":"","_tribe_default_ticket_provider":"Tribe__Tickets_Plus__Commerce__WooCommerce__Main","_tribe_ticket_capacity":"96","_ticket_start_date":"","_ticket_end_date":"","_tribe_ticket_show_description":"","_tribe_ticket_show_not_going":false,"_tribe_ticket_use_global_stock":"1","_tribe_ticket_global_stock_level":"93","_global_stock_mode":"","_global_stock_cap":"","_tribe_rsvp_for_event":"","_tribe_ticket_going_count":"","_tribe_ticket_not_going_count":"","_tribe_tickets_list":"[{\"id\":111921,\"type\":\"default\",\"title\":\"Tarif plein*\",\"description\":\"\",\"capacityType\":\"global\",\"price\":32,\"capacity\":96,\"available\":93,\"sharedCapacity\":96,\"sold\":3,\"shareSold\":3,\"isShared\":true,\"currencyDecimalPoint\":\",\",\"currencyNumberOfDecimals\":2,\"currencyPosition\":\"prefix\",\"currencySymbol\":\"$\",\"currencyThousandsSep\":\"\"},{\"id\":111922,\"type\":\"default\",\"title\":\"Tarif adh\\u00e9rent\",\"description\":\"\",\"capacityType\":\"global\",\"price\":27,\"capacity\":96,\"available\":93,\"sharedCapacity\":96,\"sold\":0,\"shareSold\":0,\"isShared\":true,\"currencyDecimalPoint\":\",\",\"currencyNumberOfDecimals\":2,\"currencyPosition\":\"prefix\",\"currencySymbol\":\"$\",\"currencyThousandsSep\":\"\"},{\"id\":111923,\"type\":\"default\",\"title\":\"Tarif r\\u00e9duit\",\"description\":\"Tarif r\\u00e9serv\\u00e9 aux \\u00e9tudiants de moins de 25 ans, ch\\u00f4meurs et intermittents du spectacle. Pr\\u00e9sentation obligatoire d\\u2019un justificatif \\u00e0 l\\u2019entr\\u00e9e. \\r\\nUn suppl\\u00e9ment vous sera demand\\u00e9 pour non pr\\u00e9sentation de justificatif. \",\"capacityType\":\"global\",\"price\":22,\"capacity\":96,\"available\":93,\"sharedCapacity\":96,\"sold\":0,\"shareSold\":0,\"isShared\":true,\"currencyDecimalPoint\":\",\",\"currencyNumberOfDecimals\":2,\"currencyPosition\":\"prefix\",\"currencySymbol\":\"$\",\"currencyThousandsSep\":\"\"}]","_tribe_ticket_has_attendee_info_fields":false,"_tribe_events_status":"","_tribe_events_status_reason":"","footnotes":"","_tec_slr_enabled":"","_tec_slr_layout":""},"tags":[],"genre":[258],"tribe_events_cat":[213,269,214,215,216],"class_list":["post-111920","tribe_events","type-tribe_events","status-publish","has-post-thumbnail","hentry","genre-jazz-actuel","tribe_events_cat-albums-du-mois","tribe_events_cat-coming-soon","tribe_events_cat-coup-de-coeur","tribe_events_cat-decouvertes","tribe_events_cat-evenements","cat_albums-du-mois","cat_coming-soon","cat_coup-de-coeur","cat_decouvertes","cat_evenements"],"acf":[],"yoast_head":"<!-- This site is optimized with the Yoast SEO plugin v25.7 - https:\/\/yoast.com\/wordpress\/plugins\/seo\/ -->\n<title>Baptiste Herbin &amp; Minino Garay Quartet - Sunset Sunside<\/title>\n<meta name=\"robots\" content=\"index, follow, max-snippet:-1, max-image-preview:large, max-video-preview:-1\" \/>\n<link rel=\"canonical\" href=\"https:\/\/www.sunset-sunside.com\/concert\/baptiste-herbin-minino-garay-quartet\/\" \/>\n<meta property=\"og:locale\" content=\"fr_FR\" \/>\n<meta property=\"og:type\" content=\"article\" \/>\n<meta property=\"og:title\" content=\"Baptiste Herbin &amp; Minino Garay Quartet - Sunset Sunside\" \/>\n<meta property=\"og:description\" content=\"Avec\u00a0Los Arregladores \/ Les Arrangeurs,\u00a0Baptiste Herbin\u00a0et\u00a0Minino Garay\u00a0unissent leurs univers pour revisiter et r\u00e9habiliter des chansons d\u2019Am\u00e9rique latine que le public fran\u00e7ais conna\u00eet souvent\u2026 sans en conna\u00eetre les v\u00e9ritables origines mais [&hellip;]\" \/>\n<meta property=\"og:url\" content=\"https:\/\/www.sunset-sunside.com\/concert\/baptiste-herbin-minino-garay-quartet\/\" \/>\n<meta property=\"og:site_name\" content=\"Sunset Sunside\" \/>\n<meta property=\"article:publisher\" content=\"https:\/\/www.facebook.com\/SunsetSunsideJazzClub\/\" \/>\n<meta property=\"article:modified_time\" content=\"2025-12-02T12:08:15+00:00\" \/>\n<meta property=\"og:image\" content=\"https:\/\/www.sunset-sunside.com\/app\/uploads\/2025\/11\/ALEJ0235-2.jpg\" \/>\n\t<meta property=\"og:image:width\" content=\"8192\" \/>\n\t<meta property=\"og:image:height\" content=\"5464\" \/>\n\t<meta property=\"og:image:type\" content=\"image\/jpeg\" \/>\n<meta name=\"twitter:card\" content=\"summary_large_image\" \/>\n<meta name=\"twitter:site\" content=\"@SunsetSunside\" \/>\n<meta name=\"twitter:label1\" content=\"Dur\u00e9e de lecture estim\u00e9e\" \/>\n\t<meta name=\"twitter:data1\" content=\"2 minutes\" \/>\n<script type=\"application\/ld+json\" class=\"yoast-schema-graph\">{\"@context\":\"https:\/\/schema.org\",\"@graph\":[{\"@type\":\"WebPage\",\"@id\":\"https:\/\/www.sunset-sunside.com\/concert\/baptiste-herbin-minino-garay-quartet\/\",\"url\":\"https:\/\/www.sunset-sunside.com\/concert\/baptiste-herbin-minino-garay-quartet\/\",\"name\":\"Baptiste Herbin &amp; Minino Garay Quartet - Sunset Sunside\",\"isPartOf\":{\"@id\":\"https:\/\/www.sunset-sunside.com\/#website\"},\"primaryImageOfPage\":{\"@id\":\"https:\/\/www.sunset-sunside.com\/concert\/baptiste-herbin-minino-garay-quartet\/#primaryimage\"},\"image\":{\"@id\":\"https:\/\/www.sunset-sunside.com\/concert\/baptiste-herbin-minino-garay-quartet\/#primaryimage\"},\"thumbnailUrl\":\"https:\/\/www.sunset-sunside.com\/app\/uploads\/2025\/11\/ALEJ0235-2.jpg\",\"datePublished\":\"2025-11-20T13:09:49+00:00\",\"dateModified\":\"2025-12-02T12:08:15+00:00\",\"breadcrumb\":{\"@id\":\"https:\/\/www.sunset-sunside.com\/concert\/baptiste-herbin-minino-garay-quartet\/#breadcrumb\"},\"inLanguage\":\"fr-FR\",\"potentialAction\":[{\"@type\":\"ReadAction\",\"target\":[\"https:\/\/www.sunset-sunside.com\/concert\/baptiste-herbin-minino-garay-quartet\/\"]}]},{\"@type\":\"ImageObject\",\"inLanguage\":\"fr-FR\",\"@id\":\"https:\/\/www.sunset-sunside.com\/concert\/baptiste-herbin-minino-garay-quartet\/#primaryimage\",\"url\":\"https:\/\/www.sunset-sunside.com\/app\/uploads\/2025\/11\/ALEJ0235-2.jpg\",\"contentUrl\":\"https:\/\/www.sunset-sunside.com\/app\/uploads\/2025\/11\/ALEJ0235-2.jpg\",\"width\":8192,\"height\":5464,\"caption\":\"\u00a9 DR\"},{\"@type\":\"BreadcrumbList\",\"@id\":\"https:\/\/www.sunset-sunside.com\/concert\/baptiste-herbin-minino-garay-quartet\/#breadcrumb\",\"itemListElement\":[{\"@type\":\"ListItem\",\"position\":1,\"name\":\"Accueil\",\"item\":\"https:\/\/www.sunset-sunside.com\/\"},{\"@type\":\"ListItem\",\"position\":2,\"name\":\"\u00c9v\u00e8nements\",\"item\":\"https:\/\/www.sunset-sunside.com\/concerts\/\"},{\"@type\":\"ListItem\",\"position\":3,\"name\":\"Baptiste Herbin &amp; Minino Garay Quartet\"}]},{\"@type\":\"WebSite\",\"@id\":\"https:\/\/www.sunset-sunside.com\/#website\",\"url\":\"https:\/\/www.sunset-sunside.com\/\",\"name\":\"Sunset Sunside\",\"description\":\"\",\"potentialAction\":[{\"@type\":\"SearchAction\",\"target\":{\"@type\":\"EntryPoint\",\"urlTemplate\":\"https:\/\/www.sunset-sunside.com\/?s={search_term_string}\"},\"query-input\":{\"@type\":\"PropertyValueSpecification\",\"valueRequired\":true,\"valueName\":\"search_term_string\"}}],\"inLanguage\":\"fr-FR\"}]}<\/script>\n<!-- \/ Yoast SEO plugin. -->","yoast_head_json":{"title":"Baptiste Herbin &amp; Minino Garay Quartet - Sunset Sunside","robots":{"index":"index","follow":"follow","max-snippet":"max-snippet:-1","max-image-preview":"max-image-preview:large","max-video-preview":"max-video-preview:-1"},"canonical":"https:\/\/www.sunset-sunside.com\/concert\/baptiste-herbin-minino-garay-quartet\/","og_locale":"fr_FR","og_type":"article","og_title":"Baptiste Herbin &amp; Minino Garay Quartet - Sunset Sunside","og_description":"Avec\u00a0Los Arregladores \/ Les Arrangeurs,\u00a0Baptiste Herbin\u00a0et\u00a0Minino Garay\u00a0unissent leurs univers pour revisiter et r\u00e9habiliter des chansons d\u2019Am\u00e9rique latine que le public fran\u00e7ais conna\u00eet souvent\u2026 sans en conna\u00eetre les v\u00e9ritables origines mais [&hellip;]","og_url":"https:\/\/www.sunset-sunside.com\/concert\/baptiste-herbin-minino-garay-quartet\/","og_site_name":"Sunset Sunside","article_publisher":"https:\/\/www.facebook.com\/SunsetSunsideJazzClub\/","article_modified_time":"2025-12-02T12:08:15+00:00","og_image":[{"width":8192,"height":5464,"url":"https:\/\/www.sunset-sunside.com\/app\/uploads\/2025\/11\/ALEJ0235-2.jpg","type":"image\/jpeg"}],"twitter_card":"summary_large_image","twitter_site":"@SunsetSunside","twitter_misc":{"Dur\u00e9e de lecture estim\u00e9e":"2 minutes"},"schema":{"@context":"https:\/\/schema.org","@graph":[{"@type":"WebPage","@id":"https:\/\/www.sunset-sunside.com\/concert\/baptiste-herbin-minino-garay-quartet\/","url":"https:\/\/www.sunset-sunside.com\/concert\/baptiste-herbin-minino-garay-quartet\/","name":"Baptiste Herbin &amp; Minino Garay Quartet - Sunset Sunside","isPartOf":{"@id":"https:\/\/www.sunset-sunside.com\/#website"},"primaryImageOfPage":{"@id":"https:\/\/www.sunset-sunside.com\/concert\/baptiste-herbin-minino-garay-quartet\/#primaryimage"},"image":{"@id":"https:\/\/www.sunset-sunside.com\/concert\/baptiste-herbin-minino-garay-quartet\/#primaryimage"},"thumbnailUrl":"https:\/\/www.sunset-sunside.com\/app\/uploads\/2025\/11\/ALEJ0235-2.jpg","datePublished":"2025-11-20T13:09:49+00:00","dateModified":"2025-12-02T12:08:15+00:00","breadcrumb":{"@id":"https:\/\/www.sunset-sunside.com\/concert\/baptiste-herbin-minino-garay-quartet\/#breadcrumb"},"inLanguage":"fr-FR","potentialAction":[{"@type":"ReadAction","target":["https:\/\/www.sunset-sunside.com\/concert\/baptiste-herbin-minino-garay-quartet\/"]}]},{"@type":"ImageObject","inLanguage":"fr-FR","@id":"https:\/\/www.sunset-sunside.com\/concert\/baptiste-herbin-minino-garay-quartet\/#primaryimage","url":"https:\/\/www.sunset-sunside.com\/app\/uploads\/2025\/11\/ALEJ0235-2.jpg","contentUrl":"https:\/\/www.sunset-sunside.com\/app\/uploads\/2025\/11\/ALEJ0235-2.jpg","width":8192,"height":5464,"caption":"\u00a9 DR"},{"@type":"BreadcrumbList","@id":"https:\/\/www.sunset-sunside.com\/concert\/baptiste-herbin-minino-garay-quartet\/#breadcrumb","itemListElement":[{"@type":"ListItem","position":1,"name":"Accueil","item":"https:\/\/www.sunset-sunside.com\/"},{"@type":"ListItem","position":2,"name":"\u00c9v\u00e8nements","item":"https:\/\/www.sunset-sunside.com\/concerts\/"},{"@type":"ListItem","position":3,"name":"Baptiste Herbin &amp; Minino Garay Quartet"}]},{"@type":"WebSite","@id":"https:\/\/www.sunset-sunside.com\/#website","url":"https:\/\/www.sunset-sunside.com\/","name":"Sunset Sunside","description":"","potentialAction":[{"@type":"SearchAction","target":{"@type":"EntryPoint","urlTemplate":"https:\/\/www.sunset-sunside.com\/?s={search_term_string}"},"query-input":{"@type":"PropertyValueSpecification","valueRequired":true,"valueName":"search_term_string"}}],"inLanguage":"fr-FR"}]}},"publishpress_future_action":{"enabled":false,"date":"2026-04-12 15:15:28","action":"change-status","newStatus":"draft","terms":[],"taxonomy":"post_tag","extraData":[]},"publishpress_future_workflow_manual_trigger":{"enabledWorkflows":[]},"ticketed":["woo"],"_links":{"self":[{"href":"https:\/\/www.sunset-sunside.com\/wp-json\/wp\/v2\/tribe_events\/111920","targetHints":{"allow":["GET"]}}],"collection":[{"href":"https:\/\/www.sunset-sunside.com\/wp-json\/wp\/v2\/tribe_events"}],"about":[{"href":"https:\/\/www.sunset-sunside.com\/wp-json\/wp\/v2\/types\/tribe_events"}],"author":[{"embeddable":true,"href":"https:\/\/www.sunset-sunside.com\/wp-json\/wp\/v2\/users\/2"}],"version-history":[{"count":3,"href":"https:\/\/www.sunset-sunside.com\/wp-json\/wp\/v2\/tribe_events\/111920\/revisions"}],"predecessor-version":[{"id":114913,"href":"https:\/\/www.sunset-sunside.com\/wp-json\/wp\/v2\/tribe_events\/111920\/revisions\/114913"}],"wp:featuredmedia":[{"embeddable":true,"href":"https:\/\/www.sunset-sunside.com\/wp-json\/wp\/v2\/media\/111931"}],"wp:attachment":[{"href":"https:\/\/www.sunset-sunside.com\/wp-json\/wp\/v2\/media?parent=111920"}],"wp:term":[{"taxonomy":"post_tag","embeddable":true,"href":"https:\/\/www.sunset-sunside.com\/wp-json\/wp\/v2\/tags?post=111920"},{"taxonomy":"genre","embeddable":true,"href":"https:\/\/www.sunset-sunside.com\/wp-json\/wp\/v2\/genre?post=111920"},{"taxonomy":"tribe_events_cat","embeddable":true,"href":"https:\/\/www.sunset-sunside.com\/wp-json\/wp\/v2\/tribe_events_cat?post=111920"}],"curies":[{"name":"wp","href":"https:\/\/api.w.org\/{rel}","templated":true}]}}