{"id":116516,"date":"2025-12-08T16:38:18","date_gmt":"2025-12-08T15:38:18","guid":{"rendered":"https:\/\/www.sunset-sunside.com\/?post_type=tribe_events&#038;p=116516"},"modified":"2026-01-07T12:07:04","modified_gmt":"2026-01-07T11:07:04","slug":"the-franks-ft-frank-woeste-franck-agulhon","status":"publish","type":"tribe_events","link":"https:\/\/www.sunset-sunside.com\/concert\/the-franks-ft-frank-woeste-franck-agulhon\/","title":{"rendered":"The Franks ft. Frank Woeste &amp; Franck Agulhon"},"content":{"rendered":"<p>Plongez dans l\u2019univers de \u00ab The Franks \u00bb, un duo in\u00e9dit r\u00e9uni autour de deux des figures les plus marquantes de la sc\u00e8ne jazz fran\u00e7aise !<\/p>\n<p>&nbsp;<\/p>\n<p>L\u2019album \u00ab Midnight Chic \u00bb propose un jazz sophistiqu\u00e9 et \u00e9l\u00e9gant, avec une large place laiss\u00e9e \u00e0 l\u2019improvisation. Les deux artistes s\u2019aventurent sans filet, offrant \u00e0 chaque morceau un univers sonore unique.<\/p>\n<p>&nbsp;<\/p>\n<p>Que ce soit au piano ou au Fender Rhodes, Frank Woeste fait rayonner son talent sur la sc\u00e8ne jazz europ\u00e9enne, avec un art de l\u2019arrangement en temps r\u00e9el et une approche innovante, libre et audacieuse du jazz.<\/p>\n<p>&nbsp;<\/p>\n<p>Franck Agulhon, quant \u00e0 lui, est une r\u00e9f\u00e9rence du jazz international, offrant son exceptionnelle ma\u00eetrise de la batterie aux plus grands projets actuels.<\/p>\n","protected":false},"excerpt":{"rendered":"<p>Plongez dans l\u2019univers de \u00ab The Franks \u00bb, un duo in\u00e9dit r\u00e9uni autour de deux des figures les plus marquantes de la sc\u00e8ne jazz fran\u00e7aise ! &nbsp; L\u2019album \u00ab Midnight [&hellip;]<\/p>\n","protected":false},"author":30761,"featured_media":116520,"template":"","meta":{"_acf_changed":false,"_price":"","_stock":"","_tribe_ticket_header":"","_tribe_default_ticket_provider":"Tribe__Tickets_Plus__Commerce__WooCommerce__Main","_tribe_ticket_capacity":"96","_ticket_start_date":"","_ticket_end_date":"","_tribe_ticket_show_description":"","_tribe_ticket_show_not_going":false,"_tribe_ticket_use_global_stock":"1","_tribe_ticket_global_stock_level":"96","_global_stock_mode":"","_global_stock_cap":"","_tribe_rsvp_for_event":"","_tribe_ticket_going_count":"","_tribe_ticket_not_going_count":"","_tribe_tickets_list":"[{\"id\":116517,\"type\":\"default\",\"title\":\"Tarif adh\\u00e9rent\",\"description\":\"\",\"capacityType\":\"global\",\"price\":20,\"capacity\":96,\"available\":96,\"sharedCapacity\":96,\"sold\":0,\"shareSold\":0,\"isShared\":true,\"currencyDecimalPoint\":\",\",\"currencyNumberOfDecimals\":2,\"currencyPosition\":\"prefix\",\"currencySymbol\":\"$\",\"currencyThousandsSep\":\"\"},{\"id\":116518,\"type\":\"default\",\"title\":\"Tarif plein*\",\"description\":\"\",\"capacityType\":\"global\",\"price\":25,\"capacity\":96,\"available\":96,\"sharedCapacity\":96,\"sold\":0,\"shareSold\":0,\"isShared\":true,\"currencyDecimalPoint\":\",\",\"currencyNumberOfDecimals\":2,\"currencyPosition\":\"prefix\",\"currencySymbol\":\"$\",\"currencyThousandsSep\":\"\"},{\"id\":116519,\"type\":\"default\",\"title\":\"Tarif r\\u00e9duit\",\"description\":\"Tarif r\\u00e9serv\\u00e9 aux \\u00e9tudiants de moins de 25 ans, ch\\u00f4meurs et intermittents du spectacle. Pr\\u00e9sentation obligatoire d\\u2019un justificatif \\u00e0 l\\u2019entr\\u00e9e. \\r\\nUn suppl\\u00e9ment vous sera demand\\u00e9 pour non pr\\u00e9sentation de justificatif. \",\"capacityType\":\"global\",\"price\":15,\"capacity\":96,\"available\":96,\"sharedCapacity\":96,\"sold\":0,\"shareSold\":0,\"isShared\":true,\"currencyDecimalPoint\":\",\",\"currencyNumberOfDecimals\":2,\"currencyPosition\":\"prefix\",\"currencySymbol\":\"$\",\"currencyThousandsSep\":\"\"}]","_tribe_ticket_has_attendee_info_fields":false,"_tribe_events_status":"","_tribe_events_status_reason":"","footnotes":"","_tec_slr_enabled":"","_tec_slr_layout":""},"tags":[],"genre":[258],"tribe_events_cat":[213,269,214,215,216],"class_list":["post-116516","tribe_events","type-tribe_events","status-publish","has-post-thumbnail","hentry","genre-jazz-actuel","tribe_events_cat-albums-du-mois","tribe_events_cat-coming-soon","tribe_events_cat-coup-de-coeur","tribe_events_cat-decouvertes","tribe_events_cat-evenements","cat_albums-du-mois","cat_coming-soon","cat_coup-de-coeur","cat_decouvertes","cat_evenements"],"acf":[],"yoast_head":"<!-- This site is optimized with the Yoast SEO plugin v25.7 - https:\/\/yoast.com\/wordpress\/plugins\/seo\/ -->\n<title>The Franks ft. Frank Woeste &amp; Franck Agulhon - Sunset Sunside<\/title>\n<meta name=\"robots\" content=\"index, follow, max-snippet:-1, max-image-preview:large, max-video-preview:-1\" \/>\n<link rel=\"canonical\" href=\"https:\/\/www.sunset-sunside.com\/concert\/the-franks-ft-frank-woeste-franck-agulhon\/\" \/>\n<meta property=\"og:locale\" content=\"en_GB\" \/>\n<meta property=\"og:type\" content=\"article\" \/>\n<meta property=\"og:title\" content=\"The Franks ft. Frank Woeste &amp; Franck Agulhon - Sunset Sunside\" \/>\n<meta property=\"og:description\" content=\"Plongez dans l\u2019univers de \u00ab The Franks \u00bb, un duo in\u00e9dit r\u00e9uni autour de deux des figures les plus marquantes de la sc\u00e8ne jazz fran\u00e7aise ! &nbsp; L\u2019album \u00ab Midnight [&hellip;]\" \/>\n<meta property=\"og:url\" content=\"https:\/\/www.sunset-sunside.com\/concert\/the-franks-ft-frank-woeste-franck-agulhon\/\" \/>\n<meta property=\"og:site_name\" content=\"Sunset Sunside\" \/>\n<meta property=\"article:publisher\" content=\"https:\/\/www.facebook.com\/SunsetSunsideJazzClub\/\" \/>\n<meta property=\"article:modified_time\" content=\"2026-01-07T11:07:04+00:00\" \/>\n<meta property=\"og:image\" content=\"https:\/\/www.sunset-sunside.com\/app\/uploads\/2025\/12\/Capture-decran-2025-12-08-a-16.32.43.jpg\" \/>\n\t<meta property=\"og:image:width\" content=\"3418\" \/>\n\t<meta property=\"og:image:height\" content=\"1960\" \/>\n\t<meta property=\"og:image:type\" content=\"image\/jpeg\" \/>\n<meta name=\"twitter:card\" content=\"summary_large_image\" \/>\n<meta name=\"twitter:site\" content=\"@SunsetSunside\" \/>\n<meta name=\"twitter:label1\" content=\"Est. reading time\" \/>\n\t<meta name=\"twitter:data1\" content=\"1 minute\" \/>\n<script type=\"application\/ld+json\" class=\"yoast-schema-graph\">{\"@context\":\"https:\/\/schema.org\",\"@graph\":[{\"@type\":\"WebPage\",\"@id\":\"https:\/\/www.sunset-sunside.com\/concert\/the-franks-ft-frank-woeste-franck-agulhon\/\",\"url\":\"https:\/\/www.sunset-sunside.com\/concert\/the-franks-ft-frank-woeste-franck-agulhon\/\",\"name\":\"The Franks ft. Frank Woeste &amp; Franck Agulhon - Sunset Sunside\",\"isPartOf\":{\"@id\":\"https:\/\/www.sunset-sunside.com\/#website\"},\"primaryImageOfPage\":{\"@id\":\"https:\/\/www.sunset-sunside.com\/concert\/the-franks-ft-frank-woeste-franck-agulhon\/#primaryimage\"},\"image\":{\"@id\":\"https:\/\/www.sunset-sunside.com\/concert\/the-franks-ft-frank-woeste-franck-agulhon\/#primaryimage\"},\"thumbnailUrl\":\"https:\/\/www.sunset-sunside.com\/app\/uploads\/2025\/12\/Capture-decran-2025-12-08-a-16.32.43.jpg\",\"datePublished\":\"2025-12-08T15:38:18+00:00\",\"dateModified\":\"2026-01-07T11:07:04+00:00\",\"breadcrumb\":{\"@id\":\"https:\/\/www.sunset-sunside.com\/concert\/the-franks-ft-frank-woeste-franck-agulhon\/#breadcrumb\"},\"inLanguage\":\"en-GB\",\"potentialAction\":[{\"@type\":\"ReadAction\",\"target\":[\"https:\/\/www.sunset-sunside.com\/concert\/the-franks-ft-frank-woeste-franck-agulhon\/\"]}]},{\"@type\":\"ImageObject\",\"inLanguage\":\"en-GB\",\"@id\":\"https:\/\/www.sunset-sunside.com\/concert\/the-franks-ft-frank-woeste-franck-agulhon\/#primaryimage\",\"url\":\"https:\/\/www.sunset-sunside.com\/app\/uploads\/2025\/12\/Capture-decran-2025-12-08-a-16.32.43.jpg\",\"contentUrl\":\"https:\/\/www.sunset-sunside.com\/app\/uploads\/2025\/12\/Capture-decran-2025-12-08-a-16.32.43.jpg\",\"width\":3418,\"height\":1960,\"caption\":\"\u00a9 DR\"},{\"@type\":\"BreadcrumbList\",\"@id\":\"https:\/\/www.sunset-sunside.com\/concert\/the-franks-ft-frank-woeste-franck-agulhon\/#breadcrumb\",\"itemListElement\":[{\"@type\":\"ListItem\",\"position\":1,\"name\":\"Accueil\",\"item\":\"https:\/\/www.sunset-sunside.com\/\"},{\"@type\":\"ListItem\",\"position\":2,\"name\":\"\u00c9v\u00e8nements\",\"item\":\"https:\/\/www.sunset-sunside.com\/concerts\/\"},{\"@type\":\"ListItem\",\"position\":3,\"name\":\"The Franks ft. Frank Woeste &amp; Franck Agulhon\"}]},{\"@type\":\"WebSite\",\"@id\":\"https:\/\/www.sunset-sunside.com\/#website\",\"url\":\"https:\/\/www.sunset-sunside.com\/\",\"name\":\"Sunset Sunside\",\"description\":\"\",\"potentialAction\":[{\"@type\":\"SearchAction\",\"target\":{\"@type\":\"EntryPoint\",\"urlTemplate\":\"https:\/\/www.sunset-sunside.com\/?s={search_term_string}\"},\"query-input\":{\"@type\":\"PropertyValueSpecification\",\"valueRequired\":true,\"valueName\":\"search_term_string\"}}],\"inLanguage\":\"en-GB\"}]}<\/script>\n<!-- \/ Yoast SEO plugin. -->","yoast_head_json":{"title":"The Franks ft. Frank Woeste &amp; Franck Agulhon - Sunset Sunside","robots":{"index":"index","follow":"follow","max-snippet":"max-snippet:-1","max-image-preview":"max-image-preview:large","max-video-preview":"max-video-preview:-1"},"canonical":"https:\/\/www.sunset-sunside.com\/concert\/the-franks-ft-frank-woeste-franck-agulhon\/","og_locale":"en_GB","og_type":"article","og_title":"The Franks ft. Frank Woeste &amp; Franck Agulhon - Sunset Sunside","og_description":"Plongez dans l\u2019univers de \u00ab The Franks \u00bb, un duo in\u00e9dit r\u00e9uni autour de deux des figures les plus marquantes de la sc\u00e8ne jazz fran\u00e7aise ! &nbsp; L\u2019album \u00ab Midnight [&hellip;]","og_url":"https:\/\/www.sunset-sunside.com\/concert\/the-franks-ft-frank-woeste-franck-agulhon\/","og_site_name":"Sunset Sunside","article_publisher":"https:\/\/www.facebook.com\/SunsetSunsideJazzClub\/","article_modified_time":"2026-01-07T11:07:04+00:00","og_image":[{"width":3418,"height":1960,"url":"https:\/\/www.sunset-sunside.com\/app\/uploads\/2025\/12\/Capture-decran-2025-12-08-a-16.32.43.jpg","type":"image\/jpeg"}],"twitter_card":"summary_large_image","twitter_site":"@SunsetSunside","twitter_misc":{"Est. reading time":"1 minute"},"schema":{"@context":"https:\/\/schema.org","@graph":[{"@type":"WebPage","@id":"https:\/\/www.sunset-sunside.com\/concert\/the-franks-ft-frank-woeste-franck-agulhon\/","url":"https:\/\/www.sunset-sunside.com\/concert\/the-franks-ft-frank-woeste-franck-agulhon\/","name":"The Franks ft. Frank Woeste &amp; Franck Agulhon - Sunset Sunside","isPartOf":{"@id":"https:\/\/www.sunset-sunside.com\/#website"},"primaryImageOfPage":{"@id":"https:\/\/www.sunset-sunside.com\/concert\/the-franks-ft-frank-woeste-franck-agulhon\/#primaryimage"},"image":{"@id":"https:\/\/www.sunset-sunside.com\/concert\/the-franks-ft-frank-woeste-franck-agulhon\/#primaryimage"},"thumbnailUrl":"https:\/\/www.sunset-sunside.com\/app\/uploads\/2025\/12\/Capture-decran-2025-12-08-a-16.32.43.jpg","datePublished":"2025-12-08T15:38:18+00:00","dateModified":"2026-01-07T11:07:04+00:00","breadcrumb":{"@id":"https:\/\/www.sunset-sunside.com\/concert\/the-franks-ft-frank-woeste-franck-agulhon\/#breadcrumb"},"inLanguage":"en-GB","potentialAction":[{"@type":"ReadAction","target":["https:\/\/www.sunset-sunside.com\/concert\/the-franks-ft-frank-woeste-franck-agulhon\/"]}]},{"@type":"ImageObject","inLanguage":"en-GB","@id":"https:\/\/www.sunset-sunside.com\/concert\/the-franks-ft-frank-woeste-franck-agulhon\/#primaryimage","url":"https:\/\/www.sunset-sunside.com\/app\/uploads\/2025\/12\/Capture-decran-2025-12-08-a-16.32.43.jpg","contentUrl":"https:\/\/www.sunset-sunside.com\/app\/uploads\/2025\/12\/Capture-decran-2025-12-08-a-16.32.43.jpg","width":3418,"height":1960,"caption":"\u00a9 DR"},{"@type":"BreadcrumbList","@id":"https:\/\/www.sunset-sunside.com\/concert\/the-franks-ft-frank-woeste-franck-agulhon\/#breadcrumb","itemListElement":[{"@type":"ListItem","position":1,"name":"Accueil","item":"https:\/\/www.sunset-sunside.com\/"},{"@type":"ListItem","position":2,"name":"\u00c9v\u00e8nements","item":"https:\/\/www.sunset-sunside.com\/concerts\/"},{"@type":"ListItem","position":3,"name":"The Franks ft. Frank Woeste &amp; Franck Agulhon"}]},{"@type":"WebSite","@id":"https:\/\/www.sunset-sunside.com\/#website","url":"https:\/\/www.sunset-sunside.com\/","name":"Sunset Sunside","description":"","potentialAction":[{"@type":"SearchAction","target":{"@type":"EntryPoint","urlTemplate":"https:\/\/www.sunset-sunside.com\/?s={search_term_string}"},"query-input":{"@type":"PropertyValueSpecification","valueRequired":true,"valueName":"search_term_string"}}],"inLanguage":"en-GB"}]}},"publishpress_future_action":{"enabled":false,"date":"2026-04-12 16:10:12","action":"change-status","newStatus":"draft","terms":[],"taxonomy":"post_tag","extraData":[]},"publishpress_future_workflow_manual_trigger":{"enabledWorkflows":[]},"ticketed":["woo"],"_links":{"self":[{"href":"https:\/\/www.sunset-sunside.com\/wp-json\/wp\/v2\/tribe_events\/116516","targetHints":{"allow":["GET"]}}],"collection":[{"href":"https:\/\/www.sunset-sunside.com\/wp-json\/wp\/v2\/tribe_events"}],"about":[{"href":"https:\/\/www.sunset-sunside.com\/wp-json\/wp\/v2\/types\/tribe_events"}],"author":[{"embeddable":true,"href":"https:\/\/www.sunset-sunside.com\/wp-json\/wp\/v2\/users\/30761"}],"version-history":[{"count":3,"href":"https:\/\/www.sunset-sunside.com\/wp-json\/wp\/v2\/tribe_events\/116516\/revisions"}],"predecessor-version":[{"id":124148,"href":"https:\/\/www.sunset-sunside.com\/wp-json\/wp\/v2\/tribe_events\/116516\/revisions\/124148"}],"wp:featuredmedia":[{"embeddable":true,"href":"https:\/\/www.sunset-sunside.com\/wp-json\/wp\/v2\/media\/116520"}],"wp:attachment":[{"href":"https:\/\/www.sunset-sunside.com\/wp-json\/wp\/v2\/media?parent=116516"}],"wp:term":[{"taxonomy":"post_tag","embeddable":true,"href":"https:\/\/www.sunset-sunside.com\/wp-json\/wp\/v2\/tags?post=116516"},{"taxonomy":"genre","embeddable":true,"href":"https:\/\/www.sunset-sunside.com\/wp-json\/wp\/v2\/genre?post=116516"},{"taxonomy":"tribe_events_cat","embeddable":true,"href":"https:\/\/www.sunset-sunside.com\/wp-json\/wp\/v2\/tribe_events_cat?post=116516"}],"curies":[{"name":"wp","href":"https:\/\/api.w.org\/{rel}","templated":true}]}}