{"id":118877,"date":"2025-12-18T12:53:19","date_gmt":"2025-12-18T11:53:19","guid":{"rendered":"https:\/\/www.sunset-sunside.com\/?post_type=tribe_events&#038;p=118877"},"modified":"2025-12-18T12:53:19","modified_gmt":"2025-12-18T11:53:19","slug":"pablo-mahe-cecile-siboni","status":"publish","type":"tribe_events","link":"https:\/\/www.sunset-sunside.com\/concert\/pablo-mahe-cecile-siboni\/","title":{"rendered":"Pablo Mah\u00e9 &amp; C\u00e9cile Siboni"},"content":{"rendered":"<p>Le projet Conference of the Saxophones na\u00eet de la rencontre de deux saxophonistes &#8211; C\u00e9cile Siboni et Pablo Mah\u00e9 &#8211; motiv\u00e9s par la m\u00eame envie d\u2019explorer de nouvelles facettes du jazz et de l\u2019improvisation. Le duo propose un r\u00e9pertoire o\u00f9 arrangements, compositions originales et improvisations libres se m\u00ealent pour cr\u00e9er une musique \u00e0 la fois intime, \u00e9nergique et vivante.<\/p>\n<p>&nbsp;<\/p>\n<p>&nbsp;<\/p>\n<p>Les voix des saxophones t\u00e9nors, baryton ou soprano s\u2019entrelacent, se r\u00e9pondent ou se d\u00e9fient, et invitent le public \u00e0 un dialogue musical sans cesse renouvel\u00e9.<\/p>\n<p>&nbsp;<\/p>\n<p>&nbsp;<\/p>\n<p>Le duo propose un univers \u00e0 l\u2019esth\u00e9tique \u00e9pur\u00e9e, sillonn\u00e9 de m\u00e9lodies, de groove et de libert\u00e9.<\/p>\n","protected":false},"excerpt":{"rendered":"<p>Le projet Conference of the Saxophones na\u00eet de la rencontre de deux saxophonistes &#8211; C\u00e9cile Siboni et Pablo Mah\u00e9 &#8211; motiv\u00e9s par la m\u00eame envie d\u2019explorer de nouvelles facettes du [&hellip;]<\/p>\n","protected":false},"author":30761,"featured_media":118881,"template":"","meta":{"_acf_changed":false,"_price":"","_stock":"","_tribe_ticket_header":"","_tribe_default_ticket_provider":"Tribe__Tickets_Plus__Commerce__WooCommerce__Main","_tribe_ticket_capacity":"96","_ticket_start_date":"","_ticket_end_date":"","_tribe_ticket_show_description":"","_tribe_ticket_show_not_going":false,"_tribe_ticket_use_global_stock":"1","_tribe_ticket_global_stock_level":"92","_global_stock_mode":"","_global_stock_cap":"","_tribe_rsvp_for_event":"","_tribe_ticket_going_count":"","_tribe_ticket_not_going_count":"","_tribe_tickets_list":"[{\"id\":118878,\"type\":\"default\",\"title\":\"Tarif adh\\u00e9rent\",\"description\":\"\",\"capacityType\":\"global\",\"price\":15,\"capacity\":96,\"available\":92,\"sharedCapacity\":96,\"sold\":0,\"shareSold\":0,\"isShared\":true,\"currencyDecimalPoint\":\",\",\"currencyNumberOfDecimals\":2,\"currencyPosition\":\"prefix\",\"currencySymbol\":\"$\",\"currencyThousandsSep\":\"\"},{\"id\":118879,\"type\":\"default\",\"title\":\"Tarif plein*\",\"description\":\"\",\"capacityType\":\"global\",\"price\":20,\"capacity\":96,\"available\":92,\"sharedCapacity\":96,\"sold\":3,\"shareSold\":3,\"isShared\":true,\"currencyDecimalPoint\":\",\",\"currencyNumberOfDecimals\":2,\"currencyPosition\":\"prefix\",\"currencySymbol\":\"$\",\"currencyThousandsSep\":\"\"},{\"id\":118880,\"type\":\"default\",\"title\":\"Tarif r\\u00e9duit\",\"description\":\"Tarif r\\u00e9serv\\u00e9 aux \\u00e9tudiants de moins de 25 ans, ch\\u00f4meurs et intermittents du spectacle. Pr\\u00e9sentation obligatoire d\\u2019un justificatif \\u00e0 l\\u2019entr\\u00e9e. \\r\\nUn suppl\\u00e9ment vous sera demand\\u00e9 pour non pr\\u00e9sentation de justificatif. \",\"capacityType\":\"global\",\"price\":10,\"capacity\":96,\"available\":92,\"sharedCapacity\":96,\"sold\":1,\"shareSold\":1,\"isShared\":true,\"currencyDecimalPoint\":\",\",\"currencyNumberOfDecimals\":2,\"currencyPosition\":\"prefix\",\"currencySymbol\":\"$\",\"currencyThousandsSep\":\"\"}]","_tribe_ticket_has_attendee_info_fields":false,"_tribe_events_status":"","_tribe_events_status_reason":"","footnotes":"","_tec_slr_enabled":"","_tec_slr_layout":""},"tags":[],"genre":[69],"tribe_events_cat":[213,269,214,215,216],"class_list":["post-118877","tribe_events","type-tribe_events","status-publish","has-post-thumbnail","hentry","genre-jazz-contemporain","tribe_events_cat-albums-du-mois","tribe_events_cat-coming-soon","tribe_events_cat-coup-de-coeur","tribe_events_cat-decouvertes","tribe_events_cat-evenements","cat_albums-du-mois","cat_coming-soon","cat_coup-de-coeur","cat_decouvertes","cat_evenements"],"acf":[],"yoast_head":"<!-- This site is optimized with the Yoast SEO plugin v25.7 - https:\/\/yoast.com\/wordpress\/plugins\/seo\/ -->\n<title>Pablo Mah\u00e9 &amp; C\u00e9cile Siboni - Sunset Sunside<\/title>\n<meta name=\"robots\" content=\"index, follow, max-snippet:-1, max-image-preview:large, max-video-preview:-1\" \/>\n<link rel=\"canonical\" href=\"https:\/\/www.sunset-sunside.com\/concert\/pablo-mahe-cecile-siboni\/\" \/>\n<meta property=\"og:locale\" content=\"fr_FR\" \/>\n<meta property=\"og:type\" content=\"article\" \/>\n<meta property=\"og:title\" content=\"Pablo Mah\u00e9 &amp; C\u00e9cile Siboni - Sunset Sunside\" \/>\n<meta property=\"og:description\" content=\"Le projet Conference of the Saxophones na\u00eet de la rencontre de deux saxophonistes &#8211; C\u00e9cile Siboni et Pablo Mah\u00e9 &#8211; motiv\u00e9s par la m\u00eame envie d\u2019explorer de nouvelles facettes du [&hellip;]\" \/>\n<meta property=\"og:url\" content=\"https:\/\/www.sunset-sunside.com\/concert\/pablo-mahe-cecile-siboni\/\" \/>\n<meta property=\"og:site_name\" content=\"Sunset Sunside\" \/>\n<meta property=\"article:publisher\" content=\"https:\/\/www.facebook.com\/SunsetSunsideJazzClub\/\" \/>\n<meta property=\"og:image\" content=\"https:\/\/www.sunset-sunside.com\/app\/uploads\/2025\/12\/Duo-P.-Mahe-C.-Siboni-1.jpg\" \/>\n\t<meta property=\"og:image:width\" content=\"1224\" \/>\n\t<meta property=\"og:image:height\" content=\"1224\" \/>\n\t<meta property=\"og:image:type\" content=\"image\/jpeg\" \/>\n<meta name=\"twitter:card\" content=\"summary_large_image\" \/>\n<meta name=\"twitter:site\" content=\"@SunsetSunside\" \/>\n<meta name=\"twitter:label1\" content=\"Dur\u00e9e de lecture estim\u00e9e\" \/>\n\t<meta name=\"twitter:data1\" content=\"1 minute\" \/>\n<script type=\"application\/ld+json\" class=\"yoast-schema-graph\">{\"@context\":\"https:\/\/schema.org\",\"@graph\":[{\"@type\":\"WebPage\",\"@id\":\"https:\/\/www.sunset-sunside.com\/concert\/pablo-mahe-cecile-siboni\/\",\"url\":\"https:\/\/www.sunset-sunside.com\/concert\/pablo-mahe-cecile-siboni\/\",\"name\":\"Pablo Mah\u00e9 &amp; C\u00e9cile Siboni - Sunset Sunside\",\"isPartOf\":{\"@id\":\"https:\/\/www.sunset-sunside.com\/#website\"},\"primaryImageOfPage\":{\"@id\":\"https:\/\/www.sunset-sunside.com\/concert\/pablo-mahe-cecile-siboni\/#primaryimage\"},\"image\":{\"@id\":\"https:\/\/www.sunset-sunside.com\/concert\/pablo-mahe-cecile-siboni\/#primaryimage\"},\"thumbnailUrl\":\"https:\/\/www.sunset-sunside.com\/app\/uploads\/2025\/12\/Duo-P.-Mahe-C.-Siboni-1.jpg\",\"datePublished\":\"2025-12-18T11:53:19+00:00\",\"breadcrumb\":{\"@id\":\"https:\/\/www.sunset-sunside.com\/concert\/pablo-mahe-cecile-siboni\/#breadcrumb\"},\"inLanguage\":\"fr-FR\",\"potentialAction\":[{\"@type\":\"ReadAction\",\"target\":[\"https:\/\/www.sunset-sunside.com\/concert\/pablo-mahe-cecile-siboni\/\"]}]},{\"@type\":\"ImageObject\",\"inLanguage\":\"fr-FR\",\"@id\":\"https:\/\/www.sunset-sunside.com\/concert\/pablo-mahe-cecile-siboni\/#primaryimage\",\"url\":\"https:\/\/www.sunset-sunside.com\/app\/uploads\/2025\/12\/Duo-P.-Mahe-C.-Siboni-1.jpg\",\"contentUrl\":\"https:\/\/www.sunset-sunside.com\/app\/uploads\/2025\/12\/Duo-P.-Mahe-C.-Siboni-1.jpg\",\"width\":1224,\"height\":1224,\"caption\":\"\u00a9 DR\"},{\"@type\":\"BreadcrumbList\",\"@id\":\"https:\/\/www.sunset-sunside.com\/concert\/pablo-mahe-cecile-siboni\/#breadcrumb\",\"itemListElement\":[{\"@type\":\"ListItem\",\"position\":1,\"name\":\"Accueil\",\"item\":\"https:\/\/www.sunset-sunside.com\/\"},{\"@type\":\"ListItem\",\"position\":2,\"name\":\"\u00c9v\u00e8nements\",\"item\":\"https:\/\/www.sunset-sunside.com\/concerts\/\"},{\"@type\":\"ListItem\",\"position\":3,\"name\":\"Pablo Mah\u00e9 &amp; C\u00e9cile Siboni\"}]},{\"@type\":\"WebSite\",\"@id\":\"https:\/\/www.sunset-sunside.com\/#website\",\"url\":\"https:\/\/www.sunset-sunside.com\/\",\"name\":\"Sunset Sunside\",\"description\":\"\",\"potentialAction\":[{\"@type\":\"SearchAction\",\"target\":{\"@type\":\"EntryPoint\",\"urlTemplate\":\"https:\/\/www.sunset-sunside.com\/?s={search_term_string}\"},\"query-input\":{\"@type\":\"PropertyValueSpecification\",\"valueRequired\":true,\"valueName\":\"search_term_string\"}}],\"inLanguage\":\"fr-FR\"}]}<\/script>\n<!-- \/ Yoast SEO plugin. -->","yoast_head_json":{"title":"Pablo Mah\u00e9 &amp; C\u00e9cile Siboni - Sunset Sunside","robots":{"index":"index","follow":"follow","max-snippet":"max-snippet:-1","max-image-preview":"max-image-preview:large","max-video-preview":"max-video-preview:-1"},"canonical":"https:\/\/www.sunset-sunside.com\/concert\/pablo-mahe-cecile-siboni\/","og_locale":"fr_FR","og_type":"article","og_title":"Pablo Mah\u00e9 &amp; C\u00e9cile Siboni - Sunset Sunside","og_description":"Le projet Conference of the Saxophones na\u00eet de la rencontre de deux saxophonistes &#8211; C\u00e9cile Siboni et Pablo Mah\u00e9 &#8211; motiv\u00e9s par la m\u00eame envie d\u2019explorer de nouvelles facettes du [&hellip;]","og_url":"https:\/\/www.sunset-sunside.com\/concert\/pablo-mahe-cecile-siboni\/","og_site_name":"Sunset Sunside","article_publisher":"https:\/\/www.facebook.com\/SunsetSunsideJazzClub\/","og_image":[{"width":1224,"height":1224,"url":"https:\/\/www.sunset-sunside.com\/app\/uploads\/2025\/12\/Duo-P.-Mahe-C.-Siboni-1.jpg","type":"image\/jpeg"}],"twitter_card":"summary_large_image","twitter_site":"@SunsetSunside","twitter_misc":{"Dur\u00e9e de lecture estim\u00e9e":"1 minute"},"schema":{"@context":"https:\/\/schema.org","@graph":[{"@type":"WebPage","@id":"https:\/\/www.sunset-sunside.com\/concert\/pablo-mahe-cecile-siboni\/","url":"https:\/\/www.sunset-sunside.com\/concert\/pablo-mahe-cecile-siboni\/","name":"Pablo Mah\u00e9 &amp; C\u00e9cile Siboni - Sunset Sunside","isPartOf":{"@id":"https:\/\/www.sunset-sunside.com\/#website"},"primaryImageOfPage":{"@id":"https:\/\/www.sunset-sunside.com\/concert\/pablo-mahe-cecile-siboni\/#primaryimage"},"image":{"@id":"https:\/\/www.sunset-sunside.com\/concert\/pablo-mahe-cecile-siboni\/#primaryimage"},"thumbnailUrl":"https:\/\/www.sunset-sunside.com\/app\/uploads\/2025\/12\/Duo-P.-Mahe-C.-Siboni-1.jpg","datePublished":"2025-12-18T11:53:19+00:00","breadcrumb":{"@id":"https:\/\/www.sunset-sunside.com\/concert\/pablo-mahe-cecile-siboni\/#breadcrumb"},"inLanguage":"fr-FR","potentialAction":[{"@type":"ReadAction","target":["https:\/\/www.sunset-sunside.com\/concert\/pablo-mahe-cecile-siboni\/"]}]},{"@type":"ImageObject","inLanguage":"fr-FR","@id":"https:\/\/www.sunset-sunside.com\/concert\/pablo-mahe-cecile-siboni\/#primaryimage","url":"https:\/\/www.sunset-sunside.com\/app\/uploads\/2025\/12\/Duo-P.-Mahe-C.-Siboni-1.jpg","contentUrl":"https:\/\/www.sunset-sunside.com\/app\/uploads\/2025\/12\/Duo-P.-Mahe-C.-Siboni-1.jpg","width":1224,"height":1224,"caption":"\u00a9 DR"},{"@type":"BreadcrumbList","@id":"https:\/\/www.sunset-sunside.com\/concert\/pablo-mahe-cecile-siboni\/#breadcrumb","itemListElement":[{"@type":"ListItem","position":1,"name":"Accueil","item":"https:\/\/www.sunset-sunside.com\/"},{"@type":"ListItem","position":2,"name":"\u00c9v\u00e8nements","item":"https:\/\/www.sunset-sunside.com\/concerts\/"},{"@type":"ListItem","position":3,"name":"Pablo Mah\u00e9 &amp; C\u00e9cile Siboni"}]},{"@type":"WebSite","@id":"https:\/\/www.sunset-sunside.com\/#website","url":"https:\/\/www.sunset-sunside.com\/","name":"Sunset Sunside","description":"","potentialAction":[{"@type":"SearchAction","target":{"@type":"EntryPoint","urlTemplate":"https:\/\/www.sunset-sunside.com\/?s={search_term_string}"},"query-input":{"@type":"PropertyValueSpecification","valueRequired":true,"valueName":"search_term_string"}}],"inLanguage":"fr-FR"}]}},"publishpress_future_action":{"enabled":false,"date":"2026-04-12 16:22:35","action":"change-status","newStatus":"draft","terms":[],"taxonomy":"post_tag","extraData":[]},"publishpress_future_workflow_manual_trigger":{"enabledWorkflows":[]},"ticketed":["woo"],"_links":{"self":[{"href":"https:\/\/www.sunset-sunside.com\/wp-json\/wp\/v2\/tribe_events\/118877","targetHints":{"allow":["GET"]}}],"collection":[{"href":"https:\/\/www.sunset-sunside.com\/wp-json\/wp\/v2\/tribe_events"}],"about":[{"href":"https:\/\/www.sunset-sunside.com\/wp-json\/wp\/v2\/types\/tribe_events"}],"author":[{"embeddable":true,"href":"https:\/\/www.sunset-sunside.com\/wp-json\/wp\/v2\/users\/30761"}],"version-history":[{"count":1,"href":"https:\/\/www.sunset-sunside.com\/wp-json\/wp\/v2\/tribe_events\/118877\/revisions"}],"predecessor-version":[{"id":118882,"href":"https:\/\/www.sunset-sunside.com\/wp-json\/wp\/v2\/tribe_events\/118877\/revisions\/118882"}],"wp:featuredmedia":[{"embeddable":true,"href":"https:\/\/www.sunset-sunside.com\/wp-json\/wp\/v2\/media\/118881"}],"wp:attachment":[{"href":"https:\/\/www.sunset-sunside.com\/wp-json\/wp\/v2\/media?parent=118877"}],"wp:term":[{"taxonomy":"post_tag","embeddable":true,"href":"https:\/\/www.sunset-sunside.com\/wp-json\/wp\/v2\/tags?post=118877"},{"taxonomy":"genre","embeddable":true,"href":"https:\/\/www.sunset-sunside.com\/wp-json\/wp\/v2\/genre?post=118877"},{"taxonomy":"tribe_events_cat","embeddable":true,"href":"https:\/\/www.sunset-sunside.com\/wp-json\/wp\/v2\/tribe_events_cat?post=118877"}],"curies":[{"name":"wp","href":"https:\/\/api.w.org\/{rel}","templated":true}]}}