{"id":118909,"date":"2025-12-18T14:13:51","date_gmt":"2025-12-18T13:13:51","guid":{"rendered":"https:\/\/www.sunset-sunside.com\/?post_type=tribe_events&#038;p=118909"},"modified":"2026-01-06T15:09:06","modified_gmt":"2026-01-06T14:09:06","slug":"who-parked-the-car-2","status":"publish","type":"tribe_events","link":"https:\/\/www.sunset-sunside.com\/concert\/who-parked-the-car-2\/","title":{"rendered":"Who Parked the Car"},"content":{"rendered":"<p><strong>1er set : Thomas Salvatore (en duo avec Faniry Andrianarisoa, batterie)<\/strong><\/p>\n<p>\nThomas Salvatore, enfant prodige de la sc\u00e8ne musicale \u00e9mergente, insuffle un vent de fra\u00eecheur dans le paysage sonore contemporain. N\u00e9 il y a 25 ans sous le ciel breton de Quimper, ce jeune virtuose fa\u00e7onne un univers musical o\u00f9 pop, soul, jazz et rock s&#8217;entrechoquent dans une esth\u00e9tique r\u00e9tro-futuriste qui rend hommage aux vibes des ann\u00e9es 2000.<br \/>\nAux commandes de ses claviers, Thomas jongle entre les sons organiques de piano et d\u2019orgue, les synth\u00e9s vintage et les effets ultra modernes, avec une aisance d\u00e9concertante. Sa voix pop aux accents soul, \u00e0 la fois douce et expressive, ajoute une forte dimension \u00e9motionnelle \u00e0 ses compositions.<br \/>\nNourri par l&#8217;avant-gardisme de Louis Cole, l&#8217;inventivit\u00e9 de Gorillaz, la sensibilit\u00e9 de Robert Glasper, et l&#8217;\u00e9nergie de Cory Henry, Thomas forge son propre chemin. Il navigue avec brio entre pop alternative, jazz contemporain, et funk exp\u00e9rimentale, cr\u00e9ant une signature sonore unique qui d\u00e9fie les \u00e9tiquettes.<\/p>\n<p>&nbsp;<\/p>\n<p><img loading=\"lazy\" decoding=\"async\" class=\"alignnone size-medium wp-image-118916\" src=\"https:\/\/www.sunset-sunside.com\/app\/uploads\/2025\/12\/Thomas-Salvatore-1-carre-300x300.jpeg\" alt=\"\" width=\"300\" height=\"300\" srcset=\"https:\/\/www.sunset-sunside.com\/app\/uploads\/2025\/12\/Thomas-Salvatore-1-carre-300x300.jpeg 300w, https:\/\/www.sunset-sunside.com\/app\/uploads\/2025\/12\/Thomas-Salvatore-1-carre-150x150.jpeg 150w, https:\/\/www.sunset-sunside.com\/app\/uploads\/2025\/12\/Thomas-Salvatore-1-carre-338x338.jpeg 338w, https:\/\/www.sunset-sunside.com\/app\/uploads\/2025\/12\/Thomas-Salvatore-1-carre-100x100.jpeg 100w, https:\/\/www.sunset-sunside.com\/app\/uploads\/2025\/12\/Thomas-Salvatore-1-carre-50x50.jpeg 50w, https:\/\/www.sunset-sunside.com\/app\/uploads\/2025\/12\/Thomas-Salvatore-1-carre.jpeg 480w\" sizes=\"auto, (max-width: 300px) 100vw, 300px\" \/><\/p>\n<p>&nbsp;<\/p>\n<p><a href=\"https:\/\/youtu.be\/c3ilFhmVgQ8\">https:\/\/youtu.be\/c3ilFhmVgQ8<\/a><\/p>\n<p>&nbsp;<\/p>\n<p><strong>2\u00e8me et 3\u00e8mes sets : Who Parked The Car<\/strong><\/p>\n<p>\nApr\u00e8s une ann\u00e9e 2025 exceptionnelle, Who Parked The Car revient sur la sc\u00e8ne du Sunset !<br \/>\nLe collectif parisien, laur\u00e9at du European Emerging Bands Contest et du Grand Prix UNAC, a fait r\u00e9sonner son groove jusqu\u2019aux \u00c9tats-Unis, o\u00f9 il a partag\u00e9 la sc\u00e8ne avec la l\u00e9gende Randy Brecker.<br \/>\nPort\u00e9s par cette belle dynamique, les huit musiciens d\u00e9voilent aujourd\u2019hui les premiers singles de leur prochain album, attendu pour mai 2026.<br \/>\nEntre jazz moderne, soul et \u00e9nergie collective, Who Parked The Car vous invite \u00e0 une soir\u00e9e pleine de couleurs, d\u2019improvisation et de complicit\u00e9 musicale.<\/p>\n","protected":false},"excerpt":{"rendered":"<p>1er set : Thomas Salvatore (en duo avec Faniry Andrianarisoa, batterie) Thomas Salvatore, enfant prodige de la sc\u00e8ne musicale \u00e9mergente, insuffle un vent de fra\u00eecheur dans le paysage sonore contemporain. [&hellip;]<\/p>\n","protected":false},"author":30761,"featured_media":118913,"template":"","meta":{"_acf_changed":false,"_price":"","_stock":"","_tribe_ticket_header":"","_tribe_default_ticket_provider":"Tribe__Tickets_Plus__Commerce__WooCommerce__Main","_tribe_ticket_capacity":"100","_ticket_start_date":"","_ticket_end_date":"","_tribe_ticket_show_description":"","_tribe_ticket_show_not_going":false,"_tribe_ticket_use_global_stock":"1","_tribe_ticket_global_stock_level":"100","_global_stock_mode":"","_global_stock_cap":"","_tribe_rsvp_for_event":"","_tribe_ticket_going_count":"","_tribe_ticket_not_going_count":"","_tribe_tickets_list":"[{\"id\":118910,\"type\":\"default\",\"title\":\"Tarif adh\\u00e9rent\",\"description\":\"\",\"capacityType\":\"global\",\"price\":23,\"capacity\":100,\"available\":100,\"sharedCapacity\":100,\"sold\":0,\"shareSold\":0,\"isShared\":true,\"currencyDecimalPoint\":\",\",\"currencyNumberOfDecimals\":2,\"currencyPosition\":\"prefix\",\"currencySymbol\":\"$\",\"currencyThousandsSep\":\"\"},{\"id\":118911,\"type\":\"default\",\"title\":\"Tarif plein*\",\"description\":\"\",\"capacityType\":\"global\",\"price\":28,\"capacity\":100,\"available\":100,\"sharedCapacity\":100,\"sold\":0,\"shareSold\":0,\"isShared\":true,\"currencyDecimalPoint\":\",\",\"currencyNumberOfDecimals\":2,\"currencyPosition\":\"prefix\",\"currencySymbol\":\"$\",\"currencyThousandsSep\":\"\"},{\"id\":118912,\"type\":\"default\",\"title\":\"Tarif r\\u00e9duit\",\"description\":\"Tarif r\\u00e9serv\\u00e9 aux \\u00e9tudiants de moins de 25 ans, ch\\u00f4meurs et intermittents du spectacle. Pr\\u00e9sentation obligatoire d\\u2019un justificatif \\u00e0 l\\u2019entr\\u00e9e. \\r\\nUn suppl\\u00e9ment vous sera demand\\u00e9 pour non pr\\u00e9sentation de justificatif. \",\"capacityType\":\"global\",\"price\":18,\"capacity\":100,\"available\":100,\"sharedCapacity\":100,\"sold\":0,\"shareSold\":0,\"isShared\":true,\"currencyDecimalPoint\":\",\",\"currencyNumberOfDecimals\":2,\"currencyPosition\":\"prefix\",\"currencySymbol\":\"$\",\"currencyThousandsSep\":\"\"}]","_tribe_ticket_has_attendee_info_fields":false,"_tribe_events_status":"","_tribe_events_status_reason":"","footnotes":"","_tec_slr_enabled":"","_tec_slr_layout":""},"tags":[],"genre":[122],"tribe_events_cat":[213,269,214,215,216],"class_list":["post-118909","tribe_events","type-tribe_events","status-publish","has-post-thumbnail","hentry","genre-jazz-groove","tribe_events_cat-albums-du-mois","tribe_events_cat-coming-soon","tribe_events_cat-coup-de-coeur","tribe_events_cat-decouvertes","tribe_events_cat-evenements","cat_albums-du-mois","cat_coming-soon","cat_coup-de-coeur","cat_decouvertes","cat_evenements"],"acf":[],"yoast_head":"<!-- This site is optimized with the Yoast SEO plugin v25.7 - https:\/\/yoast.com\/wordpress\/plugins\/seo\/ -->\n<title>Who Parked the Car - Sunset Sunside<\/title>\n<meta name=\"robots\" content=\"index, follow, max-snippet:-1, max-image-preview:large, max-video-preview:-1\" \/>\n<link rel=\"canonical\" href=\"https:\/\/www.sunset-sunside.com\/concert\/who-parked-the-car-2\/\" \/>\n<meta property=\"og:locale\" content=\"en_GB\" \/>\n<meta property=\"og:type\" content=\"article\" \/>\n<meta property=\"og:title\" content=\"Who Parked the Car - Sunset Sunside\" \/>\n<meta property=\"og:description\" content=\"1er set : Thomas Salvatore (en duo avec Faniry Andrianarisoa, batterie) Thomas Salvatore, enfant prodige de la sc\u00e8ne musicale \u00e9mergente, insuffle un vent de fra\u00eecheur dans le paysage sonore contemporain. [&hellip;]\" \/>\n<meta property=\"og:url\" content=\"https:\/\/www.sunset-sunside.com\/concert\/who-parked-the-car-2\/\" \/>\n<meta property=\"og:site_name\" content=\"Sunset Sunside\" \/>\n<meta property=\"article:publisher\" content=\"https:\/\/www.facebook.com\/SunsetSunsideJazzClub\/\" \/>\n<meta property=\"article:modified_time\" content=\"2026-01-06T14:09:06+00:00\" \/>\n<meta property=\"og:image\" content=\"https:\/\/www.sunset-sunside.com\/app\/uploads\/2025\/12\/BRASSAUDLOLADSC03461-683x1024.jpg\" \/>\n\t<meta property=\"og:image:width\" content=\"683\" \/>\n\t<meta property=\"og:image:height\" content=\"1024\" \/>\n\t<meta property=\"og:image:type\" content=\"image\/jpeg\" \/>\n<meta name=\"twitter:card\" content=\"summary_large_image\" \/>\n<meta name=\"twitter:site\" content=\"@SunsetSunside\" \/>\n<meta name=\"twitter:label1\" content=\"Est. reading time\" \/>\n\t<meta name=\"twitter:data1\" content=\"2 minutes\" \/>\n<script type=\"application\/ld+json\" class=\"yoast-schema-graph\">{\"@context\":\"https:\/\/schema.org\",\"@graph\":[{\"@type\":\"WebPage\",\"@id\":\"https:\/\/www.sunset-sunside.com\/concert\/who-parked-the-car-2\/\",\"url\":\"https:\/\/www.sunset-sunside.com\/concert\/who-parked-the-car-2\/\",\"name\":\"Who Parked the Car - Sunset Sunside\",\"isPartOf\":{\"@id\":\"https:\/\/www.sunset-sunside.com\/#website\"},\"primaryImageOfPage\":{\"@id\":\"https:\/\/www.sunset-sunside.com\/concert\/who-parked-the-car-2\/#primaryimage\"},\"image\":{\"@id\":\"https:\/\/www.sunset-sunside.com\/concert\/who-parked-the-car-2\/#primaryimage\"},\"thumbnailUrl\":\"https:\/\/www.sunset-sunside.com\/app\/uploads\/2025\/12\/BRASSAUDLOLADSC03461.jpg\",\"datePublished\":\"2025-12-18T13:13:51+00:00\",\"dateModified\":\"2026-01-06T14:09:06+00:00\",\"breadcrumb\":{\"@id\":\"https:\/\/www.sunset-sunside.com\/concert\/who-parked-the-car-2\/#breadcrumb\"},\"inLanguage\":\"en-GB\",\"potentialAction\":[{\"@type\":\"ReadAction\",\"target\":[\"https:\/\/www.sunset-sunside.com\/concert\/who-parked-the-car-2\/\"]}]},{\"@type\":\"ImageObject\",\"inLanguage\":\"en-GB\",\"@id\":\"https:\/\/www.sunset-sunside.com\/concert\/who-parked-the-car-2\/#primaryimage\",\"url\":\"https:\/\/www.sunset-sunside.com\/app\/uploads\/2025\/12\/BRASSAUDLOLADSC03461.jpg\",\"contentUrl\":\"https:\/\/www.sunset-sunside.com\/app\/uploads\/2025\/12\/BRASSAUDLOLADSC03461.jpg\",\"width\":4672,\"height\":7008,\"caption\":\"\u00a9 Lola Brassaud\"},{\"@type\":\"BreadcrumbList\",\"@id\":\"https:\/\/www.sunset-sunside.com\/concert\/who-parked-the-car-2\/#breadcrumb\",\"itemListElement\":[{\"@type\":\"ListItem\",\"position\":1,\"name\":\"Accueil\",\"item\":\"https:\/\/www.sunset-sunside.com\/\"},{\"@type\":\"ListItem\",\"position\":2,\"name\":\"\u00c9v\u00e8nements\",\"item\":\"https:\/\/www.sunset-sunside.com\/concerts\/\"},{\"@type\":\"ListItem\",\"position\":3,\"name\":\"Who Parked the Car\"}]},{\"@type\":\"WebSite\",\"@id\":\"https:\/\/www.sunset-sunside.com\/#website\",\"url\":\"https:\/\/www.sunset-sunside.com\/\",\"name\":\"Sunset Sunside\",\"description\":\"\",\"potentialAction\":[{\"@type\":\"SearchAction\",\"target\":{\"@type\":\"EntryPoint\",\"urlTemplate\":\"https:\/\/www.sunset-sunside.com\/?s={search_term_string}\"},\"query-input\":{\"@type\":\"PropertyValueSpecification\",\"valueRequired\":true,\"valueName\":\"search_term_string\"}}],\"inLanguage\":\"en-GB\"}]}<\/script>\n<!-- \/ Yoast SEO plugin. -->","yoast_head_json":{"title":"Who Parked the Car - Sunset Sunside","robots":{"index":"index","follow":"follow","max-snippet":"max-snippet:-1","max-image-preview":"max-image-preview:large","max-video-preview":"max-video-preview:-1"},"canonical":"https:\/\/www.sunset-sunside.com\/concert\/who-parked-the-car-2\/","og_locale":"en_GB","og_type":"article","og_title":"Who Parked the Car - Sunset Sunside","og_description":"1er set : Thomas Salvatore (en duo avec Faniry Andrianarisoa, batterie) Thomas Salvatore, enfant prodige de la sc\u00e8ne musicale \u00e9mergente, insuffle un vent de fra\u00eecheur dans le paysage sonore contemporain. [&hellip;]","og_url":"https:\/\/www.sunset-sunside.com\/concert\/who-parked-the-car-2\/","og_site_name":"Sunset Sunside","article_publisher":"https:\/\/www.facebook.com\/SunsetSunsideJazzClub\/","article_modified_time":"2026-01-06T14:09:06+00:00","og_image":[{"width":683,"height":1024,"url":"https:\/\/www.sunset-sunside.com\/app\/uploads\/2025\/12\/BRASSAUDLOLADSC03461-683x1024.jpg","type":"image\/jpeg"}],"twitter_card":"summary_large_image","twitter_site":"@SunsetSunside","twitter_misc":{"Est. reading time":"2 minutes"},"schema":{"@context":"https:\/\/schema.org","@graph":[{"@type":"WebPage","@id":"https:\/\/www.sunset-sunside.com\/concert\/who-parked-the-car-2\/","url":"https:\/\/www.sunset-sunside.com\/concert\/who-parked-the-car-2\/","name":"Who Parked the Car - Sunset Sunside","isPartOf":{"@id":"https:\/\/www.sunset-sunside.com\/#website"},"primaryImageOfPage":{"@id":"https:\/\/www.sunset-sunside.com\/concert\/who-parked-the-car-2\/#primaryimage"},"image":{"@id":"https:\/\/www.sunset-sunside.com\/concert\/who-parked-the-car-2\/#primaryimage"},"thumbnailUrl":"https:\/\/www.sunset-sunside.com\/app\/uploads\/2025\/12\/BRASSAUDLOLADSC03461.jpg","datePublished":"2025-12-18T13:13:51+00:00","dateModified":"2026-01-06T14:09:06+00:00","breadcrumb":{"@id":"https:\/\/www.sunset-sunside.com\/concert\/who-parked-the-car-2\/#breadcrumb"},"inLanguage":"en-GB","potentialAction":[{"@type":"ReadAction","target":["https:\/\/www.sunset-sunside.com\/concert\/who-parked-the-car-2\/"]}]},{"@type":"ImageObject","inLanguage":"en-GB","@id":"https:\/\/www.sunset-sunside.com\/concert\/who-parked-the-car-2\/#primaryimage","url":"https:\/\/www.sunset-sunside.com\/app\/uploads\/2025\/12\/BRASSAUDLOLADSC03461.jpg","contentUrl":"https:\/\/www.sunset-sunside.com\/app\/uploads\/2025\/12\/BRASSAUDLOLADSC03461.jpg","width":4672,"height":7008,"caption":"\u00a9 Lola Brassaud"},{"@type":"BreadcrumbList","@id":"https:\/\/www.sunset-sunside.com\/concert\/who-parked-the-car-2\/#breadcrumb","itemListElement":[{"@type":"ListItem","position":1,"name":"Accueil","item":"https:\/\/www.sunset-sunside.com\/"},{"@type":"ListItem","position":2,"name":"\u00c9v\u00e8nements","item":"https:\/\/www.sunset-sunside.com\/concerts\/"},{"@type":"ListItem","position":3,"name":"Who Parked the Car"}]},{"@type":"WebSite","@id":"https:\/\/www.sunset-sunside.com\/#website","url":"https:\/\/www.sunset-sunside.com\/","name":"Sunset Sunside","description":"","potentialAction":[{"@type":"SearchAction","target":{"@type":"EntryPoint","urlTemplate":"https:\/\/www.sunset-sunside.com\/?s={search_term_string}"},"query-input":{"@type":"PropertyValueSpecification","valueRequired":true,"valueName":"search_term_string"}}],"inLanguage":"en-GB"}]}},"publishpress_future_action":{"enabled":false,"date":"2026-04-12 16:18:57","action":"change-status","newStatus":"draft","terms":[],"taxonomy":"post_tag","extraData":[]},"publishpress_future_workflow_manual_trigger":{"enabledWorkflows":[]},"ticketed":["woo"],"_links":{"self":[{"href":"https:\/\/www.sunset-sunside.com\/wp-json\/wp\/v2\/tribe_events\/118909","targetHints":{"allow":["GET"]}}],"collection":[{"href":"https:\/\/www.sunset-sunside.com\/wp-json\/wp\/v2\/tribe_events"}],"about":[{"href":"https:\/\/www.sunset-sunside.com\/wp-json\/wp\/v2\/types\/tribe_events"}],"author":[{"embeddable":true,"href":"https:\/\/www.sunset-sunside.com\/wp-json\/wp\/v2\/users\/30761"}],"version-history":[{"count":4,"href":"https:\/\/www.sunset-sunside.com\/wp-json\/wp\/v2\/tribe_events\/118909\/revisions"}],"predecessor-version":[{"id":123966,"href":"https:\/\/www.sunset-sunside.com\/wp-json\/wp\/v2\/tribe_events\/118909\/revisions\/123966"}],"wp:featuredmedia":[{"embeddable":true,"href":"https:\/\/www.sunset-sunside.com\/wp-json\/wp\/v2\/media\/118913"}],"wp:attachment":[{"href":"https:\/\/www.sunset-sunside.com\/wp-json\/wp\/v2\/media?parent=118909"}],"wp:term":[{"taxonomy":"post_tag","embeddable":true,"href":"https:\/\/www.sunset-sunside.com\/wp-json\/wp\/v2\/tags?post=118909"},{"taxonomy":"genre","embeddable":true,"href":"https:\/\/www.sunset-sunside.com\/wp-json\/wp\/v2\/genre?post=118909"},{"taxonomy":"tribe_events_cat","embeddable":true,"href":"https:\/\/www.sunset-sunside.com\/wp-json\/wp\/v2\/tribe_events_cat?post=118909"}],"curies":[{"name":"wp","href":"https:\/\/api.w.org\/{rel}","templated":true}]}}