{"id":119241,"date":"2025-12-19T17:53:41","date_gmt":"2025-12-19T16:53:41","guid":{"rendered":"https:\/\/www.sunset-sunside.com\/?post_type=tribe_events&#038;p=119241"},"modified":"2025-12-19T17:53:41","modified_gmt":"2025-12-19T16:53:41","slug":"thomas-julienne-tribute-to-radiohead-ft-ellinoa","status":"publish","type":"tribe_events","link":"https:\/\/www.sunset-sunside.com\/concert\/thomas-julienne-tribute-to-radiohead-ft-ellinoa\/","title":{"rendered":"Thomas Julienne &#8211; Tribute To Radiohead ft. Ellinoa"},"content":{"rendered":"<p>Tribute to Radiohead<\/p>\n<p>&nbsp;<\/p>\n<p>\ud83c\udfb6 Vous aimez Radiohead ? Ce concert est fait pour vous !<br \/>\nCompositeur et musicien \u00e9clectique, Thomas Julienne\u00a0partage avec Radiohead un go\u00fbt prononc\u00e9 pour l\u2019exp\u00e9rimentation, l\u2019alternatif et une sensibilit\u00e9 \u00e0 fleur de peau.<br \/>\nGroupe culte du rock britannique, Radiohead\u00a0a vendu plus de 40 millions d\u2019albums \u00e0 travers le monde. Son sens de la m\u00e9lodie, les ponts tiss\u00e9s entre pop et \u00e9lectro, son insatiable qu\u00eate sonore et son d\u00e9sir de repousser les fronti\u00e8res du rock en ont fait une v\u00e9ritable ic\u00f4ne. La musique de Radiohead ne s\u2019\u00e9coute pas simplement : elle se ressent, se vit, r\u00e9veille des souvenirs, donne des frissons et ne laisse personne indiff\u00e9rent.<\/p>\n<p>&nbsp;<\/p>\n<p>Pour s\u2019emparer de cet univers fascinant, un quartet d\u2019exception, issu de la cr\u00e8me de la sc\u00e8ne jazz parisienne\u00a0:<\/p>\n<p>&nbsp;<\/p>\n<p>\ud83c\udfbb Thomas Julienne\u00a0\u2013 #contrebasse #lead<br \/>\n\ud83c\udf99\ufe0f Ellinoa\u00a0\u2013 #voix<br \/>\n\ud83c\udfb8 Anthony Winzenrieth\u00a0\u2013 #guitare<br \/>\n\ud83e\udd41 Tom Peyron\u00a0\u2013 #batterie<br \/>\n\ud83d\udccd Sunset Sunside \u2013 Paris<br \/>\n\ud83c\udf9f\ufe0f R\u00e9servations conseill\u00e9es !<\/p>\n","protected":false},"excerpt":{"rendered":"<p>Tribute to Radiohead &nbsp; \ud83c\udfb6 Vous aimez Radiohead ? Ce concert est fait pour vous ! Compositeur et musicien \u00e9clectique, Thomas Julienne\u00a0partage avec Radiohead un go\u00fbt prononc\u00e9 pour l\u2019exp\u00e9rimentation, l\u2019alternatif [&hellip;]<\/p>\n","protected":false},"author":2,"featured_media":63139,"template":"","meta":{"_acf_changed":false,"_price":"","_stock":"","_tribe_ticket_header":"","_tribe_default_ticket_provider":"Tribe__Tickets_Plus__Commerce__WooCommerce__Main","_tribe_ticket_capacity":"100","_ticket_start_date":"","_ticket_end_date":"","_tribe_ticket_show_description":"","_tribe_ticket_show_not_going":false,"_tribe_ticket_use_global_stock":"1","_tribe_ticket_global_stock_level":"98","_global_stock_mode":"","_global_stock_cap":"","_tribe_rsvp_for_event":"","_tribe_ticket_going_count":"","_tribe_ticket_not_going_count":"","_tribe_tickets_list":"[{\"id\":119242,\"type\":\"default\",\"title\":\"Tarif plein\",\"description\":\"\",\"capacityType\":\"global\",\"price\":25,\"capacity\":100,\"available\":98,\"sharedCapacity\":100,\"sold\":2,\"shareSold\":2,\"isShared\":true,\"currencyDecimalPoint\":\",\",\"currencyNumberOfDecimals\":2,\"currencyPosition\":\"prefix\",\"currencySymbol\":\"$\",\"currencyThousandsSep\":\"\"},{\"id\":119243,\"type\":\"default\",\"title\":\"Tarif adh\\u00e9rent\",\"description\":\"\",\"capacityType\":\"global\",\"price\":20,\"capacity\":100,\"available\":98,\"sharedCapacity\":100,\"sold\":0,\"shareSold\":0,\"isShared\":true,\"currencyDecimalPoint\":\",\",\"currencyNumberOfDecimals\":2,\"currencyPosition\":\"prefix\",\"currencySymbol\":\"$\",\"currencyThousandsSep\":\"\"},{\"id\":119244,\"type\":\"default\",\"title\":\"Tarif r\\u00e9duit\",\"description\":\"Tarif r\\u00e9serv\\u00e9 aux \\u00e9tudiants de moins de 25 ans, ch\\u00f4meurs et intermittents du spectacle. Pr\\u00e9sentation obligatoire d\\u2019un justificatif \\u00e0 l\\u2019entr\\u00e9e. Un suppl\\u00e9ment vous sera demand\\u00e9 pour non pr\\u00e9sentation de justificatif.\",\"capacityType\":\"global\",\"price\":15,\"capacity\":100,\"available\":98,\"sharedCapacity\":100,\"sold\":0,\"shareSold\":0,\"isShared\":true,\"currencyDecimalPoint\":\",\",\"currencyNumberOfDecimals\":2,\"currencyPosition\":\"prefix\",\"currencySymbol\":\"$\",\"currencyThousandsSep\":\"\"}]","_tribe_ticket_has_attendee_info_fields":false,"_tribe_events_status":"","_tribe_events_status_reason":"","footnotes":"","_tec_slr_enabled":"","_tec_slr_layout":""},"tags":[],"genre":[92],"tribe_events_cat":[213,214,215,216],"class_list":["post-119241","tribe_events","type-tribe_events","status-publish","has-post-thumbnail","hentry","genre-jazz-pop","tribe_events_cat-albums-du-mois","tribe_events_cat-coup-de-coeur","tribe_events_cat-decouvertes","tribe_events_cat-evenements","cat_albums-du-mois","cat_coup-de-coeur","cat_decouvertes","cat_evenements"],"acf":[],"yoast_head":"<!-- This site is optimized with the Yoast SEO plugin v25.7 - https:\/\/yoast.com\/wordpress\/plugins\/seo\/ -->\n<title>Thomas Julienne - Tribute To Radiohead ft. Ellinoa - Sunset Sunside<\/title>\n<meta name=\"robots\" content=\"index, follow, max-snippet:-1, max-image-preview:large, max-video-preview:-1\" \/>\n<link rel=\"canonical\" href=\"https:\/\/www.sunset-sunside.com\/concert\/thomas-julienne-tribute-to-radiohead-ft-ellinoa\/\" \/>\n<meta property=\"og:locale\" content=\"fr_FR\" \/>\n<meta property=\"og:type\" content=\"article\" \/>\n<meta property=\"og:title\" content=\"Thomas Julienne - Tribute To Radiohead ft. Ellinoa - Sunset Sunside\" \/>\n<meta property=\"og:description\" content=\"Tribute to Radiohead &nbsp; \ud83c\udfb6 Vous aimez Radiohead ? Ce concert est fait pour vous ! Compositeur et musicien \u00e9clectique, Thomas Julienne\u00a0partage avec Radiohead un go\u00fbt prononc\u00e9 pour l\u2019exp\u00e9rimentation, l\u2019alternatif [&hellip;]\" \/>\n<meta property=\"og:url\" content=\"https:\/\/www.sunset-sunside.com\/concert\/thomas-julienne-tribute-to-radiohead-ft-ellinoa\/\" \/>\n<meta property=\"og:site_name\" content=\"Sunset Sunside\" \/>\n<meta property=\"article:publisher\" content=\"https:\/\/www.facebook.com\/SunsetSunsideJazzClub\/\" \/>\n<meta property=\"og:image\" content=\"https:\/\/www.sunset-sunside.com\/app\/uploads\/2025\/03\/\u2705-.jpg\" \/>\n\t<meta property=\"og:image:width\" content=\"1080\" \/>\n\t<meta property=\"og:image:height\" content=\"1080\" \/>\n\t<meta property=\"og:image:type\" content=\"image\/jpeg\" \/>\n<meta name=\"twitter:card\" content=\"summary_large_image\" \/>\n<meta name=\"twitter:site\" content=\"@SunsetSunside\" \/>\n<meta name=\"twitter:label1\" content=\"Dur\u00e9e de lecture estim\u00e9e\" \/>\n\t<meta name=\"twitter:data1\" content=\"1 minute\" \/>\n<script type=\"application\/ld+json\" class=\"yoast-schema-graph\">{\"@context\":\"https:\/\/schema.org\",\"@graph\":[{\"@type\":\"WebPage\",\"@id\":\"https:\/\/www.sunset-sunside.com\/concert\/thomas-julienne-tribute-to-radiohead-ft-ellinoa\/\",\"url\":\"https:\/\/www.sunset-sunside.com\/concert\/thomas-julienne-tribute-to-radiohead-ft-ellinoa\/\",\"name\":\"Thomas Julienne - Tribute To Radiohead ft. Ellinoa - Sunset Sunside\",\"isPartOf\":{\"@id\":\"https:\/\/www.sunset-sunside.com\/#website\"},\"primaryImageOfPage\":{\"@id\":\"https:\/\/www.sunset-sunside.com\/concert\/thomas-julienne-tribute-to-radiohead-ft-ellinoa\/#primaryimage\"},\"image\":{\"@id\":\"https:\/\/www.sunset-sunside.com\/concert\/thomas-julienne-tribute-to-radiohead-ft-ellinoa\/#primaryimage\"},\"thumbnailUrl\":\"https:\/\/www.sunset-sunside.com\/app\/uploads\/2025\/03\/\u2705-.jpg\",\"datePublished\":\"2025-12-19T16:53:41+00:00\",\"breadcrumb\":{\"@id\":\"https:\/\/www.sunset-sunside.com\/concert\/thomas-julienne-tribute-to-radiohead-ft-ellinoa\/#breadcrumb\"},\"inLanguage\":\"fr-FR\",\"potentialAction\":[{\"@type\":\"ReadAction\",\"target\":[\"https:\/\/www.sunset-sunside.com\/concert\/thomas-julienne-tribute-to-radiohead-ft-ellinoa\/\"]}]},{\"@type\":\"ImageObject\",\"inLanguage\":\"fr-FR\",\"@id\":\"https:\/\/www.sunset-sunside.com\/concert\/thomas-julienne-tribute-to-radiohead-ft-ellinoa\/#primaryimage\",\"url\":\"https:\/\/www.sunset-sunside.com\/app\/uploads\/2025\/03\/\u2705-.jpg\",\"contentUrl\":\"https:\/\/www.sunset-sunside.com\/app\/uploads\/2025\/03\/\u2705-.jpg\",\"width\":1080,\"height\":1080},{\"@type\":\"BreadcrumbList\",\"@id\":\"https:\/\/www.sunset-sunside.com\/concert\/thomas-julienne-tribute-to-radiohead-ft-ellinoa\/#breadcrumb\",\"itemListElement\":[{\"@type\":\"ListItem\",\"position\":1,\"name\":\"Accueil\",\"item\":\"https:\/\/www.sunset-sunside.com\/\"},{\"@type\":\"ListItem\",\"position\":2,\"name\":\"\u00c9v\u00e8nements\",\"item\":\"https:\/\/www.sunset-sunside.com\/concerts\/\"},{\"@type\":\"ListItem\",\"position\":3,\"name\":\"Thomas Julienne &#8211; Tribute To Radiohead ft. Ellinoa\"}]},{\"@type\":\"WebSite\",\"@id\":\"https:\/\/www.sunset-sunside.com\/#website\",\"url\":\"https:\/\/www.sunset-sunside.com\/\",\"name\":\"Sunset Sunside\",\"description\":\"\",\"potentialAction\":[{\"@type\":\"SearchAction\",\"target\":{\"@type\":\"EntryPoint\",\"urlTemplate\":\"https:\/\/www.sunset-sunside.com\/?s={search_term_string}\"},\"query-input\":{\"@type\":\"PropertyValueSpecification\",\"valueRequired\":true,\"valueName\":\"search_term_string\"}}],\"inLanguage\":\"fr-FR\"}]}<\/script>\n<!-- \/ Yoast SEO plugin. -->","yoast_head_json":{"title":"Thomas Julienne - Tribute To Radiohead ft. Ellinoa - Sunset Sunside","robots":{"index":"index","follow":"follow","max-snippet":"max-snippet:-1","max-image-preview":"max-image-preview:large","max-video-preview":"max-video-preview:-1"},"canonical":"https:\/\/www.sunset-sunside.com\/concert\/thomas-julienne-tribute-to-radiohead-ft-ellinoa\/","og_locale":"fr_FR","og_type":"article","og_title":"Thomas Julienne - Tribute To Radiohead ft. Ellinoa - Sunset Sunside","og_description":"Tribute to Radiohead &nbsp; \ud83c\udfb6 Vous aimez Radiohead ? Ce concert est fait pour vous ! Compositeur et musicien \u00e9clectique, Thomas Julienne\u00a0partage avec Radiohead un go\u00fbt prononc\u00e9 pour l\u2019exp\u00e9rimentation, l\u2019alternatif [&hellip;]","og_url":"https:\/\/www.sunset-sunside.com\/concert\/thomas-julienne-tribute-to-radiohead-ft-ellinoa\/","og_site_name":"Sunset Sunside","article_publisher":"https:\/\/www.facebook.com\/SunsetSunsideJazzClub\/","og_image":[{"width":1080,"height":1080,"url":"https:\/\/www.sunset-sunside.com\/app\/uploads\/2025\/03\/\u2705-.jpg","type":"image\/jpeg"}],"twitter_card":"summary_large_image","twitter_site":"@SunsetSunside","twitter_misc":{"Dur\u00e9e de lecture estim\u00e9e":"1 minute"},"schema":{"@context":"https:\/\/schema.org","@graph":[{"@type":"WebPage","@id":"https:\/\/www.sunset-sunside.com\/concert\/thomas-julienne-tribute-to-radiohead-ft-ellinoa\/","url":"https:\/\/www.sunset-sunside.com\/concert\/thomas-julienne-tribute-to-radiohead-ft-ellinoa\/","name":"Thomas Julienne - Tribute To Radiohead ft. Ellinoa - Sunset Sunside","isPartOf":{"@id":"https:\/\/www.sunset-sunside.com\/#website"},"primaryImageOfPage":{"@id":"https:\/\/www.sunset-sunside.com\/concert\/thomas-julienne-tribute-to-radiohead-ft-ellinoa\/#primaryimage"},"image":{"@id":"https:\/\/www.sunset-sunside.com\/concert\/thomas-julienne-tribute-to-radiohead-ft-ellinoa\/#primaryimage"},"thumbnailUrl":"https:\/\/www.sunset-sunside.com\/app\/uploads\/2025\/03\/\u2705-.jpg","datePublished":"2025-12-19T16:53:41+00:00","breadcrumb":{"@id":"https:\/\/www.sunset-sunside.com\/concert\/thomas-julienne-tribute-to-radiohead-ft-ellinoa\/#breadcrumb"},"inLanguage":"fr-FR","potentialAction":[{"@type":"ReadAction","target":["https:\/\/www.sunset-sunside.com\/concert\/thomas-julienne-tribute-to-radiohead-ft-ellinoa\/"]}]},{"@type":"ImageObject","inLanguage":"fr-FR","@id":"https:\/\/www.sunset-sunside.com\/concert\/thomas-julienne-tribute-to-radiohead-ft-ellinoa\/#primaryimage","url":"https:\/\/www.sunset-sunside.com\/app\/uploads\/2025\/03\/\u2705-.jpg","contentUrl":"https:\/\/www.sunset-sunside.com\/app\/uploads\/2025\/03\/\u2705-.jpg","width":1080,"height":1080},{"@type":"BreadcrumbList","@id":"https:\/\/www.sunset-sunside.com\/concert\/thomas-julienne-tribute-to-radiohead-ft-ellinoa\/#breadcrumb","itemListElement":[{"@type":"ListItem","position":1,"name":"Accueil","item":"https:\/\/www.sunset-sunside.com\/"},{"@type":"ListItem","position":2,"name":"\u00c9v\u00e8nements","item":"https:\/\/www.sunset-sunside.com\/concerts\/"},{"@type":"ListItem","position":3,"name":"Thomas Julienne &#8211; Tribute To Radiohead ft. Ellinoa"}]},{"@type":"WebSite","@id":"https:\/\/www.sunset-sunside.com\/#website","url":"https:\/\/www.sunset-sunside.com\/","name":"Sunset Sunside","description":"","potentialAction":[{"@type":"SearchAction","target":{"@type":"EntryPoint","urlTemplate":"https:\/\/www.sunset-sunside.com\/?s={search_term_string}"},"query-input":{"@type":"PropertyValueSpecification","valueRequired":true,"valueName":"search_term_string"}}],"inLanguage":"fr-FR"}]}},"publishpress_future_action":{"enabled":false,"date":"2026-04-12 15:44:25","action":"change-status","newStatus":"draft","terms":[],"taxonomy":"post_tag","extraData":[]},"publishpress_future_workflow_manual_trigger":{"enabledWorkflows":[]},"ticketed":["woo"],"_links":{"self":[{"href":"https:\/\/www.sunset-sunside.com\/wp-json\/wp\/v2\/tribe_events\/119241","targetHints":{"allow":["GET"]}}],"collection":[{"href":"https:\/\/www.sunset-sunside.com\/wp-json\/wp\/v2\/tribe_events"}],"about":[{"href":"https:\/\/www.sunset-sunside.com\/wp-json\/wp\/v2\/types\/tribe_events"}],"author":[{"embeddable":true,"href":"https:\/\/www.sunset-sunside.com\/wp-json\/wp\/v2\/users\/2"}],"version-history":[{"count":1,"href":"https:\/\/www.sunset-sunside.com\/wp-json\/wp\/v2\/tribe_events\/119241\/revisions"}],"predecessor-version":[{"id":119245,"href":"https:\/\/www.sunset-sunside.com\/wp-json\/wp\/v2\/tribe_events\/119241\/revisions\/119245"}],"wp:featuredmedia":[{"embeddable":true,"href":"https:\/\/www.sunset-sunside.com\/wp-json\/wp\/v2\/media\/63139"}],"wp:attachment":[{"href":"https:\/\/www.sunset-sunside.com\/wp-json\/wp\/v2\/media?parent=119241"}],"wp:term":[{"taxonomy":"post_tag","embeddable":true,"href":"https:\/\/www.sunset-sunside.com\/wp-json\/wp\/v2\/tags?post=119241"},{"taxonomy":"genre","embeddable":true,"href":"https:\/\/www.sunset-sunside.com\/wp-json\/wp\/v2\/genre?post=119241"},{"taxonomy":"tribe_events_cat","embeddable":true,"href":"https:\/\/www.sunset-sunside.com\/wp-json\/wp\/v2\/tribe_events_cat?post=119241"}],"curies":[{"name":"wp","href":"https:\/\/api.w.org\/{rel}","templated":true}]}}