{"id":123733,"date":"2026-01-05T18:54:28","date_gmt":"2026-01-05T17:54:28","guid":{"rendered":"https:\/\/www.sunset-sunside.com\/?post_type=tribe_events&#038;p=123733"},"modified":"2026-01-05T18:54:28","modified_gmt":"2026-01-05T17:54:28","slug":"stefka-jazz-trio-une-nuit-a-paris","status":"publish","type":"tribe_events","link":"https:\/\/www.sunset-sunside.com\/concert\/stefka-jazz-trio-une-nuit-a-paris\/","title":{"rendered":"Stefka Jazz Trio &#8220;une nuit \u00e0 Paris&#8221;"},"content":{"rendered":"<p>STEFKA, chanteuse et cr\u00e9atrice vocale franco-bulgare, c\u00e9l\u00e8bre avec \u00e9clat trente ann\u00e9es de jazz le jour m\u00eame de son anniversaire.\u00a0<br \/>\n\u00c9l\u00e8ve du CIM en 1996 \u00e0 Paris, sous la tutelle des talentueux Marc Thomas, Sonia Cat-Berro et Sandrine Deschamps,\u00a0elle a trac\u00e9\u00a0<br \/>\nson chemin \u00e0 travers des albums en fran\u00e7ais, bulgare et anglais, touchant les c\u0153urs avec ses compositions inspir\u00e9es et uniques.<\/p>\n<p>\nSa renomm\u00e9e s&#8217;est affirm\u00e9e gr\u00e2ce \u00e0 son arrangement et \u00e0 l&#8217;enregistrement pour Stromae de l\u2019Enfer avec son Orenda Trio,\u00a0couronn\u00e9\u00a0<br \/>\naux Victoires de la musique.\u00a0Mais c&#8217;est le jazz, cet art qui pulse dans ses veines,\u00a0qu&#8217;elle enseigne avec passion depuis plus de vingt-cinq ans.<\/p>\n<p>\nSon nouveau programme, \u00e9clatant de couleurs, est un retour aux sources, m\u00ealant compositions in\u00e9dites et arrangements insolites.\u00a0Entre bossa,\u00a0<br \/>\nswing et rythmes compos\u00e9s, avec sa voix chaleureuse, elle nous offre une explosion de langues et d&#8217;\u00e9motions,\u00a0un v\u00e9ritable voyage sensoriel.<\/p>\n","protected":false},"excerpt":{"rendered":"<p>STEFKA, chanteuse et cr\u00e9atrice vocale franco-bulgare, c\u00e9l\u00e8bre avec \u00e9clat trente ann\u00e9es de jazz le jour m\u00eame de son anniversaire.\u00a0 \u00c9l\u00e8ve du CIM en 1996 \u00e0 Paris, sous la tutelle des [&hellip;]<\/p>\n","protected":false},"author":30761,"featured_media":123738,"template":"","meta":{"_acf_changed":false,"_price":"","_stock":"","_tribe_ticket_header":"","_tribe_default_ticket_provider":"Tribe__Tickets_Plus__Commerce__WooCommerce__Main","_tribe_ticket_capacity":"100","_ticket_start_date":"","_ticket_end_date":"","_tribe_ticket_show_description":"","_tribe_ticket_show_not_going":false,"_tribe_ticket_use_global_stock":"1","_tribe_ticket_global_stock_level":"89","_global_stock_mode":"","_global_stock_cap":"","_tribe_rsvp_for_event":"","_tribe_ticket_going_count":"","_tribe_ticket_not_going_count":"","_tribe_tickets_list":"[{\"id\":123734,\"type\":\"default\",\"title\":\"Tarif adh\\u00e9rent\",\"description\":\"\",\"capacityType\":\"capped\",\"price\":20,\"capacity\":100,\"available\":89,\"sharedCapacity\":100,\"sold\":0,\"shareSold\":0,\"isShared\":true,\"currencyDecimalPoint\":\",\",\"currencyNumberOfDecimals\":2,\"currencyPosition\":\"prefix\",\"currencySymbol\":\"$\",\"currencyThousandsSep\":\"\"},{\"id\":123735,\"type\":\"default\",\"title\":\"Tarif r\\u00e9duit\",\"description\":\"Tarif r\\u00e9serv\\u00e9 aux \\u00e9tudiants de moins de 25 ans, ch\\u00f4meurs et intermittents du spectacle. Pr\\u00e9sentation obligatoire d\\u2019un justificatif \\u00e0 l\\u2019entr\\u00e9e. \\r\\nUn suppl\\u00e9ment vous sera demand\\u00e9 pour non pr\\u00e9sentation de justificatif. \",\"capacityType\":\"capped\",\"price\":15,\"capacity\":100,\"available\":89,\"sharedCapacity\":100,\"sold\":1,\"shareSold\":1,\"isShared\":true,\"currencyDecimalPoint\":\",\",\"currencyNumberOfDecimals\":2,\"currencyPosition\":\"prefix\",\"currencySymbol\":\"$\",\"currencyThousandsSep\":\"\"},{\"id\":123736,\"type\":\"default\",\"title\":\"Tarif plein*\",\"description\":\"\",\"capacityType\":\"capped\",\"price\":25,\"capacity\":100,\"available\":89,\"sharedCapacity\":100,\"sold\":10,\"shareSold\":10,\"isShared\":true,\"currencyDecimalPoint\":\",\",\"currencyNumberOfDecimals\":2,\"currencyPosition\":\"prefix\",\"currencySymbol\":\"$\",\"currencyThousandsSep\":\"\"}]","_tribe_ticket_has_attendee_info_fields":false,"_tribe_events_status":"","_tribe_events_status_reason":"","footnotes":"","_tec_slr_enabled":"","_tec_slr_layout":""},"tags":[],"genre":[71],"tribe_events_cat":[213,269,214,215,216],"class_list":["post-123733","tribe_events","type-tribe_events","status-publish","has-post-thumbnail","hentry","genre-jazz-world","tribe_events_cat-albums-du-mois","tribe_events_cat-coming-soon","tribe_events_cat-coup-de-coeur","tribe_events_cat-decouvertes","tribe_events_cat-evenements","cat_albums-du-mois","cat_coming-soon","cat_coup-de-coeur","cat_decouvertes","cat_evenements"],"acf":[],"yoast_head":"<!-- This site is optimized with the Yoast SEO plugin v25.7 - https:\/\/yoast.com\/wordpress\/plugins\/seo\/ -->\n<title>Stefka Jazz Trio &quot;une nuit \u00e0 Paris&quot; - Sunset Sunside<\/title>\n<meta name=\"robots\" content=\"index, follow, max-snippet:-1, max-image-preview:large, max-video-preview:-1\" \/>\n<link rel=\"canonical\" href=\"https:\/\/www.sunset-sunside.com\/concert\/stefka-jazz-trio-une-nuit-a-paris\/\" \/>\n<meta property=\"og:locale\" content=\"en_GB\" \/>\n<meta property=\"og:type\" content=\"article\" \/>\n<meta property=\"og:title\" content=\"Stefka Jazz Trio &quot;une nuit \u00e0 Paris&quot; - Sunset Sunside\" \/>\n<meta property=\"og:description\" content=\"STEFKA, chanteuse et cr\u00e9atrice vocale franco-bulgare, c\u00e9l\u00e8bre avec \u00e9clat trente ann\u00e9es de jazz le jour m\u00eame de son anniversaire.\u00a0 \u00c9l\u00e8ve du CIM en 1996 \u00e0 Paris, sous la tutelle des [&hellip;]\" \/>\n<meta property=\"og:url\" content=\"https:\/\/www.sunset-sunside.com\/concert\/stefka-jazz-trio-une-nuit-a-paris\/\" \/>\n<meta property=\"og:site_name\" content=\"Sunset Sunside\" \/>\n<meta property=\"article:publisher\" content=\"https:\/\/www.facebook.com\/SunsetSunsideJazzClub\/\" \/>\n<meta property=\"og:image\" content=\"https:\/\/www.sunset-sunside.com\/app\/uploads\/2026\/01\/STEFKA-PHOTO-CARRE.jpg\" \/>\n\t<meta property=\"og:image:width\" content=\"2550\" \/>\n\t<meta property=\"og:image:height\" content=\"2550\" \/>\n\t<meta property=\"og:image:type\" content=\"image\/jpeg\" \/>\n<meta name=\"twitter:card\" content=\"summary_large_image\" \/>\n<meta name=\"twitter:site\" content=\"@SunsetSunside\" \/>\n<meta name=\"twitter:label1\" content=\"Est. reading time\" \/>\n\t<meta name=\"twitter:data1\" content=\"1 minute\" \/>\n<script type=\"application\/ld+json\" class=\"yoast-schema-graph\">{\"@context\":\"https:\/\/schema.org\",\"@graph\":[{\"@type\":\"WebPage\",\"@id\":\"https:\/\/www.sunset-sunside.com\/concert\/stefka-jazz-trio-une-nuit-a-paris\/\",\"url\":\"https:\/\/www.sunset-sunside.com\/concert\/stefka-jazz-trio-une-nuit-a-paris\/\",\"name\":\"Stefka Jazz Trio \\\"une nuit \u00e0 Paris\\\" - Sunset Sunside\",\"isPartOf\":{\"@id\":\"https:\/\/www.sunset-sunside.com\/#website\"},\"primaryImageOfPage\":{\"@id\":\"https:\/\/www.sunset-sunside.com\/concert\/stefka-jazz-trio-une-nuit-a-paris\/#primaryimage\"},\"image\":{\"@id\":\"https:\/\/www.sunset-sunside.com\/concert\/stefka-jazz-trio-une-nuit-a-paris\/#primaryimage\"},\"thumbnailUrl\":\"https:\/\/www.sunset-sunside.com\/app\/uploads\/2026\/01\/STEFKA-PHOTO-CARRE.jpg\",\"datePublished\":\"2026-01-05T17:54:28+00:00\",\"breadcrumb\":{\"@id\":\"https:\/\/www.sunset-sunside.com\/concert\/stefka-jazz-trio-une-nuit-a-paris\/#breadcrumb\"},\"inLanguage\":\"en-GB\",\"potentialAction\":[{\"@type\":\"ReadAction\",\"target\":[\"https:\/\/www.sunset-sunside.com\/concert\/stefka-jazz-trio-une-nuit-a-paris\/\"]}]},{\"@type\":\"ImageObject\",\"inLanguage\":\"en-GB\",\"@id\":\"https:\/\/www.sunset-sunside.com\/concert\/stefka-jazz-trio-une-nuit-a-paris\/#primaryimage\",\"url\":\"https:\/\/www.sunset-sunside.com\/app\/uploads\/2026\/01\/STEFKA-PHOTO-CARRE.jpg\",\"contentUrl\":\"https:\/\/www.sunset-sunside.com\/app\/uploads\/2026\/01\/STEFKA-PHOTO-CARRE.jpg\",\"width\":2550,\"height\":2550,\"caption\":\"\u00a9 DR\"},{\"@type\":\"BreadcrumbList\",\"@id\":\"https:\/\/www.sunset-sunside.com\/concert\/stefka-jazz-trio-une-nuit-a-paris\/#breadcrumb\",\"itemListElement\":[{\"@type\":\"ListItem\",\"position\":1,\"name\":\"Accueil\",\"item\":\"https:\/\/www.sunset-sunside.com\/\"},{\"@type\":\"ListItem\",\"position\":2,\"name\":\"\u00c9v\u00e8nements\",\"item\":\"https:\/\/www.sunset-sunside.com\/concerts\/\"},{\"@type\":\"ListItem\",\"position\":3,\"name\":\"Stefka Jazz Trio &#8220;une nuit \u00e0 Paris&#8221;\"}]},{\"@type\":\"WebSite\",\"@id\":\"https:\/\/www.sunset-sunside.com\/#website\",\"url\":\"https:\/\/www.sunset-sunside.com\/\",\"name\":\"Sunset Sunside\",\"description\":\"\",\"potentialAction\":[{\"@type\":\"SearchAction\",\"target\":{\"@type\":\"EntryPoint\",\"urlTemplate\":\"https:\/\/www.sunset-sunside.com\/?s={search_term_string}\"},\"query-input\":{\"@type\":\"PropertyValueSpecification\",\"valueRequired\":true,\"valueName\":\"search_term_string\"}}],\"inLanguage\":\"en-GB\"}]}<\/script>\n<!-- \/ Yoast SEO plugin. -->","yoast_head_json":{"title":"Stefka Jazz Trio \"une nuit \u00e0 Paris\" - Sunset Sunside","robots":{"index":"index","follow":"follow","max-snippet":"max-snippet:-1","max-image-preview":"max-image-preview:large","max-video-preview":"max-video-preview:-1"},"canonical":"https:\/\/www.sunset-sunside.com\/concert\/stefka-jazz-trio-une-nuit-a-paris\/","og_locale":"en_GB","og_type":"article","og_title":"Stefka Jazz Trio \"une nuit \u00e0 Paris\" - Sunset Sunside","og_description":"STEFKA, chanteuse et cr\u00e9atrice vocale franco-bulgare, c\u00e9l\u00e8bre avec \u00e9clat trente ann\u00e9es de jazz le jour m\u00eame de son anniversaire.\u00a0 \u00c9l\u00e8ve du CIM en 1996 \u00e0 Paris, sous la tutelle des [&hellip;]","og_url":"https:\/\/www.sunset-sunside.com\/concert\/stefka-jazz-trio-une-nuit-a-paris\/","og_site_name":"Sunset Sunside","article_publisher":"https:\/\/www.facebook.com\/SunsetSunsideJazzClub\/","og_image":[{"width":2550,"height":2550,"url":"https:\/\/www.sunset-sunside.com\/app\/uploads\/2026\/01\/STEFKA-PHOTO-CARRE.jpg","type":"image\/jpeg"}],"twitter_card":"summary_large_image","twitter_site":"@SunsetSunside","twitter_misc":{"Est. reading time":"1 minute"},"schema":{"@context":"https:\/\/schema.org","@graph":[{"@type":"WebPage","@id":"https:\/\/www.sunset-sunside.com\/concert\/stefka-jazz-trio-une-nuit-a-paris\/","url":"https:\/\/www.sunset-sunside.com\/concert\/stefka-jazz-trio-une-nuit-a-paris\/","name":"Stefka Jazz Trio \"une nuit \u00e0 Paris\" - Sunset Sunside","isPartOf":{"@id":"https:\/\/www.sunset-sunside.com\/#website"},"primaryImageOfPage":{"@id":"https:\/\/www.sunset-sunside.com\/concert\/stefka-jazz-trio-une-nuit-a-paris\/#primaryimage"},"image":{"@id":"https:\/\/www.sunset-sunside.com\/concert\/stefka-jazz-trio-une-nuit-a-paris\/#primaryimage"},"thumbnailUrl":"https:\/\/www.sunset-sunside.com\/app\/uploads\/2026\/01\/STEFKA-PHOTO-CARRE.jpg","datePublished":"2026-01-05T17:54:28+00:00","breadcrumb":{"@id":"https:\/\/www.sunset-sunside.com\/concert\/stefka-jazz-trio-une-nuit-a-paris\/#breadcrumb"},"inLanguage":"en-GB","potentialAction":[{"@type":"ReadAction","target":["https:\/\/www.sunset-sunside.com\/concert\/stefka-jazz-trio-une-nuit-a-paris\/"]}]},{"@type":"ImageObject","inLanguage":"en-GB","@id":"https:\/\/www.sunset-sunside.com\/concert\/stefka-jazz-trio-une-nuit-a-paris\/#primaryimage","url":"https:\/\/www.sunset-sunside.com\/app\/uploads\/2026\/01\/STEFKA-PHOTO-CARRE.jpg","contentUrl":"https:\/\/www.sunset-sunside.com\/app\/uploads\/2026\/01\/STEFKA-PHOTO-CARRE.jpg","width":2550,"height":2550,"caption":"\u00a9 DR"},{"@type":"BreadcrumbList","@id":"https:\/\/www.sunset-sunside.com\/concert\/stefka-jazz-trio-une-nuit-a-paris\/#breadcrumb","itemListElement":[{"@type":"ListItem","position":1,"name":"Accueil","item":"https:\/\/www.sunset-sunside.com\/"},{"@type":"ListItem","position":2,"name":"\u00c9v\u00e8nements","item":"https:\/\/www.sunset-sunside.com\/concerts\/"},{"@type":"ListItem","position":3,"name":"Stefka Jazz Trio &#8220;une nuit \u00e0 Paris&#8221;"}]},{"@type":"WebSite","@id":"https:\/\/www.sunset-sunside.com\/#website","url":"https:\/\/www.sunset-sunside.com\/","name":"Sunset Sunside","description":"","potentialAction":[{"@type":"SearchAction","target":{"@type":"EntryPoint","urlTemplate":"https:\/\/www.sunset-sunside.com\/?s={search_term_string}"},"query-input":{"@type":"PropertyValueSpecification","valueRequired":true,"valueName":"search_term_string"}}],"inLanguage":"en-GB"}]}},"publishpress_future_action":{"enabled":false,"date":"2026-04-12 16:27:29","action":"change-status","newStatus":"draft","terms":[],"taxonomy":"post_tag","extraData":[]},"publishpress_future_workflow_manual_trigger":{"enabledWorkflows":[]},"ticketed":["woo"],"_links":{"self":[{"href":"https:\/\/www.sunset-sunside.com\/wp-json\/wp\/v2\/tribe_events\/123733","targetHints":{"allow":["GET"]}}],"collection":[{"href":"https:\/\/www.sunset-sunside.com\/wp-json\/wp\/v2\/tribe_events"}],"about":[{"href":"https:\/\/www.sunset-sunside.com\/wp-json\/wp\/v2\/types\/tribe_events"}],"author":[{"embeddable":true,"href":"https:\/\/www.sunset-sunside.com\/wp-json\/wp\/v2\/users\/30761"}],"version-history":[{"count":1,"href":"https:\/\/www.sunset-sunside.com\/wp-json\/wp\/v2\/tribe_events\/123733\/revisions"}],"predecessor-version":[{"id":123739,"href":"https:\/\/www.sunset-sunside.com\/wp-json\/wp\/v2\/tribe_events\/123733\/revisions\/123739"}],"wp:featuredmedia":[{"embeddable":true,"href":"https:\/\/www.sunset-sunside.com\/wp-json\/wp\/v2\/media\/123738"}],"wp:attachment":[{"href":"https:\/\/www.sunset-sunside.com\/wp-json\/wp\/v2\/media?parent=123733"}],"wp:term":[{"taxonomy":"post_tag","embeddable":true,"href":"https:\/\/www.sunset-sunside.com\/wp-json\/wp\/v2\/tags?post=123733"},{"taxonomy":"genre","embeddable":true,"href":"https:\/\/www.sunset-sunside.com\/wp-json\/wp\/v2\/genre?post=123733"},{"taxonomy":"tribe_events_cat","embeddable":true,"href":"https:\/\/www.sunset-sunside.com\/wp-json\/wp\/v2\/tribe_events_cat?post=123733"}],"curies":[{"name":"wp","href":"https:\/\/api.w.org\/{rel}","templated":true}]}}