{"id":124253,"date":"2026-01-07T18:04:11","date_gmt":"2026-01-07T17:04:11","guid":{"rendered":"https:\/\/www.sunset-sunside.com\/?post_type=tribe_events&#038;p=124253"},"modified":"2026-01-07T18:04:11","modified_gmt":"2026-01-07T17:04:11","slug":"hommage-a-amy-winehouse-avec-melissa-lesnie","status":"publish","type":"tribe_events","link":"https:\/\/www.sunset-sunside.com\/concert\/hommage-a-amy-winehouse-avec-melissa-lesnie\/","title":{"rendered":"Hommage \u00e0 Amy Winehouse avec Melissa Lesnie"},"content":{"rendered":"<p>20 ANS DE BACK TO BLACK<br \/>\nHOMMAGE \u00c0 AMY WINEHOUSE<\/p>\n<p>\nEn 2006, Amy Winehouse sort\u00a0Back to Black, son deuxi\u00e8me album studio : un disque court, brutal et profond\u00e9ment intime, o\u00f9 elle chronique sans fard les amours toxiques, l\u2019addiction et la solitude. Vingt\u00a0ans\u00a0plus tard, cet album culte est devenu l\u2019un des monuments\u00a0de\u00a0la soul contemporaine, au m\u00eame titre que les grands classiques\u00a0de\u00a0Billie Holiday ou Dinah Washington : une confession mise en musique.<\/p>\n<p>\nPour c\u00e9l\u00e9brer les\u00a020 ans de\u00a0\u2018Back to Black\u2019, Melissa Lesnie, chanteuse\u00a0de\u00a0jazz australienne au timbre velout\u00e9 et au charme r\u00e9solument r\u00e9tro, nous fera revivre cette mati\u00e8re br\u00fblante : la sensualit\u00e9, le\u00a0d\u00e9sespoir et les v\u00e9rit\u00e9s t\u00e9n\u00e9breuses des incontournables tels que \u2018Rehab\u2019 ou \u2018You Know I\u2019m No Good\u2019, mais aussi les standards\u00a0de\u00a0jazz qui ont fa\u00e7onn\u00e9 l\u2019univers\u00a0d\u2019Amy.<\/p>\n<p>Car pour Amy, \u00ab toute mauvaise passe n\u2019est qu\u2019une chanson\u00a0de\u00a0blues qui ne demande qu\u2019\u00e0 \u00eatre \u00e9crite \u00bb.<\/p>\n","protected":false},"excerpt":{"rendered":"<p>20 ANS DE BACK TO BLACK HOMMAGE \u00c0 AMY WINEHOUSE En 2006, Amy Winehouse sort\u00a0Back to Black, son deuxi\u00e8me album studio : un disque court, brutal et profond\u00e9ment intime, o\u00f9 [&hellip;]<\/p>\n","protected":false},"author":30761,"featured_media":124257,"template":"","meta":{"_acf_changed":false,"_price":"","_stock":"","_tribe_ticket_header":"","_tribe_default_ticket_provider":"Tribe__Tickets_Plus__Commerce__WooCommerce__Main","_tribe_ticket_capacity":"96","_ticket_start_date":"","_ticket_end_date":"","_tribe_ticket_show_description":"","_tribe_ticket_show_not_going":false,"_tribe_ticket_use_global_stock":"1","_tribe_ticket_global_stock_level":"96","_global_stock_mode":"","_global_stock_cap":"","_tribe_rsvp_for_event":"","_tribe_ticket_going_count":"","_tribe_ticket_not_going_count":"","_tribe_tickets_list":"[{\"id\":124254,\"type\":\"default\",\"title\":\"Tarif plein*\",\"description\":\"\",\"capacityType\":\"global\",\"price\":30,\"capacity\":96,\"available\":96,\"sharedCapacity\":96,\"sold\":0,\"shareSold\":0,\"isShared\":true,\"currencyDecimalPoint\":\",\",\"currencyNumberOfDecimals\":2,\"currencyPosition\":\"prefix\",\"currencySymbol\":\"$\",\"currencyThousandsSep\":\"\"},{\"id\":124255,\"type\":\"default\",\"title\":\"Tarif adh\\u00e9rent\",\"description\":\"\",\"capacityType\":\"global\",\"price\":25,\"capacity\":96,\"available\":96,\"sharedCapacity\":96,\"sold\":0,\"shareSold\":0,\"isShared\":true,\"currencyDecimalPoint\":\",\",\"currencyNumberOfDecimals\":2,\"currencyPosition\":\"prefix\",\"currencySymbol\":\"$\",\"currencyThousandsSep\":\"\"}]","_tribe_ticket_has_attendee_info_fields":false,"_tribe_events_status":"","_tribe_events_status_reason":"","footnotes":"","_tec_slr_enabled":"","_tec_slr_layout":""},"tags":[],"genre":[65],"tribe_events_cat":[213,269,214,215,216],"class_list":["post-124253","tribe_events","type-tribe_events","status-publish","has-post-thumbnail","hentry","genre-jazz-vocal","tribe_events_cat-albums-du-mois","tribe_events_cat-coming-soon","tribe_events_cat-coup-de-coeur","tribe_events_cat-decouvertes","tribe_events_cat-evenements","cat_albums-du-mois","cat_coming-soon","cat_coup-de-coeur","cat_decouvertes","cat_evenements"],"acf":[],"yoast_head":"<!-- This site is optimized with the Yoast SEO plugin v25.7 - https:\/\/yoast.com\/wordpress\/plugins\/seo\/ -->\n<title>Hommage \u00e0 Amy Winehouse avec Melissa Lesnie - Sunset Sunside<\/title>\n<meta name=\"robots\" content=\"index, follow, max-snippet:-1, max-image-preview:large, max-video-preview:-1\" \/>\n<link rel=\"canonical\" href=\"https:\/\/www.sunset-sunside.com\/concert\/hommage-a-amy-winehouse-avec-melissa-lesnie\/\" \/>\n<meta property=\"og:locale\" content=\"fr_FR\" \/>\n<meta property=\"og:type\" content=\"article\" \/>\n<meta property=\"og:title\" content=\"Hommage \u00e0 Amy Winehouse avec Melissa Lesnie - Sunset Sunside\" \/>\n<meta property=\"og:description\" content=\"20 ANS DE BACK TO BLACK HOMMAGE \u00c0 AMY WINEHOUSE En 2006, Amy Winehouse sort\u00a0Back to Black, son deuxi\u00e8me album studio : un disque court, brutal et profond\u00e9ment intime, o\u00f9 [&hellip;]\" \/>\n<meta property=\"og:url\" content=\"https:\/\/www.sunset-sunside.com\/concert\/hommage-a-amy-winehouse-avec-melissa-lesnie\/\" \/>\n<meta property=\"og:site_name\" content=\"Sunset Sunside\" \/>\n<meta property=\"article:publisher\" content=\"https:\/\/www.facebook.com\/SunsetSunsideJazzClub\/\" \/>\n<meta property=\"og:image\" content=\"https:\/\/www.sunset-sunside.com\/app\/uploads\/2026\/01\/IMG_6725-765x1024.jpeg\" \/>\n\t<meta property=\"og:image:width\" content=\"765\" \/>\n\t<meta property=\"og:image:height\" content=\"1024\" \/>\n\t<meta property=\"og:image:type\" content=\"image\/jpeg\" \/>\n<meta name=\"twitter:card\" content=\"summary_large_image\" \/>\n<meta name=\"twitter:site\" content=\"@SunsetSunside\" \/>\n<meta name=\"twitter:label1\" content=\"Dur\u00e9e de lecture estim\u00e9e\" \/>\n\t<meta name=\"twitter:data1\" content=\"1 minute\" \/>\n<script type=\"application\/ld+json\" class=\"yoast-schema-graph\">{\"@context\":\"https:\/\/schema.org\",\"@graph\":[{\"@type\":\"WebPage\",\"@id\":\"https:\/\/www.sunset-sunside.com\/concert\/hommage-a-amy-winehouse-avec-melissa-lesnie\/\",\"url\":\"https:\/\/www.sunset-sunside.com\/concert\/hommage-a-amy-winehouse-avec-melissa-lesnie\/\",\"name\":\"Hommage \u00e0 Amy Winehouse avec Melissa Lesnie - Sunset Sunside\",\"isPartOf\":{\"@id\":\"https:\/\/www.sunset-sunside.com\/#website\"},\"primaryImageOfPage\":{\"@id\":\"https:\/\/www.sunset-sunside.com\/concert\/hommage-a-amy-winehouse-avec-melissa-lesnie\/#primaryimage\"},\"image\":{\"@id\":\"https:\/\/www.sunset-sunside.com\/concert\/hommage-a-amy-winehouse-avec-melissa-lesnie\/#primaryimage\"},\"thumbnailUrl\":\"https:\/\/www.sunset-sunside.com\/app\/uploads\/2026\/01\/IMG_6725.jpeg\",\"datePublished\":\"2026-01-07T17:04:11+00:00\",\"breadcrumb\":{\"@id\":\"https:\/\/www.sunset-sunside.com\/concert\/hommage-a-amy-winehouse-avec-melissa-lesnie\/#breadcrumb\"},\"inLanguage\":\"fr-FR\",\"potentialAction\":[{\"@type\":\"ReadAction\",\"target\":[\"https:\/\/www.sunset-sunside.com\/concert\/hommage-a-amy-winehouse-avec-melissa-lesnie\/\"]}]},{\"@type\":\"ImageObject\",\"inLanguage\":\"fr-FR\",\"@id\":\"https:\/\/www.sunset-sunside.com\/concert\/hommage-a-amy-winehouse-avec-melissa-lesnie\/#primaryimage\",\"url\":\"https:\/\/www.sunset-sunside.com\/app\/uploads\/2026\/01\/IMG_6725.jpeg\",\"contentUrl\":\"https:\/\/www.sunset-sunside.com\/app\/uploads\/2026\/01\/IMG_6725.jpeg\",\"width\":4000,\"height\":5351,\"caption\":\"\u00a9 DR\"},{\"@type\":\"BreadcrumbList\",\"@id\":\"https:\/\/www.sunset-sunside.com\/concert\/hommage-a-amy-winehouse-avec-melissa-lesnie\/#breadcrumb\",\"itemListElement\":[{\"@type\":\"ListItem\",\"position\":1,\"name\":\"Accueil\",\"item\":\"https:\/\/www.sunset-sunside.com\/\"},{\"@type\":\"ListItem\",\"position\":2,\"name\":\"\u00c9v\u00e8nements\",\"item\":\"https:\/\/www.sunset-sunside.com\/concerts\/\"},{\"@type\":\"ListItem\",\"position\":3,\"name\":\"Hommage \u00e0 Amy Winehouse avec Melissa Lesnie\"}]},{\"@type\":\"WebSite\",\"@id\":\"https:\/\/www.sunset-sunside.com\/#website\",\"url\":\"https:\/\/www.sunset-sunside.com\/\",\"name\":\"Sunset Sunside\",\"description\":\"\",\"potentialAction\":[{\"@type\":\"SearchAction\",\"target\":{\"@type\":\"EntryPoint\",\"urlTemplate\":\"https:\/\/www.sunset-sunside.com\/?s={search_term_string}\"},\"query-input\":{\"@type\":\"PropertyValueSpecification\",\"valueRequired\":true,\"valueName\":\"search_term_string\"}}],\"inLanguage\":\"fr-FR\"}]}<\/script>\n<!-- \/ Yoast SEO plugin. -->","yoast_head_json":{"title":"Hommage \u00e0 Amy Winehouse avec Melissa Lesnie - Sunset Sunside","robots":{"index":"index","follow":"follow","max-snippet":"max-snippet:-1","max-image-preview":"max-image-preview:large","max-video-preview":"max-video-preview:-1"},"canonical":"https:\/\/www.sunset-sunside.com\/concert\/hommage-a-amy-winehouse-avec-melissa-lesnie\/","og_locale":"fr_FR","og_type":"article","og_title":"Hommage \u00e0 Amy Winehouse avec Melissa Lesnie - Sunset Sunside","og_description":"20 ANS DE BACK TO BLACK HOMMAGE \u00c0 AMY WINEHOUSE En 2006, Amy Winehouse sort\u00a0Back to Black, son deuxi\u00e8me album studio : un disque court, brutal et profond\u00e9ment intime, o\u00f9 [&hellip;]","og_url":"https:\/\/www.sunset-sunside.com\/concert\/hommage-a-amy-winehouse-avec-melissa-lesnie\/","og_site_name":"Sunset Sunside","article_publisher":"https:\/\/www.facebook.com\/SunsetSunsideJazzClub\/","og_image":[{"width":765,"height":1024,"url":"https:\/\/www.sunset-sunside.com\/app\/uploads\/2026\/01\/IMG_6725-765x1024.jpeg","type":"image\/jpeg"}],"twitter_card":"summary_large_image","twitter_site":"@SunsetSunside","twitter_misc":{"Dur\u00e9e de lecture estim\u00e9e":"1 minute"},"schema":{"@context":"https:\/\/schema.org","@graph":[{"@type":"WebPage","@id":"https:\/\/www.sunset-sunside.com\/concert\/hommage-a-amy-winehouse-avec-melissa-lesnie\/","url":"https:\/\/www.sunset-sunside.com\/concert\/hommage-a-amy-winehouse-avec-melissa-lesnie\/","name":"Hommage \u00e0 Amy Winehouse avec Melissa Lesnie - Sunset Sunside","isPartOf":{"@id":"https:\/\/www.sunset-sunside.com\/#website"},"primaryImageOfPage":{"@id":"https:\/\/www.sunset-sunside.com\/concert\/hommage-a-amy-winehouse-avec-melissa-lesnie\/#primaryimage"},"image":{"@id":"https:\/\/www.sunset-sunside.com\/concert\/hommage-a-amy-winehouse-avec-melissa-lesnie\/#primaryimage"},"thumbnailUrl":"https:\/\/www.sunset-sunside.com\/app\/uploads\/2026\/01\/IMG_6725.jpeg","datePublished":"2026-01-07T17:04:11+00:00","breadcrumb":{"@id":"https:\/\/www.sunset-sunside.com\/concert\/hommage-a-amy-winehouse-avec-melissa-lesnie\/#breadcrumb"},"inLanguage":"fr-FR","potentialAction":[{"@type":"ReadAction","target":["https:\/\/www.sunset-sunside.com\/concert\/hommage-a-amy-winehouse-avec-melissa-lesnie\/"]}]},{"@type":"ImageObject","inLanguage":"fr-FR","@id":"https:\/\/www.sunset-sunside.com\/concert\/hommage-a-amy-winehouse-avec-melissa-lesnie\/#primaryimage","url":"https:\/\/www.sunset-sunside.com\/app\/uploads\/2026\/01\/IMG_6725.jpeg","contentUrl":"https:\/\/www.sunset-sunside.com\/app\/uploads\/2026\/01\/IMG_6725.jpeg","width":4000,"height":5351,"caption":"\u00a9 DR"},{"@type":"BreadcrumbList","@id":"https:\/\/www.sunset-sunside.com\/concert\/hommage-a-amy-winehouse-avec-melissa-lesnie\/#breadcrumb","itemListElement":[{"@type":"ListItem","position":1,"name":"Accueil","item":"https:\/\/www.sunset-sunside.com\/"},{"@type":"ListItem","position":2,"name":"\u00c9v\u00e8nements","item":"https:\/\/www.sunset-sunside.com\/concerts\/"},{"@type":"ListItem","position":3,"name":"Hommage \u00e0 Amy Winehouse avec Melissa Lesnie"}]},{"@type":"WebSite","@id":"https:\/\/www.sunset-sunside.com\/#website","url":"https:\/\/www.sunset-sunside.com\/","name":"Sunset Sunside","description":"","potentialAction":[{"@type":"SearchAction","target":{"@type":"EntryPoint","urlTemplate":"https:\/\/www.sunset-sunside.com\/?s={search_term_string}"},"query-input":{"@type":"PropertyValueSpecification","valueRequired":true,"valueName":"search_term_string"}}],"inLanguage":"fr-FR"}]}},"publishpress_future_action":{"enabled":false,"date":"2026-04-12 16:28:05","action":"change-status","newStatus":"draft","terms":[],"taxonomy":"post_tag","extraData":[]},"publishpress_future_workflow_manual_trigger":{"enabledWorkflows":[]},"ticketed":["woo"],"_links":{"self":[{"href":"https:\/\/www.sunset-sunside.com\/wp-json\/wp\/v2\/tribe_events\/124253","targetHints":{"allow":["GET"]}}],"collection":[{"href":"https:\/\/www.sunset-sunside.com\/wp-json\/wp\/v2\/tribe_events"}],"about":[{"href":"https:\/\/www.sunset-sunside.com\/wp-json\/wp\/v2\/types\/tribe_events"}],"author":[{"embeddable":true,"href":"https:\/\/www.sunset-sunside.com\/wp-json\/wp\/v2\/users\/30761"}],"version-history":[{"count":1,"href":"https:\/\/www.sunset-sunside.com\/wp-json\/wp\/v2\/tribe_events\/124253\/revisions"}],"predecessor-version":[{"id":124259,"href":"https:\/\/www.sunset-sunside.com\/wp-json\/wp\/v2\/tribe_events\/124253\/revisions\/124259"}],"wp:featuredmedia":[{"embeddable":true,"href":"https:\/\/www.sunset-sunside.com\/wp-json\/wp\/v2\/media\/124257"}],"wp:attachment":[{"href":"https:\/\/www.sunset-sunside.com\/wp-json\/wp\/v2\/media?parent=124253"}],"wp:term":[{"taxonomy":"post_tag","embeddable":true,"href":"https:\/\/www.sunset-sunside.com\/wp-json\/wp\/v2\/tags?post=124253"},{"taxonomy":"genre","embeddable":true,"href":"https:\/\/www.sunset-sunside.com\/wp-json\/wp\/v2\/genre?post=124253"},{"taxonomy":"tribe_events_cat","embeddable":true,"href":"https:\/\/www.sunset-sunside.com\/wp-json\/wp\/v2\/tribe_events_cat?post=124253"}],"curies":[{"name":"wp","href":"https:\/\/api.w.org\/{rel}","templated":true}]}}