{"id":85421,"date":"2025-07-02T12:24:13","date_gmt":"2025-07-02T10:24:13","guid":{"rendered":"https:\/\/www.sunset-sunside.com\/?post_type=tribe_events&#038;p=85421"},"modified":"2025-10-09T11:19:30","modified_gmt":"2025-10-09T09:19:30","slug":"marcio-marinho-victor-angeleas-pablo-fagundes","status":"publish","type":"tribe_events","link":"https:\/\/www.sunset-sunside.com\/concert\/marcio-marinho-victor-angeleas-pablo-fagundes\/","title":{"rendered":"M\u00e1rcio Marinho, Victor Angeleas &amp; Pablo Fagundes"},"content":{"rendered":"<p>Pour la premi\u00e8re fois \u00e0 Paris, M\u00e1rcio Marinho, Victor Angeleas et Pablo Fagundes c\u00e9l\u00e8brent la sortie de leur EP en hommage \u00e0 Bras\u00edlia. Ce trio br\u00e9silien d\u2019exception \u2013 cavaquinho \u00e0 6 cordes, mandoline \u00e0 10 cordes et harmonica \u2013 fait dialoguer avec virtuosit\u00e9 choro moderne, jazz br\u00e9silien et accents manouches. Leur musique, chaleureuse et libre, tisse un lien raffin\u00e9 entre tradition populaire et improvisation contemporaine. Un moment rare o\u00f9 souffle l\u2019\u00e2me du Br\u00e9sil.<\/p>\n","protected":false},"excerpt":{"rendered":"<p>Pour la premi\u00e8re fois \u00e0 Paris, M\u00e1rcio Marinho, Victor Angeleas et Pablo Fagundes c\u00e9l\u00e8brent la sortie de leur EP en hommage \u00e0 Bras\u00edlia. Ce trio br\u00e9silien d\u2019exception \u2013 cavaquinho \u00e0 [&hellip;]<\/p>\n","protected":false},"author":2,"featured_media":85426,"template":"","meta":{"_acf_changed":false,"_price":"","_stock":"","_tribe_ticket_header":"","_tribe_default_ticket_provider":"Tribe__Tickets_Plus__Commerce__WooCommerce__Main","_tribe_ticket_capacity":"98","_ticket_start_date":"","_ticket_end_date":"","_tribe_ticket_show_description":"","_tribe_ticket_show_not_going":false,"_tribe_ticket_use_global_stock":"1","_tribe_ticket_global_stock_level":"52","_global_stock_mode":"","_global_stock_cap":"","_tribe_rsvp_for_event":"","_tribe_ticket_going_count":"","_tribe_ticket_not_going_count":"","_tribe_tickets_list":"[{\"id\":85422,\"type\":\"default\",\"title\":\"Tarif adh\\u00e9rent\",\"description\":\"\",\"capacityType\":\"capped\",\"price\":20,\"capacity\":98,\"available\":52,\"sharedCapacity\":98,\"sold\":0,\"shareSold\":0,\"isShared\":true,\"currencyDecimalPoint\":\",\",\"currencyNumberOfDecimals\":2,\"currencyPosition\":\"prefix\",\"currencySymbol\":\"$\",\"currencyThousandsSep\":\"\"},{\"id\":85423,\"type\":\"default\",\"title\":\"Tarif r\\u00e9duit\",\"description\":\"Tarif r\\u00e9serv\\u00e9 aux \\u00e9tudiants de moins de 25 ans, ch\\u00f4meurs et intermittents du spectacle. Pr\\u00e9sentation obligatoire d\\u2019un justificatif \\u00e0 l\\u2019entr\\u00e9e. \\r\\nUn suppl\\u00e9ment vous sera demand\\u00e9 pour non pr\\u00e9sentation de justificatif. \",\"capacityType\":\"capped\",\"price\":15,\"capacity\":98,\"available\":52,\"sharedCapacity\":98,\"sold\":13,\"shareSold\":13,\"isShared\":true,\"currencyDecimalPoint\":\",\",\"currencyNumberOfDecimals\":2,\"currencyPosition\":\"prefix\",\"currencySymbol\":\"$\",\"currencyThousandsSep\":\"\"},{\"id\":85424,\"type\":\"default\",\"title\":\"Tarif plein*\",\"description\":\"\",\"capacityType\":\"capped\",\"price\":25,\"capacity\":98,\"available\":52,\"sharedCapacity\":98,\"sold\":31,\"shareSold\":31,\"isShared\":true,\"currencyDecimalPoint\":\",\",\"currencyNumberOfDecimals\":2,\"currencyPosition\":\"prefix\",\"currencySymbol\":\"$\",\"currencyThousandsSep\":\"\"}]","_tribe_ticket_has_attendee_info_fields":false,"_tribe_events_status":"","_tribe_events_status_reason":"","footnotes":"","_tec_slr_enabled":"","_tec_slr_layout":""},"tags":[],"genre":[275],"tribe_events_cat":[213,214,215,216],"class_list":["post-85421","tribe_events","type-tribe_events","status-publish","has-post-thumbnail","hentry","genre-jazz-bresil","tribe_events_cat-albums-du-mois","tribe_events_cat-coup-de-coeur","tribe_events_cat-decouvertes","tribe_events_cat-evenements","cat_albums-du-mois","cat_coup-de-coeur","cat_decouvertes","cat_evenements"],"acf":[],"yoast_head":"<!-- This site is optimized with the Yoast SEO plugin v25.7 - https:\/\/yoast.com\/wordpress\/plugins\/seo\/ -->\n<title>M\u00e1rcio Marinho, Victor Angeleas &amp; Pablo Fagundes - Sunset Sunside<\/title>\n<meta name=\"robots\" content=\"index, follow, max-snippet:-1, max-image-preview:large, max-video-preview:-1\" \/>\n<link rel=\"canonical\" href=\"https:\/\/www.sunset-sunside.com\/concert\/marcio-marinho-victor-angeleas-pablo-fagundes\/\" \/>\n<meta property=\"og:locale\" content=\"fr_FR\" \/>\n<meta property=\"og:type\" content=\"article\" \/>\n<meta property=\"og:title\" content=\"M\u00e1rcio Marinho, Victor Angeleas &amp; Pablo Fagundes - Sunset Sunside\" \/>\n<meta property=\"og:description\" content=\"Pour la premi\u00e8re fois \u00e0 Paris, M\u00e1rcio Marinho, Victor Angeleas et Pablo Fagundes c\u00e9l\u00e8brent la sortie de leur EP en hommage \u00e0 Bras\u00edlia. Ce trio br\u00e9silien d\u2019exception \u2013 cavaquinho \u00e0 [&hellip;]\" \/>\n<meta property=\"og:url\" content=\"https:\/\/www.sunset-sunside.com\/concert\/marcio-marinho-victor-angeleas-pablo-fagundes\/\" \/>\n<meta property=\"og:site_name\" content=\"Sunset Sunside\" \/>\n<meta property=\"article:publisher\" content=\"https:\/\/www.facebook.com\/SunsetSunsideJazzClub\/\" \/>\n<meta property=\"article:modified_time\" content=\"2025-10-09T09:19:30+00:00\" \/>\n<meta property=\"og:image\" content=\"https:\/\/www.sunset-sunside.com\/app\/uploads\/2025\/07\/Capture-decran-2025-07-02-a-12.18.14.jpg\" \/>\n\t<meta property=\"og:image:width\" content=\"1582\" \/>\n\t<meta property=\"og:image:height\" content=\"1588\" \/>\n\t<meta property=\"og:image:type\" content=\"image\/jpeg\" \/>\n<meta name=\"twitter:card\" content=\"summary_large_image\" \/>\n<meta name=\"twitter:site\" content=\"@SunsetSunside\" \/>\n<meta name=\"twitter:label1\" content=\"Dur\u00e9e de lecture estim\u00e9e\" \/>\n\t<meta name=\"twitter:data1\" content=\"1 minute\" \/>\n<script type=\"application\/ld+json\" class=\"yoast-schema-graph\">{\"@context\":\"https:\/\/schema.org\",\"@graph\":[{\"@type\":\"WebPage\",\"@id\":\"https:\/\/www.sunset-sunside.com\/concert\/marcio-marinho-victor-angeleas-pablo-fagundes\/\",\"url\":\"https:\/\/www.sunset-sunside.com\/concert\/marcio-marinho-victor-angeleas-pablo-fagundes\/\",\"name\":\"M\u00e1rcio Marinho, Victor Angeleas &amp; Pablo Fagundes - Sunset Sunside\",\"isPartOf\":{\"@id\":\"https:\/\/www.sunset-sunside.com\/#website\"},\"primaryImageOfPage\":{\"@id\":\"https:\/\/www.sunset-sunside.com\/concert\/marcio-marinho-victor-angeleas-pablo-fagundes\/#primaryimage\"},\"image\":{\"@id\":\"https:\/\/www.sunset-sunside.com\/concert\/marcio-marinho-victor-angeleas-pablo-fagundes\/#primaryimage\"},\"thumbnailUrl\":\"https:\/\/www.sunset-sunside.com\/app\/uploads\/2025\/07\/Capture-decran-2025-07-02-a-12.18.14.jpg\",\"datePublished\":\"2025-07-02T10:24:13+00:00\",\"dateModified\":\"2025-10-09T09:19:30+00:00\",\"breadcrumb\":{\"@id\":\"https:\/\/www.sunset-sunside.com\/concert\/marcio-marinho-victor-angeleas-pablo-fagundes\/#breadcrumb\"},\"inLanguage\":\"fr-FR\",\"potentialAction\":[{\"@type\":\"ReadAction\",\"target\":[\"https:\/\/www.sunset-sunside.com\/concert\/marcio-marinho-victor-angeleas-pablo-fagundes\/\"]}]},{\"@type\":\"ImageObject\",\"inLanguage\":\"fr-FR\",\"@id\":\"https:\/\/www.sunset-sunside.com\/concert\/marcio-marinho-victor-angeleas-pablo-fagundes\/#primaryimage\",\"url\":\"https:\/\/www.sunset-sunside.com\/app\/uploads\/2025\/07\/Capture-decran-2025-07-02-a-12.18.14.jpg\",\"contentUrl\":\"https:\/\/www.sunset-sunside.com\/app\/uploads\/2025\/07\/Capture-decran-2025-07-02-a-12.18.14.jpg\",\"width\":1582,\"height\":1588,\"caption\":\"\u00a9 DR\"},{\"@type\":\"BreadcrumbList\",\"@id\":\"https:\/\/www.sunset-sunside.com\/concert\/marcio-marinho-victor-angeleas-pablo-fagundes\/#breadcrumb\",\"itemListElement\":[{\"@type\":\"ListItem\",\"position\":1,\"name\":\"Accueil\",\"item\":\"https:\/\/www.sunset-sunside.com\/\"},{\"@type\":\"ListItem\",\"position\":2,\"name\":\"\u00c9v\u00e8nements\",\"item\":\"https:\/\/www.sunset-sunside.com\/concerts\/\"},{\"@type\":\"ListItem\",\"position\":3,\"name\":\"M\u00e1rcio Marinho, Victor Angeleas &amp; Pablo Fagundes\"}]},{\"@type\":\"WebSite\",\"@id\":\"https:\/\/www.sunset-sunside.com\/#website\",\"url\":\"https:\/\/www.sunset-sunside.com\/\",\"name\":\"Sunset Sunside\",\"description\":\"\",\"potentialAction\":[{\"@type\":\"SearchAction\",\"target\":{\"@type\":\"EntryPoint\",\"urlTemplate\":\"https:\/\/www.sunset-sunside.com\/?s={search_term_string}\"},\"query-input\":{\"@type\":\"PropertyValueSpecification\",\"valueRequired\":true,\"valueName\":\"search_term_string\"}}],\"inLanguage\":\"fr-FR\"}]}<\/script>\n<!-- \/ Yoast SEO plugin. -->","yoast_head_json":{"title":"M\u00e1rcio Marinho, Victor Angeleas &amp; Pablo Fagundes - Sunset Sunside","robots":{"index":"index","follow":"follow","max-snippet":"max-snippet:-1","max-image-preview":"max-image-preview:large","max-video-preview":"max-video-preview:-1"},"canonical":"https:\/\/www.sunset-sunside.com\/concert\/marcio-marinho-victor-angeleas-pablo-fagundes\/","og_locale":"fr_FR","og_type":"article","og_title":"M\u00e1rcio Marinho, Victor Angeleas &amp; Pablo Fagundes - Sunset Sunside","og_description":"Pour la premi\u00e8re fois \u00e0 Paris, M\u00e1rcio Marinho, Victor Angeleas et Pablo Fagundes c\u00e9l\u00e8brent la sortie de leur EP en hommage \u00e0 Bras\u00edlia. Ce trio br\u00e9silien d\u2019exception \u2013 cavaquinho \u00e0 [&hellip;]","og_url":"https:\/\/www.sunset-sunside.com\/concert\/marcio-marinho-victor-angeleas-pablo-fagundes\/","og_site_name":"Sunset Sunside","article_publisher":"https:\/\/www.facebook.com\/SunsetSunsideJazzClub\/","article_modified_time":"2025-10-09T09:19:30+00:00","og_image":[{"width":1582,"height":1588,"url":"https:\/\/www.sunset-sunside.com\/app\/uploads\/2025\/07\/Capture-decran-2025-07-02-a-12.18.14.jpg","type":"image\/jpeg"}],"twitter_card":"summary_large_image","twitter_site":"@SunsetSunside","twitter_misc":{"Dur\u00e9e de lecture estim\u00e9e":"1 minute"},"schema":{"@context":"https:\/\/schema.org","@graph":[{"@type":"WebPage","@id":"https:\/\/www.sunset-sunside.com\/concert\/marcio-marinho-victor-angeleas-pablo-fagundes\/","url":"https:\/\/www.sunset-sunside.com\/concert\/marcio-marinho-victor-angeleas-pablo-fagundes\/","name":"M\u00e1rcio Marinho, Victor Angeleas &amp; Pablo Fagundes - Sunset Sunside","isPartOf":{"@id":"https:\/\/www.sunset-sunside.com\/#website"},"primaryImageOfPage":{"@id":"https:\/\/www.sunset-sunside.com\/concert\/marcio-marinho-victor-angeleas-pablo-fagundes\/#primaryimage"},"image":{"@id":"https:\/\/www.sunset-sunside.com\/concert\/marcio-marinho-victor-angeleas-pablo-fagundes\/#primaryimage"},"thumbnailUrl":"https:\/\/www.sunset-sunside.com\/app\/uploads\/2025\/07\/Capture-decran-2025-07-02-a-12.18.14.jpg","datePublished":"2025-07-02T10:24:13+00:00","dateModified":"2025-10-09T09:19:30+00:00","breadcrumb":{"@id":"https:\/\/www.sunset-sunside.com\/concert\/marcio-marinho-victor-angeleas-pablo-fagundes\/#breadcrumb"},"inLanguage":"fr-FR","potentialAction":[{"@type":"ReadAction","target":["https:\/\/www.sunset-sunside.com\/concert\/marcio-marinho-victor-angeleas-pablo-fagundes\/"]}]},{"@type":"ImageObject","inLanguage":"fr-FR","@id":"https:\/\/www.sunset-sunside.com\/concert\/marcio-marinho-victor-angeleas-pablo-fagundes\/#primaryimage","url":"https:\/\/www.sunset-sunside.com\/app\/uploads\/2025\/07\/Capture-decran-2025-07-02-a-12.18.14.jpg","contentUrl":"https:\/\/www.sunset-sunside.com\/app\/uploads\/2025\/07\/Capture-decran-2025-07-02-a-12.18.14.jpg","width":1582,"height":1588,"caption":"\u00a9 DR"},{"@type":"BreadcrumbList","@id":"https:\/\/www.sunset-sunside.com\/concert\/marcio-marinho-victor-angeleas-pablo-fagundes\/#breadcrumb","itemListElement":[{"@type":"ListItem","position":1,"name":"Accueil","item":"https:\/\/www.sunset-sunside.com\/"},{"@type":"ListItem","position":2,"name":"\u00c9v\u00e8nements","item":"https:\/\/www.sunset-sunside.com\/concerts\/"},{"@type":"ListItem","position":3,"name":"M\u00e1rcio Marinho, Victor Angeleas &amp; Pablo Fagundes"}]},{"@type":"WebSite","@id":"https:\/\/www.sunset-sunside.com\/#website","url":"https:\/\/www.sunset-sunside.com\/","name":"Sunset Sunside","description":"","potentialAction":[{"@type":"SearchAction","target":{"@type":"EntryPoint","urlTemplate":"https:\/\/www.sunset-sunside.com\/?s={search_term_string}"},"query-input":{"@type":"PropertyValueSpecification","valueRequired":true,"valueName":"search_term_string"}}],"inLanguage":"fr-FR"}]}},"publishpress_future_action":{"enabled":false,"date":"2026-04-12 19:15:37","action":"change-status","newStatus":"draft","terms":[],"taxonomy":"post_tag","extraData":[]},"publishpress_future_workflow_manual_trigger":{"enabledWorkflows":[]},"ticketed":["woo"],"_links":{"self":[{"href":"https:\/\/www.sunset-sunside.com\/wp-json\/wp\/v2\/tribe_events\/85421","targetHints":{"allow":["GET"]}}],"collection":[{"href":"https:\/\/www.sunset-sunside.com\/wp-json\/wp\/v2\/tribe_events"}],"about":[{"href":"https:\/\/www.sunset-sunside.com\/wp-json\/wp\/v2\/types\/tribe_events"}],"author":[{"embeddable":true,"href":"https:\/\/www.sunset-sunside.com\/wp-json\/wp\/v2\/users\/2"}],"version-history":[{"count":1,"href":"https:\/\/www.sunset-sunside.com\/wp-json\/wp\/v2\/tribe_events\/85421\/revisions"}],"predecessor-version":[{"id":85429,"href":"https:\/\/www.sunset-sunside.com\/wp-json\/wp\/v2\/tribe_events\/85421\/revisions\/85429"}],"wp:featuredmedia":[{"embeddable":true,"href":"https:\/\/www.sunset-sunside.com\/wp-json\/wp\/v2\/media\/85426"}],"wp:attachment":[{"href":"https:\/\/www.sunset-sunside.com\/wp-json\/wp\/v2\/media?parent=85421"}],"wp:term":[{"taxonomy":"post_tag","embeddable":true,"href":"https:\/\/www.sunset-sunside.com\/wp-json\/wp\/v2\/tags?post=85421"},{"taxonomy":"genre","embeddable":true,"href":"https:\/\/www.sunset-sunside.com\/wp-json\/wp\/v2\/genre?post=85421"},{"taxonomy":"tribe_events_cat","embeddable":true,"href":"https:\/\/www.sunset-sunside.com\/wp-json\/wp\/v2\/tribe_events_cat?post=85421"}],"curies":[{"name":"wp","href":"https:\/\/api.w.org\/{rel}","templated":true}]}}