{"id":85438,"date":"2025-07-02T12:59:20","date_gmt":"2025-07-02T10:59:20","guid":{"rendered":"https:\/\/www.sunset-sunside.com\/?post_type=tribe_events&#038;p=85438"},"modified":"2025-10-15T18:08:03","modified_gmt":"2025-10-15T16:08:03","slug":"tom-ollendorf-trio-ft-jeff-ballard-conor-chaplin","status":"publish","type":"tribe_events","link":"https:\/\/www.sunset-sunside.com\/concert\/tom-ollendorf-trio-ft-jeff-ballard-conor-chaplin\/","title":{"rendered":"Tom Ollendorff Trio ft. Jeff Ballard &amp; Conor Chaplin"},"content":{"rendered":"<p>Le guitariste Tom Ollendorff revient au Sunset-Sunside en octobre avec un trio d&#8217;\u00e9toiles dans le cadre de la tourn\u00e9e mondiale tr\u00e8s attendue de son album. Largement consid\u00e9r\u00e9 comme l&#8217;un des jeunes talents les plus excitants du jazz international de ces derni\u00e8res ann\u00e9es, Tom Ollendorff allie sensibilit\u00e9 lyrique, fluidit\u00e9 rythmique et sonorit\u00e9 typiquement chaleureuse. Il est accompagn\u00e9 du l\u00e9gendaire batteur Jeff Ballard &#8211; une force majeure du jazz depuis plus de trente ans, connu pour son travail avec Ray Charles, Brad Mehldau et Chick Corea &#8211; et de l&#8217;\u00e9toile montante de la basse Conor Chaplin, l&#8217;une des principales voix du jazz britannique.<\/p>\n<p>&nbsp;<\/p>\n<p><em>Combinant une sensibilit\u00e9 lyrique assum\u00e9e, qui sait faire place \u00e0 l\u2019espace et au silence avec beaucoup d\u2019\u00e9l\u00e9gance, et une aisance rythmique assez bluffante, Tom Ollendorff s\u2019est forg\u00e9, en outre, une sonorit\u00e9 s\u00e9duisante, qui participe \u00e0 l\u2019int\u00e9r\u00eat qu\u2019on lui porte. (La Terrase)\u00a0<\/em><\/p>\n<p>&nbsp;<\/p>\n<p><em>&#8220;Le musicien britannique est de nouveau au top de sa forme avec ce nouveau disque aussi bien sophistiqu\u00e9 que recherch\u00e9 qui plaira aux aficionados du jazz moderne&#8217; (Les Oreilles Curieuses)<\/em><\/p>\n","protected":false},"excerpt":{"rendered":"<p>Le guitariste Tom Ollendorff revient au Sunset-Sunside en octobre avec un trio d&#8217;\u00e9toiles dans le cadre de la tourn\u00e9e mondiale tr\u00e8s attendue de son album. Largement consid\u00e9r\u00e9 comme l&#8217;un des [&hellip;]<\/p>\n","protected":false},"author":2,"featured_media":85446,"template":"","meta":{"_acf_changed":false,"_price":"","_stock":"","_tribe_ticket_header":"","_tribe_default_ticket_provider":"Tribe__Tickets_Plus__Commerce__WooCommerce__Main","_tribe_ticket_capacity":"93","_ticket_start_date":"","_ticket_end_date":"","_tribe_ticket_show_description":"","_tribe_ticket_show_not_going":false,"_tribe_ticket_use_global_stock":"1","_tribe_ticket_global_stock_level":"8","_global_stock_mode":"","_global_stock_cap":"","_tribe_rsvp_for_event":"","_tribe_ticket_going_count":"","_tribe_ticket_not_going_count":"","_tribe_tickets_list":"[{\"id\":85439,\"type\":\"default\",\"title\":\"Tarif r\\u00e9duit\",\"description\":\"Tarif r\\u00e9serv\\u00e9 aux \\u00e9tudiants de moins de 25 ans, ch\\u00f4meurs et intermittents du spectacle. Pr\\u00e9sentation obligatoire d\\u2019un justificatif \\u00e0 l\\u2019entr\\u00e9e. \\r\\nUn suppl\\u00e9ment vous sera demand\\u00e9 pour non pr\\u00e9sentation de justificatif. \",\"capacityType\":\"global\",\"price\":20,\"capacity\":93,\"available\":8,\"sharedCapacity\":93,\"sold\":31,\"shareSold\":31,\"isShared\":true,\"currencyDecimalPoint\":\",\",\"currencyNumberOfDecimals\":2,\"currencyPosition\":\"prefix\",\"currencySymbol\":\"$\",\"currencyThousandsSep\":\"\"},{\"id\":85440,\"type\":\"default\",\"title\":\"Tarif adh\\u00e9rent\",\"description\":\"\",\"capacityType\":\"global\",\"price\":25,\"capacity\":93,\"available\":8,\"sharedCapacity\":93,\"sold\":2,\"shareSold\":2,\"isShared\":true,\"currencyDecimalPoint\":\",\",\"currencyNumberOfDecimals\":2,\"currencyPosition\":\"prefix\",\"currencySymbol\":\"$\",\"currencyThousandsSep\":\"\"},{\"id\":85441,\"type\":\"default\",\"title\":\"Tarif plein*\",\"description\":\"\",\"capacityType\":\"global\",\"price\":30,\"capacity\":93,\"available\":8,\"sharedCapacity\":93,\"sold\":35,\"shareSold\":35,\"isShared\":true,\"currencyDecimalPoint\":\",\",\"currencyNumberOfDecimals\":2,\"currencyPosition\":\"prefix\",\"currencySymbol\":\"$\",\"currencyThousandsSep\":\"\"}]","_tribe_ticket_has_attendee_info_fields":false,"_tribe_events_status":"","_tribe_events_status_reason":"","footnotes":"","_tec_slr_enabled":"","_tec_slr_layout":""},"tags":[],"genre":[129],"tribe_events_cat":[213,269,214,215,216],"class_list":["post-85438","tribe_events","type-tribe_events","status-publish","has-post-thumbnail","hentry","genre-jazz-master","tribe_events_cat-albums-du-mois","tribe_events_cat-coming-soon","tribe_events_cat-coup-de-coeur","tribe_events_cat-decouvertes","tribe_events_cat-evenements","cat_albums-du-mois","cat_coming-soon","cat_coup-de-coeur","cat_decouvertes","cat_evenements"],"acf":[],"yoast_head":"<!-- This site is optimized with the Yoast SEO plugin v25.7 - https:\/\/yoast.com\/wordpress\/plugins\/seo\/ -->\n<title>Tom Ollendorff Trio ft. Jeff Ballard &amp; Conor Chaplin - Sunset Sunside<\/title>\n<meta name=\"robots\" content=\"index, follow, max-snippet:-1, max-image-preview:large, max-video-preview:-1\" \/>\n<link rel=\"canonical\" href=\"https:\/\/www.sunset-sunside.com\/concert\/tom-ollendorf-trio-ft-jeff-ballard-conor-chaplin\/\" \/>\n<meta property=\"og:locale\" content=\"fr_FR\" \/>\n<meta property=\"og:type\" content=\"article\" \/>\n<meta property=\"og:title\" content=\"Tom Ollendorff Trio ft. Jeff Ballard &amp; Conor Chaplin - Sunset Sunside\" \/>\n<meta property=\"og:description\" content=\"Le guitariste Tom Ollendorff revient au Sunset-Sunside en octobre avec un trio d&#8217;\u00e9toiles dans le cadre de la tourn\u00e9e mondiale tr\u00e8s attendue de son album. Largement consid\u00e9r\u00e9 comme l&#8217;un des [&hellip;]\" \/>\n<meta property=\"og:url\" content=\"https:\/\/www.sunset-sunside.com\/concert\/tom-ollendorf-trio-ft-jeff-ballard-conor-chaplin\/\" \/>\n<meta property=\"og:site_name\" content=\"Sunset Sunside\" \/>\n<meta property=\"article:publisher\" content=\"https:\/\/www.facebook.com\/SunsetSunsideJazzClub\/\" \/>\n<meta property=\"article:modified_time\" content=\"2025-10-15T16:08:03+00:00\" \/>\n<meta property=\"og:image\" content=\"https:\/\/www.sunset-sunside.com\/app\/uploads\/2025\/07\/5.jpg\" \/>\n\t<meta property=\"og:image:width\" content=\"3008\" \/>\n\t<meta property=\"og:image:height\" content=\"1692\" \/>\n\t<meta property=\"og:image:type\" content=\"image\/jpeg\" \/>\n<meta name=\"twitter:card\" content=\"summary_large_image\" \/>\n<meta name=\"twitter:site\" content=\"@SunsetSunside\" \/>\n<meta name=\"twitter:label1\" content=\"Dur\u00e9e de lecture estim\u00e9e\" \/>\n\t<meta name=\"twitter:data1\" content=\"2 minutes\" \/>\n<script type=\"application\/ld+json\" class=\"yoast-schema-graph\">{\"@context\":\"https:\/\/schema.org\",\"@graph\":[{\"@type\":\"WebPage\",\"@id\":\"https:\/\/www.sunset-sunside.com\/concert\/tom-ollendorf-trio-ft-jeff-ballard-conor-chaplin\/\",\"url\":\"https:\/\/www.sunset-sunside.com\/concert\/tom-ollendorf-trio-ft-jeff-ballard-conor-chaplin\/\",\"name\":\"Tom Ollendorff Trio ft. Jeff Ballard &amp; Conor Chaplin - Sunset Sunside\",\"isPartOf\":{\"@id\":\"https:\/\/www.sunset-sunside.com\/#website\"},\"primaryImageOfPage\":{\"@id\":\"https:\/\/www.sunset-sunside.com\/concert\/tom-ollendorf-trio-ft-jeff-ballard-conor-chaplin\/#primaryimage\"},\"image\":{\"@id\":\"https:\/\/www.sunset-sunside.com\/concert\/tom-ollendorf-trio-ft-jeff-ballard-conor-chaplin\/#primaryimage\"},\"thumbnailUrl\":\"https:\/\/www.sunset-sunside.com\/app\/uploads\/2025\/07\/5.jpg\",\"datePublished\":\"2025-07-02T10:59:20+00:00\",\"dateModified\":\"2025-10-15T16:08:03+00:00\",\"breadcrumb\":{\"@id\":\"https:\/\/www.sunset-sunside.com\/concert\/tom-ollendorf-trio-ft-jeff-ballard-conor-chaplin\/#breadcrumb\"},\"inLanguage\":\"fr-FR\",\"potentialAction\":[{\"@type\":\"ReadAction\",\"target\":[\"https:\/\/www.sunset-sunside.com\/concert\/tom-ollendorf-trio-ft-jeff-ballard-conor-chaplin\/\"]}]},{\"@type\":\"ImageObject\",\"inLanguage\":\"fr-FR\",\"@id\":\"https:\/\/www.sunset-sunside.com\/concert\/tom-ollendorf-trio-ft-jeff-ballard-conor-chaplin\/#primaryimage\",\"url\":\"https:\/\/www.sunset-sunside.com\/app\/uploads\/2025\/07\/5.jpg\",\"contentUrl\":\"https:\/\/www.sunset-sunside.com\/app\/uploads\/2025\/07\/5.jpg\",\"width\":3008,\"height\":1692,\"caption\":\"Screenshot\"},{\"@type\":\"BreadcrumbList\",\"@id\":\"https:\/\/www.sunset-sunside.com\/concert\/tom-ollendorf-trio-ft-jeff-ballard-conor-chaplin\/#breadcrumb\",\"itemListElement\":[{\"@type\":\"ListItem\",\"position\":1,\"name\":\"Accueil\",\"item\":\"https:\/\/www.sunset-sunside.com\/\"},{\"@type\":\"ListItem\",\"position\":2,\"name\":\"\u00c9v\u00e8nements\",\"item\":\"https:\/\/www.sunset-sunside.com\/concerts\/\"},{\"@type\":\"ListItem\",\"position\":3,\"name\":\"Tom Ollendorff Trio ft. Jeff Ballard &amp; Conor Chaplin\"}]},{\"@type\":\"WebSite\",\"@id\":\"https:\/\/www.sunset-sunside.com\/#website\",\"url\":\"https:\/\/www.sunset-sunside.com\/\",\"name\":\"Sunset Sunside\",\"description\":\"\",\"potentialAction\":[{\"@type\":\"SearchAction\",\"target\":{\"@type\":\"EntryPoint\",\"urlTemplate\":\"https:\/\/www.sunset-sunside.com\/?s={search_term_string}\"},\"query-input\":{\"@type\":\"PropertyValueSpecification\",\"valueRequired\":true,\"valueName\":\"search_term_string\"}}],\"inLanguage\":\"fr-FR\"}]}<\/script>\n<!-- \/ Yoast SEO plugin. -->","yoast_head_json":{"title":"Tom Ollendorff Trio ft. Jeff Ballard &amp; Conor Chaplin - Sunset Sunside","robots":{"index":"index","follow":"follow","max-snippet":"max-snippet:-1","max-image-preview":"max-image-preview:large","max-video-preview":"max-video-preview:-1"},"canonical":"https:\/\/www.sunset-sunside.com\/concert\/tom-ollendorf-trio-ft-jeff-ballard-conor-chaplin\/","og_locale":"fr_FR","og_type":"article","og_title":"Tom Ollendorff Trio ft. Jeff Ballard &amp; Conor Chaplin - Sunset Sunside","og_description":"Le guitariste Tom Ollendorff revient au Sunset-Sunside en octobre avec un trio d&#8217;\u00e9toiles dans le cadre de la tourn\u00e9e mondiale tr\u00e8s attendue de son album. Largement consid\u00e9r\u00e9 comme l&#8217;un des [&hellip;]","og_url":"https:\/\/www.sunset-sunside.com\/concert\/tom-ollendorf-trio-ft-jeff-ballard-conor-chaplin\/","og_site_name":"Sunset Sunside","article_publisher":"https:\/\/www.facebook.com\/SunsetSunsideJazzClub\/","article_modified_time":"2025-10-15T16:08:03+00:00","og_image":[{"width":3008,"height":1692,"url":"https:\/\/www.sunset-sunside.com\/app\/uploads\/2025\/07\/5.jpg","type":"image\/jpeg"}],"twitter_card":"summary_large_image","twitter_site":"@SunsetSunside","twitter_misc":{"Dur\u00e9e de lecture estim\u00e9e":"2 minutes"},"schema":{"@context":"https:\/\/schema.org","@graph":[{"@type":"WebPage","@id":"https:\/\/www.sunset-sunside.com\/concert\/tom-ollendorf-trio-ft-jeff-ballard-conor-chaplin\/","url":"https:\/\/www.sunset-sunside.com\/concert\/tom-ollendorf-trio-ft-jeff-ballard-conor-chaplin\/","name":"Tom Ollendorff Trio ft. Jeff Ballard &amp; Conor Chaplin - Sunset Sunside","isPartOf":{"@id":"https:\/\/www.sunset-sunside.com\/#website"},"primaryImageOfPage":{"@id":"https:\/\/www.sunset-sunside.com\/concert\/tom-ollendorf-trio-ft-jeff-ballard-conor-chaplin\/#primaryimage"},"image":{"@id":"https:\/\/www.sunset-sunside.com\/concert\/tom-ollendorf-trio-ft-jeff-ballard-conor-chaplin\/#primaryimage"},"thumbnailUrl":"https:\/\/www.sunset-sunside.com\/app\/uploads\/2025\/07\/5.jpg","datePublished":"2025-07-02T10:59:20+00:00","dateModified":"2025-10-15T16:08:03+00:00","breadcrumb":{"@id":"https:\/\/www.sunset-sunside.com\/concert\/tom-ollendorf-trio-ft-jeff-ballard-conor-chaplin\/#breadcrumb"},"inLanguage":"fr-FR","potentialAction":[{"@type":"ReadAction","target":["https:\/\/www.sunset-sunside.com\/concert\/tom-ollendorf-trio-ft-jeff-ballard-conor-chaplin\/"]}]},{"@type":"ImageObject","inLanguage":"fr-FR","@id":"https:\/\/www.sunset-sunside.com\/concert\/tom-ollendorf-trio-ft-jeff-ballard-conor-chaplin\/#primaryimage","url":"https:\/\/www.sunset-sunside.com\/app\/uploads\/2025\/07\/5.jpg","contentUrl":"https:\/\/www.sunset-sunside.com\/app\/uploads\/2025\/07\/5.jpg","width":3008,"height":1692,"caption":"Screenshot"},{"@type":"BreadcrumbList","@id":"https:\/\/www.sunset-sunside.com\/concert\/tom-ollendorf-trio-ft-jeff-ballard-conor-chaplin\/#breadcrumb","itemListElement":[{"@type":"ListItem","position":1,"name":"Accueil","item":"https:\/\/www.sunset-sunside.com\/"},{"@type":"ListItem","position":2,"name":"\u00c9v\u00e8nements","item":"https:\/\/www.sunset-sunside.com\/concerts\/"},{"@type":"ListItem","position":3,"name":"Tom Ollendorff Trio ft. Jeff Ballard &amp; Conor Chaplin"}]},{"@type":"WebSite","@id":"https:\/\/www.sunset-sunside.com\/#website","url":"https:\/\/www.sunset-sunside.com\/","name":"Sunset Sunside","description":"","potentialAction":[{"@type":"SearchAction","target":{"@type":"EntryPoint","urlTemplate":"https:\/\/www.sunset-sunside.com\/?s={search_term_string}"},"query-input":{"@type":"PropertyValueSpecification","valueRequired":true,"valueName":"search_term_string"}}],"inLanguage":"fr-FR"}]}},"publishpress_future_action":{"enabled":false,"date":"2026-04-12 19:14:46","action":"change-status","newStatus":"draft","terms":[],"taxonomy":"post_tag","extraData":[]},"publishpress_future_workflow_manual_trigger":{"enabledWorkflows":[]},"ticketed":["woo"],"_links":{"self":[{"href":"https:\/\/www.sunset-sunside.com\/wp-json\/wp\/v2\/tribe_events\/85438","targetHints":{"allow":["GET"]}}],"collection":[{"href":"https:\/\/www.sunset-sunside.com\/wp-json\/wp\/v2\/tribe_events"}],"about":[{"href":"https:\/\/www.sunset-sunside.com\/wp-json\/wp\/v2\/types\/tribe_events"}],"author":[{"embeddable":true,"href":"https:\/\/www.sunset-sunside.com\/wp-json\/wp\/v2\/users\/2"}],"version-history":[{"count":4,"href":"https:\/\/www.sunset-sunside.com\/wp-json\/wp\/v2\/tribe_events\/85438\/revisions"}],"predecessor-version":[{"id":85455,"href":"https:\/\/www.sunset-sunside.com\/wp-json\/wp\/v2\/tribe_events\/85438\/revisions\/85455"}],"wp:featuredmedia":[{"embeddable":true,"href":"https:\/\/www.sunset-sunside.com\/wp-json\/wp\/v2\/media\/85446"}],"wp:attachment":[{"href":"https:\/\/www.sunset-sunside.com\/wp-json\/wp\/v2\/media?parent=85438"}],"wp:term":[{"taxonomy":"post_tag","embeddable":true,"href":"https:\/\/www.sunset-sunside.com\/wp-json\/wp\/v2\/tags?post=85438"},{"taxonomy":"genre","embeddable":true,"href":"https:\/\/www.sunset-sunside.com\/wp-json\/wp\/v2\/genre?post=85438"},{"taxonomy":"tribe_events_cat","embeddable":true,"href":"https:\/\/www.sunset-sunside.com\/wp-json\/wp\/v2\/tribe_events_cat?post=85438"}],"curies":[{"name":"wp","href":"https:\/\/api.w.org\/{rel}","templated":true}]}}