{"id":85756,"date":"2025-07-03T13:17:16","date_gmt":"2025-07-03T11:17:16","guid":{"rendered":"https:\/\/www.sunset-sunside.com\/?post_type=tribe_events&#038;p=85756"},"modified":"2025-09-30T18:32:44","modified_gmt":"2025-09-30T16:32:44","slug":"pierre-yves-plat-cine-concert-chaplin-the-kid","status":"publish","type":"tribe_events","link":"https:\/\/www.sunset-sunside.com\/concert\/pierre-yves-plat-cine-concert-chaplin-the-kid\/","title":{"rendered":"Pierre-Yves Plat &#8211; Cine Concert &#8220;Chaplin the Kid&#8221;"},"content":{"rendered":"<p>Venez d\u00e9couvrir ou r\u00e9-d\u00e9couvrir ce chef d\u2019\u0153uvre du cin\u00e9ma muet de Charlie Chaplin : \u00ab The Kid \u00bb.<\/p>\n<p>&nbsp;<\/p>\n<p>Synopsis : La m\u00e8re d\u2019un tout jeune enfant, ne pouvant le faire vivre, d\u00e9cide de l\u2019abandonner dans la voiture d\u2019une famille fortun\u00e9e. C\u2019est alors que deux voyous d\u00e9cident de voler cette m\u00eame voiture. Quelques rues plus loin, les voleurs entendent pleurer le bambin. Ils l\u2019abandonnent dans une ruelle o\u00f9 passe un peu plus tard Charlot, un vitrier mis\u00e9reux. G\u00ean\u00e9 par sa d\u00e9couverte, il tente d\u2019abord de s\u2019en d\u00e9faire, avant de s\u2019attacher \u00e0 lui. Il l\u2019\u00e9duque de son mieux, malgr\u00e9 les conditions difficiles. Cinq ann\u00e9es passent ainsi dans la d\u00e9brouillardise, mais surtout l\u2019amour et la tendresse. Malheureusement, les services sociaux s\u2019en m\u00ealent\u2026De son c\u00f4t\u00e9, devenue riche, la m\u00e8re de l\u2019enfant cherche \u00e0 retrouver son fils.<\/p>\n<p>&nbsp;<\/p>\n<p>Le film dure 50 minutes et sera suivi d\u2019un mini-concert propos\u00e9 par l\u2019artiste sur la th\u00e9matique des ann\u00e9es \u201cRagtime et Stride\u201d.<\/p>\n","protected":false},"excerpt":{"rendered":"<p>Venez d\u00e9couvrir ou r\u00e9-d\u00e9couvrir ce chef d\u2019\u0153uvre du cin\u00e9ma muet de Charlie Chaplin : \u00ab The Kid \u00bb. &nbsp; Synopsis : La m\u00e8re d\u2019un tout jeune enfant, ne pouvant le [&hellip;]<\/p>\n","protected":false},"author":2,"featured_media":85771,"template":"","meta":{"_acf_changed":false,"_price":"","_stock":"","_tribe_ticket_header":"","_tribe_default_ticket_provider":"Tribe__Tickets_Plus__Commerce__WooCommerce__Main","_tribe_ticket_capacity":"92","_ticket_start_date":"","_ticket_end_date":"","_tribe_ticket_show_description":"","_tribe_ticket_show_not_going":false,"_tribe_ticket_use_global_stock":"1","_tribe_ticket_global_stock_level":"64","_global_stock_mode":"","_global_stock_cap":"","_tribe_rsvp_for_event":"","_tribe_ticket_going_count":"","_tribe_ticket_not_going_count":"","_tribe_tickets_list":"[{\"id\":85758,\"type\":\"default\",\"title\":\"Tarif plein*\",\"description\":\"\",\"capacityType\":\"global\",\"price\":28,\"capacity\":92,\"available\":64,\"sharedCapacity\":92,\"sold\":22,\"shareSold\":22,\"isShared\":true,\"currencyDecimalPoint\":\",\",\"currencyNumberOfDecimals\":2,\"currencyPosition\":\"prefix\",\"currencySymbol\":\"$\",\"currencyThousandsSep\":\"\"},{\"id\":85757,\"type\":\"default\",\"title\":\"Tarif adh\\u00e9rent\",\"description\":\"\",\"capacityType\":\"global\",\"price\":23,\"capacity\":92,\"available\":64,\"sharedCapacity\":92,\"sold\":0,\"shareSold\":0,\"isShared\":true,\"currencyDecimalPoint\":\",\",\"currencyNumberOfDecimals\":2,\"currencyPosition\":\"prefix\",\"currencySymbol\":\"$\",\"currencyThousandsSep\":\"\"},{\"id\":85759,\"type\":\"default\",\"title\":\"Tarif r\\u00e9duit\",\"description\":\"Tarif r\\u00e9serv\\u00e9 aux \\u00e9tudiants de moins de 25 ans, ch\\u00f4meurs et intermittents du spectacle. Pr\\u00e9sentation obligatoire d\\u2019un justificatif \\u00e0 l\\u2019entr\\u00e9e. \\r\\nUn suppl\\u00e9ment vous sera demand\\u00e9 pour non pr\\u00e9sentation de justificatif. \",\"capacityType\":\"global\",\"price\":18,\"capacity\":92,\"available\":64,\"sharedCapacity\":92,\"sold\":6,\"shareSold\":6,\"isShared\":true,\"currencyDecimalPoint\":\",\",\"currencyNumberOfDecimals\":2,\"currencyPosition\":\"prefix\",\"currencySymbol\":\"$\",\"currencyThousandsSep\":\"\"}]","_tribe_ticket_has_attendee_info_fields":false,"_tribe_events_status":"","_tribe_events_status_reason":"","footnotes":"","_tec_slr_enabled":"","_tec_slr_layout":""},"tags":[],"genre":[277],"tribe_events_cat":[213,269,214,215,216],"class_list":["post-85756","tribe_events","type-tribe_events","status-publish","has-post-thumbnail","hentry","genre-jazz-cinema","tribe_events_cat-albums-du-mois","tribe_events_cat-coming-soon","tribe_events_cat-coup-de-coeur","tribe_events_cat-decouvertes","tribe_events_cat-evenements","cat_albums-du-mois","cat_coming-soon","cat_coup-de-coeur","cat_decouvertes","cat_evenements"],"acf":[],"yoast_head":"<!-- This site is optimized with the Yoast SEO plugin v25.7 - https:\/\/yoast.com\/wordpress\/plugins\/seo\/ -->\n<title>Pierre-Yves Plat - Cine Concert &quot;Chaplin the Kid&quot; - Sunset Sunside<\/title>\n<meta name=\"robots\" content=\"index, follow, max-snippet:-1, max-image-preview:large, max-video-preview:-1\" \/>\n<link rel=\"canonical\" href=\"https:\/\/www.sunset-sunside.com\/concert\/pierre-yves-plat-cine-concert-chaplin-the-kid\/\" \/>\n<meta property=\"og:locale\" content=\"en_GB\" \/>\n<meta property=\"og:type\" content=\"article\" \/>\n<meta property=\"og:title\" content=\"Pierre-Yves Plat - Cine Concert &quot;Chaplin the Kid&quot; - Sunset Sunside\" \/>\n<meta property=\"og:description\" content=\"Venez d\u00e9couvrir ou r\u00e9-d\u00e9couvrir ce chef d\u2019\u0153uvre du cin\u00e9ma muet de Charlie Chaplin : \u00ab The Kid \u00bb. &nbsp; Synopsis : La m\u00e8re d\u2019un tout jeune enfant, ne pouvant le [&hellip;]\" \/>\n<meta property=\"og:url\" content=\"https:\/\/www.sunset-sunside.com\/concert\/pierre-yves-plat-cine-concert-chaplin-the-kid\/\" \/>\n<meta property=\"og:site_name\" content=\"Sunset Sunside\" \/>\n<meta property=\"article:publisher\" content=\"https:\/\/www.facebook.com\/SunsetSunsideJazzClub\/\" \/>\n<meta property=\"article:modified_time\" content=\"2025-09-30T16:32:44+00:00\" \/>\n<meta property=\"og:image\" content=\"https:\/\/www.sunset-sunside.com\/app\/uploads\/2025\/07\/Pierre-Yves-Plat.jpg\" \/>\n\t<meta property=\"og:image:width\" content=\"1080\" \/>\n\t<meta property=\"og:image:height\" content=\"1080\" \/>\n\t<meta property=\"og:image:type\" content=\"image\/jpeg\" \/>\n<meta name=\"twitter:card\" content=\"summary_large_image\" \/>\n<meta name=\"twitter:site\" content=\"@SunsetSunside\" \/>\n<meta name=\"twitter:label1\" content=\"Est. reading time\" \/>\n\t<meta name=\"twitter:data1\" content=\"1 minute\" \/>\n<script type=\"application\/ld+json\" class=\"yoast-schema-graph\">{\"@context\":\"https:\/\/schema.org\",\"@graph\":[{\"@type\":\"WebPage\",\"@id\":\"https:\/\/www.sunset-sunside.com\/concert\/pierre-yves-plat-cine-concert-chaplin-the-kid\/\",\"url\":\"https:\/\/www.sunset-sunside.com\/concert\/pierre-yves-plat-cine-concert-chaplin-the-kid\/\",\"name\":\"Pierre-Yves Plat - Cine Concert \\\"Chaplin the Kid\\\" - Sunset Sunside\",\"isPartOf\":{\"@id\":\"https:\/\/www.sunset-sunside.com\/#website\"},\"primaryImageOfPage\":{\"@id\":\"https:\/\/www.sunset-sunside.com\/concert\/pierre-yves-plat-cine-concert-chaplin-the-kid\/#primaryimage\"},\"image\":{\"@id\":\"https:\/\/www.sunset-sunside.com\/concert\/pierre-yves-plat-cine-concert-chaplin-the-kid\/#primaryimage\"},\"thumbnailUrl\":\"https:\/\/www.sunset-sunside.com\/app\/uploads\/2025\/07\/Pierre-Yves-Plat.jpg\",\"datePublished\":\"2025-07-03T11:17:16+00:00\",\"dateModified\":\"2025-09-30T16:32:44+00:00\",\"breadcrumb\":{\"@id\":\"https:\/\/www.sunset-sunside.com\/concert\/pierre-yves-plat-cine-concert-chaplin-the-kid\/#breadcrumb\"},\"inLanguage\":\"en-GB\",\"potentialAction\":[{\"@type\":\"ReadAction\",\"target\":[\"https:\/\/www.sunset-sunside.com\/concert\/pierre-yves-plat-cine-concert-chaplin-the-kid\/\"]}]},{\"@type\":\"ImageObject\",\"inLanguage\":\"en-GB\",\"@id\":\"https:\/\/www.sunset-sunside.com\/concert\/pierre-yves-plat-cine-concert-chaplin-the-kid\/#primaryimage\",\"url\":\"https:\/\/www.sunset-sunside.com\/app\/uploads\/2025\/07\/Pierre-Yves-Plat.jpg\",\"contentUrl\":\"https:\/\/www.sunset-sunside.com\/app\/uploads\/2025\/07\/Pierre-Yves-Plat.jpg\",\"width\":1080,\"height\":1080,\"caption\":\"\u00a9 DR\"},{\"@type\":\"BreadcrumbList\",\"@id\":\"https:\/\/www.sunset-sunside.com\/concert\/pierre-yves-plat-cine-concert-chaplin-the-kid\/#breadcrumb\",\"itemListElement\":[{\"@type\":\"ListItem\",\"position\":1,\"name\":\"Accueil\",\"item\":\"https:\/\/www.sunset-sunside.com\/\"},{\"@type\":\"ListItem\",\"position\":2,\"name\":\"\u00c9v\u00e8nements\",\"item\":\"https:\/\/www.sunset-sunside.com\/concerts\/\"},{\"@type\":\"ListItem\",\"position\":3,\"name\":\"Pierre-Yves Plat &#8211; Cine Concert &#8220;Chaplin the Kid&#8221;\"}]},{\"@type\":\"WebSite\",\"@id\":\"https:\/\/www.sunset-sunside.com\/#website\",\"url\":\"https:\/\/www.sunset-sunside.com\/\",\"name\":\"Sunset Sunside\",\"description\":\"\",\"potentialAction\":[{\"@type\":\"SearchAction\",\"target\":{\"@type\":\"EntryPoint\",\"urlTemplate\":\"https:\/\/www.sunset-sunside.com\/?s={search_term_string}\"},\"query-input\":{\"@type\":\"PropertyValueSpecification\",\"valueRequired\":true,\"valueName\":\"search_term_string\"}}],\"inLanguage\":\"en-GB\"}]}<\/script>\n<!-- \/ Yoast SEO plugin. -->","yoast_head_json":{"title":"Pierre-Yves Plat - Cine Concert \"Chaplin the Kid\" - Sunset Sunside","robots":{"index":"index","follow":"follow","max-snippet":"max-snippet:-1","max-image-preview":"max-image-preview:large","max-video-preview":"max-video-preview:-1"},"canonical":"https:\/\/www.sunset-sunside.com\/concert\/pierre-yves-plat-cine-concert-chaplin-the-kid\/","og_locale":"en_GB","og_type":"article","og_title":"Pierre-Yves Plat - Cine Concert \"Chaplin the Kid\" - Sunset Sunside","og_description":"Venez d\u00e9couvrir ou r\u00e9-d\u00e9couvrir ce chef d\u2019\u0153uvre du cin\u00e9ma muet de Charlie Chaplin : \u00ab The Kid \u00bb. &nbsp; Synopsis : La m\u00e8re d\u2019un tout jeune enfant, ne pouvant le [&hellip;]","og_url":"https:\/\/www.sunset-sunside.com\/concert\/pierre-yves-plat-cine-concert-chaplin-the-kid\/","og_site_name":"Sunset Sunside","article_publisher":"https:\/\/www.facebook.com\/SunsetSunsideJazzClub\/","article_modified_time":"2025-09-30T16:32:44+00:00","og_image":[{"width":1080,"height":1080,"url":"https:\/\/www.sunset-sunside.com\/app\/uploads\/2025\/07\/Pierre-Yves-Plat.jpg","type":"image\/jpeg"}],"twitter_card":"summary_large_image","twitter_site":"@SunsetSunside","twitter_misc":{"Est. reading time":"1 minute"},"schema":{"@context":"https:\/\/schema.org","@graph":[{"@type":"WebPage","@id":"https:\/\/www.sunset-sunside.com\/concert\/pierre-yves-plat-cine-concert-chaplin-the-kid\/","url":"https:\/\/www.sunset-sunside.com\/concert\/pierre-yves-plat-cine-concert-chaplin-the-kid\/","name":"Pierre-Yves Plat - Cine Concert \"Chaplin the Kid\" - Sunset Sunside","isPartOf":{"@id":"https:\/\/www.sunset-sunside.com\/#website"},"primaryImageOfPage":{"@id":"https:\/\/www.sunset-sunside.com\/concert\/pierre-yves-plat-cine-concert-chaplin-the-kid\/#primaryimage"},"image":{"@id":"https:\/\/www.sunset-sunside.com\/concert\/pierre-yves-plat-cine-concert-chaplin-the-kid\/#primaryimage"},"thumbnailUrl":"https:\/\/www.sunset-sunside.com\/app\/uploads\/2025\/07\/Pierre-Yves-Plat.jpg","datePublished":"2025-07-03T11:17:16+00:00","dateModified":"2025-09-30T16:32:44+00:00","breadcrumb":{"@id":"https:\/\/www.sunset-sunside.com\/concert\/pierre-yves-plat-cine-concert-chaplin-the-kid\/#breadcrumb"},"inLanguage":"en-GB","potentialAction":[{"@type":"ReadAction","target":["https:\/\/www.sunset-sunside.com\/concert\/pierre-yves-plat-cine-concert-chaplin-the-kid\/"]}]},{"@type":"ImageObject","inLanguage":"en-GB","@id":"https:\/\/www.sunset-sunside.com\/concert\/pierre-yves-plat-cine-concert-chaplin-the-kid\/#primaryimage","url":"https:\/\/www.sunset-sunside.com\/app\/uploads\/2025\/07\/Pierre-Yves-Plat.jpg","contentUrl":"https:\/\/www.sunset-sunside.com\/app\/uploads\/2025\/07\/Pierre-Yves-Plat.jpg","width":1080,"height":1080,"caption":"\u00a9 DR"},{"@type":"BreadcrumbList","@id":"https:\/\/www.sunset-sunside.com\/concert\/pierre-yves-plat-cine-concert-chaplin-the-kid\/#breadcrumb","itemListElement":[{"@type":"ListItem","position":1,"name":"Accueil","item":"https:\/\/www.sunset-sunside.com\/"},{"@type":"ListItem","position":2,"name":"\u00c9v\u00e8nements","item":"https:\/\/www.sunset-sunside.com\/concerts\/"},{"@type":"ListItem","position":3,"name":"Pierre-Yves Plat &#8211; Cine Concert &#8220;Chaplin the Kid&#8221;"}]},{"@type":"WebSite","@id":"https:\/\/www.sunset-sunside.com\/#website","url":"https:\/\/www.sunset-sunside.com\/","name":"Sunset Sunside","description":"","potentialAction":[{"@type":"SearchAction","target":{"@type":"EntryPoint","urlTemplate":"https:\/\/www.sunset-sunside.com\/?s={search_term_string}"},"query-input":{"@type":"PropertyValueSpecification","valueRequired":true,"valueName":"search_term_string"}}],"inLanguage":"en-GB"}]}},"publishpress_future_action":{"enabled":false,"date":"2026-04-12 19:09:17","action":"change-status","newStatus":"draft","terms":[],"taxonomy":"post_tag","extraData":[]},"publishpress_future_workflow_manual_trigger":{"enabledWorkflows":[]},"ticketed":["woo"],"_links":{"self":[{"href":"https:\/\/www.sunset-sunside.com\/wp-json\/wp\/v2\/tribe_events\/85756","targetHints":{"allow":["GET"]}}],"collection":[{"href":"https:\/\/www.sunset-sunside.com\/wp-json\/wp\/v2\/tribe_events"}],"about":[{"href":"https:\/\/www.sunset-sunside.com\/wp-json\/wp\/v2\/types\/tribe_events"}],"author":[{"embeddable":true,"href":"https:\/\/www.sunset-sunside.com\/wp-json\/wp\/v2\/users\/2"}],"version-history":[{"count":3,"href":"https:\/\/www.sunset-sunside.com\/wp-json\/wp\/v2\/tribe_events\/85756\/revisions"}],"predecessor-version":[{"id":91374,"href":"https:\/\/www.sunset-sunside.com\/wp-json\/wp\/v2\/tribe_events\/85756\/revisions\/91374"}],"wp:featuredmedia":[{"embeddable":true,"href":"https:\/\/www.sunset-sunside.com\/wp-json\/wp\/v2\/media\/85771"}],"wp:attachment":[{"href":"https:\/\/www.sunset-sunside.com\/wp-json\/wp\/v2\/media?parent=85756"}],"wp:term":[{"taxonomy":"post_tag","embeddable":true,"href":"https:\/\/www.sunset-sunside.com\/wp-json\/wp\/v2\/tags?post=85756"},{"taxonomy":"genre","embeddable":true,"href":"https:\/\/www.sunset-sunside.com\/wp-json\/wp\/v2\/genre?post=85756"},{"taxonomy":"tribe_events_cat","embeddable":true,"href":"https:\/\/www.sunset-sunside.com\/wp-json\/wp\/v2\/tribe_events_cat?post=85756"}],"curies":[{"name":"wp","href":"https:\/\/api.w.org\/{rel}","templated":true}]}}