{"id":87661,"date":"2025-07-16T12:32:31","date_gmt":"2025-07-16T10:32:31","guid":{"rendered":"https:\/\/www.sunset-sunside.com\/?post_type=tribe_events&#038;p=87661"},"modified":"2025-10-30T13:31:52","modified_gmt":"2025-10-30T12:31:52","slug":"avenue-wagram-ft-thierry-maillard-yoann-schmidt","status":"publish","type":"tribe_events","link":"https:\/\/www.sunset-sunside.com\/concert\/avenue-wagram-ft-thierry-maillard-yoann-schmidt\/","title":{"rendered":"Avenue Wagram ft. Thierry Maillard &amp; Yoann Schmidt"},"content":{"rendered":"<p>\u00ab Paris \u00bb est le premier album d\u2019Avenue Wagram, un nom \u00e0 la fois prestigieux et myst\u00e9rieux qui dissimule un duo de musiciens bienconnus : le pianiste-clavi\u00e9riste compositeur et arrangeur Thierry Maillard, initiateur du projet, et son complice de longue date, le batteur Yoann Schmidt.<\/p>\n<p>\nLe choix de ce nom ne doit rien au hasard. Il permet de mettre en avant le concept musical plut\u00f4t que ses artisans, contrairement \u00e0 ce qui se fait traditionnellement dans le jazz. Car c\u2019est dans une nouvelle esth\u00e9tique que s\u2019inscrit Avenue Wagram, la French house jazz music \/ nu jazz : une esth\u00e9tique moderne qui se veut l\u2019h\u00e9riti\u00e8re du c\u00e9l\u00e8bre \u00ab Tourist \u00bb de St Germain publi\u00e9 en 2001 et de \u00ab Future Shock \u00bb, le disque mythique de Herbie Hancock sorti en 1983. Deux monuments qui ont marqu\u00e9 la rencontre du jazz avec la musique \u00e9lectronique, et que Thierry Maillard prolonge aujourd\u2019hui avec sa vision et sa sensibilit\u00e9 dans une dimension r\u00e9solument cin\u00e9matique.<\/p>\n<p>\nComme ses illustres r\u00e9f\u00e9rences, Avenue Wagram propose une musique volontairement accessible, avec des riffs simples et des rythmiques groovy. Et qui, \u00e0 l\u2019instar de la techno et de l\u2019electro, regorge de sonorit\u00e9s \u00e9lectroniques et organisques. Mais si l\u2019ensemble invite \u00e0 la danse et \u00e0 la transe, il laisse aussi beaucoup de place \u00e0 l\u2019improvisation, avec des chorus au piano et aux synth\u00e9tiseurs, tant\u00f4t enflamm\u00e9s, tant\u00f4t r\u00eaveurs. Au-del\u00e0 de cet esprit \u00e9minemment jazzy, la musique d\u2019Avenue Wagram est surtout une invitation au voyage et \u00e0 la d\u00e9ambulation, comme en<br \/>\nt\u00e9moignent les titres des compositions qui \u00e9voquent des lieux chers \u00e0 Thierry Maillard : Paris, bien s\u00fbr, avec Le pont des arts ou 75 bis, mais aussi Quartier des platanes, le quartier favori des Fran\u00e7ais \u00e0 Shanga\u00ef, en Chine, un pays o\u00f9 il se rend souvent en tourn\u00e9e. Autant de promenades virtuelles qui alternent les climats, passant du nostalgique \u00e0 l\u2019onirique.<\/p>\n","protected":false},"excerpt":{"rendered":"<p>\u00ab Paris \u00bb est le premier album d\u2019Avenue Wagram, un nom \u00e0 la fois prestigieux et myst\u00e9rieux qui dissimule un duo de musiciens bienconnus : le pianiste-clavi\u00e9riste compositeur et arrangeur [&hellip;]<\/p>\n","protected":false},"author":2,"featured_media":87666,"template":"","meta":{"_acf_changed":false,"_price":"","_stock":"","_tribe_ticket_header":"","_tribe_default_ticket_provider":"Tribe__Tickets_Plus__Commerce__WooCommerce__Main","_tribe_ticket_capacity":"97","_ticket_start_date":"","_ticket_end_date":"","_tribe_ticket_show_description":"","_tribe_ticket_show_not_going":false,"_tribe_ticket_use_global_stock":"1","_tribe_ticket_global_stock_level":"87","_global_stock_mode":"","_global_stock_cap":"","_tribe_rsvp_for_event":"","_tribe_ticket_going_count":"","_tribe_ticket_not_going_count":"","_tribe_tickets_list":"[{\"id\":87662,\"type\":\"default\",\"title\":\"Tarif adh\\u00e9rent\",\"description\":\"\",\"capacityType\":\"global\",\"price\":23,\"capacity\":97,\"available\":87,\"sharedCapacity\":97,\"sold\":0,\"shareSold\":0,\"isShared\":true,\"currencyDecimalPoint\":\",\",\"currencyNumberOfDecimals\":2,\"currencyPosition\":\"prefix\",\"currencySymbol\":\"$\",\"currencyThousandsSep\":\"\"},{\"id\":87663,\"type\":\"default\",\"title\":\"Tarif plein*\",\"description\":\"\",\"capacityType\":\"global\",\"price\":28,\"capacity\":97,\"available\":87,\"sharedCapacity\":97,\"sold\":5,\"shareSold\":5,\"isShared\":true,\"currencyDecimalPoint\":\",\",\"currencyNumberOfDecimals\":2,\"currencyPosition\":\"prefix\",\"currencySymbol\":\"$\",\"currencyThousandsSep\":\"\"},{\"id\":87664,\"type\":\"default\",\"title\":\"Tarif r\\u00e9duit\",\"description\":\"Tarif r\\u00e9serv\\u00e9 aux \\u00e9tudiants de moins de 25 ans, ch\\u00f4meurs et intermittents du spectacle. Pr\\u00e9sentation obligatoire d\\u2019un justificatif \\u00e0 l\\u2019entr\\u00e9e. \\r\\nUn suppl\\u00e9ment vous sera demand\\u00e9 pour non pr\\u00e9sentation de justificatif. \",\"capacityType\":\"global\",\"price\":18,\"capacity\":97,\"available\":87,\"sharedCapacity\":97,\"sold\":5,\"shareSold\":5,\"isShared\":true,\"currencyDecimalPoint\":\",\",\"currencyNumberOfDecimals\":2,\"currencyPosition\":\"prefix\",\"currencySymbol\":\"$\",\"currencyThousandsSep\":\"\"}]","_tribe_ticket_has_attendee_info_fields":false,"_tribe_events_status":"","_tribe_events_status_reason":"","footnotes":"","_tec_slr_enabled":"","_tec_slr_layout":""},"tags":[],"genre":[93],"tribe_events_cat":[213,214,215,216],"class_list":["post-87661","tribe_events","type-tribe_events","status-publish","has-post-thumbnail","hentry","genre-jazz-electro","tribe_events_cat-albums-du-mois","tribe_events_cat-coup-de-coeur","tribe_events_cat-decouvertes","tribe_events_cat-evenements","cat_albums-du-mois","cat_coup-de-coeur","cat_decouvertes","cat_evenements"],"acf":[],"yoast_head":"<!-- This site is optimized with the Yoast SEO plugin v25.7 - https:\/\/yoast.com\/wordpress\/plugins\/seo\/ -->\n<title>Avenue Wagram ft. Thierry Maillard &amp; Yoann Schmidt - Sunset Sunside<\/title>\n<meta name=\"robots\" content=\"index, follow, max-snippet:-1, max-image-preview:large, max-video-preview:-1\" \/>\n<link rel=\"canonical\" href=\"https:\/\/www.sunset-sunside.com\/concert\/avenue-wagram-ft-thierry-maillard-yoann-schmidt\/\" \/>\n<meta property=\"og:locale\" content=\"en_GB\" \/>\n<meta property=\"og:type\" content=\"article\" \/>\n<meta property=\"og:title\" content=\"Avenue Wagram ft. Thierry Maillard &amp; Yoann Schmidt - Sunset Sunside\" \/>\n<meta property=\"og:description\" content=\"\u00ab Paris \u00bb est le premier album d\u2019Avenue Wagram, un nom \u00e0 la fois prestigieux et myst\u00e9rieux qui dissimule un duo de musiciens bienconnus : le pianiste-clavi\u00e9riste compositeur et arrangeur [&hellip;]\" \/>\n<meta property=\"og:url\" content=\"https:\/\/www.sunset-sunside.com\/concert\/avenue-wagram-ft-thierry-maillard-yoann-schmidt\/\" \/>\n<meta property=\"og:site_name\" content=\"Sunset Sunside\" \/>\n<meta property=\"article:publisher\" content=\"https:\/\/www.facebook.com\/SunsetSunsideJazzClub\/\" \/>\n<meta property=\"article:modified_time\" content=\"2025-10-30T12:31:52+00:00\" \/>\n<meta property=\"og:image\" content=\"https:\/\/www.sunset-sunside.com\/app\/uploads\/2025\/07\/FLYERS-8.jpg\" \/>\n\t<meta property=\"og:image:width\" content=\"1080\" \/>\n\t<meta property=\"og:image:height\" content=\"1080\" \/>\n\t<meta property=\"og:image:type\" content=\"image\/jpeg\" \/>\n<meta name=\"twitter:card\" content=\"summary_large_image\" \/>\n<meta name=\"twitter:site\" content=\"@SunsetSunside\" \/>\n<meta name=\"twitter:label1\" content=\"Est. reading time\" \/>\n\t<meta name=\"twitter:data1\" content=\"2 minutes\" \/>\n<script type=\"application\/ld+json\" class=\"yoast-schema-graph\">{\"@context\":\"https:\/\/schema.org\",\"@graph\":[{\"@type\":\"WebPage\",\"@id\":\"https:\/\/www.sunset-sunside.com\/concert\/avenue-wagram-ft-thierry-maillard-yoann-schmidt\/\",\"url\":\"https:\/\/www.sunset-sunside.com\/concert\/avenue-wagram-ft-thierry-maillard-yoann-schmidt\/\",\"name\":\"Avenue Wagram ft. Thierry Maillard &amp; Yoann Schmidt - Sunset Sunside\",\"isPartOf\":{\"@id\":\"https:\/\/www.sunset-sunside.com\/#website\"},\"primaryImageOfPage\":{\"@id\":\"https:\/\/www.sunset-sunside.com\/concert\/avenue-wagram-ft-thierry-maillard-yoann-schmidt\/#primaryimage\"},\"image\":{\"@id\":\"https:\/\/www.sunset-sunside.com\/concert\/avenue-wagram-ft-thierry-maillard-yoann-schmidt\/#primaryimage\"},\"thumbnailUrl\":\"https:\/\/www.sunset-sunside.com\/app\/uploads\/2025\/07\/FLYERS-8.jpg\",\"datePublished\":\"2025-07-16T10:32:31+00:00\",\"dateModified\":\"2025-10-30T12:31:52+00:00\",\"breadcrumb\":{\"@id\":\"https:\/\/www.sunset-sunside.com\/concert\/avenue-wagram-ft-thierry-maillard-yoann-schmidt\/#breadcrumb\"},\"inLanguage\":\"en-GB\",\"potentialAction\":[{\"@type\":\"ReadAction\",\"target\":[\"https:\/\/www.sunset-sunside.com\/concert\/avenue-wagram-ft-thierry-maillard-yoann-schmidt\/\"]}]},{\"@type\":\"ImageObject\",\"inLanguage\":\"en-GB\",\"@id\":\"https:\/\/www.sunset-sunside.com\/concert\/avenue-wagram-ft-thierry-maillard-yoann-schmidt\/#primaryimage\",\"url\":\"https:\/\/www.sunset-sunside.com\/app\/uploads\/2025\/07\/FLYERS-8.jpg\",\"contentUrl\":\"https:\/\/www.sunset-sunside.com\/app\/uploads\/2025\/07\/FLYERS-8.jpg\",\"width\":1080,\"height\":1080,\"caption\":\"\u00a9 DR\"},{\"@type\":\"BreadcrumbList\",\"@id\":\"https:\/\/www.sunset-sunside.com\/concert\/avenue-wagram-ft-thierry-maillard-yoann-schmidt\/#breadcrumb\",\"itemListElement\":[{\"@type\":\"ListItem\",\"position\":1,\"name\":\"Accueil\",\"item\":\"https:\/\/www.sunset-sunside.com\/\"},{\"@type\":\"ListItem\",\"position\":2,\"name\":\"\u00c9v\u00e8nements\",\"item\":\"https:\/\/www.sunset-sunside.com\/concerts\/\"},{\"@type\":\"ListItem\",\"position\":3,\"name\":\"Avenue Wagram ft. Thierry Maillard &amp; Yoann Schmidt\"}]},{\"@type\":\"WebSite\",\"@id\":\"https:\/\/www.sunset-sunside.com\/#website\",\"url\":\"https:\/\/www.sunset-sunside.com\/\",\"name\":\"Sunset Sunside\",\"description\":\"\",\"potentialAction\":[{\"@type\":\"SearchAction\",\"target\":{\"@type\":\"EntryPoint\",\"urlTemplate\":\"https:\/\/www.sunset-sunside.com\/?s={search_term_string}\"},\"query-input\":{\"@type\":\"PropertyValueSpecification\",\"valueRequired\":true,\"valueName\":\"search_term_string\"}}],\"inLanguage\":\"en-GB\"}]}<\/script>\n<!-- \/ Yoast SEO plugin. -->","yoast_head_json":{"title":"Avenue Wagram ft. Thierry Maillard &amp; Yoann Schmidt - Sunset Sunside","robots":{"index":"index","follow":"follow","max-snippet":"max-snippet:-1","max-image-preview":"max-image-preview:large","max-video-preview":"max-video-preview:-1"},"canonical":"https:\/\/www.sunset-sunside.com\/concert\/avenue-wagram-ft-thierry-maillard-yoann-schmidt\/","og_locale":"en_GB","og_type":"article","og_title":"Avenue Wagram ft. Thierry Maillard &amp; Yoann Schmidt - Sunset Sunside","og_description":"\u00ab Paris \u00bb est le premier album d\u2019Avenue Wagram, un nom \u00e0 la fois prestigieux et myst\u00e9rieux qui dissimule un duo de musiciens bienconnus : le pianiste-clavi\u00e9riste compositeur et arrangeur [&hellip;]","og_url":"https:\/\/www.sunset-sunside.com\/concert\/avenue-wagram-ft-thierry-maillard-yoann-schmidt\/","og_site_name":"Sunset Sunside","article_publisher":"https:\/\/www.facebook.com\/SunsetSunsideJazzClub\/","article_modified_time":"2025-10-30T12:31:52+00:00","og_image":[{"width":1080,"height":1080,"url":"https:\/\/www.sunset-sunside.com\/app\/uploads\/2025\/07\/FLYERS-8.jpg","type":"image\/jpeg"}],"twitter_card":"summary_large_image","twitter_site":"@SunsetSunside","twitter_misc":{"Est. reading time":"2 minutes"},"schema":{"@context":"https:\/\/schema.org","@graph":[{"@type":"WebPage","@id":"https:\/\/www.sunset-sunside.com\/concert\/avenue-wagram-ft-thierry-maillard-yoann-schmidt\/","url":"https:\/\/www.sunset-sunside.com\/concert\/avenue-wagram-ft-thierry-maillard-yoann-schmidt\/","name":"Avenue Wagram ft. Thierry Maillard &amp; Yoann Schmidt - Sunset Sunside","isPartOf":{"@id":"https:\/\/www.sunset-sunside.com\/#website"},"primaryImageOfPage":{"@id":"https:\/\/www.sunset-sunside.com\/concert\/avenue-wagram-ft-thierry-maillard-yoann-schmidt\/#primaryimage"},"image":{"@id":"https:\/\/www.sunset-sunside.com\/concert\/avenue-wagram-ft-thierry-maillard-yoann-schmidt\/#primaryimage"},"thumbnailUrl":"https:\/\/www.sunset-sunside.com\/app\/uploads\/2025\/07\/FLYERS-8.jpg","datePublished":"2025-07-16T10:32:31+00:00","dateModified":"2025-10-30T12:31:52+00:00","breadcrumb":{"@id":"https:\/\/www.sunset-sunside.com\/concert\/avenue-wagram-ft-thierry-maillard-yoann-schmidt\/#breadcrumb"},"inLanguage":"en-GB","potentialAction":[{"@type":"ReadAction","target":["https:\/\/www.sunset-sunside.com\/concert\/avenue-wagram-ft-thierry-maillard-yoann-schmidt\/"]}]},{"@type":"ImageObject","inLanguage":"en-GB","@id":"https:\/\/www.sunset-sunside.com\/concert\/avenue-wagram-ft-thierry-maillard-yoann-schmidt\/#primaryimage","url":"https:\/\/www.sunset-sunside.com\/app\/uploads\/2025\/07\/FLYERS-8.jpg","contentUrl":"https:\/\/www.sunset-sunside.com\/app\/uploads\/2025\/07\/FLYERS-8.jpg","width":1080,"height":1080,"caption":"\u00a9 DR"},{"@type":"BreadcrumbList","@id":"https:\/\/www.sunset-sunside.com\/concert\/avenue-wagram-ft-thierry-maillard-yoann-schmidt\/#breadcrumb","itemListElement":[{"@type":"ListItem","position":1,"name":"Accueil","item":"https:\/\/www.sunset-sunside.com\/"},{"@type":"ListItem","position":2,"name":"\u00c9v\u00e8nements","item":"https:\/\/www.sunset-sunside.com\/concerts\/"},{"@type":"ListItem","position":3,"name":"Avenue Wagram ft. Thierry Maillard &amp; Yoann Schmidt"}]},{"@type":"WebSite","@id":"https:\/\/www.sunset-sunside.com\/#website","url":"https:\/\/www.sunset-sunside.com\/","name":"Sunset Sunside","description":"","potentialAction":[{"@type":"SearchAction","target":{"@type":"EntryPoint","urlTemplate":"https:\/\/www.sunset-sunside.com\/?s={search_term_string}"},"query-input":{"@type":"PropertyValueSpecification","valueRequired":true,"valueName":"search_term_string"}}],"inLanguage":"en-GB"}]}},"publishpress_future_action":{"enabled":false,"date":"2026-04-12 19:01:56","action":"change-status","newStatus":"draft","terms":[],"taxonomy":"post_tag","extraData":[]},"publishpress_future_workflow_manual_trigger":{"enabledWorkflows":[]},"ticketed":["woo"],"_links":{"self":[{"href":"https:\/\/www.sunset-sunside.com\/wp-json\/wp\/v2\/tribe_events\/87661","targetHints":{"allow":["GET"]}}],"collection":[{"href":"https:\/\/www.sunset-sunside.com\/wp-json\/wp\/v2\/tribe_events"}],"about":[{"href":"https:\/\/www.sunset-sunside.com\/wp-json\/wp\/v2\/types\/tribe_events"}],"author":[{"embeddable":true,"href":"https:\/\/www.sunset-sunside.com\/wp-json\/wp\/v2\/users\/2"}],"version-history":[{"count":4,"href":"https:\/\/www.sunset-sunside.com\/wp-json\/wp\/v2\/tribe_events\/87661\/revisions"}],"predecessor-version":[{"id":100459,"href":"https:\/\/www.sunset-sunside.com\/wp-json\/wp\/v2\/tribe_events\/87661\/revisions\/100459"}],"wp:featuredmedia":[{"embeddable":true,"href":"https:\/\/www.sunset-sunside.com\/wp-json\/wp\/v2\/media\/87666"}],"wp:attachment":[{"href":"https:\/\/www.sunset-sunside.com\/wp-json\/wp\/v2\/media?parent=87661"}],"wp:term":[{"taxonomy":"post_tag","embeddable":true,"href":"https:\/\/www.sunset-sunside.com\/wp-json\/wp\/v2\/tags?post=87661"},{"taxonomy":"genre","embeddable":true,"href":"https:\/\/www.sunset-sunside.com\/wp-json\/wp\/v2\/genre?post=87661"},{"taxonomy":"tribe_events_cat","embeddable":true,"href":"https:\/\/www.sunset-sunside.com\/wp-json\/wp\/v2\/tribe_events_cat?post=87661"}],"curies":[{"name":"wp","href":"https:\/\/api.w.org\/{rel}","templated":true}]}}