{"id":87680,"date":"2025-07-16T13:13:10","date_gmt":"2025-07-16T11:13:10","guid":{"rendered":"https:\/\/www.sunset-sunside.com\/?post_type=tribe_events&#038;p=87680"},"modified":"2025-10-09T11:40:40","modified_gmt":"2025-10-09T09:40:40","slug":"clemence-de-tournemire-quartet-a-tribute-to-nina-2","status":"publish","type":"tribe_events","link":"https:\/\/www.sunset-sunside.com\/concert\/clemence-de-tournemire-quartet-a-tribute-to-nina-2\/","title":{"rendered":"Hommage \u00e0 Nina Simone &#8211; Cl\u00e9mence de Tournemire"},"content":{"rendered":"<p>Cl\u00e9mence de Tournemire rend hommage \u00e0 une l\u00e9gende du jazz et de la pop, une artiste pure et engag\u00e9e aux multiples facettes : Nina Simone. Au programme de ce concert, une vingtaine des plus grands succ\u00e8s de la chanteuse, allant de \u00ab\u00a0Sinnerman\u00a0\u00bb \u00e0 \u00ab\u00a0Wild is the wind\u00a0\u00bb (David Bowie) en passant par les grands standards \u00ab\u00a0Love me or leave me\u00a0\u00bb, \u00ab\u00a0Mood Indigo\u00a0\u00bb, \u00ab\u00a0My baby just cares for me\u00a0\u00bb, \u00ab\u00a0I loves you Porgy\u00a0\u00bb, \u00ab\u00a0Feeling good\u00a0\u00bb, \u00ab\u00a0Ain\u2019t got no, I got life\u00a0\u00bb, \u00ab\u00a0Little girl blue\u00a0\u00bb, \u00ab\u00a0For all we know\u00a0\u00bb\u2026<\/p>\n","protected":false},"excerpt":{"rendered":"<p>Cl\u00e9mence de Tournemire rend hommage \u00e0 une l\u00e9gende du jazz et de la pop, une artiste pure et engag\u00e9e aux multiples facettes : Nina Simone. Au programme de ce concert, [&hellip;]<\/p>\n","protected":false},"author":2,"featured_media":51270,"template":"","meta":{"_acf_changed":false,"_price":"","_stock":"","_tribe_ticket_header":"","_tribe_default_ticket_provider":"Tribe__Tickets_Plus__Commerce__WooCommerce__Main","_tribe_ticket_capacity":"92","_ticket_start_date":"","_ticket_end_date":"","_tribe_ticket_show_description":"","_tribe_ticket_show_not_going":false,"_tribe_ticket_use_global_stock":"1","_tribe_ticket_global_stock_level":"0","_global_stock_mode":"","_global_stock_cap":"","_tribe_rsvp_for_event":"","_tribe_ticket_going_count":"","_tribe_ticket_not_going_count":"","_tribe_tickets_list":"[{\"id\":87681,\"type\":\"default\",\"title\":\"Tarif adh\\u00e9rent\",\"description\":\"\",\"capacityType\":\"global\",\"price\":20,\"capacity\":92,\"available\":0,\"sharedCapacity\":92,\"sold\":0,\"shareSold\":0,\"isShared\":true,\"currencyDecimalPoint\":\",\",\"currencyNumberOfDecimals\":2,\"currencyPosition\":\"prefix\",\"currencySymbol\":\"$\",\"currencyThousandsSep\":\"\"},{\"id\":87682,\"type\":\"default\",\"title\":\"Tarif plein\",\"description\":\"\",\"capacityType\":\"global\",\"price\":25,\"capacity\":92,\"available\":0,\"sharedCapacity\":92,\"sold\":84,\"shareSold\":84,\"isShared\":true,\"currencyDecimalPoint\":\",\",\"currencyNumberOfDecimals\":2,\"currencyPosition\":\"prefix\",\"currencySymbol\":\"$\",\"currencyThousandsSep\":\"\"}]","_tribe_ticket_has_attendee_info_fields":false,"_tribe_events_status":"","_tribe_events_status_reason":"","footnotes":"","_tec_slr_enabled":"","_tec_slr_layout":""},"tags":[],"genre":[65],"tribe_events_cat":[213,214,215,216],"class_list":["post-87680","tribe_events","type-tribe_events","status-publish","has-post-thumbnail","hentry","genre-jazz-vocal","tribe_events_cat-albums-du-mois","tribe_events_cat-coup-de-coeur","tribe_events_cat-decouvertes","tribe_events_cat-evenements","cat_albums-du-mois","cat_coup-de-coeur","cat_decouvertes","cat_evenements"],"acf":[],"yoast_head":"<!-- This site is optimized with the Yoast SEO plugin v25.7 - https:\/\/yoast.com\/wordpress\/plugins\/seo\/ -->\n<title>Hommage \u00e0 Nina Simone - Cl\u00e9mence de Tournemire - Sunset Sunside<\/title>\n<meta name=\"robots\" content=\"index, follow, max-snippet:-1, max-image-preview:large, max-video-preview:-1\" \/>\n<link rel=\"canonical\" href=\"https:\/\/www.sunset-sunside.com\/concert\/clemence-de-tournemire-quartet-a-tribute-to-nina-2\/\" \/>\n<meta property=\"og:locale\" content=\"fr_FR\" \/>\n<meta property=\"og:type\" content=\"article\" \/>\n<meta property=\"og:title\" content=\"Hommage \u00e0 Nina Simone - Cl\u00e9mence de Tournemire - Sunset Sunside\" \/>\n<meta property=\"og:description\" content=\"Cl\u00e9mence de Tournemire rend hommage \u00e0 une l\u00e9gende du jazz et de la pop, une artiste pure et engag\u00e9e aux multiples facettes : Nina Simone. Au programme de ce concert, [&hellip;]\" \/>\n<meta property=\"og:url\" content=\"https:\/\/www.sunset-sunside.com\/concert\/clemence-de-tournemire-quartet-a-tribute-to-nina-2\/\" \/>\n<meta property=\"og:site_name\" content=\"Sunset Sunside\" \/>\n<meta property=\"article:publisher\" content=\"https:\/\/www.facebook.com\/SunsetSunsideJazzClub\/\" \/>\n<meta property=\"article:modified_time\" content=\"2025-10-09T09:40:40+00:00\" \/>\n<meta property=\"og:image\" content=\"https:\/\/www.sunset-sunside.com\/app\/uploads\/2025\/01\/Capture-decran-2025-01-13-a-18.57.10.jpg\" \/>\n\t<meta property=\"og:image:width\" content=\"1428\" \/>\n\t<meta property=\"og:image:height\" content=\"1428\" \/>\n\t<meta property=\"og:image:type\" content=\"image\/jpeg\" \/>\n<meta name=\"twitter:card\" content=\"summary_large_image\" \/>\n<meta name=\"twitter:site\" content=\"@SunsetSunside\" \/>\n<meta name=\"twitter:label1\" content=\"Dur\u00e9e de lecture estim\u00e9e\" \/>\n\t<meta name=\"twitter:data1\" content=\"1 minute\" \/>\n<script type=\"application\/ld+json\" class=\"yoast-schema-graph\">{\"@context\":\"https:\/\/schema.org\",\"@graph\":[{\"@type\":\"WebPage\",\"@id\":\"https:\/\/www.sunset-sunside.com\/concert\/clemence-de-tournemire-quartet-a-tribute-to-nina-2\/\",\"url\":\"https:\/\/www.sunset-sunside.com\/concert\/clemence-de-tournemire-quartet-a-tribute-to-nina-2\/\",\"name\":\"Hommage \u00e0 Nina Simone - Cl\u00e9mence de Tournemire - Sunset Sunside\",\"isPartOf\":{\"@id\":\"https:\/\/www.sunset-sunside.com\/#website\"},\"primaryImageOfPage\":{\"@id\":\"https:\/\/www.sunset-sunside.com\/concert\/clemence-de-tournemire-quartet-a-tribute-to-nina-2\/#primaryimage\"},\"image\":{\"@id\":\"https:\/\/www.sunset-sunside.com\/concert\/clemence-de-tournemire-quartet-a-tribute-to-nina-2\/#primaryimage\"},\"thumbnailUrl\":\"https:\/\/www.sunset-sunside.com\/app\/uploads\/2025\/01\/Capture-decran-2025-01-13-a-18.57.10.jpg\",\"datePublished\":\"2025-07-16T11:13:10+00:00\",\"dateModified\":\"2025-10-09T09:40:40+00:00\",\"breadcrumb\":{\"@id\":\"https:\/\/www.sunset-sunside.com\/concert\/clemence-de-tournemire-quartet-a-tribute-to-nina-2\/#breadcrumb\"},\"inLanguage\":\"fr-FR\",\"potentialAction\":[{\"@type\":\"ReadAction\",\"target\":[\"https:\/\/www.sunset-sunside.com\/concert\/clemence-de-tournemire-quartet-a-tribute-to-nina-2\/\"]}]},{\"@type\":\"ImageObject\",\"inLanguage\":\"fr-FR\",\"@id\":\"https:\/\/www.sunset-sunside.com\/concert\/clemence-de-tournemire-quartet-a-tribute-to-nina-2\/#primaryimage\",\"url\":\"https:\/\/www.sunset-sunside.com\/app\/uploads\/2025\/01\/Capture-decran-2025-01-13-a-18.57.10.jpg\",\"contentUrl\":\"https:\/\/www.sunset-sunside.com\/app\/uploads\/2025\/01\/Capture-decran-2025-01-13-a-18.57.10.jpg\",\"width\":1428,\"height\":1428},{\"@type\":\"BreadcrumbList\",\"@id\":\"https:\/\/www.sunset-sunside.com\/concert\/clemence-de-tournemire-quartet-a-tribute-to-nina-2\/#breadcrumb\",\"itemListElement\":[{\"@type\":\"ListItem\",\"position\":1,\"name\":\"Accueil\",\"item\":\"https:\/\/www.sunset-sunside.com\/\"},{\"@type\":\"ListItem\",\"position\":2,\"name\":\"\u00c9v\u00e8nements\",\"item\":\"https:\/\/www.sunset-sunside.com\/concerts\/\"},{\"@type\":\"ListItem\",\"position\":3,\"name\":\"Hommage \u00e0 Nina Simone &#8211; Cl\u00e9mence de Tournemire\"}]},{\"@type\":\"WebSite\",\"@id\":\"https:\/\/www.sunset-sunside.com\/#website\",\"url\":\"https:\/\/www.sunset-sunside.com\/\",\"name\":\"Sunset Sunside\",\"description\":\"\",\"potentialAction\":[{\"@type\":\"SearchAction\",\"target\":{\"@type\":\"EntryPoint\",\"urlTemplate\":\"https:\/\/www.sunset-sunside.com\/?s={search_term_string}\"},\"query-input\":{\"@type\":\"PropertyValueSpecification\",\"valueRequired\":true,\"valueName\":\"search_term_string\"}}],\"inLanguage\":\"fr-FR\"}]}<\/script>\n<!-- \/ Yoast SEO plugin. -->","yoast_head_json":{"title":"Hommage \u00e0 Nina Simone - Cl\u00e9mence de Tournemire - Sunset Sunside","robots":{"index":"index","follow":"follow","max-snippet":"max-snippet:-1","max-image-preview":"max-image-preview:large","max-video-preview":"max-video-preview:-1"},"canonical":"https:\/\/www.sunset-sunside.com\/concert\/clemence-de-tournemire-quartet-a-tribute-to-nina-2\/","og_locale":"fr_FR","og_type":"article","og_title":"Hommage \u00e0 Nina Simone - Cl\u00e9mence de Tournemire - Sunset Sunside","og_description":"Cl\u00e9mence de Tournemire rend hommage \u00e0 une l\u00e9gende du jazz et de la pop, une artiste pure et engag\u00e9e aux multiples facettes : Nina Simone. Au programme de ce concert, [&hellip;]","og_url":"https:\/\/www.sunset-sunside.com\/concert\/clemence-de-tournemire-quartet-a-tribute-to-nina-2\/","og_site_name":"Sunset Sunside","article_publisher":"https:\/\/www.facebook.com\/SunsetSunsideJazzClub\/","article_modified_time":"2025-10-09T09:40:40+00:00","og_image":[{"width":1428,"height":1428,"url":"https:\/\/www.sunset-sunside.com\/app\/uploads\/2025\/01\/Capture-decran-2025-01-13-a-18.57.10.jpg","type":"image\/jpeg"}],"twitter_card":"summary_large_image","twitter_site":"@SunsetSunside","twitter_misc":{"Dur\u00e9e de lecture estim\u00e9e":"1 minute"},"schema":{"@context":"https:\/\/schema.org","@graph":[{"@type":"WebPage","@id":"https:\/\/www.sunset-sunside.com\/concert\/clemence-de-tournemire-quartet-a-tribute-to-nina-2\/","url":"https:\/\/www.sunset-sunside.com\/concert\/clemence-de-tournemire-quartet-a-tribute-to-nina-2\/","name":"Hommage \u00e0 Nina Simone - Cl\u00e9mence de Tournemire - Sunset Sunside","isPartOf":{"@id":"https:\/\/www.sunset-sunside.com\/#website"},"primaryImageOfPage":{"@id":"https:\/\/www.sunset-sunside.com\/concert\/clemence-de-tournemire-quartet-a-tribute-to-nina-2\/#primaryimage"},"image":{"@id":"https:\/\/www.sunset-sunside.com\/concert\/clemence-de-tournemire-quartet-a-tribute-to-nina-2\/#primaryimage"},"thumbnailUrl":"https:\/\/www.sunset-sunside.com\/app\/uploads\/2025\/01\/Capture-decran-2025-01-13-a-18.57.10.jpg","datePublished":"2025-07-16T11:13:10+00:00","dateModified":"2025-10-09T09:40:40+00:00","breadcrumb":{"@id":"https:\/\/www.sunset-sunside.com\/concert\/clemence-de-tournemire-quartet-a-tribute-to-nina-2\/#breadcrumb"},"inLanguage":"fr-FR","potentialAction":[{"@type":"ReadAction","target":["https:\/\/www.sunset-sunside.com\/concert\/clemence-de-tournemire-quartet-a-tribute-to-nina-2\/"]}]},{"@type":"ImageObject","inLanguage":"fr-FR","@id":"https:\/\/www.sunset-sunside.com\/concert\/clemence-de-tournemire-quartet-a-tribute-to-nina-2\/#primaryimage","url":"https:\/\/www.sunset-sunside.com\/app\/uploads\/2025\/01\/Capture-decran-2025-01-13-a-18.57.10.jpg","contentUrl":"https:\/\/www.sunset-sunside.com\/app\/uploads\/2025\/01\/Capture-decran-2025-01-13-a-18.57.10.jpg","width":1428,"height":1428},{"@type":"BreadcrumbList","@id":"https:\/\/www.sunset-sunside.com\/concert\/clemence-de-tournemire-quartet-a-tribute-to-nina-2\/#breadcrumb","itemListElement":[{"@type":"ListItem","position":1,"name":"Accueil","item":"https:\/\/www.sunset-sunside.com\/"},{"@type":"ListItem","position":2,"name":"\u00c9v\u00e8nements","item":"https:\/\/www.sunset-sunside.com\/concerts\/"},{"@type":"ListItem","position":3,"name":"Hommage \u00e0 Nina Simone &#8211; Cl\u00e9mence de Tournemire"}]},{"@type":"WebSite","@id":"https:\/\/www.sunset-sunside.com\/#website","url":"https:\/\/www.sunset-sunside.com\/","name":"Sunset Sunside","description":"","potentialAction":[{"@type":"SearchAction","target":{"@type":"EntryPoint","urlTemplate":"https:\/\/www.sunset-sunside.com\/?s={search_term_string}"},"query-input":{"@type":"PropertyValueSpecification","valueRequired":true,"valueName":"search_term_string"}}],"inLanguage":"fr-FR"}]}},"publishpress_future_action":{"enabled":false,"date":"2026-04-12 19:01:37","action":"change-status","newStatus":"draft","terms":[],"taxonomy":"post_tag","extraData":[]},"publishpress_future_workflow_manual_trigger":{"enabledWorkflows":[]},"ticketed":["woo"],"_links":{"self":[{"href":"https:\/\/www.sunset-sunside.com\/wp-json\/wp\/v2\/tribe_events\/87680","targetHints":{"allow":["GET"]}}],"collection":[{"href":"https:\/\/www.sunset-sunside.com\/wp-json\/wp\/v2\/tribe_events"}],"about":[{"href":"https:\/\/www.sunset-sunside.com\/wp-json\/wp\/v2\/types\/tribe_events"}],"author":[{"embeddable":true,"href":"https:\/\/www.sunset-sunside.com\/wp-json\/wp\/v2\/users\/2"}],"version-history":[{"count":5,"href":"https:\/\/www.sunset-sunside.com\/wp-json\/wp\/v2\/tribe_events\/87680\/revisions"}],"predecessor-version":[{"id":97001,"href":"https:\/\/www.sunset-sunside.com\/wp-json\/wp\/v2\/tribe_events\/87680\/revisions\/97001"}],"wp:featuredmedia":[{"embeddable":true,"href":"https:\/\/www.sunset-sunside.com\/wp-json\/wp\/v2\/media\/51270"}],"wp:attachment":[{"href":"https:\/\/www.sunset-sunside.com\/wp-json\/wp\/v2\/media?parent=87680"}],"wp:term":[{"taxonomy":"post_tag","embeddable":true,"href":"https:\/\/www.sunset-sunside.com\/wp-json\/wp\/v2\/tags?post=87680"},{"taxonomy":"genre","embeddable":true,"href":"https:\/\/www.sunset-sunside.com\/wp-json\/wp\/v2\/genre?post=87680"},{"taxonomy":"tribe_events_cat","embeddable":true,"href":"https:\/\/www.sunset-sunside.com\/wp-json\/wp\/v2\/tribe_events_cat?post=87680"}],"curies":[{"name":"wp","href":"https:\/\/api.w.org\/{rel}","templated":true}]}}