{"id":88448,"date":"2025-07-22T14:16:26","date_gmt":"2025-07-22T12:16:26","guid":{"rendered":"https:\/\/www.sunset-sunside.com\/?post_type=tribe_events&#038;p=88448"},"modified":"2025-10-13T11:42:50","modified_gmt":"2025-10-13T09:42:50","slug":"joel-frahm-trio","status":"publish","type":"tribe_events","link":"https:\/\/www.sunset-sunside.com\/concert\/joel-frahm-trio\/","title":{"rendered":"Joel Frahm Trio"},"content":{"rendered":"<p>Rejoignez le Joel Frahm Trio au Sunset\/Sunside \u00e0 Paris le 23 octobre 2025 pour une soir\u00e9e \u00e9lectrisante de jazz moderne !<\/p>\n<p>Au cours des cinq derni\u00e8res ann\u00e9es, le trio s&#8217;est forg\u00e9 une r\u00e9putation internationale en se produisant dans les plus grandes salles du monde, notamment Smalls, Bimhuis, Bird&#8217;s Eye, Jazzhus Montmartre et Pizza Express. Ce concert marque l&#8217;\u00e9tape parisienne de leur derni\u00e8re tourn\u00e9e, c\u00e9l\u00e9brant le succ\u00e8s continu de leur album acclam\u00e9 par la critique, Lumination (Anzic Records).<\/p>\n<p>R\u00e9put\u00e9 pour ses improvisations audacieuses, son swing profond et son alchimie ind\u00e9niable, le Joel Frahm Trio offre au public une soir\u00e9e plac\u00e9e sous le signe de l&#8217;audace artistique et de l&#8217;exploration cr\u00e9ative. Apr\u00e8s une tourn\u00e9e couronn\u00e9e de succ\u00e8s en Croatie et en Espagne, le trio ram\u00e8ne son son dynamique en France pour une soir\u00e9e musicale qui s&#8217;annonce m\u00e9morable.<\/p>\n","protected":false},"excerpt":{"rendered":"<p>Rejoignez le Joel Frahm Trio au Sunset\/Sunside \u00e0 Paris le 23 octobre 2025 pour une soir\u00e9e \u00e9lectrisante de jazz moderne ! Au cours des cinq derni\u00e8res ann\u00e9es, le trio s&#8217;est [&hellip;]<\/p>\n","protected":false},"author":2,"featured_media":88461,"template":"","meta":{"_acf_changed":false,"_price":"","_stock":"","_tribe_ticket_header":"","_tribe_default_ticket_provider":"Tribe__Tickets_Plus__Commerce__WooCommerce__Main","_tribe_ticket_capacity":"90","_ticket_start_date":"","_ticket_end_date":"","_tribe_ticket_show_description":"","_tribe_ticket_show_not_going":false,"_tribe_ticket_use_global_stock":"1","_tribe_ticket_global_stock_level":"47","_global_stock_mode":"","_global_stock_cap":"","_tribe_rsvp_for_event":"","_tribe_ticket_going_count":"","_tribe_ticket_not_going_count":"","_tribe_tickets_list":"[{\"id\":88449,\"type\":\"default\",\"title\":\"Tarif r\\u00e9duit\",\"description\":\"Tarif r\\u00e9serv\\u00e9 aux \\u00e9tudiants de moins de 25 ans, ch\\u00f4meurs et intermittents du spectacle. Pr\\u00e9sentation obligatoire d\\u2019un justificatif \\u00e0 l\\u2019entr\\u00e9e. \\r\\nUn suppl\\u00e9ment vous sera demand\\u00e9 pour non pr\\u00e9sentation de justificatif. \",\"capacityType\":\"global\",\"price\":25,\"capacity\":90,\"available\":47,\"sharedCapacity\":90,\"sold\":9,\"shareSold\":9,\"isShared\":true,\"currencyDecimalPoint\":\",\",\"currencyNumberOfDecimals\":2,\"currencyPosition\":\"prefix\",\"currencySymbol\":\"$\",\"currencyThousandsSep\":\"\"},{\"id\":88450,\"type\":\"default\",\"title\":\"Tarif adh\\u00e9rent\",\"description\":\"\",\"capacityType\":\"global\",\"price\":30,\"capacity\":90,\"available\":47,\"sharedCapacity\":90,\"sold\":0,\"shareSold\":0,\"isShared\":true,\"currencyDecimalPoint\":\",\",\"currencyNumberOfDecimals\":2,\"currencyPosition\":\"prefix\",\"currencySymbol\":\"$\",\"currencyThousandsSep\":\"\"},{\"id\":88451,\"type\":\"default\",\"title\":\"Tarif plein*\",\"description\":\"\",\"capacityType\":\"global\",\"price\":35,\"capacity\":90,\"available\":47,\"sharedCapacity\":90,\"sold\":31,\"shareSold\":31,\"isShared\":true,\"currencyDecimalPoint\":\",\",\"currencyNumberOfDecimals\":2,\"currencyPosition\":\"prefix\",\"currencySymbol\":\"$\",\"currencyThousandsSep\":\"\"}]","_tribe_ticket_has_attendee_info_fields":false,"_tribe_events_status":"","_tribe_events_status_reason":"","footnotes":"","_tec_slr_enabled":"","_tec_slr_layout":""},"tags":[],"genre":[68],"tribe_events_cat":[213,269,214,215,216],"class_list":["post-88448","tribe_events","type-tribe_events","status-publish","has-post-thumbnail","hentry","genre-jazz-legend","tribe_events_cat-albums-du-mois","tribe_events_cat-coming-soon","tribe_events_cat-coup-de-coeur","tribe_events_cat-decouvertes","tribe_events_cat-evenements","cat_albums-du-mois","cat_coming-soon","cat_coup-de-coeur","cat_decouvertes","cat_evenements"],"acf":[],"yoast_head":"<!-- This site is optimized with the Yoast SEO plugin v25.7 - https:\/\/yoast.com\/wordpress\/plugins\/seo\/ -->\n<title>Joel Frahm Trio - Sunset Sunside<\/title>\n<meta name=\"robots\" content=\"index, follow, max-snippet:-1, max-image-preview:large, max-video-preview:-1\" \/>\n<link rel=\"canonical\" href=\"https:\/\/www.sunset-sunside.com\/concert\/joel-frahm-trio\/\" \/>\n<meta property=\"og:locale\" content=\"en_GB\" \/>\n<meta property=\"og:type\" content=\"article\" \/>\n<meta property=\"og:title\" content=\"Joel Frahm Trio - Sunset Sunside\" \/>\n<meta property=\"og:description\" content=\"Rejoignez le Joel Frahm Trio au Sunset\/Sunside \u00e0 Paris le 23 octobre 2025 pour une soir\u00e9e \u00e9lectrisante de jazz moderne ! Au cours des cinq derni\u00e8res ann\u00e9es, le trio s&#8217;est [&hellip;]\" \/>\n<meta property=\"og:url\" content=\"https:\/\/www.sunset-sunside.com\/concert\/joel-frahm-trio\/\" \/>\n<meta property=\"og:site_name\" content=\"Sunset Sunside\" \/>\n<meta property=\"article:publisher\" content=\"https:\/\/www.facebook.com\/SunsetSunsideJazzClub\/\" \/>\n<meta property=\"article:modified_time\" content=\"2025-10-13T09:42:50+00:00\" \/>\n<meta property=\"og:image\" content=\"https:\/\/www.sunset-sunside.com\/app\/uploads\/2025\/07\/Format-carre-2.jpg\" \/>\n\t<meta property=\"og:image:width\" content=\"600\" \/>\n\t<meta property=\"og:image:height\" content=\"600\" \/>\n\t<meta property=\"og:image:type\" content=\"image\/jpeg\" \/>\n<meta name=\"twitter:card\" content=\"summary_large_image\" \/>\n<meta name=\"twitter:site\" content=\"@SunsetSunside\" \/>\n<meta name=\"twitter:label1\" content=\"Est. reading time\" \/>\n\t<meta name=\"twitter:data1\" content=\"1 minute\" \/>\n<script type=\"application\/ld+json\" class=\"yoast-schema-graph\">{\"@context\":\"https:\/\/schema.org\",\"@graph\":[{\"@type\":\"WebPage\",\"@id\":\"https:\/\/www.sunset-sunside.com\/concert\/joel-frahm-trio\/\",\"url\":\"https:\/\/www.sunset-sunside.com\/concert\/joel-frahm-trio\/\",\"name\":\"Joel Frahm Trio - Sunset Sunside\",\"isPartOf\":{\"@id\":\"https:\/\/www.sunset-sunside.com\/#website\"},\"primaryImageOfPage\":{\"@id\":\"https:\/\/www.sunset-sunside.com\/concert\/joel-frahm-trio\/#primaryimage\"},\"image\":{\"@id\":\"https:\/\/www.sunset-sunside.com\/concert\/joel-frahm-trio\/#primaryimage\"},\"thumbnailUrl\":\"https:\/\/www.sunset-sunside.com\/app\/uploads\/2025\/07\/Format-carre-2.jpg\",\"datePublished\":\"2025-07-22T12:16:26+00:00\",\"dateModified\":\"2025-10-13T09:42:50+00:00\",\"breadcrumb\":{\"@id\":\"https:\/\/www.sunset-sunside.com\/concert\/joel-frahm-trio\/#breadcrumb\"},\"inLanguage\":\"en-GB\",\"potentialAction\":[{\"@type\":\"ReadAction\",\"target\":[\"https:\/\/www.sunset-sunside.com\/concert\/joel-frahm-trio\/\"]}]},{\"@type\":\"ImageObject\",\"inLanguage\":\"en-GB\",\"@id\":\"https:\/\/www.sunset-sunside.com\/concert\/joel-frahm-trio\/#primaryimage\",\"url\":\"https:\/\/www.sunset-sunside.com\/app\/uploads\/2025\/07\/Format-carre-2.jpg\",\"contentUrl\":\"https:\/\/www.sunset-sunside.com\/app\/uploads\/2025\/07\/Format-carre-2.jpg\",\"width\":600,\"height\":600,\"caption\":\"\u00a9 DR\"},{\"@type\":\"BreadcrumbList\",\"@id\":\"https:\/\/www.sunset-sunside.com\/concert\/joel-frahm-trio\/#breadcrumb\",\"itemListElement\":[{\"@type\":\"ListItem\",\"position\":1,\"name\":\"Accueil\",\"item\":\"https:\/\/www.sunset-sunside.com\/\"},{\"@type\":\"ListItem\",\"position\":2,\"name\":\"\u00c9v\u00e8nements\",\"item\":\"https:\/\/www.sunset-sunside.com\/concerts\/\"},{\"@type\":\"ListItem\",\"position\":3,\"name\":\"Joel Frahm Trio\"}]},{\"@type\":\"WebSite\",\"@id\":\"https:\/\/www.sunset-sunside.com\/#website\",\"url\":\"https:\/\/www.sunset-sunside.com\/\",\"name\":\"Sunset Sunside\",\"description\":\"\",\"potentialAction\":[{\"@type\":\"SearchAction\",\"target\":{\"@type\":\"EntryPoint\",\"urlTemplate\":\"https:\/\/www.sunset-sunside.com\/?s={search_term_string}\"},\"query-input\":{\"@type\":\"PropertyValueSpecification\",\"valueRequired\":true,\"valueName\":\"search_term_string\"}}],\"inLanguage\":\"en-GB\"}]}<\/script>\n<!-- \/ Yoast SEO plugin. -->","yoast_head_json":{"title":"Joel Frahm Trio - Sunset Sunside","robots":{"index":"index","follow":"follow","max-snippet":"max-snippet:-1","max-image-preview":"max-image-preview:large","max-video-preview":"max-video-preview:-1"},"canonical":"https:\/\/www.sunset-sunside.com\/concert\/joel-frahm-trio\/","og_locale":"en_GB","og_type":"article","og_title":"Joel Frahm Trio - Sunset Sunside","og_description":"Rejoignez le Joel Frahm Trio au Sunset\/Sunside \u00e0 Paris le 23 octobre 2025 pour une soir\u00e9e \u00e9lectrisante de jazz moderne ! Au cours des cinq derni\u00e8res ann\u00e9es, le trio s&#8217;est [&hellip;]","og_url":"https:\/\/www.sunset-sunside.com\/concert\/joel-frahm-trio\/","og_site_name":"Sunset Sunside","article_publisher":"https:\/\/www.facebook.com\/SunsetSunsideJazzClub\/","article_modified_time":"2025-10-13T09:42:50+00:00","og_image":[{"width":600,"height":600,"url":"https:\/\/www.sunset-sunside.com\/app\/uploads\/2025\/07\/Format-carre-2.jpg","type":"image\/jpeg"}],"twitter_card":"summary_large_image","twitter_site":"@SunsetSunside","twitter_misc":{"Est. reading time":"1 minute"},"schema":{"@context":"https:\/\/schema.org","@graph":[{"@type":"WebPage","@id":"https:\/\/www.sunset-sunside.com\/concert\/joel-frahm-trio\/","url":"https:\/\/www.sunset-sunside.com\/concert\/joel-frahm-trio\/","name":"Joel Frahm Trio - Sunset Sunside","isPartOf":{"@id":"https:\/\/www.sunset-sunside.com\/#website"},"primaryImageOfPage":{"@id":"https:\/\/www.sunset-sunside.com\/concert\/joel-frahm-trio\/#primaryimage"},"image":{"@id":"https:\/\/www.sunset-sunside.com\/concert\/joel-frahm-trio\/#primaryimage"},"thumbnailUrl":"https:\/\/www.sunset-sunside.com\/app\/uploads\/2025\/07\/Format-carre-2.jpg","datePublished":"2025-07-22T12:16:26+00:00","dateModified":"2025-10-13T09:42:50+00:00","breadcrumb":{"@id":"https:\/\/www.sunset-sunside.com\/concert\/joel-frahm-trio\/#breadcrumb"},"inLanguage":"en-GB","potentialAction":[{"@type":"ReadAction","target":["https:\/\/www.sunset-sunside.com\/concert\/joel-frahm-trio\/"]}]},{"@type":"ImageObject","inLanguage":"en-GB","@id":"https:\/\/www.sunset-sunside.com\/concert\/joel-frahm-trio\/#primaryimage","url":"https:\/\/www.sunset-sunside.com\/app\/uploads\/2025\/07\/Format-carre-2.jpg","contentUrl":"https:\/\/www.sunset-sunside.com\/app\/uploads\/2025\/07\/Format-carre-2.jpg","width":600,"height":600,"caption":"\u00a9 DR"},{"@type":"BreadcrumbList","@id":"https:\/\/www.sunset-sunside.com\/concert\/joel-frahm-trio\/#breadcrumb","itemListElement":[{"@type":"ListItem","position":1,"name":"Accueil","item":"https:\/\/www.sunset-sunside.com\/"},{"@type":"ListItem","position":2,"name":"\u00c9v\u00e8nements","item":"https:\/\/www.sunset-sunside.com\/concerts\/"},{"@type":"ListItem","position":3,"name":"Joel Frahm Trio"}]},{"@type":"WebSite","@id":"https:\/\/www.sunset-sunside.com\/#website","url":"https:\/\/www.sunset-sunside.com\/","name":"Sunset Sunside","description":"","potentialAction":[{"@type":"SearchAction","target":{"@type":"EntryPoint","urlTemplate":"https:\/\/www.sunset-sunside.com\/?s={search_term_string}"},"query-input":{"@type":"PropertyValueSpecification","valueRequired":true,"valueName":"search_term_string"}}],"inLanguage":"en-GB"}]}},"publishpress_future_action":{"enabled":false,"date":"2026-04-12 18:55:02","action":"change-status","newStatus":"draft","terms":[],"taxonomy":"post_tag","extraData":[]},"publishpress_future_workflow_manual_trigger":{"enabledWorkflows":[]},"ticketed":["woo"],"_links":{"self":[{"href":"https:\/\/www.sunset-sunside.com\/wp-json\/wp\/v2\/tribe_events\/88448","targetHints":{"allow":["GET"]}}],"collection":[{"href":"https:\/\/www.sunset-sunside.com\/wp-json\/wp\/v2\/tribe_events"}],"about":[{"href":"https:\/\/www.sunset-sunside.com\/wp-json\/wp\/v2\/types\/tribe_events"}],"author":[{"embeddable":true,"href":"https:\/\/www.sunset-sunside.com\/wp-json\/wp\/v2\/users\/2"}],"version-history":[{"count":4,"href":"https:\/\/www.sunset-sunside.com\/wp-json\/wp\/v2\/tribe_events\/88448\/revisions"}],"predecessor-version":[{"id":88956,"href":"https:\/\/www.sunset-sunside.com\/wp-json\/wp\/v2\/tribe_events\/88448\/revisions\/88956"}],"wp:featuredmedia":[{"embeddable":true,"href":"https:\/\/www.sunset-sunside.com\/wp-json\/wp\/v2\/media\/88461"}],"wp:attachment":[{"href":"https:\/\/www.sunset-sunside.com\/wp-json\/wp\/v2\/media?parent=88448"}],"wp:term":[{"taxonomy":"post_tag","embeddable":true,"href":"https:\/\/www.sunset-sunside.com\/wp-json\/wp\/v2\/tags?post=88448"},{"taxonomy":"genre","embeddable":true,"href":"https:\/\/www.sunset-sunside.com\/wp-json\/wp\/v2\/genre?post=88448"},{"taxonomy":"tribe_events_cat","embeddable":true,"href":"https:\/\/www.sunset-sunside.com\/wp-json\/wp\/v2\/tribe_events_cat?post=88448"}],"curies":[{"name":"wp","href":"https:\/\/api.w.org\/{rel}","templated":true}]}}