{"id":88452,"date":"2025-07-22T14:08:37","date_gmt":"2025-07-22T12:08:37","guid":{"rendered":"https:\/\/www.sunset-sunside.com\/?post_type=tribe_events&#038;p=88452"},"modified":"2025-10-16T18:00:24","modified_gmt":"2025-10-16T16:00:24","slug":"kevin-reveyrand-trio","status":"publish","type":"tribe_events","link":"https:\/\/www.sunset-sunside.com\/concert\/kevin-reveyrand-trio\/","title":{"rendered":"KEVIN REVEYRAND TRIO FT. CELINE BONACINA"},"content":{"rendered":"<p>&#8220;Bassiste virtuose et compositeur sensible&#8221; &#8211; Jazz Magazine<br \/>\n&#8220;Un vrai sens de la m\u00e9lodie&#8221; &#8211; Action Jazz<br \/>\n&#8220;Un son pur, une \u00e9l\u00e9gance de phras\u00e9&#8221; &#8211; Bassiste Magazine<\/p>\n<p>&nbsp;<\/p>\n<p>En parall\u00e8le d\u2019une brillante carri\u00e8re de sideman, Kevin Reveyrand poursuit un parcours de compositeur libre et sans fronti\u00e8res.<\/p>\n<p>En live, l\u2019album Extended Minimalism Vol.1 prend vie \u00e0 travers un trio audacieux \u2013 basse, violoncelle et batterie \u2013 Ensemble, ils offrent une relecture vivante et organique de l\u2019album, m\u00ealant \u00e9criture singuli\u00e8re et improvisation libre.<\/p>\n<p>Ce trio audacieux propose une exp\u00e9rience musicale immersive, en constante \u00e9volution, qui reste fid\u00e8le \u00e0 l\u2019\u00e2me intime du projet studio tout en lui insufflant une nouvelle \u00e9nergie, vibrante et impr\u00e9visible\u2026<\/p>\n<p>&nbsp;<\/p>\n<p>&nbsp;<\/p>\n<p>__________<\/p>\n<p>&nbsp;<\/p>\n<p>&#8220;A virtuoso bassist and a deeply sensitive composer&#8221;, Jazz Magazine<br \/>\n&#8220;Melodic and beautifully crafted compositions&#8221;, Jazz News<br \/>\n&#8220;A fascinating musical journey, C\u00e9dric Pichot&#8221;, Action Jazz<\/p>\n<p>\nAlongside a brilliant career as a sideman, Kevin Reveyrand pursues a career as a free and boundary-free composer.<\/p>\n<p>Live, the album Extended Minimalism Vol. 1 comes to life through a daring trio\u2014bass, cello, and drums. Together, they offer a lively and organic reinterpretation of the album, blending unique writing and free improvisation.<\/p>\n<p>This daring trio offers an immersive, constantly evolving musical experience that remains faithful to the intimate soul of the studio project while infusing it with a new, vibrant, and unpredictable energy.<\/p>\n","protected":false},"excerpt":{"rendered":"<p>&#8220;Bassiste virtuose et compositeur sensible&#8221; &#8211; Jazz Magazine &#8220;Un vrai sens de la m\u00e9lodie&#8221; &#8211; Action Jazz &#8220;Un son pur, une \u00e9l\u00e9gance de phras\u00e9&#8221; &#8211; Bassiste Magazine &nbsp; En parall\u00e8le [&hellip;]<\/p>\n","protected":false},"author":2,"featured_media":88628,"template":"","meta":{"_acf_changed":false,"_price":"","_stock":"","_tribe_ticket_header":"","_tribe_default_ticket_provider":"Tribe__Tickets_Plus__Commerce__WooCommerce__Main","_tribe_ticket_capacity":"100","_ticket_start_date":"","_ticket_end_date":"","_tribe_ticket_show_description":"","_tribe_ticket_show_not_going":false,"_tribe_ticket_use_global_stock":"1","_tribe_ticket_global_stock_level":"30","_global_stock_mode":"","_global_stock_cap":"","_tribe_rsvp_for_event":"","_tribe_ticket_going_count":"","_tribe_ticket_not_going_count":"","_tribe_tickets_list":"[{\"id\":88454,\"type\":\"default\",\"title\":\"Tarif plein*\",\"description\":\"\",\"capacityType\":\"global\",\"price\":25,\"capacity\":100,\"available\":30,\"sharedCapacity\":100,\"sold\":46,\"shareSold\":46,\"isShared\":true,\"currencyDecimalPoint\":\",\",\"currencyNumberOfDecimals\":2,\"currencyPosition\":\"prefix\",\"currencySymbol\":\"$\",\"currencyThousandsSep\":\"\"},{\"id\":88453,\"type\":\"default\",\"title\":\"Tarif adh\\u00e9rent\",\"description\":\"\",\"capacityType\":\"global\",\"price\":20,\"capacity\":100,\"available\":30,\"sharedCapacity\":100,\"sold\":0,\"shareSold\":0,\"isShared\":true,\"currencyDecimalPoint\":\",\",\"currencyNumberOfDecimals\":2,\"currencyPosition\":\"prefix\",\"currencySymbol\":\"$\",\"currencyThousandsSep\":\"\"},{\"id\":88455,\"type\":\"default\",\"title\":\"Tarif r\\u00e9duit\",\"description\":\"Tarif r\\u00e9serv\\u00e9 aux \\u00e9tudiants de moins de 25 ans, ch\\u00f4meurs et intermittents du spectacle. Pr\\u00e9sentation obligatoire d\\u2019un justificatif \\u00e0 l\\u2019entr\\u00e9e. \\r\\nUn suppl\\u00e9ment vous sera demand\\u00e9 pour non pr\\u00e9sentation de justificatif. \",\"capacityType\":\"global\",\"price\":15,\"capacity\":100,\"available\":30,\"sharedCapacity\":100,\"sold\":12,\"shareSold\":12,\"isShared\":true,\"currencyDecimalPoint\":\",\",\"currencyNumberOfDecimals\":2,\"currencyPosition\":\"prefix\",\"currencySymbol\":\"$\",\"currencyThousandsSep\":\"\"}]","_tribe_ticket_has_attendee_info_fields":false,"_tribe_events_status":"","_tribe_events_status_reason":"","footnotes":"","_tec_slr_enabled":"","_tec_slr_layout":""},"tags":[],"genre":[258],"tribe_events_cat":[213,214,215,216],"class_list":["post-88452","tribe_events","type-tribe_events","status-publish","has-post-thumbnail","hentry","genre-jazz-actuel","tribe_events_cat-albums-du-mois","tribe_events_cat-coup-de-coeur","tribe_events_cat-decouvertes","tribe_events_cat-evenements","cat_albums-du-mois","cat_coup-de-coeur","cat_decouvertes","cat_evenements"],"acf":[],"yoast_head":"<!-- This site is optimized with the Yoast SEO plugin v25.7 - https:\/\/yoast.com\/wordpress\/plugins\/seo\/ -->\n<title>KEVIN REVEYRAND TRIO FT. CELINE BONACINA - Sunset Sunside<\/title>\n<meta name=\"robots\" content=\"index, follow, max-snippet:-1, max-image-preview:large, max-video-preview:-1\" \/>\n<link rel=\"canonical\" href=\"https:\/\/www.sunset-sunside.com\/concert\/kevin-reveyrand-trio\/\" \/>\n<meta property=\"og:locale\" content=\"en_GB\" \/>\n<meta property=\"og:type\" content=\"article\" \/>\n<meta property=\"og:title\" content=\"KEVIN REVEYRAND TRIO FT. CELINE BONACINA - Sunset Sunside\" \/>\n<meta property=\"og:description\" content=\"&#8220;Bassiste virtuose et compositeur sensible&#8221; &#8211; Jazz Magazine &#8220;Un vrai sens de la m\u00e9lodie&#8221; &#8211; Action Jazz &#8220;Un son pur, une \u00e9l\u00e9gance de phras\u00e9&#8221; &#8211; Bassiste Magazine &nbsp; En parall\u00e8le [&hellip;]\" \/>\n<meta property=\"og:url\" content=\"https:\/\/www.sunset-sunside.com\/concert\/kevin-reveyrand-trio\/\" \/>\n<meta property=\"og:site_name\" content=\"Sunset Sunside\" \/>\n<meta property=\"article:publisher\" content=\"https:\/\/www.facebook.com\/SunsetSunsideJazzClub\/\" \/>\n<meta property=\"article:modified_time\" content=\"2025-10-16T16:00:24+00:00\" \/>\n<meta property=\"og:image\" content=\"https:\/\/www.sunset-sunside.com\/app\/uploads\/2025\/07\/Kevin-Reveyrand-trio-small-e1753268343627.jpg\" \/>\n\t<meta property=\"og:image:width\" content=\"2362\" \/>\n\t<meta property=\"og:image:height\" content=\"1960\" \/>\n\t<meta property=\"og:image:type\" content=\"image\/jpeg\" \/>\n<meta name=\"twitter:card\" content=\"summary_large_image\" \/>\n<meta name=\"twitter:site\" content=\"@SunsetSunside\" \/>\n<meta name=\"twitter:label1\" content=\"Est. reading time\" \/>\n\t<meta name=\"twitter:data1\" content=\"2 minutes\" \/>\n<script type=\"application\/ld+json\" class=\"yoast-schema-graph\">{\"@context\":\"https:\/\/schema.org\",\"@graph\":[{\"@type\":\"WebPage\",\"@id\":\"https:\/\/www.sunset-sunside.com\/concert\/kevin-reveyrand-trio\/\",\"url\":\"https:\/\/www.sunset-sunside.com\/concert\/kevin-reveyrand-trio\/\",\"name\":\"KEVIN REVEYRAND TRIO FT. CELINE BONACINA - Sunset Sunside\",\"isPartOf\":{\"@id\":\"https:\/\/www.sunset-sunside.com\/#website\"},\"primaryImageOfPage\":{\"@id\":\"https:\/\/www.sunset-sunside.com\/concert\/kevin-reveyrand-trio\/#primaryimage\"},\"image\":{\"@id\":\"https:\/\/www.sunset-sunside.com\/concert\/kevin-reveyrand-trio\/#primaryimage\"},\"thumbnailUrl\":\"https:\/\/www.sunset-sunside.com\/app\/uploads\/2025\/07\/Kevin-Reveyrand-trio-small-e1753268343627.jpg\",\"datePublished\":\"2025-07-22T12:08:37+00:00\",\"dateModified\":\"2025-10-16T16:00:24+00:00\",\"breadcrumb\":{\"@id\":\"https:\/\/www.sunset-sunside.com\/concert\/kevin-reveyrand-trio\/#breadcrumb\"},\"inLanguage\":\"en-GB\",\"potentialAction\":[{\"@type\":\"ReadAction\",\"target\":[\"https:\/\/www.sunset-sunside.com\/concert\/kevin-reveyrand-trio\/\"]}]},{\"@type\":\"ImageObject\",\"inLanguage\":\"en-GB\",\"@id\":\"https:\/\/www.sunset-sunside.com\/concert\/kevin-reveyrand-trio\/#primaryimage\",\"url\":\"https:\/\/www.sunset-sunside.com\/app\/uploads\/2025\/07\/Kevin-Reveyrand-trio-small-e1753268343627.jpg\",\"contentUrl\":\"https:\/\/www.sunset-sunside.com\/app\/uploads\/2025\/07\/Kevin-Reveyrand-trio-small-e1753268343627.jpg\",\"width\":2362,\"height\":1960,\"caption\":\"\u00a9DR\"},{\"@type\":\"BreadcrumbList\",\"@id\":\"https:\/\/www.sunset-sunside.com\/concert\/kevin-reveyrand-trio\/#breadcrumb\",\"itemListElement\":[{\"@type\":\"ListItem\",\"position\":1,\"name\":\"Accueil\",\"item\":\"https:\/\/www.sunset-sunside.com\/\"},{\"@type\":\"ListItem\",\"position\":2,\"name\":\"\u00c9v\u00e8nements\",\"item\":\"https:\/\/www.sunset-sunside.com\/concerts\/\"},{\"@type\":\"ListItem\",\"position\":3,\"name\":\"KEVIN REVEYRAND TRIO FT. CELINE BONACINA\"}]},{\"@type\":\"WebSite\",\"@id\":\"https:\/\/www.sunset-sunside.com\/#website\",\"url\":\"https:\/\/www.sunset-sunside.com\/\",\"name\":\"Sunset Sunside\",\"description\":\"\",\"potentialAction\":[{\"@type\":\"SearchAction\",\"target\":{\"@type\":\"EntryPoint\",\"urlTemplate\":\"https:\/\/www.sunset-sunside.com\/?s={search_term_string}\"},\"query-input\":{\"@type\":\"PropertyValueSpecification\",\"valueRequired\":true,\"valueName\":\"search_term_string\"}}],\"inLanguage\":\"en-GB\"}]}<\/script>\n<!-- \/ Yoast SEO plugin. -->","yoast_head_json":{"title":"KEVIN REVEYRAND TRIO FT. CELINE BONACINA - Sunset Sunside","robots":{"index":"index","follow":"follow","max-snippet":"max-snippet:-1","max-image-preview":"max-image-preview:large","max-video-preview":"max-video-preview:-1"},"canonical":"https:\/\/www.sunset-sunside.com\/concert\/kevin-reveyrand-trio\/","og_locale":"en_GB","og_type":"article","og_title":"KEVIN REVEYRAND TRIO FT. CELINE BONACINA - Sunset Sunside","og_description":"&#8220;Bassiste virtuose et compositeur sensible&#8221; &#8211; Jazz Magazine &#8220;Un vrai sens de la m\u00e9lodie&#8221; &#8211; Action Jazz &#8220;Un son pur, une \u00e9l\u00e9gance de phras\u00e9&#8221; &#8211; Bassiste Magazine &nbsp; En parall\u00e8le [&hellip;]","og_url":"https:\/\/www.sunset-sunside.com\/concert\/kevin-reveyrand-trio\/","og_site_name":"Sunset Sunside","article_publisher":"https:\/\/www.facebook.com\/SunsetSunsideJazzClub\/","article_modified_time":"2025-10-16T16:00:24+00:00","og_image":[{"width":2362,"height":1960,"url":"https:\/\/www.sunset-sunside.com\/app\/uploads\/2025\/07\/Kevin-Reveyrand-trio-small-e1753268343627.jpg","type":"image\/jpeg"}],"twitter_card":"summary_large_image","twitter_site":"@SunsetSunside","twitter_misc":{"Est. reading time":"2 minutes"},"schema":{"@context":"https:\/\/schema.org","@graph":[{"@type":"WebPage","@id":"https:\/\/www.sunset-sunside.com\/concert\/kevin-reveyrand-trio\/","url":"https:\/\/www.sunset-sunside.com\/concert\/kevin-reveyrand-trio\/","name":"KEVIN REVEYRAND TRIO FT. CELINE BONACINA - Sunset Sunside","isPartOf":{"@id":"https:\/\/www.sunset-sunside.com\/#website"},"primaryImageOfPage":{"@id":"https:\/\/www.sunset-sunside.com\/concert\/kevin-reveyrand-trio\/#primaryimage"},"image":{"@id":"https:\/\/www.sunset-sunside.com\/concert\/kevin-reveyrand-trio\/#primaryimage"},"thumbnailUrl":"https:\/\/www.sunset-sunside.com\/app\/uploads\/2025\/07\/Kevin-Reveyrand-trio-small-e1753268343627.jpg","datePublished":"2025-07-22T12:08:37+00:00","dateModified":"2025-10-16T16:00:24+00:00","breadcrumb":{"@id":"https:\/\/www.sunset-sunside.com\/concert\/kevin-reveyrand-trio\/#breadcrumb"},"inLanguage":"en-GB","potentialAction":[{"@type":"ReadAction","target":["https:\/\/www.sunset-sunside.com\/concert\/kevin-reveyrand-trio\/"]}]},{"@type":"ImageObject","inLanguage":"en-GB","@id":"https:\/\/www.sunset-sunside.com\/concert\/kevin-reveyrand-trio\/#primaryimage","url":"https:\/\/www.sunset-sunside.com\/app\/uploads\/2025\/07\/Kevin-Reveyrand-trio-small-e1753268343627.jpg","contentUrl":"https:\/\/www.sunset-sunside.com\/app\/uploads\/2025\/07\/Kevin-Reveyrand-trio-small-e1753268343627.jpg","width":2362,"height":1960,"caption":"\u00a9DR"},{"@type":"BreadcrumbList","@id":"https:\/\/www.sunset-sunside.com\/concert\/kevin-reveyrand-trio\/#breadcrumb","itemListElement":[{"@type":"ListItem","position":1,"name":"Accueil","item":"https:\/\/www.sunset-sunside.com\/"},{"@type":"ListItem","position":2,"name":"\u00c9v\u00e8nements","item":"https:\/\/www.sunset-sunside.com\/concerts\/"},{"@type":"ListItem","position":3,"name":"KEVIN REVEYRAND TRIO FT. CELINE BONACINA"}]},{"@type":"WebSite","@id":"https:\/\/www.sunset-sunside.com\/#website","url":"https:\/\/www.sunset-sunside.com\/","name":"Sunset Sunside","description":"","potentialAction":[{"@type":"SearchAction","target":{"@type":"EntryPoint","urlTemplate":"https:\/\/www.sunset-sunside.com\/?s={search_term_string}"},"query-input":{"@type":"PropertyValueSpecification","valueRequired":true,"valueName":"search_term_string"}}],"inLanguage":"en-GB"}]}},"publishpress_future_action":{"enabled":false,"date":"2026-04-12 18:55:34","action":"change-status","newStatus":"draft","terms":[],"taxonomy":"post_tag","extraData":[]},"publishpress_future_workflow_manual_trigger":{"enabledWorkflows":[]},"ticketed":["woo"],"_links":{"self":[{"href":"https:\/\/www.sunset-sunside.com\/wp-json\/wp\/v2\/tribe_events\/88452","targetHints":{"allow":["GET"]}}],"collection":[{"href":"https:\/\/www.sunset-sunside.com\/wp-json\/wp\/v2\/tribe_events"}],"about":[{"href":"https:\/\/www.sunset-sunside.com\/wp-json\/wp\/v2\/types\/tribe_events"}],"author":[{"embeddable":true,"href":"https:\/\/www.sunset-sunside.com\/wp-json\/wp\/v2\/users\/2"}],"version-history":[{"count":10,"href":"https:\/\/www.sunset-sunside.com\/wp-json\/wp\/v2\/tribe_events\/88452\/revisions"}],"predecessor-version":[{"id":102886,"href":"https:\/\/www.sunset-sunside.com\/wp-json\/wp\/v2\/tribe_events\/88452\/revisions\/102886"}],"wp:featuredmedia":[{"embeddable":true,"href":"https:\/\/www.sunset-sunside.com\/wp-json\/wp\/v2\/media\/88628"}],"wp:attachment":[{"href":"https:\/\/www.sunset-sunside.com\/wp-json\/wp\/v2\/media?parent=88452"}],"wp:term":[{"taxonomy":"post_tag","embeddable":true,"href":"https:\/\/www.sunset-sunside.com\/wp-json\/wp\/v2\/tags?post=88452"},{"taxonomy":"genre","embeddable":true,"href":"https:\/\/www.sunset-sunside.com\/wp-json\/wp\/v2\/genre?post=88452"},{"taxonomy":"tribe_events_cat","embeddable":true,"href":"https:\/\/www.sunset-sunside.com\/wp-json\/wp\/v2\/tribe_events_cat?post=88452"}],"curies":[{"name":"wp","href":"https:\/\/api.w.org\/{rel}","templated":true}]}}