{"id":88522,"date":"2025-07-22T18:41:14","date_gmt":"2025-07-22T16:41:14","guid":{"rendered":"https:\/\/www.sunset-sunside.com\/?post_type=tribe_events&#038;p=88522"},"modified":"2025-10-07T13:56:15","modified_gmt":"2025-10-07T11:56:15","slug":"cedric-aillaud-gilles-rea","status":"publish","type":"tribe_events","link":"https:\/\/www.sunset-sunside.com\/concert\/cedric-aillaud-gilles-rea\/","title":{"rendered":"C\u00e9dric Caillaud &amp; Gilles R\u00e9a"},"content":{"rendered":"<p>C\u00e9dric Caillaud et Gilles R\u00e9a n\u2019en sont pas \u00e0 leur co\u00fbt d\u2019essai. Leur tr\u00e8s r\u00e9ussi hommage \u00e0 Antonio Carlos Jobim* aurait pu rester une unique rencontre de grande qualit\u00e9. Il n\u2019en est rien. Leur envie de musique d\u00e9borde d\u2019enthousiasme et de cr\u00e9ativit\u00e9. Ici, tout est s\u00e9r\u00e9nit\u00e9, amour de la m\u00e9lodie, \u00e9coute mutuelle et po\u00e9sie. Il s\u2019agit l\u00e0 d\u2019un hommage \u00e0 leurs pairs. Pour cela, nos deux artistes ont s\u00e9lectionn\u00e9 6 oeuvres de guitaristes et 6 oeuvres de bassistes afin de r\u00e9v\u00e9ler des terrains de jeu peu pratiqu\u00e9s mais oh combien inspirants. Leurs interpr\u00e9tations, loin d&#8217;\u00e9voquer des redites, sont de v\u00e9ritables bouff\u00e9es de fra\u00eecheur. Et si leurs ain\u00e9s bassistes et guitaristes ont r\u00e9ussi ce genre de rencontres p\u00e9rilleuses et rares, il nous faut constater que celle-ci est \u00e0 mettre \u00e0 leurs c\u00f4t\u00e9s, autrement dit , au niveau des plus grands : Jim Hall &amp; Ron Carter, Joe Pass &amp; NHOP, Charlie Haden &amp; Pat Metheny, Marc Fosset &amp; Patrice Caratini. Ce &#8220;The Duet Plays Guitar &amp; Bass Bosses&#8221; est \u00e0 conserver pr\u00e9cieusement dans sa discoth\u00e8que et \u00e0 d\u00e9guster\u00a0avec ses meilleurs amis comme on partage un grand cru.<\/p>\n<p>* With Respect To A.C. Jobim (Fresh Sound Records 2020)<\/p>\n<p>\u00a0 \u00a0 \u00a0 \u00a0 \u00a0 \u00a0 \u00a0 \u00a0 \u00a0 \u00a0 \u00a0 \u00a0 \u00a0 \u00a0 \u00a0 \u00a0 \u00a0 \u00a0 \u00a0 \u00a0 \u00a0 \u00a0 \u00a0 \u00a0 \u00a0 \u00a0 \u00a0 \u00a0 \u00a0 \u00a0 \u00a0 \u00a0 \u00a0 \u00a0 \u00a0 \u00a0 \u00a0 \u00a0 \u00a0 \u00a0 \u00a0 \u00a0 \u00a0 \u00a0 \u00a0 \u00a0 \u00a0 \u00a0 \u00a0 \u00a0 \u00a0 \u00a0 \u00a0 \u00a0 \u00a0 \u00a0 \u00a0 \u00a0 \u00a0 \u00a0 \u00a0 \u00a0 \u00a0 \u00a0 \u00a0 \u00a0 \u00a0 \u00a0 \u00a0 \u00a0 \u00a0 \u00a0 \u00a0 \u00a0 \u00a0 \u00a0 \u00a0 \u00a0 \u00a0 \u00a0 \u00a0 \u00a0 \u00a0 \u00a0 \u00a0 \u00a0 \u00a0 \u00a0 \u00a0 \u00a0 \u00a0 \u00a0 \u00a0 \u00a0 \u00a0 \u00a0 \u00a0 \u00a0 \u00a0 \u00a0 \u00a0 \u00a0 \u00a0 \u00a0 \u00a0 \u00a0 \u00a0 \u00a0 \u00a0 \u00a0 \u00a0 \u00a0 \u00a0 \u00a0 \u00a0 \u00a0 \u00a0 \u00a0 \u00a0 \u00a0 \u00a0 \u00a0 \u00a0 \u00a0 \u00a0 \u00a0 \u00a0 \u00a0 \u00a0 \u00a0 \u00a0 \u00a0 \u00a0 \u00a0 \u00a0 \u00a0 \u00a0 \u00a0 \u00a0 \u00a0 \u00a0 \u00a0 \u00a0 \u00a0 \u00a0 \u00a0 \u00a0 Jean-Michel Proust &#8211; Pr\u00e9sident de l\u2019Acad\u00e9mie du Jazz<\/p>\n","protected":false},"excerpt":{"rendered":"<p>C\u00e9dric Caillaud et Gilles R\u00e9a n\u2019en sont pas \u00e0 leur co\u00fbt d\u2019essai. Leur tr\u00e8s r\u00e9ussi hommage \u00e0 Antonio Carlos Jobim* aurait pu rester une unique rencontre de grande qualit\u00e9. Il [&hellip;]<\/p>\n","protected":false},"author":2,"featured_media":88528,"template":"","meta":{"_acf_changed":false,"_price":"","_stock":"","_tribe_ticket_header":"","_tribe_default_ticket_provider":"Tribe__Tickets_Plus__Commerce__WooCommerce__Main","_tribe_ticket_capacity":"99","_ticket_start_date":"","_ticket_end_date":"","_tribe_ticket_show_description":"","_tribe_ticket_show_not_going":false,"_tribe_ticket_use_global_stock":"1","_tribe_ticket_global_stock_level":"29","_global_stock_mode":"","_global_stock_cap":"","_tribe_rsvp_for_event":"","_tribe_ticket_going_count":"","_tribe_ticket_not_going_count":"","_tribe_tickets_list":"[{\"id\":88523,\"type\":\"default\",\"title\":\"Tarif adh\\u00e9rent\",\"description\":\"\",\"capacityType\":\"global\",\"price\":20,\"capacity\":99,\"available\":29,\"sharedCapacity\":99,\"sold\":0,\"shareSold\":0,\"isShared\":true,\"currencyDecimalPoint\":\",\",\"currencyNumberOfDecimals\":2,\"currencyPosition\":\"prefix\",\"currencySymbol\":\"$\",\"currencyThousandsSep\":\"\"},{\"id\":88524,\"type\":\"default\",\"title\":\"Tarif plein*\",\"description\":\"\",\"capacityType\":\"global\",\"price\":25,\"capacity\":99,\"available\":29,\"sharedCapacity\":99,\"sold\":61,\"shareSold\":61,\"isShared\":true,\"currencyDecimalPoint\":\",\",\"currencyNumberOfDecimals\":2,\"currencyPosition\":\"prefix\",\"currencySymbol\":\"$\",\"currencyThousandsSep\":\"\"},{\"id\":88525,\"type\":\"default\",\"title\":\"Tarif r\\u00e9duit\",\"description\":\"Tarif r\\u00e9serv\\u00e9 aux \\u00e9tudiants de moins de 25 ans, ch\\u00f4meurs et intermittents du spectacle. Pr\\u00e9sentation obligatoire d\\u2019un justificatif \\u00e0 l\\u2019entr\\u00e9e. \\r\\nUn suppl\\u00e9ment vous sera demand\\u00e9 pour non pr\\u00e9sentation de justificatif. \",\"capacityType\":\"global\",\"price\":15,\"capacity\":99,\"available\":29,\"sharedCapacity\":99,\"sold\":6,\"shareSold\":6,\"isShared\":true,\"currencyDecimalPoint\":\",\",\"currencyNumberOfDecimals\":2,\"currencyPosition\":\"prefix\",\"currencySymbol\":\"$\",\"currencyThousandsSep\":\"\"}]","_tribe_ticket_has_attendee_info_fields":false,"_tribe_events_status":"","_tribe_events_status_reason":"","footnotes":"","_tec_slr_enabled":"","_tec_slr_layout":""},"tags":[],"genre":[278],"tribe_events_cat":[213,214,215,216],"class_list":["post-88522","tribe_events","type-tribe_events","status-publish","has-post-thumbnail","hentry","genre-jazz-mainstream-2","tribe_events_cat-albums-du-mois","tribe_events_cat-coup-de-coeur","tribe_events_cat-decouvertes","tribe_events_cat-evenements","cat_albums-du-mois","cat_coup-de-coeur","cat_decouvertes","cat_evenements"],"acf":[],"yoast_head":"<!-- This site is optimized with the Yoast SEO plugin v25.7 - https:\/\/yoast.com\/wordpress\/plugins\/seo\/ -->\n<title>C\u00e9dric Caillaud &amp; Gilles R\u00e9a - Sunset Sunside<\/title>\n<meta name=\"robots\" content=\"index, follow, max-snippet:-1, max-image-preview:large, max-video-preview:-1\" \/>\n<link rel=\"canonical\" href=\"https:\/\/www.sunset-sunside.com\/concert\/cedric-aillaud-gilles-rea\/\" \/>\n<meta property=\"og:locale\" content=\"en_GB\" \/>\n<meta property=\"og:type\" content=\"article\" \/>\n<meta property=\"og:title\" content=\"C\u00e9dric Caillaud &amp; Gilles R\u00e9a - Sunset Sunside\" \/>\n<meta property=\"og:description\" content=\"C\u00e9dric Caillaud et Gilles R\u00e9a n\u2019en sont pas \u00e0 leur co\u00fbt d\u2019essai. Leur tr\u00e8s r\u00e9ussi hommage \u00e0 Antonio Carlos Jobim* aurait pu rester une unique rencontre de grande qualit\u00e9. Il [&hellip;]\" \/>\n<meta property=\"og:url\" content=\"https:\/\/www.sunset-sunside.com\/concert\/cedric-aillaud-gilles-rea\/\" \/>\n<meta property=\"og:site_name\" content=\"Sunset Sunside\" \/>\n<meta property=\"article:publisher\" content=\"https:\/\/www.facebook.com\/SunsetSunsideJazzClub\/\" \/>\n<meta property=\"article:modified_time\" content=\"2025-10-07T11:56:15+00:00\" \/>\n<meta property=\"og:image\" content=\"https:\/\/www.sunset-sunside.com\/app\/uploads\/2025\/07\/Format-carre.jpg\" \/>\n\t<meta property=\"og:image:width\" content=\"600\" \/>\n\t<meta property=\"og:image:height\" content=\"600\" \/>\n\t<meta property=\"og:image:type\" content=\"image\/jpeg\" \/>\n<meta name=\"twitter:card\" content=\"summary_large_image\" \/>\n<meta name=\"twitter:site\" content=\"@SunsetSunside\" \/>\n<meta name=\"twitter:label1\" content=\"Est. reading time\" \/>\n\t<meta name=\"twitter:data1\" content=\"2 minutes\" \/>\n<script type=\"application\/ld+json\" class=\"yoast-schema-graph\">{\"@context\":\"https:\/\/schema.org\",\"@graph\":[{\"@type\":\"WebPage\",\"@id\":\"https:\/\/www.sunset-sunside.com\/concert\/cedric-aillaud-gilles-rea\/\",\"url\":\"https:\/\/www.sunset-sunside.com\/concert\/cedric-aillaud-gilles-rea\/\",\"name\":\"C\u00e9dric Caillaud &amp; Gilles R\u00e9a - Sunset Sunside\",\"isPartOf\":{\"@id\":\"https:\/\/www.sunset-sunside.com\/#website\"},\"primaryImageOfPage\":{\"@id\":\"https:\/\/www.sunset-sunside.com\/concert\/cedric-aillaud-gilles-rea\/#primaryimage\"},\"image\":{\"@id\":\"https:\/\/www.sunset-sunside.com\/concert\/cedric-aillaud-gilles-rea\/#primaryimage\"},\"thumbnailUrl\":\"https:\/\/www.sunset-sunside.com\/app\/uploads\/2025\/07\/Format-carre.jpg\",\"datePublished\":\"2025-07-22T16:41:14+00:00\",\"dateModified\":\"2025-10-07T11:56:15+00:00\",\"breadcrumb\":{\"@id\":\"https:\/\/www.sunset-sunside.com\/concert\/cedric-aillaud-gilles-rea\/#breadcrumb\"},\"inLanguage\":\"en-GB\",\"potentialAction\":[{\"@type\":\"ReadAction\",\"target\":[\"https:\/\/www.sunset-sunside.com\/concert\/cedric-aillaud-gilles-rea\/\"]}]},{\"@type\":\"ImageObject\",\"inLanguage\":\"en-GB\",\"@id\":\"https:\/\/www.sunset-sunside.com\/concert\/cedric-aillaud-gilles-rea\/#primaryimage\",\"url\":\"https:\/\/www.sunset-sunside.com\/app\/uploads\/2025\/07\/Format-carre.jpg\",\"contentUrl\":\"https:\/\/www.sunset-sunside.com\/app\/uploads\/2025\/07\/Format-carre.jpg\",\"width\":600,\"height\":600,\"caption\":\"\u00a9 DR\"},{\"@type\":\"BreadcrumbList\",\"@id\":\"https:\/\/www.sunset-sunside.com\/concert\/cedric-aillaud-gilles-rea\/#breadcrumb\",\"itemListElement\":[{\"@type\":\"ListItem\",\"position\":1,\"name\":\"Accueil\",\"item\":\"https:\/\/www.sunset-sunside.com\/\"},{\"@type\":\"ListItem\",\"position\":2,\"name\":\"\u00c9v\u00e8nements\",\"item\":\"https:\/\/www.sunset-sunside.com\/concerts\/\"},{\"@type\":\"ListItem\",\"position\":3,\"name\":\"C\u00e9dric Caillaud &amp; Gilles R\u00e9a\"}]},{\"@type\":\"WebSite\",\"@id\":\"https:\/\/www.sunset-sunside.com\/#website\",\"url\":\"https:\/\/www.sunset-sunside.com\/\",\"name\":\"Sunset Sunside\",\"description\":\"\",\"potentialAction\":[{\"@type\":\"SearchAction\",\"target\":{\"@type\":\"EntryPoint\",\"urlTemplate\":\"https:\/\/www.sunset-sunside.com\/?s={search_term_string}\"},\"query-input\":{\"@type\":\"PropertyValueSpecification\",\"valueRequired\":true,\"valueName\":\"search_term_string\"}}],\"inLanguage\":\"en-GB\"}]}<\/script>\n<!-- \/ Yoast SEO plugin. -->","yoast_head_json":{"title":"C\u00e9dric Caillaud &amp; Gilles R\u00e9a - Sunset Sunside","robots":{"index":"index","follow":"follow","max-snippet":"max-snippet:-1","max-image-preview":"max-image-preview:large","max-video-preview":"max-video-preview:-1"},"canonical":"https:\/\/www.sunset-sunside.com\/concert\/cedric-aillaud-gilles-rea\/","og_locale":"en_GB","og_type":"article","og_title":"C\u00e9dric Caillaud &amp; Gilles R\u00e9a - Sunset Sunside","og_description":"C\u00e9dric Caillaud et Gilles R\u00e9a n\u2019en sont pas \u00e0 leur co\u00fbt d\u2019essai. Leur tr\u00e8s r\u00e9ussi hommage \u00e0 Antonio Carlos Jobim* aurait pu rester une unique rencontre de grande qualit\u00e9. Il [&hellip;]","og_url":"https:\/\/www.sunset-sunside.com\/concert\/cedric-aillaud-gilles-rea\/","og_site_name":"Sunset Sunside","article_publisher":"https:\/\/www.facebook.com\/SunsetSunsideJazzClub\/","article_modified_time":"2025-10-07T11:56:15+00:00","og_image":[{"width":600,"height":600,"url":"https:\/\/www.sunset-sunside.com\/app\/uploads\/2025\/07\/Format-carre.jpg","type":"image\/jpeg"}],"twitter_card":"summary_large_image","twitter_site":"@SunsetSunside","twitter_misc":{"Est. reading time":"2 minutes"},"schema":{"@context":"https:\/\/schema.org","@graph":[{"@type":"WebPage","@id":"https:\/\/www.sunset-sunside.com\/concert\/cedric-aillaud-gilles-rea\/","url":"https:\/\/www.sunset-sunside.com\/concert\/cedric-aillaud-gilles-rea\/","name":"C\u00e9dric Caillaud &amp; Gilles R\u00e9a - Sunset Sunside","isPartOf":{"@id":"https:\/\/www.sunset-sunside.com\/#website"},"primaryImageOfPage":{"@id":"https:\/\/www.sunset-sunside.com\/concert\/cedric-aillaud-gilles-rea\/#primaryimage"},"image":{"@id":"https:\/\/www.sunset-sunside.com\/concert\/cedric-aillaud-gilles-rea\/#primaryimage"},"thumbnailUrl":"https:\/\/www.sunset-sunside.com\/app\/uploads\/2025\/07\/Format-carre.jpg","datePublished":"2025-07-22T16:41:14+00:00","dateModified":"2025-10-07T11:56:15+00:00","breadcrumb":{"@id":"https:\/\/www.sunset-sunside.com\/concert\/cedric-aillaud-gilles-rea\/#breadcrumb"},"inLanguage":"en-GB","potentialAction":[{"@type":"ReadAction","target":["https:\/\/www.sunset-sunside.com\/concert\/cedric-aillaud-gilles-rea\/"]}]},{"@type":"ImageObject","inLanguage":"en-GB","@id":"https:\/\/www.sunset-sunside.com\/concert\/cedric-aillaud-gilles-rea\/#primaryimage","url":"https:\/\/www.sunset-sunside.com\/app\/uploads\/2025\/07\/Format-carre.jpg","contentUrl":"https:\/\/www.sunset-sunside.com\/app\/uploads\/2025\/07\/Format-carre.jpg","width":600,"height":600,"caption":"\u00a9 DR"},{"@type":"BreadcrumbList","@id":"https:\/\/www.sunset-sunside.com\/concert\/cedric-aillaud-gilles-rea\/#breadcrumb","itemListElement":[{"@type":"ListItem","position":1,"name":"Accueil","item":"https:\/\/www.sunset-sunside.com\/"},{"@type":"ListItem","position":2,"name":"\u00c9v\u00e8nements","item":"https:\/\/www.sunset-sunside.com\/concerts\/"},{"@type":"ListItem","position":3,"name":"C\u00e9dric Caillaud &amp; Gilles R\u00e9a"}]},{"@type":"WebSite","@id":"https:\/\/www.sunset-sunside.com\/#website","url":"https:\/\/www.sunset-sunside.com\/","name":"Sunset Sunside","description":"","potentialAction":[{"@type":"SearchAction","target":{"@type":"EntryPoint","urlTemplate":"https:\/\/www.sunset-sunside.com\/?s={search_term_string}"},"query-input":{"@type":"PropertyValueSpecification","valueRequired":true,"valueName":"search_term_string"}}],"inLanguage":"en-GB"}]}},"publishpress_future_action":{"enabled":false,"date":"2026-04-12 18:53:45","action":"change-status","newStatus":"draft","terms":[],"taxonomy":"post_tag","extraData":[]},"publishpress_future_workflow_manual_trigger":{"enabledWorkflows":[]},"ticketed":["woo"],"_links":{"self":[{"href":"https:\/\/www.sunset-sunside.com\/wp-json\/wp\/v2\/tribe_events\/88522","targetHints":{"allow":["GET"]}}],"collection":[{"href":"https:\/\/www.sunset-sunside.com\/wp-json\/wp\/v2\/tribe_events"}],"about":[{"href":"https:\/\/www.sunset-sunside.com\/wp-json\/wp\/v2\/types\/tribe_events"}],"author":[{"embeddable":true,"href":"https:\/\/www.sunset-sunside.com\/wp-json\/wp\/v2\/users\/2"}],"version-history":[{"count":6,"href":"https:\/\/www.sunset-sunside.com\/wp-json\/wp\/v2\/tribe_events\/88522\/revisions"}],"predecessor-version":[{"id":99878,"href":"https:\/\/www.sunset-sunside.com\/wp-json\/wp\/v2\/tribe_events\/88522\/revisions\/99878"}],"wp:featuredmedia":[{"embeddable":true,"href":"https:\/\/www.sunset-sunside.com\/wp-json\/wp\/v2\/media\/88528"}],"wp:attachment":[{"href":"https:\/\/www.sunset-sunside.com\/wp-json\/wp\/v2\/media?parent=88522"}],"wp:term":[{"taxonomy":"post_tag","embeddable":true,"href":"https:\/\/www.sunset-sunside.com\/wp-json\/wp\/v2\/tags?post=88522"},{"taxonomy":"genre","embeddable":true,"href":"https:\/\/www.sunset-sunside.com\/wp-json\/wp\/v2\/genre?post=88522"},{"taxonomy":"tribe_events_cat","embeddable":true,"href":"https:\/\/www.sunset-sunside.com\/wp-json\/wp\/v2\/tribe_events_cat?post=88522"}],"curies":[{"name":"wp","href":"https:\/\/api.w.org\/{rel}","templated":true}]}}