{"id":88786,"date":"2025-07-24T13:24:35","date_gmt":"2025-07-24T11:24:35","guid":{"rendered":"https:\/\/www.sunset-sunside.com\/?post_type=tribe_events&#038;p=88786"},"modified":"2025-10-07T10:59:33","modified_gmt":"2025-10-07T08:59:33","slug":"rt-jouaville-quartet-hommage-a-jean-luc-ponty","status":"publish","type":"tribe_events","link":"https:\/\/www.sunset-sunside.com\/concert\/rt-jouaville-quartet-hommage-a-jean-luc-ponty\/","title":{"rendered":"RT Jouaville Quartet Hommage \u00e0 Jean-Luc Ponty"},"content":{"rendered":"<p>Rapha\u00ebl-Tristan Jouaville est un violoniste et compositeur fran\u00e7ais \u00e9tabli \u00e0 Paris. En 2001, il est admis au conservatoire de Toulouse dans la classe de la concertiste internationale, Clara Cernat.<br \/>\nIl joue deux ans de suite en tant que violoniste de l\u2019orchestre du festival Jazz in Marciac, ce qui va lui permettre de partager la sc\u00e8ne avec des artistes de jazz de premier plan tel que, Milton Nacimiento, Andr\u00e9 Ceccarelli, Baptiste Trotignon, Ambrose Akinmusire, les fr\u00e8res Belmondo.<\/p>\n<p>\nRapha\u00ebl-Tristan Jouaville commence un cursus de composition au conservatoire de Toulouse \u00e0 partir de 2012, avec Bertrand Dubedout et Guy-Olivier Ferla.<\/p>\n<p>\nEn 2018, il remporte, avec son groupe La Verdine, le concours du Festival Django Reinhardt qui lui permet de partager l&#8217;ann\u00e9e suivante la grande sc\u00e8ne du festival avec Tom Misch, Cyrille Aym\u00e9e.<br \/>\nRapha\u00ebl-Tristan obtient en 2019, une ma\u00eetrise de composition de l\u2019Universit\u00e9 McGill dans la classe de Philippe Leroux. Il fait actuellement partie de plusieurs formations, le Benjamin Bobenrieth Quintet qui sort sont deuxi\u00e8me album sur le label Laborie Jazz (Anne Pac\u00e9o, Leila Martial&#8230;), il joue avec le quartet de Simba Baumgartner, descendant de Django Reinhardt et le Melkoni Project avec Gwen Cahue et Louise Perret.<\/p>\n<p>\nEngag\u00e9 dans un travail de composition Rapha\u00ebl-Tristan pr\u00e9pare un album de jazz-contemporain aux sonorit\u00e9s avant-gardistes et \u00e9lectroniques.<\/p>\n","protected":false},"excerpt":{"rendered":"<p>Rapha\u00ebl-Tristan Jouaville est un violoniste et compositeur fran\u00e7ais \u00e9tabli \u00e0 Paris. En 2001, il est admis au conservatoire de Toulouse dans la classe de la concertiste internationale, Clara Cernat. Il [&hellip;]<\/p>\n","protected":false},"author":2,"featured_media":88814,"template":"","meta":{"_acf_changed":false,"_price":"","_stock":"","_tribe_ticket_header":"","_tribe_default_ticket_provider":"Tribe__Tickets_Plus__Commerce__WooCommerce__Main","_tribe_ticket_capacity":"99","_ticket_start_date":"","_ticket_end_date":"","_tribe_ticket_show_description":"","_tribe_ticket_show_not_going":false,"_tribe_ticket_use_global_stock":"1","_tribe_ticket_global_stock_level":"83","_global_stock_mode":"","_global_stock_cap":"","_tribe_rsvp_for_event":"","_tribe_ticket_going_count":"","_tribe_ticket_not_going_count":"","_tribe_tickets_list":"[{\"id\":88787,\"type\":\"default\",\"title\":\"Tarif adh\\u00e9rent\",\"description\":\"\",\"capacityType\":\"global\",\"price\":20,\"capacity\":99,\"available\":83,\"sharedCapacity\":99,\"sold\":0,\"shareSold\":0,\"isShared\":true,\"currencyDecimalPoint\":\",\",\"currencyNumberOfDecimals\":2,\"currencyPosition\":\"prefix\",\"currencySymbol\":\"$\",\"currencyThousandsSep\":\"\"},{\"id\":88788,\"type\":\"default\",\"title\":\"Tarif plein*\",\"description\":\"\",\"capacityType\":\"global\",\"price\":25,\"capacity\":99,\"available\":83,\"sharedCapacity\":99,\"sold\":10,\"shareSold\":10,\"isShared\":true,\"currencyDecimalPoint\":\",\",\"currencyNumberOfDecimals\":2,\"currencyPosition\":\"prefix\",\"currencySymbol\":\"$\",\"currencyThousandsSep\":\"\"},{\"id\":88789,\"type\":\"default\",\"title\":\"Tarif r\\u00e9duit\",\"description\":\"Tarif r\\u00e9serv\\u00e9 aux \\u00e9tudiants de moins de 25 ans, ch\\u00f4meurs et intermittents du spectacle. Pr\\u00e9sentation obligatoire d\\u2019un justificatif \\u00e0 l\\u2019entr\\u00e9e. \\r\\nUn suppl\\u00e9ment vous sera demand\\u00e9 pour non pr\\u00e9sentation de justificatif. \",\"capacityType\":\"global\",\"price\":15,\"capacity\":99,\"available\":83,\"sharedCapacity\":99,\"sold\":6,\"shareSold\":6,\"isShared\":true,\"currencyDecimalPoint\":\",\",\"currencyNumberOfDecimals\":2,\"currencyPosition\":\"prefix\",\"currencySymbol\":\"$\",\"currencyThousandsSep\":\"\"}]","_tribe_ticket_has_attendee_info_fields":false,"_tribe_events_status":"","_tribe_events_status_reason":"","footnotes":"","_tec_slr_enabled":"","_tec_slr_layout":""},"tags":[],"genre":[123],"tribe_events_cat":[213,214,215,216],"class_list":["post-88786","tribe_events","type-tribe_events","status-publish","has-post-thumbnail","hentry","genre-jazz-tribute","tribe_events_cat-albums-du-mois","tribe_events_cat-coup-de-coeur","tribe_events_cat-decouvertes","tribe_events_cat-evenements","cat_albums-du-mois","cat_coup-de-coeur","cat_decouvertes","cat_evenements"],"acf":[],"yoast_head":"<!-- This site is optimized with the Yoast SEO plugin v25.7 - https:\/\/yoast.com\/wordpress\/plugins\/seo\/ -->\n<title>RT Jouaville Quartet Hommage \u00e0 Jean-Luc Ponty - Sunset Sunside<\/title>\n<meta name=\"robots\" content=\"index, follow, max-snippet:-1, max-image-preview:large, max-video-preview:-1\" \/>\n<link rel=\"canonical\" href=\"https:\/\/www.sunset-sunside.com\/concert\/rt-jouaville-quartet-hommage-a-jean-luc-ponty\/\" \/>\n<meta property=\"og:locale\" content=\"en_GB\" \/>\n<meta property=\"og:type\" content=\"article\" \/>\n<meta property=\"og:title\" content=\"RT Jouaville Quartet Hommage \u00e0 Jean-Luc Ponty - Sunset Sunside\" \/>\n<meta property=\"og:description\" content=\"Rapha\u00ebl-Tristan Jouaville est un violoniste et compositeur fran\u00e7ais \u00e9tabli \u00e0 Paris. En 2001, il est admis au conservatoire de Toulouse dans la classe de la concertiste internationale, Clara Cernat. Il [&hellip;]\" \/>\n<meta property=\"og:url\" content=\"https:\/\/www.sunset-sunside.com\/concert\/rt-jouaville-quartet-hommage-a-jean-luc-ponty\/\" \/>\n<meta property=\"og:site_name\" content=\"Sunset Sunside\" \/>\n<meta property=\"article:publisher\" content=\"https:\/\/www.facebook.com\/SunsetSunsideJazzClub\/\" \/>\n<meta property=\"article:modified_time\" content=\"2025-10-07T08:59:33+00:00\" \/>\n<meta property=\"og:image\" content=\"https:\/\/www.sunset-sunside.com\/app\/uploads\/2025\/07\/RT-JOUAVILLE.jpg\" \/>\n\t<meta property=\"og:image:width\" content=\"2048\" \/>\n\t<meta property=\"og:image:height\" content=\"1363\" \/>\n\t<meta property=\"og:image:type\" content=\"image\/jpeg\" \/>\n<meta name=\"twitter:card\" content=\"summary_large_image\" \/>\n<meta name=\"twitter:site\" content=\"@SunsetSunside\" \/>\n<meta name=\"twitter:label1\" content=\"Est. reading time\" \/>\n\t<meta name=\"twitter:data1\" content=\"2 minutes\" \/>\n<script type=\"application\/ld+json\" class=\"yoast-schema-graph\">{\"@context\":\"https:\/\/schema.org\",\"@graph\":[{\"@type\":\"WebPage\",\"@id\":\"https:\/\/www.sunset-sunside.com\/concert\/rt-jouaville-quartet-hommage-a-jean-luc-ponty\/\",\"url\":\"https:\/\/www.sunset-sunside.com\/concert\/rt-jouaville-quartet-hommage-a-jean-luc-ponty\/\",\"name\":\"RT Jouaville Quartet Hommage \u00e0 Jean-Luc Ponty - Sunset Sunside\",\"isPartOf\":{\"@id\":\"https:\/\/www.sunset-sunside.com\/#website\"},\"primaryImageOfPage\":{\"@id\":\"https:\/\/www.sunset-sunside.com\/concert\/rt-jouaville-quartet-hommage-a-jean-luc-ponty\/#primaryimage\"},\"image\":{\"@id\":\"https:\/\/www.sunset-sunside.com\/concert\/rt-jouaville-quartet-hommage-a-jean-luc-ponty\/#primaryimage\"},\"thumbnailUrl\":\"https:\/\/www.sunset-sunside.com\/app\/uploads\/2025\/07\/RT-JOUAVILLE.jpg\",\"datePublished\":\"2025-07-24T11:24:35+00:00\",\"dateModified\":\"2025-10-07T08:59:33+00:00\",\"breadcrumb\":{\"@id\":\"https:\/\/www.sunset-sunside.com\/concert\/rt-jouaville-quartet-hommage-a-jean-luc-ponty\/#breadcrumb\"},\"inLanguage\":\"en-GB\",\"potentialAction\":[{\"@type\":\"ReadAction\",\"target\":[\"https:\/\/www.sunset-sunside.com\/concert\/rt-jouaville-quartet-hommage-a-jean-luc-ponty\/\"]}]},{\"@type\":\"ImageObject\",\"inLanguage\":\"en-GB\",\"@id\":\"https:\/\/www.sunset-sunside.com\/concert\/rt-jouaville-quartet-hommage-a-jean-luc-ponty\/#primaryimage\",\"url\":\"https:\/\/www.sunset-sunside.com\/app\/uploads\/2025\/07\/RT-JOUAVILLE.jpg\",\"contentUrl\":\"https:\/\/www.sunset-sunside.com\/app\/uploads\/2025\/07\/RT-JOUAVILLE.jpg\",\"width\":2048,\"height\":1363,\"caption\":\"\u00a9 DR\"},{\"@type\":\"BreadcrumbList\",\"@id\":\"https:\/\/www.sunset-sunside.com\/concert\/rt-jouaville-quartet-hommage-a-jean-luc-ponty\/#breadcrumb\",\"itemListElement\":[{\"@type\":\"ListItem\",\"position\":1,\"name\":\"Accueil\",\"item\":\"https:\/\/www.sunset-sunside.com\/\"},{\"@type\":\"ListItem\",\"position\":2,\"name\":\"\u00c9v\u00e8nements\",\"item\":\"https:\/\/www.sunset-sunside.com\/concerts\/\"},{\"@type\":\"ListItem\",\"position\":3,\"name\":\"RT Jouaville Quartet Hommage \u00e0 Jean-Luc Ponty\"}]},{\"@type\":\"WebSite\",\"@id\":\"https:\/\/www.sunset-sunside.com\/#website\",\"url\":\"https:\/\/www.sunset-sunside.com\/\",\"name\":\"Sunset Sunside\",\"description\":\"\",\"potentialAction\":[{\"@type\":\"SearchAction\",\"target\":{\"@type\":\"EntryPoint\",\"urlTemplate\":\"https:\/\/www.sunset-sunside.com\/?s={search_term_string}\"},\"query-input\":{\"@type\":\"PropertyValueSpecification\",\"valueRequired\":true,\"valueName\":\"search_term_string\"}}],\"inLanguage\":\"en-GB\"}]}<\/script>\n<!-- \/ Yoast SEO plugin. -->","yoast_head_json":{"title":"RT Jouaville Quartet Hommage \u00e0 Jean-Luc Ponty - Sunset Sunside","robots":{"index":"index","follow":"follow","max-snippet":"max-snippet:-1","max-image-preview":"max-image-preview:large","max-video-preview":"max-video-preview:-1"},"canonical":"https:\/\/www.sunset-sunside.com\/concert\/rt-jouaville-quartet-hommage-a-jean-luc-ponty\/","og_locale":"en_GB","og_type":"article","og_title":"RT Jouaville Quartet Hommage \u00e0 Jean-Luc Ponty - Sunset Sunside","og_description":"Rapha\u00ebl-Tristan Jouaville est un violoniste et compositeur fran\u00e7ais \u00e9tabli \u00e0 Paris. En 2001, il est admis au conservatoire de Toulouse dans la classe de la concertiste internationale, Clara Cernat. Il [&hellip;]","og_url":"https:\/\/www.sunset-sunside.com\/concert\/rt-jouaville-quartet-hommage-a-jean-luc-ponty\/","og_site_name":"Sunset Sunside","article_publisher":"https:\/\/www.facebook.com\/SunsetSunsideJazzClub\/","article_modified_time":"2025-10-07T08:59:33+00:00","og_image":[{"width":2048,"height":1363,"url":"https:\/\/www.sunset-sunside.com\/app\/uploads\/2025\/07\/RT-JOUAVILLE.jpg","type":"image\/jpeg"}],"twitter_card":"summary_large_image","twitter_site":"@SunsetSunside","twitter_misc":{"Est. reading time":"2 minutes"},"schema":{"@context":"https:\/\/schema.org","@graph":[{"@type":"WebPage","@id":"https:\/\/www.sunset-sunside.com\/concert\/rt-jouaville-quartet-hommage-a-jean-luc-ponty\/","url":"https:\/\/www.sunset-sunside.com\/concert\/rt-jouaville-quartet-hommage-a-jean-luc-ponty\/","name":"RT Jouaville Quartet Hommage \u00e0 Jean-Luc Ponty - Sunset Sunside","isPartOf":{"@id":"https:\/\/www.sunset-sunside.com\/#website"},"primaryImageOfPage":{"@id":"https:\/\/www.sunset-sunside.com\/concert\/rt-jouaville-quartet-hommage-a-jean-luc-ponty\/#primaryimage"},"image":{"@id":"https:\/\/www.sunset-sunside.com\/concert\/rt-jouaville-quartet-hommage-a-jean-luc-ponty\/#primaryimage"},"thumbnailUrl":"https:\/\/www.sunset-sunside.com\/app\/uploads\/2025\/07\/RT-JOUAVILLE.jpg","datePublished":"2025-07-24T11:24:35+00:00","dateModified":"2025-10-07T08:59:33+00:00","breadcrumb":{"@id":"https:\/\/www.sunset-sunside.com\/concert\/rt-jouaville-quartet-hommage-a-jean-luc-ponty\/#breadcrumb"},"inLanguage":"en-GB","potentialAction":[{"@type":"ReadAction","target":["https:\/\/www.sunset-sunside.com\/concert\/rt-jouaville-quartet-hommage-a-jean-luc-ponty\/"]}]},{"@type":"ImageObject","inLanguage":"en-GB","@id":"https:\/\/www.sunset-sunside.com\/concert\/rt-jouaville-quartet-hommage-a-jean-luc-ponty\/#primaryimage","url":"https:\/\/www.sunset-sunside.com\/app\/uploads\/2025\/07\/RT-JOUAVILLE.jpg","contentUrl":"https:\/\/www.sunset-sunside.com\/app\/uploads\/2025\/07\/RT-JOUAVILLE.jpg","width":2048,"height":1363,"caption":"\u00a9 DR"},{"@type":"BreadcrumbList","@id":"https:\/\/www.sunset-sunside.com\/concert\/rt-jouaville-quartet-hommage-a-jean-luc-ponty\/#breadcrumb","itemListElement":[{"@type":"ListItem","position":1,"name":"Accueil","item":"https:\/\/www.sunset-sunside.com\/"},{"@type":"ListItem","position":2,"name":"\u00c9v\u00e8nements","item":"https:\/\/www.sunset-sunside.com\/concerts\/"},{"@type":"ListItem","position":3,"name":"RT Jouaville Quartet Hommage \u00e0 Jean-Luc Ponty"}]},{"@type":"WebSite","@id":"https:\/\/www.sunset-sunside.com\/#website","url":"https:\/\/www.sunset-sunside.com\/","name":"Sunset Sunside","description":"","potentialAction":[{"@type":"SearchAction","target":{"@type":"EntryPoint","urlTemplate":"https:\/\/www.sunset-sunside.com\/?s={search_term_string}"},"query-input":{"@type":"PropertyValueSpecification","valueRequired":true,"valueName":"search_term_string"}}],"inLanguage":"en-GB"}]}},"publishpress_future_action":{"enabled":false,"date":"2026-04-12 18:52:01","action":"change-status","newStatus":"draft","terms":[],"taxonomy":"post_tag","extraData":[]},"publishpress_future_workflow_manual_trigger":{"enabledWorkflows":[]},"ticketed":["woo"],"_links":{"self":[{"href":"https:\/\/www.sunset-sunside.com\/wp-json\/wp\/v2\/tribe_events\/88786","targetHints":{"allow":["GET"]}}],"collection":[{"href":"https:\/\/www.sunset-sunside.com\/wp-json\/wp\/v2\/tribe_events"}],"about":[{"href":"https:\/\/www.sunset-sunside.com\/wp-json\/wp\/v2\/types\/tribe_events"}],"author":[{"embeddable":true,"href":"https:\/\/www.sunset-sunside.com\/wp-json\/wp\/v2\/users\/2"}],"version-history":[{"count":1,"href":"https:\/\/www.sunset-sunside.com\/wp-json\/wp\/v2\/tribe_events\/88786\/revisions"}],"predecessor-version":[{"id":88790,"href":"https:\/\/www.sunset-sunside.com\/wp-json\/wp\/v2\/tribe_events\/88786\/revisions\/88790"}],"wp:featuredmedia":[{"embeddable":true,"href":"https:\/\/www.sunset-sunside.com\/wp-json\/wp\/v2\/media\/88814"}],"wp:attachment":[{"href":"https:\/\/www.sunset-sunside.com\/wp-json\/wp\/v2\/media?parent=88786"}],"wp:term":[{"taxonomy":"post_tag","embeddable":true,"href":"https:\/\/www.sunset-sunside.com\/wp-json\/wp\/v2\/tags?post=88786"},{"taxonomy":"genre","embeddable":true,"href":"https:\/\/www.sunset-sunside.com\/wp-json\/wp\/v2\/genre?post=88786"},{"taxonomy":"tribe_events_cat","embeddable":true,"href":"https:\/\/www.sunset-sunside.com\/wp-json\/wp\/v2\/tribe_events_cat?post=88786"}],"curies":[{"name":"wp","href":"https:\/\/api.w.org\/{rel}","templated":true}]}}