{"id":88792,"date":"2025-07-24T14:01:26","date_gmt":"2025-07-24T12:01:26","guid":{"rendered":"https:\/\/www.sunset-sunside.com\/?post_type=tribe_events&#038;p=88792"},"modified":"2025-10-20T13:05:30","modified_gmt":"2025-10-20T11:05:30","slug":"jo-charly","status":"publish","type":"tribe_events","link":"https:\/\/www.sunset-sunside.com\/concert\/jo-charly\/","title":{"rendered":"Jo &amp; Charly"},"content":{"rendered":"<p>Jo &amp; Charly, c\u2019est l\u2019alliance de deux figures de la sc\u00e8ne cubaine et internationale :\u00a0<\/p>\n<p>Jo\u00ebl Hierrezuelo, multi-instrumentiste et compositeur incontournable du jazz et des musiques du monde, et Carlos Miguel Hernandez, chanteur \u00e0 la voix profonde, h\u00e9ritier de la trova et du filin.<\/p>\n<p>\nApr\u00e8s 25 ann\u00e9es \u00e0 se croiser sur sc\u00e8ne et \u00e0 partager leurs univers, ils fondent un duo rare et complice, o\u00f9 chaque concert devient une conversation musicale sinc\u00e8re et vibrante. Leurs voix dessinent un paysage sonore fait de jazz, guajiras cubaines, de rythmes afro-carib\u00e9ens, de ballades et de po\u00e9sie vivante.<\/p>\n<p>\nLeur musique \u00e9voque la m\u00e9moire des traditions tout en ouvrant la voie \u00e0 une cr\u00e9ation moderne, accessible et \u00e9motive. Chaque spectacle est une invitation \u00e0 la rencontre entre Cuba et le monde, un moment suspendu \u00e0 ne pas manquer pour les amateurs de musiques vivantes, de r\u00e9cits port\u00e9s par la voix et de beaut\u00e9 partag\u00e9e.<\/p>\n","protected":false},"excerpt":{"rendered":"<p>Jo &amp; Charly, c\u2019est l\u2019alliance de deux figures de la sc\u00e8ne cubaine et internationale :\u00a0 Jo\u00ebl Hierrezuelo, multi-instrumentiste et compositeur incontournable du jazz et des musiques du monde, et Carlos [&hellip;]<\/p>\n","protected":false},"author":2,"featured_media":88796,"template":"","meta":{"_acf_changed":false,"_price":"","_stock":"","_tribe_ticket_header":"","_tribe_default_ticket_provider":"Tribe__Tickets_Plus__Commerce__WooCommerce__Main","_tribe_ticket_capacity":"89","_ticket_start_date":"","_ticket_end_date":"","_tribe_ticket_show_description":"","_tribe_ticket_show_not_going":false,"_tribe_ticket_use_global_stock":"1","_tribe_ticket_global_stock_level":"26","_global_stock_mode":"","_global_stock_cap":"","_tribe_rsvp_for_event":"","_tribe_ticket_going_count":"","_tribe_ticket_not_going_count":"","_tribe_tickets_list":"[{\"id\":88793,\"type\":\"default\",\"title\":\"Tarif adh\\u00e9rent\",\"description\":\"\",\"capacityType\":\"global\",\"price\":15,\"capacity\":89,\"available\":26,\"sharedCapacity\":89,\"sold\":0,\"shareSold\":0,\"isShared\":true,\"currencyDecimalPoint\":\",\",\"currencyNumberOfDecimals\":2,\"currencyPosition\":\"prefix\",\"currencySymbol\":\"$\",\"currencyThousandsSep\":\"\"},{\"id\":88794,\"type\":\"default\",\"title\":\"Tarif plein*\",\"description\":\"\",\"capacityType\":\"global\",\"price\":20,\"capacity\":89,\"available\":26,\"sharedCapacity\":89,\"sold\":47,\"shareSold\":47,\"isShared\":true,\"currencyDecimalPoint\":\",\",\"currencyNumberOfDecimals\":2,\"currencyPosition\":\"prefix\",\"currencySymbol\":\"$\",\"currencyThousandsSep\":\"\"},{\"id\":88795,\"type\":\"default\",\"title\":\"Tarif r\\u00e9duit\",\"description\":\"Tarif r\\u00e9serv\\u00e9 aux \\u00e9tudiants de moins de 25 ans, ch\\u00f4meurs et intermittents du spectacle. Pr\\u00e9sentation obligatoire d\\u2019un justificatif \\u00e0 l\\u2019entr\\u00e9e. \\r\\nUn suppl\\u00e9ment vous sera demand\\u00e9 pour non pr\\u00e9sentation de justificatif. \",\"capacityType\":\"global\",\"price\":10,\"capacity\":89,\"available\":26,\"sharedCapacity\":89,\"sold\":16,\"shareSold\":16,\"isShared\":true,\"currencyDecimalPoint\":\",\",\"currencyNumberOfDecimals\":2,\"currencyPosition\":\"prefix\",\"currencySymbol\":\"$\",\"currencyThousandsSep\":\"\"}]","_tribe_ticket_has_attendee_info_fields":false,"_tribe_events_status":"","_tribe_events_status_reason":"","footnotes":"","_tec_slr_enabled":"","_tec_slr_layout":""},"tags":[],"genre":[273],"tribe_events_cat":[213,214,215,216],"class_list":["post-88792","tribe_events","type-tribe_events","status-publish","has-post-thumbnail","hentry","genre-jazz-cubain","tribe_events_cat-albums-du-mois","tribe_events_cat-coup-de-coeur","tribe_events_cat-decouvertes","tribe_events_cat-evenements","cat_albums-du-mois","cat_coup-de-coeur","cat_decouvertes","cat_evenements"],"acf":[],"yoast_head":"<!-- This site is optimized with the Yoast SEO plugin v25.7 - https:\/\/yoast.com\/wordpress\/plugins\/seo\/ -->\n<title>Jo &amp; Charly - Sunset Sunside<\/title>\n<meta name=\"robots\" content=\"index, follow, max-snippet:-1, max-image-preview:large, max-video-preview:-1\" \/>\n<link rel=\"canonical\" href=\"https:\/\/www.sunset-sunside.com\/concert\/jo-charly\/\" \/>\n<meta property=\"og:locale\" content=\"en_GB\" \/>\n<meta property=\"og:type\" content=\"article\" \/>\n<meta property=\"og:title\" content=\"Jo &amp; Charly - Sunset Sunside\" \/>\n<meta property=\"og:description\" content=\"Jo &amp; Charly, c\u2019est l\u2019alliance de deux figures de la sc\u00e8ne cubaine et internationale :\u00a0 Jo\u00ebl Hierrezuelo, multi-instrumentiste et compositeur incontournable du jazz et des musiques du monde, et Carlos [&hellip;]\" \/>\n<meta property=\"og:url\" content=\"https:\/\/www.sunset-sunside.com\/concert\/jo-charly\/\" \/>\n<meta property=\"og:site_name\" content=\"Sunset Sunside\" \/>\n<meta property=\"article:publisher\" content=\"https:\/\/www.facebook.com\/SunsetSunsideJazzClub\/\" \/>\n<meta property=\"article:modified_time\" content=\"2025-10-20T11:05:30+00:00\" \/>\n<meta property=\"og:image\" content=\"https:\/\/www.sunset-sunside.com\/app\/uploads\/2025\/07\/Jo-Charly-_visuel-HD-_Credit-photo-David-Figueredo-12-1024x850.jpg\" \/>\n\t<meta property=\"og:image:width\" content=\"1024\" \/>\n\t<meta property=\"og:image:height\" content=\"850\" \/>\n\t<meta property=\"og:image:type\" content=\"image\/jpeg\" \/>\n<meta name=\"twitter:card\" content=\"summary_large_image\" \/>\n<meta name=\"twitter:site\" content=\"@SunsetSunside\" \/>\n<meta name=\"twitter:label1\" content=\"Est. reading time\" \/>\n\t<meta name=\"twitter:data1\" content=\"1 minute\" \/>\n<script type=\"application\/ld+json\" class=\"yoast-schema-graph\">{\"@context\":\"https:\/\/schema.org\",\"@graph\":[{\"@type\":\"WebPage\",\"@id\":\"https:\/\/www.sunset-sunside.com\/concert\/jo-charly\/\",\"url\":\"https:\/\/www.sunset-sunside.com\/concert\/jo-charly\/\",\"name\":\"Jo &amp; Charly - Sunset Sunside\",\"isPartOf\":{\"@id\":\"https:\/\/www.sunset-sunside.com\/#website\"},\"primaryImageOfPage\":{\"@id\":\"https:\/\/www.sunset-sunside.com\/concert\/jo-charly\/#primaryimage\"},\"image\":{\"@id\":\"https:\/\/www.sunset-sunside.com\/concert\/jo-charly\/#primaryimage\"},\"thumbnailUrl\":\"https:\/\/www.sunset-sunside.com\/app\/uploads\/2025\/07\/Jo-Charly-_visuel-HD-_Credit-photo-David-Figueredo-12.jpg\",\"datePublished\":\"2025-07-24T12:01:26+00:00\",\"dateModified\":\"2025-10-20T11:05:30+00:00\",\"breadcrumb\":{\"@id\":\"https:\/\/www.sunset-sunside.com\/concert\/jo-charly\/#breadcrumb\"},\"inLanguage\":\"en-GB\",\"potentialAction\":[{\"@type\":\"ReadAction\",\"target\":[\"https:\/\/www.sunset-sunside.com\/concert\/jo-charly\/\"]}]},{\"@type\":\"ImageObject\",\"inLanguage\":\"en-GB\",\"@id\":\"https:\/\/www.sunset-sunside.com\/concert\/jo-charly\/#primaryimage\",\"url\":\"https:\/\/www.sunset-sunside.com\/app\/uploads\/2025\/07\/Jo-Charly-_visuel-HD-_Credit-photo-David-Figueredo-12.jpg\",\"contentUrl\":\"https:\/\/www.sunset-sunside.com\/app\/uploads\/2025\/07\/Jo-Charly-_visuel-HD-_Credit-photo-David-Figueredo-12.jpg\",\"width\":4821,\"height\":4000,\"caption\":\"\u00a9 David Figueredo\"},{\"@type\":\"BreadcrumbList\",\"@id\":\"https:\/\/www.sunset-sunside.com\/concert\/jo-charly\/#breadcrumb\",\"itemListElement\":[{\"@type\":\"ListItem\",\"position\":1,\"name\":\"Accueil\",\"item\":\"https:\/\/www.sunset-sunside.com\/\"},{\"@type\":\"ListItem\",\"position\":2,\"name\":\"\u00c9v\u00e8nements\",\"item\":\"https:\/\/www.sunset-sunside.com\/concerts\/\"},{\"@type\":\"ListItem\",\"position\":3,\"name\":\"Jo &amp; Charly\"}]},{\"@type\":\"WebSite\",\"@id\":\"https:\/\/www.sunset-sunside.com\/#website\",\"url\":\"https:\/\/www.sunset-sunside.com\/\",\"name\":\"Sunset Sunside\",\"description\":\"\",\"potentialAction\":[{\"@type\":\"SearchAction\",\"target\":{\"@type\":\"EntryPoint\",\"urlTemplate\":\"https:\/\/www.sunset-sunside.com\/?s={search_term_string}\"},\"query-input\":{\"@type\":\"PropertyValueSpecification\",\"valueRequired\":true,\"valueName\":\"search_term_string\"}}],\"inLanguage\":\"en-GB\"}]}<\/script>\n<!-- \/ Yoast SEO plugin. -->","yoast_head_json":{"title":"Jo &amp; Charly - Sunset Sunside","robots":{"index":"index","follow":"follow","max-snippet":"max-snippet:-1","max-image-preview":"max-image-preview:large","max-video-preview":"max-video-preview:-1"},"canonical":"https:\/\/www.sunset-sunside.com\/concert\/jo-charly\/","og_locale":"en_GB","og_type":"article","og_title":"Jo &amp; Charly - Sunset Sunside","og_description":"Jo &amp; Charly, c\u2019est l\u2019alliance de deux figures de la sc\u00e8ne cubaine et internationale :\u00a0 Jo\u00ebl Hierrezuelo, multi-instrumentiste et compositeur incontournable du jazz et des musiques du monde, et Carlos [&hellip;]","og_url":"https:\/\/www.sunset-sunside.com\/concert\/jo-charly\/","og_site_name":"Sunset Sunside","article_publisher":"https:\/\/www.facebook.com\/SunsetSunsideJazzClub\/","article_modified_time":"2025-10-20T11:05:30+00:00","og_image":[{"width":1024,"height":850,"url":"https:\/\/www.sunset-sunside.com\/app\/uploads\/2025\/07\/Jo-Charly-_visuel-HD-_Credit-photo-David-Figueredo-12-1024x850.jpg","type":"image\/jpeg"}],"twitter_card":"summary_large_image","twitter_site":"@SunsetSunside","twitter_misc":{"Est. reading time":"1 minute"},"schema":{"@context":"https:\/\/schema.org","@graph":[{"@type":"WebPage","@id":"https:\/\/www.sunset-sunside.com\/concert\/jo-charly\/","url":"https:\/\/www.sunset-sunside.com\/concert\/jo-charly\/","name":"Jo &amp; Charly - Sunset Sunside","isPartOf":{"@id":"https:\/\/www.sunset-sunside.com\/#website"},"primaryImageOfPage":{"@id":"https:\/\/www.sunset-sunside.com\/concert\/jo-charly\/#primaryimage"},"image":{"@id":"https:\/\/www.sunset-sunside.com\/concert\/jo-charly\/#primaryimage"},"thumbnailUrl":"https:\/\/www.sunset-sunside.com\/app\/uploads\/2025\/07\/Jo-Charly-_visuel-HD-_Credit-photo-David-Figueredo-12.jpg","datePublished":"2025-07-24T12:01:26+00:00","dateModified":"2025-10-20T11:05:30+00:00","breadcrumb":{"@id":"https:\/\/www.sunset-sunside.com\/concert\/jo-charly\/#breadcrumb"},"inLanguage":"en-GB","potentialAction":[{"@type":"ReadAction","target":["https:\/\/www.sunset-sunside.com\/concert\/jo-charly\/"]}]},{"@type":"ImageObject","inLanguage":"en-GB","@id":"https:\/\/www.sunset-sunside.com\/concert\/jo-charly\/#primaryimage","url":"https:\/\/www.sunset-sunside.com\/app\/uploads\/2025\/07\/Jo-Charly-_visuel-HD-_Credit-photo-David-Figueredo-12.jpg","contentUrl":"https:\/\/www.sunset-sunside.com\/app\/uploads\/2025\/07\/Jo-Charly-_visuel-HD-_Credit-photo-David-Figueredo-12.jpg","width":4821,"height":4000,"caption":"\u00a9 David Figueredo"},{"@type":"BreadcrumbList","@id":"https:\/\/www.sunset-sunside.com\/concert\/jo-charly\/#breadcrumb","itemListElement":[{"@type":"ListItem","position":1,"name":"Accueil","item":"https:\/\/www.sunset-sunside.com\/"},{"@type":"ListItem","position":2,"name":"\u00c9v\u00e8nements","item":"https:\/\/www.sunset-sunside.com\/concerts\/"},{"@type":"ListItem","position":3,"name":"Jo &amp; Charly"}]},{"@type":"WebSite","@id":"https:\/\/www.sunset-sunside.com\/#website","url":"https:\/\/www.sunset-sunside.com\/","name":"Sunset Sunside","description":"","potentialAction":[{"@type":"SearchAction","target":{"@type":"EntryPoint","urlTemplate":"https:\/\/www.sunset-sunside.com\/?s={search_term_string}"},"query-input":{"@type":"PropertyValueSpecification","valueRequired":true,"valueName":"search_term_string"}}],"inLanguage":"en-GB"}]}},"publishpress_future_action":{"enabled":false,"date":"2026-04-12 18:51:22","action":"change-status","newStatus":"draft","terms":[],"taxonomy":"post_tag","extraData":[]},"publishpress_future_workflow_manual_trigger":{"enabledWorkflows":[]},"ticketed":["woo"],"_links":{"self":[{"href":"https:\/\/www.sunset-sunside.com\/wp-json\/wp\/v2\/tribe_events\/88792","targetHints":{"allow":["GET"]}}],"collection":[{"href":"https:\/\/www.sunset-sunside.com\/wp-json\/wp\/v2\/tribe_events"}],"about":[{"href":"https:\/\/www.sunset-sunside.com\/wp-json\/wp\/v2\/types\/tribe_events"}],"author":[{"embeddable":true,"href":"https:\/\/www.sunset-sunside.com\/wp-json\/wp\/v2\/users\/2"}],"version-history":[{"count":1,"href":"https:\/\/www.sunset-sunside.com\/wp-json\/wp\/v2\/tribe_events\/88792\/revisions"}],"predecessor-version":[{"id":88797,"href":"https:\/\/www.sunset-sunside.com\/wp-json\/wp\/v2\/tribe_events\/88792\/revisions\/88797"}],"wp:featuredmedia":[{"embeddable":true,"href":"https:\/\/www.sunset-sunside.com\/wp-json\/wp\/v2\/media\/88796"}],"wp:attachment":[{"href":"https:\/\/www.sunset-sunside.com\/wp-json\/wp\/v2\/media?parent=88792"}],"wp:term":[{"taxonomy":"post_tag","embeddable":true,"href":"https:\/\/www.sunset-sunside.com\/wp-json\/wp\/v2\/tags?post=88792"},{"taxonomy":"genre","embeddable":true,"href":"https:\/\/www.sunset-sunside.com\/wp-json\/wp\/v2\/genre?post=88792"},{"taxonomy":"tribe_events_cat","embeddable":true,"href":"https:\/\/www.sunset-sunside.com\/wp-json\/wp\/v2\/tribe_events_cat?post=88792"}],"curies":[{"name":"wp","href":"https:\/\/api.w.org\/{rel}","templated":true}]}}