{"id":90056,"date":"2025-08-05T13:53:04","date_gmt":"2025-08-05T11:53:04","guid":{"rendered":"https:\/\/www.sunset-sunside.com\/?post_type=tribe_events&#038;p=90056"},"modified":"2025-10-30T13:32:57","modified_gmt":"2025-10-30T12:32:57","slug":"virginie-peyral","status":"publish","type":"tribe_events","link":"https:\/\/www.sunset-sunside.com\/concert\/virginie-peyral\/","title":{"rendered":"Virginie Peyral"},"content":{"rendered":"<p>Apr\u00e8s\u00a0l\u2019album La Furie sorti en 2023, la pianiste et compositrice Virginie Peyral joue son nouvel ep en piano solo \u00ab\u00a0Quartier Japy\u00a0\u00bb.\u00a0<br \/>\nPlus qu\u2019un simple projet musical, Quartier Japy est une fusion du piano et de la rue, un album ou\u0300 chaque morceau raconte une histoire intense, enracine\u0301e dans la vie du &#8220;Quartier Japy&#8221; \u00e0 Paris 11.<\/p>\n<p>Virginie Peyral met en sce\u0300ne ses amis du quartier ou des re\u0301cits qui les repre\u0301sentent, avec cette me\u0302me intensite\u0301 e\u0301motionnelle qui caracte\u0301rise son jeu. Un EP autobiographique, une bande originale.\u00a0<\/p>\n<p>&nbsp;<\/p>\n<p>\nLe rappeur Adeyemi et d\u2019autres invit\u00e9s seront pr\u00e9sents pour c\u00e9l\u00e9brer la sortie de l\u2019EP.\u00a0<\/p>\n<p>&nbsp;<\/p>\n<p>&nbsp;<\/p>\n<p><em>\u00ab La m\u00e9lodie est pleine de personnalit\u00e9, presque comme si le piano racontait l&#8217;histoire de Sosso lui-m\u00eame, entre le tumulte du quartier et le calme du foyer. \u00bb &#8211; R\u00e1dio<\/em><br \/>\n<em>Armaz\u00e9m<\/em><br \/>\n<em>\u00ab Exceptionnel. Tout simplement. La douceur du piano contraste avec la force du rap. Un morceau complet. \u00bb &#8211;<\/em><br \/>\n<em>Polemyque<\/em><br \/>\n<em>\u00ab Un solo de piano qui va au-del\u00e0 des notes et raconte une histoire sans mots. \u00bb &#8211; R\u00e1dio Armaz\u00e9m<\/em><br \/>\n<em>\u00ab Une composition \u00e0 la fois \u00e9motive et magistralement ex\u00e9cut\u00e9e.\u00bb &#8211; For Play Music<\/em><br \/>\n<em>\u00ab Entre piano et po\u00e9sie urbaine, Virginie Peyral livre un album o\u00f9 chaque note devient r\u00e9cit, o\u00f9 l&#8217;intime dialogue avec la rue. \u00bb &#8211; Synth\u00e8se<\/em><br \/>\n<em>r\u00e9server<\/em><\/p>\n","protected":false},"excerpt":{"rendered":"<p>Apr\u00e8s\u00a0l\u2019album La Furie sorti en 2023, la pianiste et compositrice Virginie Peyral joue son nouvel ep en piano solo \u00ab\u00a0Quartier Japy\u00a0\u00bb.\u00a0 Plus qu\u2019un simple projet musical, Quartier Japy est une [&hellip;]<\/p>\n","protected":false},"author":2,"featured_media":90060,"template":"","meta":{"_acf_changed":false,"_price":"","_stock":"","_tribe_ticket_header":"","_tribe_default_ticket_provider":"Tribe__Tickets_Plus__Commerce__WooCommerce__Main","_tribe_ticket_capacity":"93","_ticket_start_date":"","_ticket_end_date":"","_tribe_ticket_show_description":"","_tribe_ticket_show_not_going":false,"_tribe_ticket_use_global_stock":"1","_tribe_ticket_global_stock_level":"71","_global_stock_mode":"","_global_stock_cap":"","_tribe_rsvp_for_event":"","_tribe_ticket_going_count":"","_tribe_ticket_not_going_count":"","_tribe_tickets_list":"[{\"id\":90057,\"type\":\"default\",\"title\":\"Tarif plein*\",\"description\":\"\",\"capacityType\":\"capped\",\"price\":20,\"capacity\":93,\"available\":71,\"sharedCapacity\":93,\"sold\":18,\"shareSold\":18,\"isShared\":true,\"currencyDecimalPoint\":\",\",\"currencyNumberOfDecimals\":2,\"currencyPosition\":\"prefix\",\"currencySymbol\":\"$\",\"currencyThousandsSep\":\"\"},{\"id\":90058,\"type\":\"default\",\"title\":\"Tarif r\\u00e9duit\",\"description\":\"Tarif r\\u00e9serv\\u00e9 aux \\u00e9tudiants de moins de 25 ans, ch\\u00f4meurs et intermittents du spectacle. Pr\\u00e9sentation obligatoire d\\u2019un justificatif \\u00e0 l\\u2019entr\\u00e9e. \\r\\nUn suppl\\u00e9ment vous sera demand\\u00e9 pour non pr\\u00e9sentation de justificatif. \",\"capacityType\":\"capped\",\"price\":10,\"capacity\":93,\"available\":71,\"sharedCapacity\":93,\"sold\":4,\"shareSold\":4,\"isShared\":true,\"currencyDecimalPoint\":\",\",\"currencyNumberOfDecimals\":2,\"currencyPosition\":\"prefix\",\"currencySymbol\":\"$\",\"currencyThousandsSep\":\"\"},{\"id\":90059,\"type\":\"default\",\"title\":\"Tarif adh\\u00e9rent\",\"description\":\"\",\"capacityType\":\"capped\",\"price\":15,\"capacity\":93,\"available\":71,\"sharedCapacity\":93,\"sold\":0,\"shareSold\":0,\"isShared\":true,\"currencyDecimalPoint\":\",\",\"currencyNumberOfDecimals\":2,\"currencyPosition\":\"prefix\",\"currencySymbol\":\"$\",\"currencyThousandsSep\":\"\"}]","_tribe_ticket_has_attendee_info_fields":false,"_tribe_events_status":"","_tribe_events_status_reason":"","footnotes":"","_tec_slr_enabled":"","_tec_slr_layout":""},"tags":[],"genre":[258],"tribe_events_cat":[213,214,215,216],"class_list":["post-90056","tribe_events","type-tribe_events","status-publish","has-post-thumbnail","hentry","genre-jazz-actuel","tribe_events_cat-albums-du-mois","tribe_events_cat-coup-de-coeur","tribe_events_cat-decouvertes","tribe_events_cat-evenements","cat_albums-du-mois","cat_coup-de-coeur","cat_decouvertes","cat_evenements"],"acf":[],"yoast_head":"<!-- This site is optimized with the Yoast SEO plugin v25.7 - https:\/\/yoast.com\/wordpress\/plugins\/seo\/ -->\n<title>Virginie Peyral - Sunset Sunside<\/title>\n<meta name=\"robots\" content=\"index, follow, max-snippet:-1, max-image-preview:large, max-video-preview:-1\" \/>\n<link rel=\"canonical\" href=\"https:\/\/www.sunset-sunside.com\/concert\/virginie-peyral\/\" \/>\n<meta property=\"og:locale\" content=\"en_GB\" \/>\n<meta property=\"og:type\" content=\"article\" \/>\n<meta property=\"og:title\" content=\"Virginie Peyral - Sunset Sunside\" \/>\n<meta property=\"og:description\" content=\"Apr\u00e8s\u00a0l\u2019album La Furie sorti en 2023, la pianiste et compositrice Virginie Peyral joue son nouvel ep en piano solo \u00ab\u00a0Quartier Japy\u00a0\u00bb.\u00a0 Plus qu\u2019un simple projet musical, Quartier Japy est une [&hellip;]\" \/>\n<meta property=\"og:url\" content=\"https:\/\/www.sunset-sunside.com\/concert\/virginie-peyral\/\" \/>\n<meta property=\"og:site_name\" content=\"Sunset Sunside\" \/>\n<meta property=\"article:publisher\" content=\"https:\/\/www.facebook.com\/SunsetSunsideJazzClub\/\" \/>\n<meta property=\"article:modified_time\" content=\"2025-10-30T12:32:57+00:00\" \/>\n<meta property=\"og:image\" content=\"https:\/\/www.sunset-sunside.com\/app\/uploads\/2025\/08\/72_Rimendo_LaFurie_PhotosPress_ChrisitanMamoun_walterVanBeirendonck5-683x1024.jpg\" \/>\n\t<meta property=\"og:image:width\" content=\"683\" \/>\n\t<meta property=\"og:image:height\" content=\"1024\" \/>\n\t<meta property=\"og:image:type\" content=\"image\/jpeg\" \/>\n<meta name=\"twitter:card\" content=\"summary_large_image\" \/>\n<meta name=\"twitter:site\" content=\"@SunsetSunside\" \/>\n<meta name=\"twitter:label1\" content=\"Est. reading time\" \/>\n\t<meta name=\"twitter:data1\" content=\"2 minutes\" \/>\n<script type=\"application\/ld+json\" class=\"yoast-schema-graph\">{\"@context\":\"https:\/\/schema.org\",\"@graph\":[{\"@type\":\"WebPage\",\"@id\":\"https:\/\/www.sunset-sunside.com\/concert\/virginie-peyral\/\",\"url\":\"https:\/\/www.sunset-sunside.com\/concert\/virginie-peyral\/\",\"name\":\"Virginie Peyral - Sunset Sunside\",\"isPartOf\":{\"@id\":\"https:\/\/www.sunset-sunside.com\/#website\"},\"primaryImageOfPage\":{\"@id\":\"https:\/\/www.sunset-sunside.com\/concert\/virginie-peyral\/#primaryimage\"},\"image\":{\"@id\":\"https:\/\/www.sunset-sunside.com\/concert\/virginie-peyral\/#primaryimage\"},\"thumbnailUrl\":\"https:\/\/www.sunset-sunside.com\/app\/uploads\/2025\/08\/72_Rimendo_LaFurie_PhotosPress_ChrisitanMamoun_walterVanBeirendonck5.jpg\",\"datePublished\":\"2025-08-05T11:53:04+00:00\",\"dateModified\":\"2025-10-30T12:32:57+00:00\",\"breadcrumb\":{\"@id\":\"https:\/\/www.sunset-sunside.com\/concert\/virginie-peyral\/#breadcrumb\"},\"inLanguage\":\"en-GB\",\"potentialAction\":[{\"@type\":\"ReadAction\",\"target\":[\"https:\/\/www.sunset-sunside.com\/concert\/virginie-peyral\/\"]}]},{\"@type\":\"ImageObject\",\"inLanguage\":\"en-GB\",\"@id\":\"https:\/\/www.sunset-sunside.com\/concert\/virginie-peyral\/#primaryimage\",\"url\":\"https:\/\/www.sunset-sunside.com\/app\/uploads\/2025\/08\/72_Rimendo_LaFurie_PhotosPress_ChrisitanMamoun_walterVanBeirendonck5.jpg\",\"contentUrl\":\"https:\/\/www.sunset-sunside.com\/app\/uploads\/2025\/08\/72_Rimendo_LaFurie_PhotosPress_ChrisitanMamoun_walterVanBeirendonck5.jpg\",\"width\":4380,\"height\":6570,\"caption\":\"\u00a9DR\"},{\"@type\":\"BreadcrumbList\",\"@id\":\"https:\/\/www.sunset-sunside.com\/concert\/virginie-peyral\/#breadcrumb\",\"itemListElement\":[{\"@type\":\"ListItem\",\"position\":1,\"name\":\"Accueil\",\"item\":\"https:\/\/www.sunset-sunside.com\/\"},{\"@type\":\"ListItem\",\"position\":2,\"name\":\"\u00c9v\u00e8nements\",\"item\":\"https:\/\/www.sunset-sunside.com\/concerts\/\"},{\"@type\":\"ListItem\",\"position\":3,\"name\":\"Virginie Peyral\"}]},{\"@type\":\"WebSite\",\"@id\":\"https:\/\/www.sunset-sunside.com\/#website\",\"url\":\"https:\/\/www.sunset-sunside.com\/\",\"name\":\"Sunset Sunside\",\"description\":\"\",\"potentialAction\":[{\"@type\":\"SearchAction\",\"target\":{\"@type\":\"EntryPoint\",\"urlTemplate\":\"https:\/\/www.sunset-sunside.com\/?s={search_term_string}\"},\"query-input\":{\"@type\":\"PropertyValueSpecification\",\"valueRequired\":true,\"valueName\":\"search_term_string\"}}],\"inLanguage\":\"en-GB\"}]}<\/script>\n<!-- \/ Yoast SEO plugin. -->","yoast_head_json":{"title":"Virginie Peyral - Sunset Sunside","robots":{"index":"index","follow":"follow","max-snippet":"max-snippet:-1","max-image-preview":"max-image-preview:large","max-video-preview":"max-video-preview:-1"},"canonical":"https:\/\/www.sunset-sunside.com\/concert\/virginie-peyral\/","og_locale":"en_GB","og_type":"article","og_title":"Virginie Peyral - Sunset Sunside","og_description":"Apr\u00e8s\u00a0l\u2019album La Furie sorti en 2023, la pianiste et compositrice Virginie Peyral joue son nouvel ep en piano solo \u00ab\u00a0Quartier Japy\u00a0\u00bb.\u00a0 Plus qu\u2019un simple projet musical, Quartier Japy est une [&hellip;]","og_url":"https:\/\/www.sunset-sunside.com\/concert\/virginie-peyral\/","og_site_name":"Sunset Sunside","article_publisher":"https:\/\/www.facebook.com\/SunsetSunsideJazzClub\/","article_modified_time":"2025-10-30T12:32:57+00:00","og_image":[{"width":683,"height":1024,"url":"https:\/\/www.sunset-sunside.com\/app\/uploads\/2025\/08\/72_Rimendo_LaFurie_PhotosPress_ChrisitanMamoun_walterVanBeirendonck5-683x1024.jpg","type":"image\/jpeg"}],"twitter_card":"summary_large_image","twitter_site":"@SunsetSunside","twitter_misc":{"Est. reading time":"2 minutes"},"schema":{"@context":"https:\/\/schema.org","@graph":[{"@type":"WebPage","@id":"https:\/\/www.sunset-sunside.com\/concert\/virginie-peyral\/","url":"https:\/\/www.sunset-sunside.com\/concert\/virginie-peyral\/","name":"Virginie Peyral - Sunset Sunside","isPartOf":{"@id":"https:\/\/www.sunset-sunside.com\/#website"},"primaryImageOfPage":{"@id":"https:\/\/www.sunset-sunside.com\/concert\/virginie-peyral\/#primaryimage"},"image":{"@id":"https:\/\/www.sunset-sunside.com\/concert\/virginie-peyral\/#primaryimage"},"thumbnailUrl":"https:\/\/www.sunset-sunside.com\/app\/uploads\/2025\/08\/72_Rimendo_LaFurie_PhotosPress_ChrisitanMamoun_walterVanBeirendonck5.jpg","datePublished":"2025-08-05T11:53:04+00:00","dateModified":"2025-10-30T12:32:57+00:00","breadcrumb":{"@id":"https:\/\/www.sunset-sunside.com\/concert\/virginie-peyral\/#breadcrumb"},"inLanguage":"en-GB","potentialAction":[{"@type":"ReadAction","target":["https:\/\/www.sunset-sunside.com\/concert\/virginie-peyral\/"]}]},{"@type":"ImageObject","inLanguage":"en-GB","@id":"https:\/\/www.sunset-sunside.com\/concert\/virginie-peyral\/#primaryimage","url":"https:\/\/www.sunset-sunside.com\/app\/uploads\/2025\/08\/72_Rimendo_LaFurie_PhotosPress_ChrisitanMamoun_walterVanBeirendonck5.jpg","contentUrl":"https:\/\/www.sunset-sunside.com\/app\/uploads\/2025\/08\/72_Rimendo_LaFurie_PhotosPress_ChrisitanMamoun_walterVanBeirendonck5.jpg","width":4380,"height":6570,"caption":"\u00a9DR"},{"@type":"BreadcrumbList","@id":"https:\/\/www.sunset-sunside.com\/concert\/virginie-peyral\/#breadcrumb","itemListElement":[{"@type":"ListItem","position":1,"name":"Accueil","item":"https:\/\/www.sunset-sunside.com\/"},{"@type":"ListItem","position":2,"name":"\u00c9v\u00e8nements","item":"https:\/\/www.sunset-sunside.com\/concerts\/"},{"@type":"ListItem","position":3,"name":"Virginie Peyral"}]},{"@type":"WebSite","@id":"https:\/\/www.sunset-sunside.com\/#website","url":"https:\/\/www.sunset-sunside.com\/","name":"Sunset Sunside","description":"","potentialAction":[{"@type":"SearchAction","target":{"@type":"EntryPoint","urlTemplate":"https:\/\/www.sunset-sunside.com\/?s={search_term_string}"},"query-input":{"@type":"PropertyValueSpecification","valueRequired":true,"valueName":"search_term_string"}}],"inLanguage":"en-GB"}]}},"publishpress_future_action":{"enabled":false,"date":"2026-04-12 18:45:21","action":"change-status","newStatus":"draft","terms":[],"taxonomy":"post_tag","extraData":[]},"publishpress_future_workflow_manual_trigger":{"enabledWorkflows":[]},"ticketed":["woo"],"_links":{"self":[{"href":"https:\/\/www.sunset-sunside.com\/wp-json\/wp\/v2\/tribe_events\/90056","targetHints":{"allow":["GET"]}}],"collection":[{"href":"https:\/\/www.sunset-sunside.com\/wp-json\/wp\/v2\/tribe_events"}],"about":[{"href":"https:\/\/www.sunset-sunside.com\/wp-json\/wp\/v2\/types\/tribe_events"}],"author":[{"embeddable":true,"href":"https:\/\/www.sunset-sunside.com\/wp-json\/wp\/v2\/users\/2"}],"version-history":[{"count":4,"href":"https:\/\/www.sunset-sunside.com\/wp-json\/wp\/v2\/tribe_events\/90056\/revisions"}],"predecessor-version":[{"id":105836,"href":"https:\/\/www.sunset-sunside.com\/wp-json\/wp\/v2\/tribe_events\/90056\/revisions\/105836"}],"wp:featuredmedia":[{"embeddable":true,"href":"https:\/\/www.sunset-sunside.com\/wp-json\/wp\/v2\/media\/90060"}],"wp:attachment":[{"href":"https:\/\/www.sunset-sunside.com\/wp-json\/wp\/v2\/media?parent=90056"}],"wp:term":[{"taxonomy":"post_tag","embeddable":true,"href":"https:\/\/www.sunset-sunside.com\/wp-json\/wp\/v2\/tags?post=90056"},{"taxonomy":"genre","embeddable":true,"href":"https:\/\/www.sunset-sunside.com\/wp-json\/wp\/v2\/genre?post=90056"},{"taxonomy":"tribe_events_cat","embeddable":true,"href":"https:\/\/www.sunset-sunside.com\/wp-json\/wp\/v2\/tribe_events_cat?post=90056"}],"curies":[{"name":"wp","href":"https:\/\/api.w.org\/{rel}","templated":true}]}}