{"id":93322,"date":"2025-09-02T11:30:36","date_gmt":"2025-09-02T09:30:36","guid":{"rendered":"https:\/\/www.sunset-sunside.com\/?post_type=tribe_events&#038;p=93322"},"modified":"2025-12-02T10:57:17","modified_gmt":"2025-12-02T09:57:17","slug":"emmanuel-bex-celebre-eddy-louiss-ft-fidel-fourneyron","status":"publish","type":"tribe_events","link":"https:\/\/www.sunset-sunside.com\/concert\/emmanuel-bex-celebre-eddy-louiss-ft-fidel-fourneyron\/","title":{"rendered":"Emmanuel Bex c\u00e9l\u00e9bre Eddy Louiss ft. Fidel Fourneyron"},"content":{"rendered":"<p>A l\u2019occasion des 10 ans de la disparition du g\u00e9ant organiste Eddy Louiss, Emmanuel Bex offrira une relecture enjou\u00e9e de son r\u00e9pertoire. Qui d\u2019autre pouvait proposer une relecture hommage de son r\u00e9pertoire? Emmanuel Bex est un musicien Majuscule.<br \/>\nPeu soucieux des formats et des contraintes, dot\u00e9 d&#8217;une fantaisie illimit\u00e9e et d&#8217;un go\u00fbt prononc\u00e9 pour la d\u00e9mesure il est de ceux qui incarnent le mieux l&#8217;id\u00e9e de libert\u00e9 totale.Le rayonnement solaire d&#8217;Emmanuel Bex n&#8217;est plus \u00e0 d\u00e9montrer.<\/p>\n<p>T\u00c9L\u00c9RAMA en dit : \u00ab Emmanuel Bex est sans doute l\u2019un des mieux plac\u00e9s pour rendre hommage \u00e0 Eddy Louiss. Non seulement, parce que, comme lui, il a adopt\u00e9 l\u2019orgue, mais aussi parce qu\u2019il est habit\u00e9 par une fantaisie illimit\u00e9e \u00bb.<\/p>\n","protected":false},"excerpt":{"rendered":"<p>A l\u2019occasion des 10 ans de la disparition du g\u00e9ant organiste Eddy Louiss, Emmanuel Bex offrira une relecture enjou\u00e9e de son r\u00e9pertoire. Qui d\u2019autre pouvait proposer une relecture hommage de [&hellip;]<\/p>\n","protected":false},"author":2,"featured_media":93320,"template":"","meta":{"_acf_changed":false,"_price":"","_stock":"","_tribe_ticket_header":"","_tribe_default_ticket_provider":"Tribe__Tickets_Plus__Commerce__WooCommerce__Main","_tribe_ticket_capacity":"98","_ticket_start_date":"","_ticket_end_date":"","_tribe_ticket_show_description":"","_tribe_ticket_show_not_going":false,"_tribe_ticket_use_global_stock":"1","_tribe_ticket_global_stock_level":"67","_global_stock_mode":"","_global_stock_cap":"","_tribe_rsvp_for_event":"","_tribe_ticket_going_count":"","_tribe_ticket_not_going_count":"","_tribe_tickets_list":"[{\"id\":93323,\"type\":\"default\",\"title\":\"Tarif plein*\",\"description\":\"\",\"capacityType\":\"global\",\"price\":30,\"capacity\":98,\"available\":67,\"sharedCapacity\":98,\"sold\":28,\"shareSold\":28,\"isShared\":true,\"currencyDecimalPoint\":\",\",\"currencyNumberOfDecimals\":2,\"currencyPosition\":\"prefix\",\"currencySymbol\":\"$\",\"currencyThousandsSep\":\"\"},{\"id\":93325,\"type\":\"default\",\"title\":\"Tarif adh\\u00e9rent\",\"description\":\"\",\"capacityType\":\"global\",\"price\":25,\"capacity\":98,\"available\":67,\"sharedCapacity\":98,\"sold\":1,\"shareSold\":1,\"isShared\":true,\"currencyDecimalPoint\":\",\",\"currencyNumberOfDecimals\":2,\"currencyPosition\":\"prefix\",\"currencySymbol\":\"$\",\"currencyThousandsSep\":\"\"}]","_tribe_ticket_has_attendee_info_fields":false,"_tribe_events_status":"","_tribe_events_status_reason":"","footnotes":"","_tec_slr_enabled":"","_tec_slr_layout":""},"tags":[],"genre":[68],"tribe_events_cat":[213,214,215,216],"class_list":["post-93322","tribe_events","type-tribe_events","status-publish","has-post-thumbnail","hentry","genre-jazz-legend","tribe_events_cat-albums-du-mois","tribe_events_cat-coup-de-coeur","tribe_events_cat-decouvertes","tribe_events_cat-evenements","cat_albums-du-mois","cat_coup-de-coeur","cat_decouvertes","cat_evenements"],"acf":[],"yoast_head":"<!-- This site is optimized with the Yoast SEO plugin v25.7 - https:\/\/yoast.com\/wordpress\/plugins\/seo\/ -->\n<title>Emmanuel Bex c\u00e9l\u00e9bre Eddy Louiss ft. Fidel Fourneyron - Sunset Sunside<\/title>\n<meta name=\"robots\" content=\"index, follow, max-snippet:-1, max-image-preview:large, max-video-preview:-1\" \/>\n<link rel=\"canonical\" href=\"https:\/\/www.sunset-sunside.com\/concert\/emmanuel-bex-celebre-eddy-louiss-ft-fidel-fourneyron\/\" \/>\n<meta property=\"og:locale\" content=\"fr_FR\" \/>\n<meta property=\"og:type\" content=\"article\" \/>\n<meta property=\"og:title\" content=\"Emmanuel Bex c\u00e9l\u00e9bre Eddy Louiss ft. Fidel Fourneyron - Sunset Sunside\" \/>\n<meta property=\"og:description\" content=\"A l\u2019occasion des 10 ans de la disparition du g\u00e9ant organiste Eddy Louiss, Emmanuel Bex offrira une relecture enjou\u00e9e de son r\u00e9pertoire. Qui d\u2019autre pouvait proposer une relecture hommage de [&hellip;]\" \/>\n<meta property=\"og:url\" content=\"https:\/\/www.sunset-sunside.com\/concert\/emmanuel-bex-celebre-eddy-louiss-ft-fidel-fourneyron\/\" \/>\n<meta property=\"og:site_name\" content=\"Sunset Sunside\" \/>\n<meta property=\"article:publisher\" content=\"https:\/\/www.facebook.com\/SunsetSunsideJazzClub\/\" \/>\n<meta property=\"article:modified_time\" content=\"2025-12-02T09:57:17+00:00\" \/>\n<meta property=\"og:image\" content=\"https:\/\/www.sunset-sunside.com\/app\/uploads\/2025\/09\/portraitbex-BD-\u00a9Jean-Baptiste-Millot.jpg\" \/>\n\t<meta property=\"og:image:width\" content=\"510\" \/>\n\t<meta property=\"og:image:height\" content=\"339\" \/>\n\t<meta property=\"og:image:type\" content=\"image\/jpeg\" \/>\n<meta name=\"twitter:card\" content=\"summary_large_image\" \/>\n<meta name=\"twitter:site\" content=\"@SunsetSunside\" \/>\n<meta name=\"twitter:label1\" content=\"Dur\u00e9e de lecture estim\u00e9e\" \/>\n\t<meta name=\"twitter:data1\" content=\"1 minute\" \/>\n<script type=\"application\/ld+json\" class=\"yoast-schema-graph\">{\"@context\":\"https:\/\/schema.org\",\"@graph\":[{\"@type\":\"WebPage\",\"@id\":\"https:\/\/www.sunset-sunside.com\/concert\/emmanuel-bex-celebre-eddy-louiss-ft-fidel-fourneyron\/\",\"url\":\"https:\/\/www.sunset-sunside.com\/concert\/emmanuel-bex-celebre-eddy-louiss-ft-fidel-fourneyron\/\",\"name\":\"Emmanuel Bex c\u00e9l\u00e9bre Eddy Louiss ft. Fidel Fourneyron - Sunset Sunside\",\"isPartOf\":{\"@id\":\"https:\/\/www.sunset-sunside.com\/#website\"},\"primaryImageOfPage\":{\"@id\":\"https:\/\/www.sunset-sunside.com\/concert\/emmanuel-bex-celebre-eddy-louiss-ft-fidel-fourneyron\/#primaryimage\"},\"image\":{\"@id\":\"https:\/\/www.sunset-sunside.com\/concert\/emmanuel-bex-celebre-eddy-louiss-ft-fidel-fourneyron\/#primaryimage\"},\"thumbnailUrl\":\"https:\/\/www.sunset-sunside.com\/app\/uploads\/2025\/09\/portraitbex-BD-\u00a9Jean-Baptiste-Millot.jpg\",\"datePublished\":\"2025-09-02T09:30:36+00:00\",\"dateModified\":\"2025-12-02T09:57:17+00:00\",\"breadcrumb\":{\"@id\":\"https:\/\/www.sunset-sunside.com\/concert\/emmanuel-bex-celebre-eddy-louiss-ft-fidel-fourneyron\/#breadcrumb\"},\"inLanguage\":\"fr-FR\",\"potentialAction\":[{\"@type\":\"ReadAction\",\"target\":[\"https:\/\/www.sunset-sunside.com\/concert\/emmanuel-bex-celebre-eddy-louiss-ft-fidel-fourneyron\/\"]}]},{\"@type\":\"ImageObject\",\"inLanguage\":\"fr-FR\",\"@id\":\"https:\/\/www.sunset-sunside.com\/concert\/emmanuel-bex-celebre-eddy-louiss-ft-fidel-fourneyron\/#primaryimage\",\"url\":\"https:\/\/www.sunset-sunside.com\/app\/uploads\/2025\/09\/portraitbex-BD-\u00a9Jean-Baptiste-Millot.jpg\",\"contentUrl\":\"https:\/\/www.sunset-sunside.com\/app\/uploads\/2025\/09\/portraitbex-BD-\u00a9Jean-Baptiste-Millot.jpg\",\"width\":510,\"height\":339,\"caption\":\"\u00a9 Jean-Baptiste-Millot\"},{\"@type\":\"BreadcrumbList\",\"@id\":\"https:\/\/www.sunset-sunside.com\/concert\/emmanuel-bex-celebre-eddy-louiss-ft-fidel-fourneyron\/#breadcrumb\",\"itemListElement\":[{\"@type\":\"ListItem\",\"position\":1,\"name\":\"Accueil\",\"item\":\"https:\/\/www.sunset-sunside.com\/\"},{\"@type\":\"ListItem\",\"position\":2,\"name\":\"\u00c9v\u00e8nements\",\"item\":\"https:\/\/www.sunset-sunside.com\/concerts\/\"},{\"@type\":\"ListItem\",\"position\":3,\"name\":\"Emmanuel Bex c\u00e9l\u00e9bre Eddy Louiss ft. Fidel Fourneyron\"}]},{\"@type\":\"WebSite\",\"@id\":\"https:\/\/www.sunset-sunside.com\/#website\",\"url\":\"https:\/\/www.sunset-sunside.com\/\",\"name\":\"Sunset Sunside\",\"description\":\"\",\"potentialAction\":[{\"@type\":\"SearchAction\",\"target\":{\"@type\":\"EntryPoint\",\"urlTemplate\":\"https:\/\/www.sunset-sunside.com\/?s={search_term_string}\"},\"query-input\":{\"@type\":\"PropertyValueSpecification\",\"valueRequired\":true,\"valueName\":\"search_term_string\"}}],\"inLanguage\":\"fr-FR\"}]}<\/script>\n<!-- \/ Yoast SEO plugin. -->","yoast_head_json":{"title":"Emmanuel Bex c\u00e9l\u00e9bre Eddy Louiss ft. Fidel Fourneyron - Sunset Sunside","robots":{"index":"index","follow":"follow","max-snippet":"max-snippet:-1","max-image-preview":"max-image-preview:large","max-video-preview":"max-video-preview:-1"},"canonical":"https:\/\/www.sunset-sunside.com\/concert\/emmanuel-bex-celebre-eddy-louiss-ft-fidel-fourneyron\/","og_locale":"fr_FR","og_type":"article","og_title":"Emmanuel Bex c\u00e9l\u00e9bre Eddy Louiss ft. Fidel Fourneyron - Sunset Sunside","og_description":"A l\u2019occasion des 10 ans de la disparition du g\u00e9ant organiste Eddy Louiss, Emmanuel Bex offrira une relecture enjou\u00e9e de son r\u00e9pertoire. Qui d\u2019autre pouvait proposer une relecture hommage de [&hellip;]","og_url":"https:\/\/www.sunset-sunside.com\/concert\/emmanuel-bex-celebre-eddy-louiss-ft-fidel-fourneyron\/","og_site_name":"Sunset Sunside","article_publisher":"https:\/\/www.facebook.com\/SunsetSunsideJazzClub\/","article_modified_time":"2025-12-02T09:57:17+00:00","og_image":[{"width":510,"height":339,"url":"https:\/\/www.sunset-sunside.com\/app\/uploads\/2025\/09\/portraitbex-BD-\u00a9Jean-Baptiste-Millot.jpg","type":"image\/jpeg"}],"twitter_card":"summary_large_image","twitter_site":"@SunsetSunside","twitter_misc":{"Dur\u00e9e de lecture estim\u00e9e":"1 minute"},"schema":{"@context":"https:\/\/schema.org","@graph":[{"@type":"WebPage","@id":"https:\/\/www.sunset-sunside.com\/concert\/emmanuel-bex-celebre-eddy-louiss-ft-fidel-fourneyron\/","url":"https:\/\/www.sunset-sunside.com\/concert\/emmanuel-bex-celebre-eddy-louiss-ft-fidel-fourneyron\/","name":"Emmanuel Bex c\u00e9l\u00e9bre Eddy Louiss ft. Fidel Fourneyron - Sunset Sunside","isPartOf":{"@id":"https:\/\/www.sunset-sunside.com\/#website"},"primaryImageOfPage":{"@id":"https:\/\/www.sunset-sunside.com\/concert\/emmanuel-bex-celebre-eddy-louiss-ft-fidel-fourneyron\/#primaryimage"},"image":{"@id":"https:\/\/www.sunset-sunside.com\/concert\/emmanuel-bex-celebre-eddy-louiss-ft-fidel-fourneyron\/#primaryimage"},"thumbnailUrl":"https:\/\/www.sunset-sunside.com\/app\/uploads\/2025\/09\/portraitbex-BD-\u00a9Jean-Baptiste-Millot.jpg","datePublished":"2025-09-02T09:30:36+00:00","dateModified":"2025-12-02T09:57:17+00:00","breadcrumb":{"@id":"https:\/\/www.sunset-sunside.com\/concert\/emmanuel-bex-celebre-eddy-louiss-ft-fidel-fourneyron\/#breadcrumb"},"inLanguage":"fr-FR","potentialAction":[{"@type":"ReadAction","target":["https:\/\/www.sunset-sunside.com\/concert\/emmanuel-bex-celebre-eddy-louiss-ft-fidel-fourneyron\/"]}]},{"@type":"ImageObject","inLanguage":"fr-FR","@id":"https:\/\/www.sunset-sunside.com\/concert\/emmanuel-bex-celebre-eddy-louiss-ft-fidel-fourneyron\/#primaryimage","url":"https:\/\/www.sunset-sunside.com\/app\/uploads\/2025\/09\/portraitbex-BD-\u00a9Jean-Baptiste-Millot.jpg","contentUrl":"https:\/\/www.sunset-sunside.com\/app\/uploads\/2025\/09\/portraitbex-BD-\u00a9Jean-Baptiste-Millot.jpg","width":510,"height":339,"caption":"\u00a9 Jean-Baptiste-Millot"},{"@type":"BreadcrumbList","@id":"https:\/\/www.sunset-sunside.com\/concert\/emmanuel-bex-celebre-eddy-louiss-ft-fidel-fourneyron\/#breadcrumb","itemListElement":[{"@type":"ListItem","position":1,"name":"Accueil","item":"https:\/\/www.sunset-sunside.com\/"},{"@type":"ListItem","position":2,"name":"\u00c9v\u00e8nements","item":"https:\/\/www.sunset-sunside.com\/concerts\/"},{"@type":"ListItem","position":3,"name":"Emmanuel Bex c\u00e9l\u00e9bre Eddy Louiss ft. Fidel Fourneyron"}]},{"@type":"WebSite","@id":"https:\/\/www.sunset-sunside.com\/#website","url":"https:\/\/www.sunset-sunside.com\/","name":"Sunset Sunside","description":"","potentialAction":[{"@type":"SearchAction","target":{"@type":"EntryPoint","urlTemplate":"https:\/\/www.sunset-sunside.com\/?s={search_term_string}"},"query-input":{"@type":"PropertyValueSpecification","valueRequired":true,"valueName":"search_term_string"}}],"inLanguage":"fr-FR"}]}},"publishpress_future_action":{"enabled":false,"date":"2026-04-12 18:28:06","action":"change-status","newStatus":"draft","terms":[],"taxonomy":"post_tag","extraData":[]},"publishpress_future_workflow_manual_trigger":{"enabledWorkflows":[]},"ticketed":["woo"],"_links":{"self":[{"href":"https:\/\/www.sunset-sunside.com\/wp-json\/wp\/v2\/tribe_events\/93322","targetHints":{"allow":["GET"]}}],"collection":[{"href":"https:\/\/www.sunset-sunside.com\/wp-json\/wp\/v2\/tribe_events"}],"about":[{"href":"https:\/\/www.sunset-sunside.com\/wp-json\/wp\/v2\/types\/tribe_events"}],"author":[{"embeddable":true,"href":"https:\/\/www.sunset-sunside.com\/wp-json\/wp\/v2\/users\/2"}],"version-history":[{"count":6,"href":"https:\/\/www.sunset-sunside.com\/wp-json\/wp\/v2\/tribe_events\/93322\/revisions"}],"predecessor-version":[{"id":94572,"href":"https:\/\/www.sunset-sunside.com\/wp-json\/wp\/v2\/tribe_events\/93322\/revisions\/94572"}],"wp:featuredmedia":[{"embeddable":true,"href":"https:\/\/www.sunset-sunside.com\/wp-json\/wp\/v2\/media\/93320"}],"wp:attachment":[{"href":"https:\/\/www.sunset-sunside.com\/wp-json\/wp\/v2\/media?parent=93322"}],"wp:term":[{"taxonomy":"post_tag","embeddable":true,"href":"https:\/\/www.sunset-sunside.com\/wp-json\/wp\/v2\/tags?post=93322"},{"taxonomy":"genre","embeddable":true,"href":"https:\/\/www.sunset-sunside.com\/wp-json\/wp\/v2\/genre?post=93322"},{"taxonomy":"tribe_events_cat","embeddable":true,"href":"https:\/\/www.sunset-sunside.com\/wp-json\/wp\/v2\/tribe_events_cat?post=93322"}],"curies":[{"name":"wp","href":"https:\/\/api.w.org\/{rel}","templated":true}]}}