{"id":93684,"date":"2025-09-04T14:19:05","date_gmt":"2025-09-04T12:19:05","guid":{"rendered":"https:\/\/www.sunset-sunside.com\/?post_type=tribe_events&#038;p=93684"},"modified":"2025-11-12T12:36:10","modified_gmt":"2025-11-12T11:36:10","slug":"ramsay-rawson-paris-bossa-nova-hommage-a-joao-gilberto","status":"publish","type":"tribe_events","link":"https:\/\/www.sunset-sunside.com\/concert\/ramsay-rawson-paris-bossa-nova-hommage-a-joao-gilberto\/","title":{"rendered":"Ramsay Rawson &amp; Paris Bossa Nova &#8211; Hommage \u00e0 Jo\u00e3o Gilberto"},"content":{"rendered":"<p>Ramsay Rawson pr\u00e9sente Paris Bossa Nova, un projet qui \u00e9voque l\u2019atmosph\u00e8re franco-br\u00e9silienne du Paris pendant les ann\u00e9es 1960.<\/p>\n<p>\nParis Bossa Nova relie les points de l\u2019interaction culturelle franco-br\u00e9silienne qui a commenc\u00e9 avec Orfeu Negro et s\u2019est poursuivie jusqu\u2019\u00e0 St Germain des ann\u00e9es 1960 anim\u00e9e par Pierre Barouh. Leur r\u00e9pertoire comprend des standards de Antonio Carlos Jobim, Vinicius de Moraes, et Luiz Bonf\u00e1, en ajoutant du jazz, des bol\u00e9ros et de la bossa fran\u00e7aise.<\/p>\n","protected":false},"excerpt":{"rendered":"<p>Ramsay Rawson pr\u00e9sente Paris Bossa Nova, un projet qui \u00e9voque l\u2019atmosph\u00e8re franco-br\u00e9silienne du Paris pendant les ann\u00e9es 1960. Paris Bossa Nova relie les points de l\u2019interaction culturelle franco-br\u00e9silienne qui a [&hellip;]<\/p>\n","protected":false},"author":2,"featured_media":77553,"template":"","meta":{"_acf_changed":false,"_price":"","_stock":"","_tribe_ticket_header":"","_tribe_default_ticket_provider":"Tribe__Tickets_Plus__Commerce__WooCommerce__Main","_tribe_ticket_capacity":"98","_ticket_start_date":"","_ticket_end_date":"","_tribe_ticket_show_description":"","_tribe_ticket_show_not_going":false,"_tribe_ticket_use_global_stock":"1","_tribe_ticket_global_stock_level":"27","_global_stock_mode":"","_global_stock_cap":"","_tribe_rsvp_for_event":"","_tribe_ticket_going_count":"","_tribe_ticket_not_going_count":"","_tribe_tickets_list":"[{\"id\":93686,\"type\":\"default\",\"title\":\"Tarif plein\",\"description\":\"\",\"capacityType\":\"global\",\"price\":25,\"capacity\":98,\"available\":27,\"sharedCapacity\":98,\"sold\":54,\"shareSold\":54,\"isShared\":true,\"currencyDecimalPoint\":\",\",\"currencyNumberOfDecimals\":2,\"currencyPosition\":\"prefix\",\"currencySymbol\":\"$\",\"currencyThousandsSep\":\"\"},{\"id\":93690,\"type\":\"default\",\"title\":\"Tarif adh\\u00e9rent\",\"description\":\"\",\"capacityType\":\"global\",\"price\":20,\"capacity\":98,\"available\":27,\"sharedCapacity\":98,\"sold\":0,\"shareSold\":0,\"isShared\":true,\"currencyDecimalPoint\":\",\",\"currencyNumberOfDecimals\":2,\"currencyPosition\":\"prefix\",\"currencySymbol\":\"$\",\"currencyThousandsSep\":\"\"},{\"id\":93693,\"type\":\"default\",\"title\":\"Tarif r\\u00e9duit\",\"description\":\"\",\"capacityType\":\"global\",\"price\":15,\"capacity\":98,\"available\":27,\"sharedCapacity\":98,\"sold\":6,\"shareSold\":6,\"isShared\":true,\"currencyDecimalPoint\":\",\",\"currencyNumberOfDecimals\":2,\"currencyPosition\":\"prefix\",\"currencySymbol\":\"$\",\"currencyThousandsSep\":\"\"}]","_tribe_ticket_has_attendee_info_fields":false,"_tribe_events_status":"","_tribe_events_status_reason":"","footnotes":"","_tec_slr_enabled":"","_tec_slr_layout":""},"tags":[],"genre":[251],"tribe_events_cat":[213,214,215,216],"class_list":["post-93684","tribe_events","type-tribe_events","status-publish","has-post-thumbnail","hentry","genre-jazz-bossa-nova-2","tribe_events_cat-albums-du-mois","tribe_events_cat-coup-de-coeur","tribe_events_cat-decouvertes","tribe_events_cat-evenements","cat_albums-du-mois","cat_coup-de-coeur","cat_decouvertes","cat_evenements"],"acf":[],"yoast_head":"<!-- This site is optimized with the Yoast SEO plugin v25.7 - https:\/\/yoast.com\/wordpress\/plugins\/seo\/ -->\n<title>Ramsay Rawson &amp; Paris Bossa Nova - Hommage \u00e0 Jo\u00e3o Gilberto - Sunset Sunside<\/title>\n<meta name=\"robots\" content=\"index, follow, max-snippet:-1, max-image-preview:large, max-video-preview:-1\" \/>\n<link rel=\"canonical\" href=\"https:\/\/www.sunset-sunside.com\/concert\/ramsay-rawson-paris-bossa-nova-hommage-a-joao-gilberto\/\" \/>\n<meta property=\"og:locale\" content=\"en_GB\" \/>\n<meta property=\"og:type\" content=\"article\" \/>\n<meta property=\"og:title\" content=\"Ramsay Rawson &amp; Paris Bossa Nova - Hommage \u00e0 Jo\u00e3o Gilberto - Sunset Sunside\" \/>\n<meta property=\"og:description\" content=\"Ramsay Rawson pr\u00e9sente Paris Bossa Nova, un projet qui \u00e9voque l\u2019atmosph\u00e8re franco-br\u00e9silienne du Paris pendant les ann\u00e9es 1960. Paris Bossa Nova relie les points de l\u2019interaction culturelle franco-br\u00e9silienne qui a [&hellip;]\" \/>\n<meta property=\"og:url\" content=\"https:\/\/www.sunset-sunside.com\/concert\/ramsay-rawson-paris-bossa-nova-hommage-a-joao-gilberto\/\" \/>\n<meta property=\"og:site_name\" content=\"Sunset Sunside\" \/>\n<meta property=\"article:publisher\" content=\"https:\/\/www.facebook.com\/SunsetSunsideJazzClub\/\" \/>\n<meta property=\"article:modified_time\" content=\"2025-11-12T11:36:10+00:00\" \/>\n<meta property=\"og:image\" content=\"https:\/\/www.sunset-sunside.com\/app\/uploads\/2025\/05\/ramsayy.jpg\" \/>\n\t<meta property=\"og:image:width\" content=\"3000\" \/>\n\t<meta property=\"og:image:height\" content=\"2001\" \/>\n\t<meta property=\"og:image:type\" content=\"image\/jpeg\" \/>\n<meta name=\"twitter:card\" content=\"summary_large_image\" \/>\n<meta name=\"twitter:site\" content=\"@SunsetSunside\" \/>\n<meta name=\"twitter:label1\" content=\"Est. reading time\" \/>\n\t<meta name=\"twitter:data1\" content=\"1 minute\" \/>\n<script type=\"application\/ld+json\" class=\"yoast-schema-graph\">{\"@context\":\"https:\/\/schema.org\",\"@graph\":[{\"@type\":\"WebPage\",\"@id\":\"https:\/\/www.sunset-sunside.com\/concert\/ramsay-rawson-paris-bossa-nova-hommage-a-joao-gilberto\/\",\"url\":\"https:\/\/www.sunset-sunside.com\/concert\/ramsay-rawson-paris-bossa-nova-hommage-a-joao-gilberto\/\",\"name\":\"Ramsay Rawson &amp; Paris Bossa Nova - Hommage \u00e0 Jo\u00e3o Gilberto - Sunset Sunside\",\"isPartOf\":{\"@id\":\"https:\/\/www.sunset-sunside.com\/#website\"},\"primaryImageOfPage\":{\"@id\":\"https:\/\/www.sunset-sunside.com\/concert\/ramsay-rawson-paris-bossa-nova-hommage-a-joao-gilberto\/#primaryimage\"},\"image\":{\"@id\":\"https:\/\/www.sunset-sunside.com\/concert\/ramsay-rawson-paris-bossa-nova-hommage-a-joao-gilberto\/#primaryimage\"},\"thumbnailUrl\":\"https:\/\/www.sunset-sunside.com\/app\/uploads\/2025\/05\/ramsayy.jpg\",\"datePublished\":\"2025-09-04T12:19:05+00:00\",\"dateModified\":\"2025-11-12T11:36:10+00:00\",\"breadcrumb\":{\"@id\":\"https:\/\/www.sunset-sunside.com\/concert\/ramsay-rawson-paris-bossa-nova-hommage-a-joao-gilberto\/#breadcrumb\"},\"inLanguage\":\"en-GB\",\"potentialAction\":[{\"@type\":\"ReadAction\",\"target\":[\"https:\/\/www.sunset-sunside.com\/concert\/ramsay-rawson-paris-bossa-nova-hommage-a-joao-gilberto\/\"]}]},{\"@type\":\"ImageObject\",\"inLanguage\":\"en-GB\",\"@id\":\"https:\/\/www.sunset-sunside.com\/concert\/ramsay-rawson-paris-bossa-nova-hommage-a-joao-gilberto\/#primaryimage\",\"url\":\"https:\/\/www.sunset-sunside.com\/app\/uploads\/2025\/05\/ramsayy.jpg\",\"contentUrl\":\"https:\/\/www.sunset-sunside.com\/app\/uploads\/2025\/05\/ramsayy.jpg\",\"width\":3000,\"height\":2001,\"caption\":\"\u00a9 DR\"},{\"@type\":\"BreadcrumbList\",\"@id\":\"https:\/\/www.sunset-sunside.com\/concert\/ramsay-rawson-paris-bossa-nova-hommage-a-joao-gilberto\/#breadcrumb\",\"itemListElement\":[{\"@type\":\"ListItem\",\"position\":1,\"name\":\"Accueil\",\"item\":\"https:\/\/www.sunset-sunside.com\/\"},{\"@type\":\"ListItem\",\"position\":2,\"name\":\"\u00c9v\u00e8nements\",\"item\":\"https:\/\/www.sunset-sunside.com\/concerts\/\"},{\"@type\":\"ListItem\",\"position\":3,\"name\":\"Ramsay Rawson &amp; Paris Bossa Nova &#8211; Hommage \u00e0 Jo\u00e3o Gilberto\"}]},{\"@type\":\"WebSite\",\"@id\":\"https:\/\/www.sunset-sunside.com\/#website\",\"url\":\"https:\/\/www.sunset-sunside.com\/\",\"name\":\"Sunset Sunside\",\"description\":\"\",\"potentialAction\":[{\"@type\":\"SearchAction\",\"target\":{\"@type\":\"EntryPoint\",\"urlTemplate\":\"https:\/\/www.sunset-sunside.com\/?s={search_term_string}\"},\"query-input\":{\"@type\":\"PropertyValueSpecification\",\"valueRequired\":true,\"valueName\":\"search_term_string\"}}],\"inLanguage\":\"en-GB\"}]}<\/script>\n<!-- \/ Yoast SEO plugin. -->","yoast_head_json":{"title":"Ramsay Rawson &amp; Paris Bossa Nova - Hommage \u00e0 Jo\u00e3o Gilberto - Sunset Sunside","robots":{"index":"index","follow":"follow","max-snippet":"max-snippet:-1","max-image-preview":"max-image-preview:large","max-video-preview":"max-video-preview:-1"},"canonical":"https:\/\/www.sunset-sunside.com\/concert\/ramsay-rawson-paris-bossa-nova-hommage-a-joao-gilberto\/","og_locale":"en_GB","og_type":"article","og_title":"Ramsay Rawson &amp; Paris Bossa Nova - Hommage \u00e0 Jo\u00e3o Gilberto - Sunset Sunside","og_description":"Ramsay Rawson pr\u00e9sente Paris Bossa Nova, un projet qui \u00e9voque l\u2019atmosph\u00e8re franco-br\u00e9silienne du Paris pendant les ann\u00e9es 1960. Paris Bossa Nova relie les points de l\u2019interaction culturelle franco-br\u00e9silienne qui a [&hellip;]","og_url":"https:\/\/www.sunset-sunside.com\/concert\/ramsay-rawson-paris-bossa-nova-hommage-a-joao-gilberto\/","og_site_name":"Sunset Sunside","article_publisher":"https:\/\/www.facebook.com\/SunsetSunsideJazzClub\/","article_modified_time":"2025-11-12T11:36:10+00:00","og_image":[{"width":3000,"height":2001,"url":"https:\/\/www.sunset-sunside.com\/app\/uploads\/2025\/05\/ramsayy.jpg","type":"image\/jpeg"}],"twitter_card":"summary_large_image","twitter_site":"@SunsetSunside","twitter_misc":{"Est. reading time":"1 minute"},"schema":{"@context":"https:\/\/schema.org","@graph":[{"@type":"WebPage","@id":"https:\/\/www.sunset-sunside.com\/concert\/ramsay-rawson-paris-bossa-nova-hommage-a-joao-gilberto\/","url":"https:\/\/www.sunset-sunside.com\/concert\/ramsay-rawson-paris-bossa-nova-hommage-a-joao-gilberto\/","name":"Ramsay Rawson &amp; Paris Bossa Nova - Hommage \u00e0 Jo\u00e3o Gilberto - Sunset Sunside","isPartOf":{"@id":"https:\/\/www.sunset-sunside.com\/#website"},"primaryImageOfPage":{"@id":"https:\/\/www.sunset-sunside.com\/concert\/ramsay-rawson-paris-bossa-nova-hommage-a-joao-gilberto\/#primaryimage"},"image":{"@id":"https:\/\/www.sunset-sunside.com\/concert\/ramsay-rawson-paris-bossa-nova-hommage-a-joao-gilberto\/#primaryimage"},"thumbnailUrl":"https:\/\/www.sunset-sunside.com\/app\/uploads\/2025\/05\/ramsayy.jpg","datePublished":"2025-09-04T12:19:05+00:00","dateModified":"2025-11-12T11:36:10+00:00","breadcrumb":{"@id":"https:\/\/www.sunset-sunside.com\/concert\/ramsay-rawson-paris-bossa-nova-hommage-a-joao-gilberto\/#breadcrumb"},"inLanguage":"en-GB","potentialAction":[{"@type":"ReadAction","target":["https:\/\/www.sunset-sunside.com\/concert\/ramsay-rawson-paris-bossa-nova-hommage-a-joao-gilberto\/"]}]},{"@type":"ImageObject","inLanguage":"en-GB","@id":"https:\/\/www.sunset-sunside.com\/concert\/ramsay-rawson-paris-bossa-nova-hommage-a-joao-gilberto\/#primaryimage","url":"https:\/\/www.sunset-sunside.com\/app\/uploads\/2025\/05\/ramsayy.jpg","contentUrl":"https:\/\/www.sunset-sunside.com\/app\/uploads\/2025\/05\/ramsayy.jpg","width":3000,"height":2001,"caption":"\u00a9 DR"},{"@type":"BreadcrumbList","@id":"https:\/\/www.sunset-sunside.com\/concert\/ramsay-rawson-paris-bossa-nova-hommage-a-joao-gilberto\/#breadcrumb","itemListElement":[{"@type":"ListItem","position":1,"name":"Accueil","item":"https:\/\/www.sunset-sunside.com\/"},{"@type":"ListItem","position":2,"name":"\u00c9v\u00e8nements","item":"https:\/\/www.sunset-sunside.com\/concerts\/"},{"@type":"ListItem","position":3,"name":"Ramsay Rawson &amp; Paris Bossa Nova &#8211; Hommage \u00e0 Jo\u00e3o Gilberto"}]},{"@type":"WebSite","@id":"https:\/\/www.sunset-sunside.com\/#website","url":"https:\/\/www.sunset-sunside.com\/","name":"Sunset Sunside","description":"","potentialAction":[{"@type":"SearchAction","target":{"@type":"EntryPoint","urlTemplate":"https:\/\/www.sunset-sunside.com\/?s={search_term_string}"},"query-input":{"@type":"PropertyValueSpecification","valueRequired":true,"valueName":"search_term_string"}}],"inLanguage":"en-GB"}]}},"publishpress_future_action":{"enabled":false,"date":"2026-04-12 18:26:47","action":"change-status","newStatus":"draft","terms":[],"taxonomy":"post_tag","extraData":[]},"publishpress_future_workflow_manual_trigger":{"enabledWorkflows":[]},"ticketed":["woo"],"_links":{"self":[{"href":"https:\/\/www.sunset-sunside.com\/wp-json\/wp\/v2\/tribe_events\/93684","targetHints":{"allow":["GET"]}}],"collection":[{"href":"https:\/\/www.sunset-sunside.com\/wp-json\/wp\/v2\/tribe_events"}],"about":[{"href":"https:\/\/www.sunset-sunside.com\/wp-json\/wp\/v2\/types\/tribe_events"}],"author":[{"embeddable":true,"href":"https:\/\/www.sunset-sunside.com\/wp-json\/wp\/v2\/users\/2"}],"version-history":[{"count":1,"href":"https:\/\/www.sunset-sunside.com\/wp-json\/wp\/v2\/tribe_events\/93684\/revisions"}],"predecessor-version":[{"id":93694,"href":"https:\/\/www.sunset-sunside.com\/wp-json\/wp\/v2\/tribe_events\/93684\/revisions\/93694"}],"wp:featuredmedia":[{"embeddable":true,"href":"https:\/\/www.sunset-sunside.com\/wp-json\/wp\/v2\/media\/77553"}],"wp:attachment":[{"href":"https:\/\/www.sunset-sunside.com\/wp-json\/wp\/v2\/media?parent=93684"}],"wp:term":[{"taxonomy":"post_tag","embeddable":true,"href":"https:\/\/www.sunset-sunside.com\/wp-json\/wp\/v2\/tags?post=93684"},{"taxonomy":"genre","embeddable":true,"href":"https:\/\/www.sunset-sunside.com\/wp-json\/wp\/v2\/genre?post=93684"},{"taxonomy":"tribe_events_cat","embeddable":true,"href":"https:\/\/www.sunset-sunside.com\/wp-json\/wp\/v2\/tribe_events_cat?post=93684"}],"curies":[{"name":"wp","href":"https:\/\/api.w.org\/{rel}","templated":true}]}}