{"id":94810,"date":"2025-09-10T13:55:17","date_gmt":"2025-09-10T11:55:17","guid":{"rendered":"https:\/\/www.sunset-sunside.com\/?post_type=tribe_events&#038;p=94810"},"modified":"2025-11-03T11:48:01","modified_gmt":"2025-11-03T10:48:01","slug":"melanie-dahan-giovanni-mirabassi","status":"publish","type":"tribe_events","link":"https:\/\/www.sunset-sunside.com\/concert\/melanie-dahan-giovanni-mirabassi\/","title":{"rendered":"M\u00e9lanie Dahan &amp; Giovanni Mirabassi"},"content":{"rendered":"<p>La vocaliste M\u00e9lanie Dahan et le pianiste Giovanni Mirabassi nous font la joie de revenir sur sc\u00e8ne, pr\u00e8s de 15 ans apr\u00e8s leur derni\u00e8re collaboration discographique. Ils ont choisi le duo , pour exprimer la complicit\u00e9 rare qui les caract\u00e9rise. Ils rejoueront ce soir avec nostalgie quelques chansons fran\u00e7aises \u00e0 texte qui ont marqu\u00e9 les coeurs et les esprits depuis leur premier album \u00ab La princesse et les croque-notes \u00bb. Le Br\u00e9sil et\u00a0l\u2019Am\u00e9rique sera\u00a0\u00e9galement au rendez-vous pour parfaire le voyage. Une promesse d\u2019\u00e9l\u00e9gance, de gr\u00e2ce, de sensibilit\u00e9 et d\u2019\u00e9motion.<\/p>\n","protected":false},"excerpt":{"rendered":"<p>La vocaliste M\u00e9lanie Dahan et le pianiste Giovanni Mirabassi nous font la joie de revenir sur sc\u00e8ne, pr\u00e8s de 15 ans apr\u00e8s leur derni\u00e8re collaboration discographique. Ils ont choisi le [&hellip;]<\/p>\n","protected":false},"author":2,"featured_media":94848,"template":"","meta":{"_acf_changed":false,"_price":"","_stock":"","_tribe_ticket_header":"","_tribe_default_ticket_provider":"Tribe__Tickets_Plus__Commerce__WooCommerce__Main","_tribe_ticket_capacity":"93","_ticket_start_date":"","_ticket_end_date":"","_tribe_ticket_show_description":"","_tribe_ticket_show_not_going":false,"_tribe_ticket_use_global_stock":"1","_tribe_ticket_global_stock_level":"14","_global_stock_mode":"","_global_stock_cap":"","_tribe_rsvp_for_event":"","_tribe_ticket_going_count":"","_tribe_ticket_not_going_count":"","_tribe_tickets_list":"[{\"id\":94811,\"type\":\"default\",\"title\":\"Tarif plein*\",\"description\":\"\",\"capacityType\":\"global\",\"price\":30,\"capacity\":93,\"available\":14,\"sharedCapacity\":93,\"sold\":62,\"shareSold\":62,\"isShared\":true,\"currencyDecimalPoint\":\",\",\"currencyNumberOfDecimals\":2,\"currencyPosition\":\"prefix\",\"currencySymbol\":\"$\",\"currencyThousandsSep\":\"\"},{\"id\":94812,\"type\":\"default\",\"title\":\"Tarif adh\\u00e9rent\",\"description\":\"\",\"capacityType\":\"global\",\"price\":25,\"capacity\":93,\"available\":14,\"sharedCapacity\":93,\"sold\":3,\"shareSold\":3,\"isShared\":true,\"currencyDecimalPoint\":\",\",\"currencyNumberOfDecimals\":2,\"currencyPosition\":\"prefix\",\"currencySymbol\":\"$\",\"currencyThousandsSep\":\"\"},{\"id\":94813,\"type\":\"default\",\"title\":\"Tarif r\\u00e9duit\",\"description\":\"Tarif r\\u00e9serv\\u00e9 aux \\u00e9tudiants de moins de 25 ans, ch\\u00f4meurs et intermittents du spectacle. Pr\\u00e9sentation obligatoire d\\u2019un justificatif \\u00e0 l\\u2019entr\\u00e9e. \\r\\nUn suppl\\u00e9ment vous sera demand\\u00e9 pour non pr\\u00e9sentation de justificatif. \",\"capacityType\":\"global\",\"price\":20,\"capacity\":93,\"available\":14,\"sharedCapacity\":93,\"sold\":10,\"shareSold\":10,\"isShared\":true,\"currencyDecimalPoint\":\",\",\"currencyNumberOfDecimals\":2,\"currencyPosition\":\"prefix\",\"currencySymbol\":\"$\",\"currencyThousandsSep\":\"\"}]","_tribe_ticket_has_attendee_info_fields":false,"_tribe_events_status":"","_tribe_events_status_reason":"","footnotes":"","_tec_slr_enabled":"","_tec_slr_layout":""},"tags":[],"genre":[65],"tribe_events_cat":[213,269,214,215,216],"class_list":["post-94810","tribe_events","type-tribe_events","status-publish","has-post-thumbnail","hentry","genre-jazz-vocal","tribe_events_cat-albums-du-mois","tribe_events_cat-coming-soon","tribe_events_cat-coup-de-coeur","tribe_events_cat-decouvertes","tribe_events_cat-evenements","cat_albums-du-mois","cat_coming-soon","cat_coup-de-coeur","cat_decouvertes","cat_evenements"],"acf":[],"yoast_head":"<!-- This site is optimized with the Yoast SEO plugin v25.7 - https:\/\/yoast.com\/wordpress\/plugins\/seo\/ -->\n<title>M\u00e9lanie Dahan &amp; Giovanni Mirabassi - Sunset Sunside<\/title>\n<meta name=\"robots\" content=\"index, follow, max-snippet:-1, max-image-preview:large, max-video-preview:-1\" \/>\n<link rel=\"canonical\" href=\"https:\/\/www.sunset-sunside.com\/concert\/melanie-dahan-giovanni-mirabassi\/\" \/>\n<meta property=\"og:locale\" content=\"en_GB\" \/>\n<meta property=\"og:type\" content=\"article\" \/>\n<meta property=\"og:title\" content=\"M\u00e9lanie Dahan &amp; Giovanni Mirabassi - Sunset Sunside\" \/>\n<meta property=\"og:description\" content=\"La vocaliste M\u00e9lanie Dahan et le pianiste Giovanni Mirabassi nous font la joie de revenir sur sc\u00e8ne, pr\u00e8s de 15 ans apr\u00e8s leur derni\u00e8re collaboration discographique. Ils ont choisi le [&hellip;]\" \/>\n<meta property=\"og:url\" content=\"https:\/\/www.sunset-sunside.com\/concert\/melanie-dahan-giovanni-mirabassi\/\" \/>\n<meta property=\"og:site_name\" content=\"Sunset Sunside\" \/>\n<meta property=\"article:publisher\" content=\"https:\/\/www.facebook.com\/SunsetSunsideJazzClub\/\" \/>\n<meta property=\"article:modified_time\" content=\"2025-11-03T10:48:01+00:00\" \/>\n<meta property=\"og:image\" content=\"https:\/\/www.sunset-sunside.com\/app\/uploads\/2025\/09\/20.11.png\" \/>\n\t<meta property=\"og:image:width\" content=\"600\" \/>\n\t<meta property=\"og:image:height\" content=\"600\" \/>\n\t<meta property=\"og:image:type\" content=\"image\/png\" \/>\n<meta name=\"twitter:card\" content=\"summary_large_image\" \/>\n<meta name=\"twitter:site\" content=\"@SunsetSunside\" \/>\n<meta name=\"twitter:label1\" content=\"Est. reading time\" \/>\n\t<meta name=\"twitter:data1\" content=\"1 minute\" \/>\n<script type=\"application\/ld+json\" class=\"yoast-schema-graph\">{\"@context\":\"https:\/\/schema.org\",\"@graph\":[{\"@type\":\"WebPage\",\"@id\":\"https:\/\/www.sunset-sunside.com\/concert\/melanie-dahan-giovanni-mirabassi\/\",\"url\":\"https:\/\/www.sunset-sunside.com\/concert\/melanie-dahan-giovanni-mirabassi\/\",\"name\":\"M\u00e9lanie Dahan &amp; Giovanni Mirabassi - Sunset Sunside\",\"isPartOf\":{\"@id\":\"https:\/\/www.sunset-sunside.com\/#website\"},\"primaryImageOfPage\":{\"@id\":\"https:\/\/www.sunset-sunside.com\/concert\/melanie-dahan-giovanni-mirabassi\/#primaryimage\"},\"image\":{\"@id\":\"https:\/\/www.sunset-sunside.com\/concert\/melanie-dahan-giovanni-mirabassi\/#primaryimage\"},\"thumbnailUrl\":\"https:\/\/www.sunset-sunside.com\/app\/uploads\/2025\/09\/20.11.png\",\"datePublished\":\"2025-09-10T11:55:17+00:00\",\"dateModified\":\"2025-11-03T10:48:01+00:00\",\"breadcrumb\":{\"@id\":\"https:\/\/www.sunset-sunside.com\/concert\/melanie-dahan-giovanni-mirabassi\/#breadcrumb\"},\"inLanguage\":\"en-GB\",\"potentialAction\":[{\"@type\":\"ReadAction\",\"target\":[\"https:\/\/www.sunset-sunside.com\/concert\/melanie-dahan-giovanni-mirabassi\/\"]}]},{\"@type\":\"ImageObject\",\"inLanguage\":\"en-GB\",\"@id\":\"https:\/\/www.sunset-sunside.com\/concert\/melanie-dahan-giovanni-mirabassi\/#primaryimage\",\"url\":\"https:\/\/www.sunset-sunside.com\/app\/uploads\/2025\/09\/20.11.png\",\"contentUrl\":\"https:\/\/www.sunset-sunside.com\/app\/uploads\/2025\/09\/20.11.png\",\"width\":600,\"height\":600,\"caption\":\"\u00a9 Eric Barbara \u00a9 ogata_photo\"},{\"@type\":\"BreadcrumbList\",\"@id\":\"https:\/\/www.sunset-sunside.com\/concert\/melanie-dahan-giovanni-mirabassi\/#breadcrumb\",\"itemListElement\":[{\"@type\":\"ListItem\",\"position\":1,\"name\":\"Accueil\",\"item\":\"https:\/\/www.sunset-sunside.com\/\"},{\"@type\":\"ListItem\",\"position\":2,\"name\":\"\u00c9v\u00e8nements\",\"item\":\"https:\/\/www.sunset-sunside.com\/concerts\/\"},{\"@type\":\"ListItem\",\"position\":3,\"name\":\"M\u00e9lanie Dahan &amp; Giovanni Mirabassi\"}]},{\"@type\":\"WebSite\",\"@id\":\"https:\/\/www.sunset-sunside.com\/#website\",\"url\":\"https:\/\/www.sunset-sunside.com\/\",\"name\":\"Sunset Sunside\",\"description\":\"\",\"potentialAction\":[{\"@type\":\"SearchAction\",\"target\":{\"@type\":\"EntryPoint\",\"urlTemplate\":\"https:\/\/www.sunset-sunside.com\/?s={search_term_string}\"},\"query-input\":{\"@type\":\"PropertyValueSpecification\",\"valueRequired\":true,\"valueName\":\"search_term_string\"}}],\"inLanguage\":\"en-GB\"}]}<\/script>\n<!-- \/ Yoast SEO plugin. -->","yoast_head_json":{"title":"M\u00e9lanie Dahan &amp; Giovanni Mirabassi - Sunset Sunside","robots":{"index":"index","follow":"follow","max-snippet":"max-snippet:-1","max-image-preview":"max-image-preview:large","max-video-preview":"max-video-preview:-1"},"canonical":"https:\/\/www.sunset-sunside.com\/concert\/melanie-dahan-giovanni-mirabassi\/","og_locale":"en_GB","og_type":"article","og_title":"M\u00e9lanie Dahan &amp; Giovanni Mirabassi - Sunset Sunside","og_description":"La vocaliste M\u00e9lanie Dahan et le pianiste Giovanni Mirabassi nous font la joie de revenir sur sc\u00e8ne, pr\u00e8s de 15 ans apr\u00e8s leur derni\u00e8re collaboration discographique. Ils ont choisi le [&hellip;]","og_url":"https:\/\/www.sunset-sunside.com\/concert\/melanie-dahan-giovanni-mirabassi\/","og_site_name":"Sunset Sunside","article_publisher":"https:\/\/www.facebook.com\/SunsetSunsideJazzClub\/","article_modified_time":"2025-11-03T10:48:01+00:00","og_image":[{"width":600,"height":600,"url":"https:\/\/www.sunset-sunside.com\/app\/uploads\/2025\/09\/20.11.png","type":"image\/png"}],"twitter_card":"summary_large_image","twitter_site":"@SunsetSunside","twitter_misc":{"Est. reading time":"1 minute"},"schema":{"@context":"https:\/\/schema.org","@graph":[{"@type":"WebPage","@id":"https:\/\/www.sunset-sunside.com\/concert\/melanie-dahan-giovanni-mirabassi\/","url":"https:\/\/www.sunset-sunside.com\/concert\/melanie-dahan-giovanni-mirabassi\/","name":"M\u00e9lanie Dahan &amp; Giovanni Mirabassi - Sunset Sunside","isPartOf":{"@id":"https:\/\/www.sunset-sunside.com\/#website"},"primaryImageOfPage":{"@id":"https:\/\/www.sunset-sunside.com\/concert\/melanie-dahan-giovanni-mirabassi\/#primaryimage"},"image":{"@id":"https:\/\/www.sunset-sunside.com\/concert\/melanie-dahan-giovanni-mirabassi\/#primaryimage"},"thumbnailUrl":"https:\/\/www.sunset-sunside.com\/app\/uploads\/2025\/09\/20.11.png","datePublished":"2025-09-10T11:55:17+00:00","dateModified":"2025-11-03T10:48:01+00:00","breadcrumb":{"@id":"https:\/\/www.sunset-sunside.com\/concert\/melanie-dahan-giovanni-mirabassi\/#breadcrumb"},"inLanguage":"en-GB","potentialAction":[{"@type":"ReadAction","target":["https:\/\/www.sunset-sunside.com\/concert\/melanie-dahan-giovanni-mirabassi\/"]}]},{"@type":"ImageObject","inLanguage":"en-GB","@id":"https:\/\/www.sunset-sunside.com\/concert\/melanie-dahan-giovanni-mirabassi\/#primaryimage","url":"https:\/\/www.sunset-sunside.com\/app\/uploads\/2025\/09\/20.11.png","contentUrl":"https:\/\/www.sunset-sunside.com\/app\/uploads\/2025\/09\/20.11.png","width":600,"height":600,"caption":"\u00a9 Eric Barbara \u00a9 ogata_photo"},{"@type":"BreadcrumbList","@id":"https:\/\/www.sunset-sunside.com\/concert\/melanie-dahan-giovanni-mirabassi\/#breadcrumb","itemListElement":[{"@type":"ListItem","position":1,"name":"Accueil","item":"https:\/\/www.sunset-sunside.com\/"},{"@type":"ListItem","position":2,"name":"\u00c9v\u00e8nements","item":"https:\/\/www.sunset-sunside.com\/concerts\/"},{"@type":"ListItem","position":3,"name":"M\u00e9lanie Dahan &amp; Giovanni Mirabassi"}]},{"@type":"WebSite","@id":"https:\/\/www.sunset-sunside.com\/#website","url":"https:\/\/www.sunset-sunside.com\/","name":"Sunset Sunside","description":"","potentialAction":[{"@type":"SearchAction","target":{"@type":"EntryPoint","urlTemplate":"https:\/\/www.sunset-sunside.com\/?s={search_term_string}"},"query-input":{"@type":"PropertyValueSpecification","valueRequired":true,"valueName":"search_term_string"}}],"inLanguage":"en-GB"}]}},"publishpress_future_action":{"enabled":false,"date":"2026-04-12 18:20:46","action":"change-status","newStatus":"draft","terms":[],"taxonomy":"post_tag","extraData":[]},"publishpress_future_workflow_manual_trigger":{"enabledWorkflows":[]},"ticketed":["woo"],"_links":{"self":[{"href":"https:\/\/www.sunset-sunside.com\/wp-json\/wp\/v2\/tribe_events\/94810","targetHints":{"allow":["GET"]}}],"collection":[{"href":"https:\/\/www.sunset-sunside.com\/wp-json\/wp\/v2\/tribe_events"}],"about":[{"href":"https:\/\/www.sunset-sunside.com\/wp-json\/wp\/v2\/types\/tribe_events"}],"author":[{"embeddable":true,"href":"https:\/\/www.sunset-sunside.com\/wp-json\/wp\/v2\/users\/2"}],"version-history":[{"count":1,"href":"https:\/\/www.sunset-sunside.com\/wp-json\/wp\/v2\/tribe_events\/94810\/revisions"}],"predecessor-version":[{"id":94849,"href":"https:\/\/www.sunset-sunside.com\/wp-json\/wp\/v2\/tribe_events\/94810\/revisions\/94849"}],"wp:featuredmedia":[{"embeddable":true,"href":"https:\/\/www.sunset-sunside.com\/wp-json\/wp\/v2\/media\/94848"}],"wp:attachment":[{"href":"https:\/\/www.sunset-sunside.com\/wp-json\/wp\/v2\/media?parent=94810"}],"wp:term":[{"taxonomy":"post_tag","embeddable":true,"href":"https:\/\/www.sunset-sunside.com\/wp-json\/wp\/v2\/tags?post=94810"},{"taxonomy":"genre","embeddable":true,"href":"https:\/\/www.sunset-sunside.com\/wp-json\/wp\/v2\/genre?post=94810"},{"taxonomy":"tribe_events_cat","embeddable":true,"href":"https:\/\/www.sunset-sunside.com\/wp-json\/wp\/v2\/tribe_events_cat?post=94810"}],"curies":[{"name":"wp","href":"https:\/\/api.w.org\/{rel}","templated":true}]}}