{"id":97118,"date":"2025-09-22T18:48:44","date_gmt":"2025-09-22T16:48:44","guid":{"rendered":"https:\/\/www.sunset-sunside.com\/?post_type=tribe_events&#038;p=97118"},"modified":"2025-09-22T19:01:39","modified_gmt":"2025-09-22T17:01:39","slug":"the-blakettes","status":"publish","type":"tribe_events","link":"https:\/\/www.sunset-sunside.com\/concert\/the-blakettes\/","title":{"rendered":"The Blakettes"},"content":{"rendered":"<p>The Blakettes \u00ab The Art Blakey Women\u2019s Band \u00bb<\/p>\n<p>Orchestre de Jazz f\u00e9minin, \u00e0 l\u2019initiative de Mo\u00efra Montier-Dauriac, contrebassiste parisienne.<\/p>\n<p>&nbsp;<\/p>\n<p>The Blakettes honorent les p\u00e8res et m\u00e8res fondateurs et fondatrices de cette musique tant \u00e9nergique que romantique qu\u2019est le Hard Bop. Gr\u00e2ce \u00e0 la multitude d\u2019exceptionnels compositeurs, arrangeurs et interpr\u00e8tes de l\u2019\u00e9poque, The Blakettes piochent, revisitent, \u00ab and cook \u00bb un repertoire riche et immortel. Elles invitent \u00e0 faire un voyage au coeur du Jazz des ann\u00e9es soixante, en rendant hommage avec passion \u00e0 ses cr\u00e9ateurs: Art Blakey, Charles Mingus, Wayne Shorter, Bobby Timmons, McCoy Tyner, Cedar Walton, Pharoah Sanders, et biens d\u2019autres\u2026<\/p>\n","protected":false},"excerpt":{"rendered":"<p>The Blakettes \u00ab The Art Blakey Women\u2019s Band \u00bb Orchestre de Jazz f\u00e9minin, \u00e0 l\u2019initiative de Mo\u00efra Montier-Dauriac, contrebassiste parisienne. &nbsp; The Blakettes honorent les p\u00e8res et m\u00e8res fondateurs et [&hellip;]<\/p>\n","protected":false},"author":2,"featured_media":97121,"template":"","meta":{"_acf_changed":false,"_price":"","_stock":"","_tribe_ticket_header":"","_tribe_default_ticket_provider":"Tribe__Tickets_Plus__Commerce__WooCommerce__Main","_tribe_ticket_capacity":"","_ticket_start_date":"","_ticket_end_date":"","_tribe_ticket_show_description":"","_tribe_ticket_show_not_going":false,"_tribe_ticket_use_global_stock":"","_tribe_ticket_global_stock_level":"","_global_stock_mode":"","_global_stock_cap":"","_tribe_rsvp_for_event":"","_tribe_ticket_going_count":"","_tribe_ticket_not_going_count":"","_tribe_tickets_list":"[]","_tribe_ticket_has_attendee_info_fields":false,"_tribe_events_status":"","_tribe_events_status_reason":"","footnotes":"","_tec_slr_enabled":"","_tec_slr_layout":""},"tags":[194],"genre":[],"tribe_events_cat":[213,214,215,216,217],"class_list":["post-97118","tribe_events","type-tribe_events","status-publish","has-post-thumbnail","hentry","tag-entree-libre","tribe_events_cat-albums-du-mois","tribe_events_cat-coup-de-coeur","tribe_events_cat-decouvertes","tribe_events_cat-evenements","tribe_events_cat-promotion","cat_albums-du-mois","cat_coup-de-coeur","cat_decouvertes","cat_evenements","cat_promotion"],"acf":[],"yoast_head":"<!-- This site is optimized with the Yoast SEO plugin v25.7 - https:\/\/yoast.com\/wordpress\/plugins\/seo\/ -->\n<title>The Blakettes - Sunset Sunside<\/title>\n<meta name=\"robots\" content=\"index, follow, max-snippet:-1, max-image-preview:large, max-video-preview:-1\" \/>\n<link rel=\"canonical\" href=\"https:\/\/www.sunset-sunside.com\/concert\/the-blakettes\/\" \/>\n<meta property=\"og:locale\" content=\"fr_FR\" \/>\n<meta property=\"og:type\" content=\"article\" \/>\n<meta property=\"og:title\" content=\"The Blakettes - Sunset Sunside\" \/>\n<meta property=\"og:description\" content=\"The Blakettes \u00ab The Art Blakey Women\u2019s Band \u00bb Orchestre de Jazz f\u00e9minin, \u00e0 l\u2019initiative de Mo\u00efra Montier-Dauriac, contrebassiste parisienne. &nbsp; The Blakettes honorent les p\u00e8res et m\u00e8res fondateurs et [&hellip;]\" \/>\n<meta property=\"og:url\" content=\"https:\/\/www.sunset-sunside.com\/concert\/the-blakettes\/\" \/>\n<meta property=\"og:site_name\" content=\"Sunset Sunside\" \/>\n<meta property=\"article:publisher\" content=\"https:\/\/www.facebook.com\/SunsetSunsideJazzClub\/\" \/>\n<meta property=\"article:modified_time\" content=\"2025-09-22T17:01:39+00:00\" \/>\n<meta property=\"og:image\" content=\"https:\/\/www.sunset-sunside.com\/app\/uploads\/2025\/09\/THE-BLAKETTES-cadre-artiste-carre.jpg\" \/>\n\t<meta property=\"og:image:width\" content=\"1080\" \/>\n\t<meta property=\"og:image:height\" content=\"1085\" \/>\n\t<meta property=\"og:image:type\" content=\"image\/jpeg\" \/>\n<meta name=\"twitter:card\" content=\"summary_large_image\" \/>\n<meta name=\"twitter:site\" content=\"@SunsetSunside\" \/>\n<meta name=\"twitter:label1\" content=\"Dur\u00e9e de lecture estim\u00e9e\" \/>\n\t<meta name=\"twitter:data1\" content=\"1 minute\" \/>\n<script type=\"application\/ld+json\" class=\"yoast-schema-graph\">{\"@context\":\"https:\/\/schema.org\",\"@graph\":[{\"@type\":\"WebPage\",\"@id\":\"https:\/\/www.sunset-sunside.com\/concert\/the-blakettes\/\",\"url\":\"https:\/\/www.sunset-sunside.com\/concert\/the-blakettes\/\",\"name\":\"The Blakettes - Sunset Sunside\",\"isPartOf\":{\"@id\":\"https:\/\/www.sunset-sunside.com\/#website\"},\"primaryImageOfPage\":{\"@id\":\"https:\/\/www.sunset-sunside.com\/concert\/the-blakettes\/#primaryimage\"},\"image\":{\"@id\":\"https:\/\/www.sunset-sunside.com\/concert\/the-blakettes\/#primaryimage\"},\"thumbnailUrl\":\"https:\/\/www.sunset-sunside.com\/app\/uploads\/2025\/09\/THE-BLAKETTES-cadre-artiste-carre.jpg\",\"datePublished\":\"2025-09-22T16:48:44+00:00\",\"dateModified\":\"2025-09-22T17:01:39+00:00\",\"breadcrumb\":{\"@id\":\"https:\/\/www.sunset-sunside.com\/concert\/the-blakettes\/#breadcrumb\"},\"inLanguage\":\"fr-FR\",\"potentialAction\":[{\"@type\":\"ReadAction\",\"target\":[\"https:\/\/www.sunset-sunside.com\/concert\/the-blakettes\/\"]}]},{\"@type\":\"ImageObject\",\"inLanguage\":\"fr-FR\",\"@id\":\"https:\/\/www.sunset-sunside.com\/concert\/the-blakettes\/#primaryimage\",\"url\":\"https:\/\/www.sunset-sunside.com\/app\/uploads\/2025\/09\/THE-BLAKETTES-cadre-artiste-carre.jpg\",\"contentUrl\":\"https:\/\/www.sunset-sunside.com\/app\/uploads\/2025\/09\/THE-BLAKETTES-cadre-artiste-carre.jpg\",\"width\":1080,\"height\":1085},{\"@type\":\"BreadcrumbList\",\"@id\":\"https:\/\/www.sunset-sunside.com\/concert\/the-blakettes\/#breadcrumb\",\"itemListElement\":[{\"@type\":\"ListItem\",\"position\":1,\"name\":\"Accueil\",\"item\":\"https:\/\/www.sunset-sunside.com\/\"},{\"@type\":\"ListItem\",\"position\":2,\"name\":\"\u00c9v\u00e8nements\",\"item\":\"https:\/\/www.sunset-sunside.com\/concerts\/\"},{\"@type\":\"ListItem\",\"position\":3,\"name\":\"The Blakettes\"}]},{\"@type\":\"WebSite\",\"@id\":\"https:\/\/www.sunset-sunside.com\/#website\",\"url\":\"https:\/\/www.sunset-sunside.com\/\",\"name\":\"Sunset Sunside\",\"description\":\"\",\"potentialAction\":[{\"@type\":\"SearchAction\",\"target\":{\"@type\":\"EntryPoint\",\"urlTemplate\":\"https:\/\/www.sunset-sunside.com\/?s={search_term_string}\"},\"query-input\":{\"@type\":\"PropertyValueSpecification\",\"valueRequired\":true,\"valueName\":\"search_term_string\"}}],\"inLanguage\":\"fr-FR\"}]}<\/script>\n<!-- \/ Yoast SEO plugin. -->","yoast_head_json":{"title":"The Blakettes - Sunset Sunside","robots":{"index":"index","follow":"follow","max-snippet":"max-snippet:-1","max-image-preview":"max-image-preview:large","max-video-preview":"max-video-preview:-1"},"canonical":"https:\/\/www.sunset-sunside.com\/concert\/the-blakettes\/","og_locale":"fr_FR","og_type":"article","og_title":"The Blakettes - Sunset Sunside","og_description":"The Blakettes \u00ab The Art Blakey Women\u2019s Band \u00bb Orchestre de Jazz f\u00e9minin, \u00e0 l\u2019initiative de Mo\u00efra Montier-Dauriac, contrebassiste parisienne. &nbsp; The Blakettes honorent les p\u00e8res et m\u00e8res fondateurs et [&hellip;]","og_url":"https:\/\/www.sunset-sunside.com\/concert\/the-blakettes\/","og_site_name":"Sunset Sunside","article_publisher":"https:\/\/www.facebook.com\/SunsetSunsideJazzClub\/","article_modified_time":"2025-09-22T17:01:39+00:00","og_image":[{"width":1080,"height":1085,"url":"https:\/\/www.sunset-sunside.com\/app\/uploads\/2025\/09\/THE-BLAKETTES-cadre-artiste-carre.jpg","type":"image\/jpeg"}],"twitter_card":"summary_large_image","twitter_site":"@SunsetSunside","twitter_misc":{"Dur\u00e9e de lecture estim\u00e9e":"1 minute"},"schema":{"@context":"https:\/\/schema.org","@graph":[{"@type":"WebPage","@id":"https:\/\/www.sunset-sunside.com\/concert\/the-blakettes\/","url":"https:\/\/www.sunset-sunside.com\/concert\/the-blakettes\/","name":"The Blakettes - Sunset Sunside","isPartOf":{"@id":"https:\/\/www.sunset-sunside.com\/#website"},"primaryImageOfPage":{"@id":"https:\/\/www.sunset-sunside.com\/concert\/the-blakettes\/#primaryimage"},"image":{"@id":"https:\/\/www.sunset-sunside.com\/concert\/the-blakettes\/#primaryimage"},"thumbnailUrl":"https:\/\/www.sunset-sunside.com\/app\/uploads\/2025\/09\/THE-BLAKETTES-cadre-artiste-carre.jpg","datePublished":"2025-09-22T16:48:44+00:00","dateModified":"2025-09-22T17:01:39+00:00","breadcrumb":{"@id":"https:\/\/www.sunset-sunside.com\/concert\/the-blakettes\/#breadcrumb"},"inLanguage":"fr-FR","potentialAction":[{"@type":"ReadAction","target":["https:\/\/www.sunset-sunside.com\/concert\/the-blakettes\/"]}]},{"@type":"ImageObject","inLanguage":"fr-FR","@id":"https:\/\/www.sunset-sunside.com\/concert\/the-blakettes\/#primaryimage","url":"https:\/\/www.sunset-sunside.com\/app\/uploads\/2025\/09\/THE-BLAKETTES-cadre-artiste-carre.jpg","contentUrl":"https:\/\/www.sunset-sunside.com\/app\/uploads\/2025\/09\/THE-BLAKETTES-cadre-artiste-carre.jpg","width":1080,"height":1085},{"@type":"BreadcrumbList","@id":"https:\/\/www.sunset-sunside.com\/concert\/the-blakettes\/#breadcrumb","itemListElement":[{"@type":"ListItem","position":1,"name":"Accueil","item":"https:\/\/www.sunset-sunside.com\/"},{"@type":"ListItem","position":2,"name":"\u00c9v\u00e8nements","item":"https:\/\/www.sunset-sunside.com\/concerts\/"},{"@type":"ListItem","position":3,"name":"The Blakettes"}]},{"@type":"WebSite","@id":"https:\/\/www.sunset-sunside.com\/#website","url":"https:\/\/www.sunset-sunside.com\/","name":"Sunset Sunside","description":"","potentialAction":[{"@type":"SearchAction","target":{"@type":"EntryPoint","urlTemplate":"https:\/\/www.sunset-sunside.com\/?s={search_term_string}"},"query-input":{"@type":"PropertyValueSpecification","valueRequired":true,"valueName":"search_term_string"}}],"inLanguage":"fr-FR"}]}},"publishpress_future_action":{"enabled":false,"date":"2026-04-12 17:39:22","action":"change-status","newStatus":"draft","terms":[],"taxonomy":"post_tag","extraData":[]},"publishpress_future_workflow_manual_trigger":{"enabledWorkflows":[]},"ticketed":false,"_links":{"self":[{"href":"https:\/\/www.sunset-sunside.com\/wp-json\/wp\/v2\/tribe_events\/97118","targetHints":{"allow":["GET"]}}],"collection":[{"href":"https:\/\/www.sunset-sunside.com\/wp-json\/wp\/v2\/tribe_events"}],"about":[{"href":"https:\/\/www.sunset-sunside.com\/wp-json\/wp\/v2\/types\/tribe_events"}],"author":[{"embeddable":true,"href":"https:\/\/www.sunset-sunside.com\/wp-json\/wp\/v2\/users\/2"}],"version-history":[{"count":2,"href":"https:\/\/www.sunset-sunside.com\/wp-json\/wp\/v2\/tribe_events\/97118\/revisions"}],"predecessor-version":[{"id":97132,"href":"https:\/\/www.sunset-sunside.com\/wp-json\/wp\/v2\/tribe_events\/97118\/revisions\/97132"}],"wp:featuredmedia":[{"embeddable":true,"href":"https:\/\/www.sunset-sunside.com\/wp-json\/wp\/v2\/media\/97121"}],"wp:attachment":[{"href":"https:\/\/www.sunset-sunside.com\/wp-json\/wp\/v2\/media?parent=97118"}],"wp:term":[{"taxonomy":"post_tag","embeddable":true,"href":"https:\/\/www.sunset-sunside.com\/wp-json\/wp\/v2\/tags?post=97118"},{"taxonomy":"genre","embeddable":true,"href":"https:\/\/www.sunset-sunside.com\/wp-json\/wp\/v2\/genre?post=97118"},{"taxonomy":"tribe_events_cat","embeddable":true,"href":"https:\/\/www.sunset-sunside.com\/wp-json\/wp\/v2\/tribe_events_cat?post=97118"}],"curies":[{"name":"wp","href":"https:\/\/api.w.org\/{rel}","templated":true}]}}