{"id":97944,"date":"2025-09-25T15:22:09","date_gmt":"2025-09-25T13:22:09","guid":{"rendered":"https:\/\/www.sunset-sunside.com\/?post_type=tribe_events&#038;p=97944"},"modified":"2026-01-05T12:22:03","modified_gmt":"2026-01-05T11:22:03","slug":"hommage-a-ernestine-anderson-avec-cecil-l-recchia-jam-vocale","status":"publish","type":"tribe_events","link":"https:\/\/www.sunset-sunside.com\/concert\/hommage-a-ernestine-anderson-avec-cecil-l-recchia-jam-vocale\/","title":{"rendered":"Hommage \u00e0 Ernestine Anderson avec Cecil L. Recchia + Jam Vocale"},"content":{"rendered":"<p>ENTREE LIBRE \u2013 PAS DE RESERVATION<\/p>\n<p>&nbsp;<\/p>\n<p>La Jam Session Vocale : rendez-vous mensuel au Sunside anim\u00e9 par Cecil L. Recchia et destin\u00e9 \u00e0 la voix ! Un set en hommage \u00e0 une l\u00e9gende du jazz et apr\u00e8s c\u2019est la jam vocale jusqu\u2019\u00e0 minuit. Jazz vocaliste et p\u00e9dagogue chevronn\u00e9e, elle est une des valeurs s\u00fbres de la sc\u00e8ne jazz.<\/p>\n<p>&nbsp;<\/p>\n<p>A\u00a0savoir\u00a0:<br \/>\nL&#8217;entr\u00e9e\u00a0est\u00a0libre\u00a0mais\u00a0une\u00a0consommation\u00a0est\u00a0obligatoire\u00a0(premi\u00e8re\u00a0consommation\u00a0major\u00e9e\u00a06e).<\/p>\n","protected":false},"excerpt":{"rendered":"<p>ENTREE LIBRE \u2013 PAS DE RESERVATION &nbsp; La Jam Session Vocale : rendez-vous mensuel au Sunside anim\u00e9 par Cecil L. Recchia et destin\u00e9 \u00e0 la voix ! Un set en [&hellip;]<\/p>\n","protected":false},"author":2,"featured_media":122523,"template":"","meta":{"_acf_changed":false,"_price":"","_stock":"","_tribe_ticket_header":"","_tribe_default_ticket_provider":"Tribe__Tickets_Plus__Commerce__WooCommerce__Main","_tribe_ticket_capacity":"0","_ticket_start_date":"","_ticket_end_date":"","_tribe_ticket_show_description":"","_tribe_ticket_show_not_going":false,"_tribe_ticket_use_global_stock":"","_tribe_ticket_global_stock_level":"","_global_stock_mode":"","_global_stock_cap":"","_tribe_rsvp_for_event":"","_tribe_ticket_going_count":"","_tribe_ticket_not_going_count":"","_tribe_tickets_list":"[]","_tribe_ticket_has_attendee_info_fields":false,"_tribe_events_status":"","_tribe_events_status_reason":"","footnotes":"","_tec_slr_enabled":"","_tec_slr_layout":""},"tags":[194],"genre":[75],"tribe_events_cat":[213,214,215,216,217],"class_list":["post-97944","tribe_events","type-tribe_events","status-publish","has-post-thumbnail","hentry","tag-entree-libre","genre-jam","tribe_events_cat-albums-du-mois","tribe_events_cat-coup-de-coeur","tribe_events_cat-decouvertes","tribe_events_cat-evenements","tribe_events_cat-promotion","cat_albums-du-mois","cat_coup-de-coeur","cat_decouvertes","cat_evenements","cat_promotion"],"acf":[],"yoast_head":"<!-- This site is optimized with the Yoast SEO plugin v25.7 - https:\/\/yoast.com\/wordpress\/plugins\/seo\/ -->\n<title>Hommage \u00e0 Ernestine Anderson avec Cecil L. Recchia + Jam Vocale - Sunset Sunside<\/title>\n<meta name=\"robots\" content=\"index, follow, max-snippet:-1, max-image-preview:large, max-video-preview:-1\" \/>\n<link rel=\"canonical\" href=\"https:\/\/www.sunset-sunside.com\/concert\/hommage-a-ernestine-anderson-avec-cecil-l-recchia-jam-vocale\/\" \/>\n<meta property=\"og:locale\" content=\"en_GB\" \/>\n<meta property=\"og:type\" content=\"article\" \/>\n<meta property=\"og:title\" content=\"Hommage \u00e0 Ernestine Anderson avec Cecil L. Recchia + Jam Vocale - Sunset Sunside\" \/>\n<meta property=\"og:description\" content=\"ENTREE LIBRE \u2013 PAS DE RESERVATION &nbsp; La Jam Session Vocale : rendez-vous mensuel au Sunside anim\u00e9 par Cecil L. Recchia et destin\u00e9 \u00e0 la voix ! Un set en [&hellip;]\" \/>\n<meta property=\"og:url\" content=\"https:\/\/www.sunset-sunside.com\/concert\/hommage-a-ernestine-anderson-avec-cecil-l-recchia-jam-vocale\/\" \/>\n<meta property=\"og:site_name\" content=\"Sunset Sunside\" \/>\n<meta property=\"article:publisher\" content=\"https:\/\/www.facebook.com\/SunsetSunsideJazzClub\/\" \/>\n<meta property=\"article:modified_time\" content=\"2026-01-05T11:22:03+00:00\" \/>\n<meta property=\"og:image\" content=\"https:\/\/www.sunset-sunside.com\/app\/uploads\/2025\/09\/7614dbf8-e7e5-11e5-af38-76f25bfb6570.webp\" \/>\n\t<meta property=\"og:image:width\" content=\"780\" \/>\n\t<meta property=\"og:image:height\" content=\"525\" \/>\n\t<meta property=\"og:image:type\" content=\"image\/webp\" \/>\n<meta name=\"twitter:card\" content=\"summary_large_image\" \/>\n<meta name=\"twitter:site\" content=\"@SunsetSunside\" \/>\n<meta name=\"twitter:label1\" content=\"Est. reading time\" \/>\n\t<meta name=\"twitter:data1\" content=\"1 minute\" \/>\n<script type=\"application\/ld+json\" class=\"yoast-schema-graph\">{\"@context\":\"https:\/\/schema.org\",\"@graph\":[{\"@type\":\"WebPage\",\"@id\":\"https:\/\/www.sunset-sunside.com\/concert\/hommage-a-ernestine-anderson-avec-cecil-l-recchia-jam-vocale\/\",\"url\":\"https:\/\/www.sunset-sunside.com\/concert\/hommage-a-ernestine-anderson-avec-cecil-l-recchia-jam-vocale\/\",\"name\":\"Hommage \u00e0 Ernestine Anderson avec Cecil L. Recchia + Jam Vocale - Sunset Sunside\",\"isPartOf\":{\"@id\":\"https:\/\/www.sunset-sunside.com\/#website\"},\"primaryImageOfPage\":{\"@id\":\"https:\/\/www.sunset-sunside.com\/concert\/hommage-a-ernestine-anderson-avec-cecil-l-recchia-jam-vocale\/#primaryimage\"},\"image\":{\"@id\":\"https:\/\/www.sunset-sunside.com\/concert\/hommage-a-ernestine-anderson-avec-cecil-l-recchia-jam-vocale\/#primaryimage\"},\"thumbnailUrl\":\"https:\/\/www.sunset-sunside.com\/app\/uploads\/2025\/09\/7614dbf8-e7e5-11e5-af38-76f25bfb6570.webp\",\"datePublished\":\"2025-09-25T13:22:09+00:00\",\"dateModified\":\"2026-01-05T11:22:03+00:00\",\"breadcrumb\":{\"@id\":\"https:\/\/www.sunset-sunside.com\/concert\/hommage-a-ernestine-anderson-avec-cecil-l-recchia-jam-vocale\/#breadcrumb\"},\"inLanguage\":\"en-GB\",\"potentialAction\":[{\"@type\":\"ReadAction\",\"target\":[\"https:\/\/www.sunset-sunside.com\/concert\/hommage-a-ernestine-anderson-avec-cecil-l-recchia-jam-vocale\/\"]}]},{\"@type\":\"ImageObject\",\"inLanguage\":\"en-GB\",\"@id\":\"https:\/\/www.sunset-sunside.com\/concert\/hommage-a-ernestine-anderson-avec-cecil-l-recchia-jam-vocale\/#primaryimage\",\"url\":\"https:\/\/www.sunset-sunside.com\/app\/uploads\/2025\/09\/7614dbf8-e7e5-11e5-af38-76f25bfb6570.webp\",\"contentUrl\":\"https:\/\/www.sunset-sunside.com\/app\/uploads\/2025\/09\/7614dbf8-e7e5-11e5-af38-76f25bfb6570.webp\",\"width\":780,\"height\":525,\"caption\":\"\u00a9 DR\"},{\"@type\":\"BreadcrumbList\",\"@id\":\"https:\/\/www.sunset-sunside.com\/concert\/hommage-a-ernestine-anderson-avec-cecil-l-recchia-jam-vocale\/#breadcrumb\",\"itemListElement\":[{\"@type\":\"ListItem\",\"position\":1,\"name\":\"Accueil\",\"item\":\"https:\/\/www.sunset-sunside.com\/\"},{\"@type\":\"ListItem\",\"position\":2,\"name\":\"\u00c9v\u00e8nements\",\"item\":\"https:\/\/www.sunset-sunside.com\/concerts\/\"},{\"@type\":\"ListItem\",\"position\":3,\"name\":\"Hommage \u00e0 Ernestine Anderson avec Cecil L. Recchia + Jam Vocale\"}]},{\"@type\":\"WebSite\",\"@id\":\"https:\/\/www.sunset-sunside.com\/#website\",\"url\":\"https:\/\/www.sunset-sunside.com\/\",\"name\":\"Sunset Sunside\",\"description\":\"\",\"potentialAction\":[{\"@type\":\"SearchAction\",\"target\":{\"@type\":\"EntryPoint\",\"urlTemplate\":\"https:\/\/www.sunset-sunside.com\/?s={search_term_string}\"},\"query-input\":{\"@type\":\"PropertyValueSpecification\",\"valueRequired\":true,\"valueName\":\"search_term_string\"}}],\"inLanguage\":\"en-GB\"}]}<\/script>\n<!-- \/ Yoast SEO plugin. -->","yoast_head_json":{"title":"Hommage \u00e0 Ernestine Anderson avec Cecil L. Recchia + Jam Vocale - Sunset Sunside","robots":{"index":"index","follow":"follow","max-snippet":"max-snippet:-1","max-image-preview":"max-image-preview:large","max-video-preview":"max-video-preview:-1"},"canonical":"https:\/\/www.sunset-sunside.com\/concert\/hommage-a-ernestine-anderson-avec-cecil-l-recchia-jam-vocale\/","og_locale":"en_GB","og_type":"article","og_title":"Hommage \u00e0 Ernestine Anderson avec Cecil L. Recchia + Jam Vocale - Sunset Sunside","og_description":"ENTREE LIBRE \u2013 PAS DE RESERVATION &nbsp; La Jam Session Vocale : rendez-vous mensuel au Sunside anim\u00e9 par Cecil L. Recchia et destin\u00e9 \u00e0 la voix ! Un set en [&hellip;]","og_url":"https:\/\/www.sunset-sunside.com\/concert\/hommage-a-ernestine-anderson-avec-cecil-l-recchia-jam-vocale\/","og_site_name":"Sunset Sunside","article_publisher":"https:\/\/www.facebook.com\/SunsetSunsideJazzClub\/","article_modified_time":"2026-01-05T11:22:03+00:00","og_image":[{"width":780,"height":525,"url":"https:\/\/www.sunset-sunside.com\/app\/uploads\/2025\/09\/7614dbf8-e7e5-11e5-af38-76f25bfb6570.webp","type":"image\/webp"}],"twitter_card":"summary_large_image","twitter_site":"@SunsetSunside","twitter_misc":{"Est. reading time":"1 minute"},"schema":{"@context":"https:\/\/schema.org","@graph":[{"@type":"WebPage","@id":"https:\/\/www.sunset-sunside.com\/concert\/hommage-a-ernestine-anderson-avec-cecil-l-recchia-jam-vocale\/","url":"https:\/\/www.sunset-sunside.com\/concert\/hommage-a-ernestine-anderson-avec-cecil-l-recchia-jam-vocale\/","name":"Hommage \u00e0 Ernestine Anderson avec Cecil L. Recchia + Jam Vocale - Sunset Sunside","isPartOf":{"@id":"https:\/\/www.sunset-sunside.com\/#website"},"primaryImageOfPage":{"@id":"https:\/\/www.sunset-sunside.com\/concert\/hommage-a-ernestine-anderson-avec-cecil-l-recchia-jam-vocale\/#primaryimage"},"image":{"@id":"https:\/\/www.sunset-sunside.com\/concert\/hommage-a-ernestine-anderson-avec-cecil-l-recchia-jam-vocale\/#primaryimage"},"thumbnailUrl":"https:\/\/www.sunset-sunside.com\/app\/uploads\/2025\/09\/7614dbf8-e7e5-11e5-af38-76f25bfb6570.webp","datePublished":"2025-09-25T13:22:09+00:00","dateModified":"2026-01-05T11:22:03+00:00","breadcrumb":{"@id":"https:\/\/www.sunset-sunside.com\/concert\/hommage-a-ernestine-anderson-avec-cecil-l-recchia-jam-vocale\/#breadcrumb"},"inLanguage":"en-GB","potentialAction":[{"@type":"ReadAction","target":["https:\/\/www.sunset-sunside.com\/concert\/hommage-a-ernestine-anderson-avec-cecil-l-recchia-jam-vocale\/"]}]},{"@type":"ImageObject","inLanguage":"en-GB","@id":"https:\/\/www.sunset-sunside.com\/concert\/hommage-a-ernestine-anderson-avec-cecil-l-recchia-jam-vocale\/#primaryimage","url":"https:\/\/www.sunset-sunside.com\/app\/uploads\/2025\/09\/7614dbf8-e7e5-11e5-af38-76f25bfb6570.webp","contentUrl":"https:\/\/www.sunset-sunside.com\/app\/uploads\/2025\/09\/7614dbf8-e7e5-11e5-af38-76f25bfb6570.webp","width":780,"height":525,"caption":"\u00a9 DR"},{"@type":"BreadcrumbList","@id":"https:\/\/www.sunset-sunside.com\/concert\/hommage-a-ernestine-anderson-avec-cecil-l-recchia-jam-vocale\/#breadcrumb","itemListElement":[{"@type":"ListItem","position":1,"name":"Accueil","item":"https:\/\/www.sunset-sunside.com\/"},{"@type":"ListItem","position":2,"name":"\u00c9v\u00e8nements","item":"https:\/\/www.sunset-sunside.com\/concerts\/"},{"@type":"ListItem","position":3,"name":"Hommage \u00e0 Ernestine Anderson avec Cecil L. Recchia + Jam Vocale"}]},{"@type":"WebSite","@id":"https:\/\/www.sunset-sunside.com\/#website","url":"https:\/\/www.sunset-sunside.com\/","name":"Sunset Sunside","description":"","potentialAction":[{"@type":"SearchAction","target":{"@type":"EntryPoint","urlTemplate":"https:\/\/www.sunset-sunside.com\/?s={search_term_string}"},"query-input":{"@type":"PropertyValueSpecification","valueRequired":true,"valueName":"search_term_string"}}],"inLanguage":"en-GB"}]}},"publishpress_future_action":{"enabled":false,"date":"2026-04-12 15:31:37","action":"change-status","newStatus":"draft","terms":[],"taxonomy":"post_tag","extraData":[]},"publishpress_future_workflow_manual_trigger":{"enabledWorkflows":[]},"ticketed":false,"_links":{"self":[{"href":"https:\/\/www.sunset-sunside.com\/wp-json\/wp\/v2\/tribe_events\/97944","targetHints":{"allow":["GET"]}}],"collection":[{"href":"https:\/\/www.sunset-sunside.com\/wp-json\/wp\/v2\/tribe_events"}],"about":[{"href":"https:\/\/www.sunset-sunside.com\/wp-json\/wp\/v2\/types\/tribe_events"}],"author":[{"embeddable":true,"href":"https:\/\/www.sunset-sunside.com\/wp-json\/wp\/v2\/users\/2"}],"version-history":[{"count":5,"href":"https:\/\/www.sunset-sunside.com\/wp-json\/wp\/v2\/tribe_events\/97944\/revisions"}],"predecessor-version":[{"id":123627,"href":"https:\/\/www.sunset-sunside.com\/wp-json\/wp\/v2\/tribe_events\/97944\/revisions\/123627"}],"wp:featuredmedia":[{"embeddable":true,"href":"https:\/\/www.sunset-sunside.com\/wp-json\/wp\/v2\/media\/122523"}],"wp:attachment":[{"href":"https:\/\/www.sunset-sunside.com\/wp-json\/wp\/v2\/media?parent=97944"}],"wp:term":[{"taxonomy":"post_tag","embeddable":true,"href":"https:\/\/www.sunset-sunside.com\/wp-json\/wp\/v2\/tags?post=97944"},{"taxonomy":"genre","embeddable":true,"href":"https:\/\/www.sunset-sunside.com\/wp-json\/wp\/v2\/genre?post=97944"},{"taxonomy":"tribe_events_cat","embeddable":true,"href":"https:\/\/www.sunset-sunside.com\/wp-json\/wp\/v2\/tribe_events_cat?post=97944"}],"curies":[{"name":"wp","href":"https:\/\/api.w.org\/{rel}","templated":true}]}}