{"id":98951,"date":"2025-09-30T12:40:57","date_gmt":"2025-09-30T10:40:57","guid":{"rendered":"https:\/\/www.sunset-sunside.com\/?post_type=tribe_events&#038;p=98951"},"modified":"2025-12-05T18:15:48","modified_gmt":"2025-12-05T17:15:48","slug":"david-linx-paolo-fresu-gustavo-beytelman-trama-latina","status":"publish","type":"tribe_events","link":"https:\/\/www.sunset-sunside.com\/concert\/david-linx-paolo-fresu-gustavo-beytelman-trama-latina\/","title":{"rendered":"David Linx \/ Paolo Fresu \/ Gustavo Beytelmann &#8220;Trama Latina&#8221;"},"content":{"rendered":"<p>Timeline, c\u2019est un nouveau format de concerts imagin\u00e9 par Juliette Poitrenaud. R\u00e9guli\u00e8rement depuis novembre 2023, un\u2022e musicien\u2022ne\u00a0investit le Sunset ou le Sunside durant trois soirs pour \u00e9voquer trois temporalit\u00e9s de sa carri\u00e8re : des concerts d\u00e9clin\u00e9s au pass\u00e9, au pr\u00e9sent et au futur.<\/p>\n<p>&nbsp;<\/p>\n<p>&#8211; In\u00e9dit !<\/p>\n<p>&nbsp;<\/p>\n<p>R\u00e9union au sommet ! David Linx, Paolo Fresu, c\u00e9l\u00e9brissime trompettiste sarde et Gustavo Beytelmann, pianiste du mythique accord\u00e9oniste argentin Astor Piazzolla nous pr\u00e9senteront en avant-premi\u00e8re un projet nomm\u00e9 Trama Latina, dont l\u2019album para\u00eetra en avril 2026. Un r\u00e9pertoire qui m\u00ealera des compositions personnelles des trois musiciens \u00e0 des reprises de compositeurs iconiques de la musique sud-am\u00e9ricaine comme Hermeto Pascoal ou Milton Nascimento.<\/p>\n<p>\u00ab\u00a0Trama Latina est un hommage \u00e0 l&#8217;Am\u00e9rique latine, \u00e0 sa diaspora et \u00e0 l&#8217;influence qu&#8217;elle a eue et continue d&#8217;avoir sur nous.\u00a0\u00bb &#8211; David Linx<\/p>\n","protected":false},"excerpt":{"rendered":"<p>Timeline, c\u2019est un nouveau format de concerts imagin\u00e9 par Juliette Poitrenaud. R\u00e9guli\u00e8rement depuis novembre 2023, un\u2022e musicien\u2022ne\u00a0investit le Sunset ou le Sunside durant trois soirs pour \u00e9voquer trois temporalit\u00e9s de [&hellip;]<\/p>\n","protected":false},"author":2,"featured_media":113217,"template":"","meta":{"_acf_changed":false,"_price":"","_stock":"","_tribe_ticket_header":"","_tribe_default_ticket_provider":"Tribe__Tickets_Plus__Commerce__WooCommerce__Main","_tribe_ticket_capacity":"88","_ticket_start_date":"","_ticket_end_date":"","_tribe_ticket_show_description":"","_tribe_ticket_show_not_going":false,"_tribe_ticket_use_global_stock":"1","_tribe_ticket_global_stock_level":"16","_global_stock_mode":"","_global_stock_cap":"","_tribe_rsvp_for_event":"","_tribe_ticket_going_count":"","_tribe_ticket_not_going_count":"","_tribe_tickets_list":"[{\"id\":98952,\"type\":\"default\",\"title\":\"Tarif adh\\u00e9rent\",\"description\":\"\",\"capacityType\":\"global\",\"price\":30,\"capacity\":88,\"available\":16,\"sharedCapacity\":88,\"sold\":2,\"shareSold\":2,\"isShared\":true,\"currencyDecimalPoint\":\",\",\"currencyNumberOfDecimals\":2,\"currencyPosition\":\"prefix\",\"currencySymbol\":\"$\",\"currencyThousandsSep\":\"\"},{\"id\":98953,\"type\":\"default\",\"title\":\"Tarif plein*\",\"description\":\"\",\"capacityType\":\"global\",\"price\":35,\"capacity\":88,\"available\":16,\"sharedCapacity\":88,\"sold\":61,\"shareSold\":61,\"isShared\":true,\"currencyDecimalPoint\":\",\",\"currencyNumberOfDecimals\":2,\"currencyPosition\":\"prefix\",\"currencySymbol\":\"$\",\"currencyThousandsSep\":\"\"},{\"id\":98954,\"type\":\"default\",\"title\":\"Tarif r\\u00e9duit\",\"description\":\"Tarif r\\u00e9serv\\u00e9 aux \\u00e9tudiants de moins de 25 ans, ch\\u00f4meurs et intermittents du spectacle. Pr\\u00e9sentation obligatoire d\\u2019un justificatif \\u00e0 l\\u2019entr\\u00e9e. \\r\\nUn suppl\\u00e9ment vous sera demand\\u00e9 pour non pr\\u00e9sentation de justificatif. \",\"capacityType\":\"global\",\"price\":25,\"capacity\":88,\"available\":16,\"sharedCapacity\":88,\"sold\":9,\"shareSold\":9,\"isShared\":true,\"currencyDecimalPoint\":\",\",\"currencyNumberOfDecimals\":2,\"currencyPosition\":\"prefix\",\"currencySymbol\":\"$\",\"currencyThousandsSep\":\"\"}]","_tribe_ticket_has_attendee_info_fields":false,"_tribe_events_status":"","_tribe_events_status_reason":"","footnotes":"","_tec_slr_enabled":"","_tec_slr_layout":""},"tags":[],"genre":[68],"tribe_events_cat":[213,269,214,215,216],"class_list":["post-98951","tribe_events","type-tribe_events","status-publish","has-post-thumbnail","hentry","genre-jazz-legend","tribe_events_cat-albums-du-mois","tribe_events_cat-coming-soon","tribe_events_cat-coup-de-coeur","tribe_events_cat-decouvertes","tribe_events_cat-evenements","cat_albums-du-mois","cat_coming-soon","cat_coup-de-coeur","cat_decouvertes","cat_evenements"],"acf":[],"yoast_head":"<!-- This site is optimized with the Yoast SEO plugin v25.7 - https:\/\/yoast.com\/wordpress\/plugins\/seo\/ -->\n<title>David Linx \/ Paolo Fresu \/ Gustavo Beytelmann &quot;Trama Latina&quot; - Sunset Sunside<\/title>\n<meta name=\"robots\" content=\"index, follow, max-snippet:-1, max-image-preview:large, max-video-preview:-1\" \/>\n<link rel=\"canonical\" href=\"https:\/\/www.sunset-sunside.com\/concert\/david-linx-paolo-fresu-gustavo-beytelman-trama-latina\/\" \/>\n<meta property=\"og:locale\" content=\"fr_FR\" \/>\n<meta property=\"og:type\" content=\"article\" \/>\n<meta property=\"og:title\" content=\"David Linx \/ Paolo Fresu \/ Gustavo Beytelmann &quot;Trama Latina&quot; - Sunset Sunside\" \/>\n<meta property=\"og:description\" content=\"Timeline, c\u2019est un nouveau format de concerts imagin\u00e9 par Juliette Poitrenaud. R\u00e9guli\u00e8rement depuis novembre 2023, un\u2022e musicien\u2022ne\u00a0investit le Sunset ou le Sunside durant trois soirs pour \u00e9voquer trois temporalit\u00e9s de [&hellip;]\" \/>\n<meta property=\"og:url\" content=\"https:\/\/www.sunset-sunside.com\/concert\/david-linx-paolo-fresu-gustavo-beytelman-trama-latina\/\" \/>\n<meta property=\"og:site_name\" content=\"Sunset Sunside\" \/>\n<meta property=\"article:publisher\" content=\"https:\/\/www.facebook.com\/SunsetSunsideJazzClub\/\" \/>\n<meta property=\"article:modified_time\" content=\"2025-12-05T17:15:48+00:00\" \/>\n<meta property=\"og:image\" content=\"https:\/\/www.sunset-sunside.com\/app\/uploads\/2025\/09\/trio-by-Alessandra-Freguja_Trama-Latina-e1764159368885.jpg\" \/>\n\t<meta property=\"og:image:width\" content=\"1080\" \/>\n\t<meta property=\"og:image:height\" content=\"1060\" \/>\n\t<meta property=\"og:image:type\" content=\"image\/jpeg\" \/>\n<meta name=\"twitter:card\" content=\"summary_large_image\" \/>\n<meta name=\"twitter:site\" content=\"@SunsetSunside\" \/>\n<meta name=\"twitter:label1\" content=\"Dur\u00e9e de lecture estim\u00e9e\" \/>\n\t<meta name=\"twitter:data1\" content=\"1 minute\" \/>\n<script type=\"application\/ld+json\" class=\"yoast-schema-graph\">{\"@context\":\"https:\/\/schema.org\",\"@graph\":[{\"@type\":\"WebPage\",\"@id\":\"https:\/\/www.sunset-sunside.com\/concert\/david-linx-paolo-fresu-gustavo-beytelman-trama-latina\/\",\"url\":\"https:\/\/www.sunset-sunside.com\/concert\/david-linx-paolo-fresu-gustavo-beytelman-trama-latina\/\",\"name\":\"David Linx \/ Paolo Fresu \/ Gustavo Beytelmann \\\"Trama Latina\\\" - Sunset Sunside\",\"isPartOf\":{\"@id\":\"https:\/\/www.sunset-sunside.com\/#website\"},\"primaryImageOfPage\":{\"@id\":\"https:\/\/www.sunset-sunside.com\/concert\/david-linx-paolo-fresu-gustavo-beytelman-trama-latina\/#primaryimage\"},\"image\":{\"@id\":\"https:\/\/www.sunset-sunside.com\/concert\/david-linx-paolo-fresu-gustavo-beytelman-trama-latina\/#primaryimage\"},\"thumbnailUrl\":\"https:\/\/www.sunset-sunside.com\/app\/uploads\/2025\/09\/trio-by-Alessandra-Freguja_Trama-Latina-e1764159368885.jpg\",\"datePublished\":\"2025-09-30T10:40:57+00:00\",\"dateModified\":\"2025-12-05T17:15:48+00:00\",\"breadcrumb\":{\"@id\":\"https:\/\/www.sunset-sunside.com\/concert\/david-linx-paolo-fresu-gustavo-beytelman-trama-latina\/#breadcrumb\"},\"inLanguage\":\"fr-FR\",\"potentialAction\":[{\"@type\":\"ReadAction\",\"target\":[\"https:\/\/www.sunset-sunside.com\/concert\/david-linx-paolo-fresu-gustavo-beytelman-trama-latina\/\"]}]},{\"@type\":\"ImageObject\",\"inLanguage\":\"fr-FR\",\"@id\":\"https:\/\/www.sunset-sunside.com\/concert\/david-linx-paolo-fresu-gustavo-beytelman-trama-latina\/#primaryimage\",\"url\":\"https:\/\/www.sunset-sunside.com\/app\/uploads\/2025\/09\/trio-by-Alessandra-Freguja_Trama-Latina-e1764159368885.jpg\",\"contentUrl\":\"https:\/\/www.sunset-sunside.com\/app\/uploads\/2025\/09\/trio-by-Alessandra-Freguja_Trama-Latina-e1764159368885.jpg\",\"width\":1080,\"height\":1060,\"caption\":\"\u00a9 Alessandra Freguja\"},{\"@type\":\"BreadcrumbList\",\"@id\":\"https:\/\/www.sunset-sunside.com\/concert\/david-linx-paolo-fresu-gustavo-beytelman-trama-latina\/#breadcrumb\",\"itemListElement\":[{\"@type\":\"ListItem\",\"position\":1,\"name\":\"Accueil\",\"item\":\"https:\/\/www.sunset-sunside.com\/\"},{\"@type\":\"ListItem\",\"position\":2,\"name\":\"\u00c9v\u00e8nements\",\"item\":\"https:\/\/www.sunset-sunside.com\/concerts\/\"},{\"@type\":\"ListItem\",\"position\":3,\"name\":\"David Linx \/ Paolo Fresu \/ Gustavo Beytelmann &#8220;Trama Latina&#8221;\"}]},{\"@type\":\"WebSite\",\"@id\":\"https:\/\/www.sunset-sunside.com\/#website\",\"url\":\"https:\/\/www.sunset-sunside.com\/\",\"name\":\"Sunset Sunside\",\"description\":\"\",\"potentialAction\":[{\"@type\":\"SearchAction\",\"target\":{\"@type\":\"EntryPoint\",\"urlTemplate\":\"https:\/\/www.sunset-sunside.com\/?s={search_term_string}\"},\"query-input\":{\"@type\":\"PropertyValueSpecification\",\"valueRequired\":true,\"valueName\":\"search_term_string\"}}],\"inLanguage\":\"fr-FR\"}]}<\/script>\n<!-- \/ Yoast SEO plugin. -->","yoast_head_json":{"title":"David Linx \/ Paolo Fresu \/ Gustavo Beytelmann \"Trama Latina\" - Sunset Sunside","robots":{"index":"index","follow":"follow","max-snippet":"max-snippet:-1","max-image-preview":"max-image-preview:large","max-video-preview":"max-video-preview:-1"},"canonical":"https:\/\/www.sunset-sunside.com\/concert\/david-linx-paolo-fresu-gustavo-beytelman-trama-latina\/","og_locale":"fr_FR","og_type":"article","og_title":"David Linx \/ Paolo Fresu \/ Gustavo Beytelmann \"Trama Latina\" - Sunset Sunside","og_description":"Timeline, c\u2019est un nouveau format de concerts imagin\u00e9 par Juliette Poitrenaud. R\u00e9guli\u00e8rement depuis novembre 2023, un\u2022e musicien\u2022ne\u00a0investit le Sunset ou le Sunside durant trois soirs pour \u00e9voquer trois temporalit\u00e9s de [&hellip;]","og_url":"https:\/\/www.sunset-sunside.com\/concert\/david-linx-paolo-fresu-gustavo-beytelman-trama-latina\/","og_site_name":"Sunset Sunside","article_publisher":"https:\/\/www.facebook.com\/SunsetSunsideJazzClub\/","article_modified_time":"2025-12-05T17:15:48+00:00","og_image":[{"width":1080,"height":1060,"url":"https:\/\/www.sunset-sunside.com\/app\/uploads\/2025\/09\/trio-by-Alessandra-Freguja_Trama-Latina-e1764159368885.jpg","type":"image\/jpeg"}],"twitter_card":"summary_large_image","twitter_site":"@SunsetSunside","twitter_misc":{"Dur\u00e9e de lecture estim\u00e9e":"1 minute"},"schema":{"@context":"https:\/\/schema.org","@graph":[{"@type":"WebPage","@id":"https:\/\/www.sunset-sunside.com\/concert\/david-linx-paolo-fresu-gustavo-beytelman-trama-latina\/","url":"https:\/\/www.sunset-sunside.com\/concert\/david-linx-paolo-fresu-gustavo-beytelman-trama-latina\/","name":"David Linx \/ Paolo Fresu \/ Gustavo Beytelmann \"Trama Latina\" - Sunset Sunside","isPartOf":{"@id":"https:\/\/www.sunset-sunside.com\/#website"},"primaryImageOfPage":{"@id":"https:\/\/www.sunset-sunside.com\/concert\/david-linx-paolo-fresu-gustavo-beytelman-trama-latina\/#primaryimage"},"image":{"@id":"https:\/\/www.sunset-sunside.com\/concert\/david-linx-paolo-fresu-gustavo-beytelman-trama-latina\/#primaryimage"},"thumbnailUrl":"https:\/\/www.sunset-sunside.com\/app\/uploads\/2025\/09\/trio-by-Alessandra-Freguja_Trama-Latina-e1764159368885.jpg","datePublished":"2025-09-30T10:40:57+00:00","dateModified":"2025-12-05T17:15:48+00:00","breadcrumb":{"@id":"https:\/\/www.sunset-sunside.com\/concert\/david-linx-paolo-fresu-gustavo-beytelman-trama-latina\/#breadcrumb"},"inLanguage":"fr-FR","potentialAction":[{"@type":"ReadAction","target":["https:\/\/www.sunset-sunside.com\/concert\/david-linx-paolo-fresu-gustavo-beytelman-trama-latina\/"]}]},{"@type":"ImageObject","inLanguage":"fr-FR","@id":"https:\/\/www.sunset-sunside.com\/concert\/david-linx-paolo-fresu-gustavo-beytelman-trama-latina\/#primaryimage","url":"https:\/\/www.sunset-sunside.com\/app\/uploads\/2025\/09\/trio-by-Alessandra-Freguja_Trama-Latina-e1764159368885.jpg","contentUrl":"https:\/\/www.sunset-sunside.com\/app\/uploads\/2025\/09\/trio-by-Alessandra-Freguja_Trama-Latina-e1764159368885.jpg","width":1080,"height":1060,"caption":"\u00a9 Alessandra Freguja"},{"@type":"BreadcrumbList","@id":"https:\/\/www.sunset-sunside.com\/concert\/david-linx-paolo-fresu-gustavo-beytelman-trama-latina\/#breadcrumb","itemListElement":[{"@type":"ListItem","position":1,"name":"Accueil","item":"https:\/\/www.sunset-sunside.com\/"},{"@type":"ListItem","position":2,"name":"\u00c9v\u00e8nements","item":"https:\/\/www.sunset-sunside.com\/concerts\/"},{"@type":"ListItem","position":3,"name":"David Linx \/ Paolo Fresu \/ Gustavo Beytelmann &#8220;Trama Latina&#8221;"}]},{"@type":"WebSite","@id":"https:\/\/www.sunset-sunside.com\/#website","url":"https:\/\/www.sunset-sunside.com\/","name":"Sunset Sunside","description":"","potentialAction":[{"@type":"SearchAction","target":{"@type":"EntryPoint","urlTemplate":"https:\/\/www.sunset-sunside.com\/?s={search_term_string}"},"query-input":{"@type":"PropertyValueSpecification","valueRequired":true,"valueName":"search_term_string"}}],"inLanguage":"fr-FR"}]}},"publishpress_future_action":{"enabled":false,"date":"2026-04-12 17:33:13","action":"change-status","newStatus":"draft","terms":[],"taxonomy":"post_tag","extraData":[]},"publishpress_future_workflow_manual_trigger":{"enabledWorkflows":[]},"ticketed":["woo"],"_links":{"self":[{"href":"https:\/\/www.sunset-sunside.com\/wp-json\/wp\/v2\/tribe_events\/98951","targetHints":{"allow":["GET"]}}],"collection":[{"href":"https:\/\/www.sunset-sunside.com\/wp-json\/wp\/v2\/tribe_events"}],"about":[{"href":"https:\/\/www.sunset-sunside.com\/wp-json\/wp\/v2\/types\/tribe_events"}],"author":[{"embeddable":true,"href":"https:\/\/www.sunset-sunside.com\/wp-json\/wp\/v2\/users\/2"}],"version-history":[{"count":8,"href":"https:\/\/www.sunset-sunside.com\/wp-json\/wp\/v2\/tribe_events\/98951\/revisions"}],"predecessor-version":[{"id":112972,"href":"https:\/\/www.sunset-sunside.com\/wp-json\/wp\/v2\/tribe_events\/98951\/revisions\/112972"}],"wp:featuredmedia":[{"embeddable":true,"href":"https:\/\/www.sunset-sunside.com\/wp-json\/wp\/v2\/media\/113217"}],"wp:attachment":[{"href":"https:\/\/www.sunset-sunside.com\/wp-json\/wp\/v2\/media?parent=98951"}],"wp:term":[{"taxonomy":"post_tag","embeddable":true,"href":"https:\/\/www.sunset-sunside.com\/wp-json\/wp\/v2\/tags?post=98951"},{"taxonomy":"genre","embeddable":true,"href":"https:\/\/www.sunset-sunside.com\/wp-json\/wp\/v2\/genre?post=98951"},{"taxonomy":"tribe_events_cat","embeddable":true,"href":"https:\/\/www.sunset-sunside.com\/wp-json\/wp\/v2\/tribe_events_cat?post=98951"}],"curies":[{"name":"wp","href":"https:\/\/api.w.org\/{rel}","templated":true}]}}