{"id":98982,"date":"2025-09-30T13:46:43","date_gmt":"2025-09-30T11:46:43","guid":{"rendered":"https:\/\/www.sunset-sunside.com\/?post_type=tribe_events&#038;p=98982"},"modified":"2025-11-26T13:47:39","modified_gmt":"2025-11-26T12:47:39","slug":"erik-satie-jazz-les-100-ans-de-sa-disparition","status":"publish","type":"tribe_events","link":"https:\/\/www.sunset-sunside.com\/concert\/erik-satie-jazz-les-100-ans-de-sa-disparition\/","title":{"rendered":"Erik Satie &amp; Jazz &#8211; &#8220;Les 100 ans de sa disparition&#8221;"},"content":{"rendered":"<p>Voici 20 ans que Maki Nakano interpr\u00e8te la musique d\u2019Erik Satie avec le projet franco-japonais Ky.<\/p>\n<p>\u00c0 l\u2019occasion des 100 ans de sa disparition, elle sort ce beau vinyle pr\u00e9sentant une s\u00e9lection de 14 titres,\u00a0<br \/>\ninterpr\u00e9tations minimalistes et originales de l&#8217;esprit de Satie.\u00a0<br \/>\nPour ce concert au Sunside, elle est rejoint par St\u00e9phane Tsapis au piano et Karsten Hochapfel au violoncelle<br \/>\ndeux musiciens avec qui elle a r\u00e9guli\u00e8rement jou\u00e9 en France et au Japon.\u00a0<br \/>\nIls joueront des \u0153uvres connues et m\u00e9connues du ma\u00eetre, oscillant entre profondeur et l\u00e9g\u00e8ret\u00e9,\u00a0<br \/>\nentre improvisations et compositions personnelles. D\u00e9sespoir agr\u00e9able !<\/p>\n<p>&nbsp;<\/p>\n","protected":false},"excerpt":{"rendered":"<p>Voici 20 ans que Maki Nakano interpr\u00e8te la musique d\u2019Erik Satie avec le projet franco-japonais Ky. \u00c0 l\u2019occasion des 100 ans de sa disparition, elle sort ce beau vinyle pr\u00e9sentant [&hellip;]<\/p>\n","protected":false},"author":2,"featured_media":98986,"template":"","meta":{"_acf_changed":false,"_price":"","_stock":"","_tribe_ticket_header":"","_tribe_default_ticket_provider":"Tribe__Tickets_Plus__Commerce__WooCommerce__Main","_tribe_ticket_capacity":"66","_ticket_start_date":"","_ticket_end_date":"","_tribe_ticket_show_description":"","_tribe_ticket_show_not_going":false,"_tribe_ticket_use_global_stock":"1","_tribe_ticket_global_stock_level":"0","_global_stock_mode":"","_global_stock_cap":"","_tribe_rsvp_for_event":"","_tribe_ticket_going_count":"","_tribe_ticket_not_going_count":"","_tribe_tickets_list":"[{\"id\":98983,\"type\":\"default\",\"title\":\"Tarif plein*\",\"description\":\"\",\"capacityType\":\"global\",\"price\":25,\"capacity\":66,\"available\":0,\"sharedCapacity\":66,\"sold\":57,\"shareSold\":57,\"isShared\":true,\"currencyDecimalPoint\":\",\",\"currencyNumberOfDecimals\":2,\"currencyPosition\":\"prefix\",\"currencySymbol\":\"$\",\"currencyThousandsSep\":\"\"},{\"id\":98984,\"type\":\"default\",\"title\":\"Tarif adh\\u00e9rent\",\"description\":\"\",\"capacityType\":\"global\",\"price\":20,\"capacity\":66,\"available\":0,\"sharedCapacity\":66,\"sold\":1,\"shareSold\":1,\"isShared\":true,\"currencyDecimalPoint\":\",\",\"currencyNumberOfDecimals\":2,\"currencyPosition\":\"prefix\",\"currencySymbol\":\"$\",\"currencyThousandsSep\":\"\"},{\"id\":98985,\"type\":\"default\",\"title\":\"Tarif r\\u00e9duit\",\"description\":\"Tarif r\\u00e9serv\\u00e9 aux \\u00e9tudiants de moins de 25 ans, ch\\u00f4meurs et intermittents du spectacle. Pr\\u00e9sentation obligatoire d\\u2019un justificatif \\u00e0 l\\u2019entr\\u00e9e. \\r\\nUn suppl\\u00e9ment vous sera demand\\u00e9 pour non pr\\u00e9sentation de justificatif. \",\"capacityType\":\"global\",\"price\":15,\"capacity\":66,\"available\":0,\"sharedCapacity\":66,\"sold\":7,\"shareSold\":7,\"isShared\":true,\"currencyDecimalPoint\":\",\",\"currencyNumberOfDecimals\":2,\"currencyPosition\":\"prefix\",\"currencySymbol\":\"$\",\"currencyThousandsSep\":\"\"}]","_tribe_ticket_has_attendee_info_fields":false,"_tribe_events_status":"","_tribe_events_status_reason":"","footnotes":"","_tec_slr_enabled":"","_tec_slr_layout":""},"tags":[289],"genre":[123],"tribe_events_cat":[213,214,215,216],"class_list":["post-98982","tribe_events","type-tribe_events","status-publish","has-post-thumbnail","hentry","tag-marathon-du-jazz-3","genre-jazz-tribute","tribe_events_cat-albums-du-mois","tribe_events_cat-coup-de-coeur","tribe_events_cat-decouvertes","tribe_events_cat-evenements","cat_albums-du-mois","cat_coup-de-coeur","cat_decouvertes","cat_evenements"],"acf":[],"yoast_head":"<!-- This site is optimized with the Yoast SEO plugin v25.7 - https:\/\/yoast.com\/wordpress\/plugins\/seo\/ -->\n<title>Erik Satie &amp; Jazz - &quot;Les 100 ans de sa disparition&quot; - Sunset Sunside<\/title>\n<meta name=\"robots\" content=\"index, follow, max-snippet:-1, max-image-preview:large, max-video-preview:-1\" \/>\n<link rel=\"canonical\" href=\"https:\/\/www.sunset-sunside.com\/concert\/erik-satie-jazz-les-100-ans-de-sa-disparition\/\" \/>\n<meta property=\"og:locale\" content=\"en_GB\" \/>\n<meta property=\"og:type\" content=\"article\" \/>\n<meta property=\"og:title\" content=\"Erik Satie &amp; Jazz - &quot;Les 100 ans de sa disparition&quot; - Sunset Sunside\" \/>\n<meta property=\"og:description\" content=\"Voici 20 ans que Maki Nakano interpr\u00e8te la musique d\u2019Erik Satie avec le projet franco-japonais Ky. \u00c0 l\u2019occasion des 100 ans de sa disparition, elle sort ce beau vinyle pr\u00e9sentant [&hellip;]\" \/>\n<meta property=\"og:url\" content=\"https:\/\/www.sunset-sunside.com\/concert\/erik-satie-jazz-les-100-ans-de-sa-disparition\/\" \/>\n<meta property=\"og:site_name\" content=\"Sunset Sunside\" \/>\n<meta property=\"article:publisher\" content=\"https:\/\/www.facebook.com\/SunsetSunsideJazzClub\/\" \/>\n<meta property=\"article:modified_time\" content=\"2025-11-26T12:47:39+00:00\" \/>\n<meta property=\"og:image\" content=\"https:\/\/www.sunset-sunside.com\/app\/uploads\/2025\/09\/satie2025.jpg\" \/>\n\t<meta property=\"og:image:width\" content=\"2976\" \/>\n\t<meta property=\"og:image:height\" content=\"4175\" \/>\n\t<meta property=\"og:image:type\" content=\"image\/jpeg\" \/>\n<meta name=\"twitter:card\" content=\"summary_large_image\" \/>\n<meta name=\"twitter:site\" content=\"@SunsetSunside\" \/>\n<meta name=\"twitter:label1\" content=\"Est. reading time\" \/>\n\t<meta name=\"twitter:data1\" content=\"1 minute\" \/>\n<script type=\"application\/ld+json\" class=\"yoast-schema-graph\">{\"@context\":\"https:\/\/schema.org\",\"@graph\":[{\"@type\":\"WebPage\",\"@id\":\"https:\/\/www.sunset-sunside.com\/concert\/erik-satie-jazz-les-100-ans-de-sa-disparition\/\",\"url\":\"https:\/\/www.sunset-sunside.com\/concert\/erik-satie-jazz-les-100-ans-de-sa-disparition\/\",\"name\":\"Erik Satie &amp; Jazz - \\\"Les 100 ans de sa disparition\\\" - Sunset Sunside\",\"isPartOf\":{\"@id\":\"https:\/\/www.sunset-sunside.com\/#website\"},\"primaryImageOfPage\":{\"@id\":\"https:\/\/www.sunset-sunside.com\/concert\/erik-satie-jazz-les-100-ans-de-sa-disparition\/#primaryimage\"},\"image\":{\"@id\":\"https:\/\/www.sunset-sunside.com\/concert\/erik-satie-jazz-les-100-ans-de-sa-disparition\/#primaryimage\"},\"thumbnailUrl\":\"https:\/\/www.sunset-sunside.com\/app\/uploads\/2025\/09\/satie2025.jpg\",\"datePublished\":\"2025-09-30T11:46:43+00:00\",\"dateModified\":\"2025-11-26T12:47:39+00:00\",\"breadcrumb\":{\"@id\":\"https:\/\/www.sunset-sunside.com\/concert\/erik-satie-jazz-les-100-ans-de-sa-disparition\/#breadcrumb\"},\"inLanguage\":\"en-GB\",\"potentialAction\":[{\"@type\":\"ReadAction\",\"target\":[\"https:\/\/www.sunset-sunside.com\/concert\/erik-satie-jazz-les-100-ans-de-sa-disparition\/\"]}]},{\"@type\":\"ImageObject\",\"inLanguage\":\"en-GB\",\"@id\":\"https:\/\/www.sunset-sunside.com\/concert\/erik-satie-jazz-les-100-ans-de-sa-disparition\/#primaryimage\",\"url\":\"https:\/\/www.sunset-sunside.com\/app\/uploads\/2025\/09\/satie2025.jpg\",\"contentUrl\":\"https:\/\/www.sunset-sunside.com\/app\/uploads\/2025\/09\/satie2025.jpg\",\"width\":2976,\"height\":4175,\"caption\":\"\u00a9\ufe0f NON NAKAGAWA\"},{\"@type\":\"BreadcrumbList\",\"@id\":\"https:\/\/www.sunset-sunside.com\/concert\/erik-satie-jazz-les-100-ans-de-sa-disparition\/#breadcrumb\",\"itemListElement\":[{\"@type\":\"ListItem\",\"position\":1,\"name\":\"Accueil\",\"item\":\"https:\/\/www.sunset-sunside.com\/\"},{\"@type\":\"ListItem\",\"position\":2,\"name\":\"\u00c9v\u00e8nements\",\"item\":\"https:\/\/www.sunset-sunside.com\/concerts\/\"},{\"@type\":\"ListItem\",\"position\":3,\"name\":\"Erik Satie &amp; Jazz &#8211; &#8220;Les 100 ans de sa disparition&#8221;\"}]},{\"@type\":\"WebSite\",\"@id\":\"https:\/\/www.sunset-sunside.com\/#website\",\"url\":\"https:\/\/www.sunset-sunside.com\/\",\"name\":\"Sunset Sunside\",\"description\":\"\",\"potentialAction\":[{\"@type\":\"SearchAction\",\"target\":{\"@type\":\"EntryPoint\",\"urlTemplate\":\"https:\/\/www.sunset-sunside.com\/?s={search_term_string}\"},\"query-input\":{\"@type\":\"PropertyValueSpecification\",\"valueRequired\":true,\"valueName\":\"search_term_string\"}}],\"inLanguage\":\"en-GB\"}]}<\/script>\n<!-- \/ Yoast SEO plugin. -->","yoast_head_json":{"title":"Erik Satie &amp; Jazz - \"Les 100 ans de sa disparition\" - Sunset Sunside","robots":{"index":"index","follow":"follow","max-snippet":"max-snippet:-1","max-image-preview":"max-image-preview:large","max-video-preview":"max-video-preview:-1"},"canonical":"https:\/\/www.sunset-sunside.com\/concert\/erik-satie-jazz-les-100-ans-de-sa-disparition\/","og_locale":"en_GB","og_type":"article","og_title":"Erik Satie &amp; Jazz - \"Les 100 ans de sa disparition\" - Sunset Sunside","og_description":"Voici 20 ans que Maki Nakano interpr\u00e8te la musique d\u2019Erik Satie avec le projet franco-japonais Ky. \u00c0 l\u2019occasion des 100 ans de sa disparition, elle sort ce beau vinyle pr\u00e9sentant [&hellip;]","og_url":"https:\/\/www.sunset-sunside.com\/concert\/erik-satie-jazz-les-100-ans-de-sa-disparition\/","og_site_name":"Sunset Sunside","article_publisher":"https:\/\/www.facebook.com\/SunsetSunsideJazzClub\/","article_modified_time":"2025-11-26T12:47:39+00:00","og_image":[{"width":2976,"height":4175,"url":"https:\/\/www.sunset-sunside.com\/app\/uploads\/2025\/09\/satie2025.jpg","type":"image\/jpeg"}],"twitter_card":"summary_large_image","twitter_site":"@SunsetSunside","twitter_misc":{"Est. reading time":"1 minute"},"schema":{"@context":"https:\/\/schema.org","@graph":[{"@type":"WebPage","@id":"https:\/\/www.sunset-sunside.com\/concert\/erik-satie-jazz-les-100-ans-de-sa-disparition\/","url":"https:\/\/www.sunset-sunside.com\/concert\/erik-satie-jazz-les-100-ans-de-sa-disparition\/","name":"Erik Satie &amp; Jazz - \"Les 100 ans de sa disparition\" - Sunset Sunside","isPartOf":{"@id":"https:\/\/www.sunset-sunside.com\/#website"},"primaryImageOfPage":{"@id":"https:\/\/www.sunset-sunside.com\/concert\/erik-satie-jazz-les-100-ans-de-sa-disparition\/#primaryimage"},"image":{"@id":"https:\/\/www.sunset-sunside.com\/concert\/erik-satie-jazz-les-100-ans-de-sa-disparition\/#primaryimage"},"thumbnailUrl":"https:\/\/www.sunset-sunside.com\/app\/uploads\/2025\/09\/satie2025.jpg","datePublished":"2025-09-30T11:46:43+00:00","dateModified":"2025-11-26T12:47:39+00:00","breadcrumb":{"@id":"https:\/\/www.sunset-sunside.com\/concert\/erik-satie-jazz-les-100-ans-de-sa-disparition\/#breadcrumb"},"inLanguage":"en-GB","potentialAction":[{"@type":"ReadAction","target":["https:\/\/www.sunset-sunside.com\/concert\/erik-satie-jazz-les-100-ans-de-sa-disparition\/"]}]},{"@type":"ImageObject","inLanguage":"en-GB","@id":"https:\/\/www.sunset-sunside.com\/concert\/erik-satie-jazz-les-100-ans-de-sa-disparition\/#primaryimage","url":"https:\/\/www.sunset-sunside.com\/app\/uploads\/2025\/09\/satie2025.jpg","contentUrl":"https:\/\/www.sunset-sunside.com\/app\/uploads\/2025\/09\/satie2025.jpg","width":2976,"height":4175,"caption":"\u00a9\ufe0f NON NAKAGAWA"},{"@type":"BreadcrumbList","@id":"https:\/\/www.sunset-sunside.com\/concert\/erik-satie-jazz-les-100-ans-de-sa-disparition\/#breadcrumb","itemListElement":[{"@type":"ListItem","position":1,"name":"Accueil","item":"https:\/\/www.sunset-sunside.com\/"},{"@type":"ListItem","position":2,"name":"\u00c9v\u00e8nements","item":"https:\/\/www.sunset-sunside.com\/concerts\/"},{"@type":"ListItem","position":3,"name":"Erik Satie &amp; Jazz &#8211; &#8220;Les 100 ans de sa disparition&#8221;"}]},{"@type":"WebSite","@id":"https:\/\/www.sunset-sunside.com\/#website","url":"https:\/\/www.sunset-sunside.com\/","name":"Sunset Sunside","description":"","potentialAction":[{"@type":"SearchAction","target":{"@type":"EntryPoint","urlTemplate":"https:\/\/www.sunset-sunside.com\/?s={search_term_string}"},"query-input":{"@type":"PropertyValueSpecification","valueRequired":true,"valueName":"search_term_string"}}],"inLanguage":"en-GB"}]}},"publishpress_future_action":{"enabled":false,"date":"2026-04-12 17:32:19","action":"change-status","newStatus":"draft","terms":[],"taxonomy":"post_tag","extraData":[]},"publishpress_future_workflow_manual_trigger":{"enabledWorkflows":[]},"ticketed":["woo"],"_links":{"self":[{"href":"https:\/\/www.sunset-sunside.com\/wp-json\/wp\/v2\/tribe_events\/98982","targetHints":{"allow":["GET"]}}],"collection":[{"href":"https:\/\/www.sunset-sunside.com\/wp-json\/wp\/v2\/tribe_events"}],"about":[{"href":"https:\/\/www.sunset-sunside.com\/wp-json\/wp\/v2\/types\/tribe_events"}],"author":[{"embeddable":true,"href":"https:\/\/www.sunset-sunside.com\/wp-json\/wp\/v2\/users\/2"}],"version-history":[{"count":1,"href":"https:\/\/www.sunset-sunside.com\/wp-json\/wp\/v2\/tribe_events\/98982\/revisions"}],"predecessor-version":[{"id":98987,"href":"https:\/\/www.sunset-sunside.com\/wp-json\/wp\/v2\/tribe_events\/98982\/revisions\/98987"}],"wp:featuredmedia":[{"embeddable":true,"href":"https:\/\/www.sunset-sunside.com\/wp-json\/wp\/v2\/media\/98986"}],"wp:attachment":[{"href":"https:\/\/www.sunset-sunside.com\/wp-json\/wp\/v2\/media?parent=98982"}],"wp:term":[{"taxonomy":"post_tag","embeddable":true,"href":"https:\/\/www.sunset-sunside.com\/wp-json\/wp\/v2\/tags?post=98982"},{"taxonomy":"genre","embeddable":true,"href":"https:\/\/www.sunset-sunside.com\/wp-json\/wp\/v2\/genre?post=98982"},{"taxonomy":"tribe_events_cat","embeddable":true,"href":"https:\/\/www.sunset-sunside.com\/wp-json\/wp\/v2\/tribe_events_cat?post=98982"}],"curies":[{"name":"wp","href":"https:\/\/api.w.org\/{rel}","templated":true}]}}