{"id":99058,"date":"2025-09-30T16:33:00","date_gmt":"2025-09-30T14:33:00","guid":{"rendered":"https:\/\/www.sunset-sunside.com\/?post_type=tribe_events&#038;p=99058"},"modified":"2025-12-09T10:34:09","modified_gmt":"2025-12-09T09:34:09","slug":"matthieu-donarier-quartet-hommage-a-steve-lacy","status":"publish","type":"tribe_events","link":"https:\/\/www.sunset-sunside.com\/concert\/matthieu-donarier-quartet-hommage-a-steve-lacy\/","title":{"rendered":"Matthieu Donarier Quartet &#8220;Hommage \u00e0 Steve Lacy&#8221;"},"content":{"rendered":"<p>Aventureux, imaginatif et naviguant depuis plus d\u2019un quart de si\u00e8cle dans le paysage jazzistique fran\u00e7ais, Matthieu Donarier a souvent jou\u00e9 avec les esth\u00e9tiques et d\u00e9jou\u00e9 les tentatives de classement stylistique. Adepte des formes m\u00e9triques ou harmoniques sophistiqu\u00e9es comme des chansons populaires, des compositions cisel\u00e9es comme de l\u2019improvisation libre, il pr\u00e9sente pour la premi\u00e8re fois le fruit d\u2019un travail en quartet tr\u00e8s classique \u00e0 premi\u00e8re vue : saxophone, piano, contrebasse, batterie. Un poncif du jazz ? Ne vous y trompez pas : sous pr\u00e9texte d\u2019un tribut \u00e0 l\u2019un de ses ma\u00eetres, Matthieu Donarier rend ici hommage \u00e0 toute une m\u00e9moire du jazz, \u00e0 travers un opus \u00e0 la fois limpide et spontan\u00e9, empreint de libert\u00e9 et d\u2019\u00e9coute mutuelle.<\/p>\n","protected":false},"excerpt":{"rendered":"<p>Aventureux, imaginatif et naviguant depuis plus d\u2019un quart de si\u00e8cle dans le paysage jazzistique fran\u00e7ais, Matthieu Donarier a souvent jou\u00e9 avec les esth\u00e9tiques et d\u00e9jou\u00e9 les tentatives de classement stylistique. [&hellip;]<\/p>\n","protected":false},"author":2,"featured_media":99062,"template":"","meta":{"_acf_changed":false,"_price":"","_stock":"","_tribe_ticket_header":"","_tribe_default_ticket_provider":"Tribe__Tickets_Plus__Commerce__WooCommerce__Main","_tribe_ticket_capacity":"93","_ticket_start_date":"","_ticket_end_date":"","_tribe_ticket_show_description":"","_tribe_ticket_show_not_going":false,"_tribe_ticket_use_global_stock":"1","_tribe_ticket_global_stock_level":"65","_global_stock_mode":"","_global_stock_cap":"","_tribe_rsvp_for_event":"","_tribe_ticket_going_count":"","_tribe_ticket_not_going_count":"","_tribe_tickets_list":"[{\"id\":99059,\"type\":\"default\",\"title\":\"Tarif plein*\",\"description\":\"\",\"capacityType\":\"global\",\"price\":28,\"capacity\":93,\"available\":65,\"sharedCapacity\":93,\"sold\":22,\"shareSold\":22,\"isShared\":true,\"currencyDecimalPoint\":\",\",\"currencyNumberOfDecimals\":2,\"currencyPosition\":\"prefix\",\"currencySymbol\":\"$\",\"currencyThousandsSep\":\"\"},{\"id\":99060,\"type\":\"default\",\"title\":\"Tarif adh\\u00e9rent\",\"description\":\"\",\"capacityType\":\"global\",\"price\":23,\"capacity\":93,\"available\":65,\"sharedCapacity\":93,\"sold\":1,\"shareSold\":1,\"isShared\":true,\"currencyDecimalPoint\":\",\",\"currencyNumberOfDecimals\":2,\"currencyPosition\":\"prefix\",\"currencySymbol\":\"$\",\"currencyThousandsSep\":\"\"},{\"id\":99061,\"type\":\"default\",\"title\":\"Tarif r\\u00e9duit\",\"description\":\"Tarif r\\u00e9serv\\u00e9 aux \\u00e9tudiants de moins de 25 ans, ch\\u00f4meurs et intermittents du spectacle. Pr\\u00e9sentation obligatoire d\\u2019un justificatif \\u00e0 l\\u2019entr\\u00e9e. \\r\\nUn suppl\\u00e9ment vous sera demand\\u00e9 pour non pr\\u00e9sentation de justificatif. \",\"capacityType\":\"global\",\"price\":18,\"capacity\":93,\"available\":65,\"sharedCapacity\":93,\"sold\":5,\"shareSold\":5,\"isShared\":true,\"currencyDecimalPoint\":\",\",\"currencyNumberOfDecimals\":2,\"currencyPosition\":\"prefix\",\"currencySymbol\":\"$\",\"currencyThousandsSep\":\"\"}]","_tribe_ticket_has_attendee_info_fields":false,"_tribe_events_status":"","_tribe_events_status_reason":"","footnotes":"","_tec_slr_enabled":"","_tec_slr_layout":""},"tags":[],"genre":[80],"tribe_events_cat":[213,269,214,215,216],"class_list":["post-99058","tribe_events","type-tribe_events","status-publish","has-post-thumbnail","hentry","genre-jazz-moderne","tribe_events_cat-albums-du-mois","tribe_events_cat-coming-soon","tribe_events_cat-coup-de-coeur","tribe_events_cat-decouvertes","tribe_events_cat-evenements","cat_albums-du-mois","cat_coming-soon","cat_coup-de-coeur","cat_decouvertes","cat_evenements"],"acf":[],"yoast_head":"<!-- This site is optimized with the Yoast SEO plugin v25.7 - https:\/\/yoast.com\/wordpress\/plugins\/seo\/ -->\n<title>Matthieu Donarier Quartet &quot;Hommage \u00e0 Steve Lacy&quot; - Sunset Sunside<\/title>\n<meta name=\"robots\" content=\"index, follow, max-snippet:-1, max-image-preview:large, max-video-preview:-1\" \/>\n<link rel=\"canonical\" href=\"https:\/\/www.sunset-sunside.com\/concert\/matthieu-donarier-quartet-hommage-a-steve-lacy\/\" \/>\n<meta property=\"og:locale\" content=\"en_GB\" \/>\n<meta property=\"og:type\" content=\"article\" \/>\n<meta property=\"og:title\" content=\"Matthieu Donarier Quartet &quot;Hommage \u00e0 Steve Lacy&quot; - Sunset Sunside\" \/>\n<meta property=\"og:description\" content=\"Aventureux, imaginatif et naviguant depuis plus d\u2019un quart de si\u00e8cle dans le paysage jazzistique fran\u00e7ais, Matthieu Donarier a souvent jou\u00e9 avec les esth\u00e9tiques et d\u00e9jou\u00e9 les tentatives de classement stylistique. [&hellip;]\" \/>\n<meta property=\"og:url\" content=\"https:\/\/www.sunset-sunside.com\/concert\/matthieu-donarier-quartet-hommage-a-steve-lacy\/\" \/>\n<meta property=\"og:site_name\" content=\"Sunset Sunside\" \/>\n<meta property=\"article:publisher\" content=\"https:\/\/www.facebook.com\/SunsetSunsideJazzClub\/\" \/>\n<meta property=\"article:modified_time\" content=\"2025-12-09T09:34:09+00:00\" \/>\n<meta property=\"og:image\" content=\"https:\/\/www.sunset-sunside.com\/app\/uploads\/2025\/09\/MGL0707-e1759242410149.jpeg\" \/>\n\t<meta property=\"og:image:width\" content=\"425\" \/>\n\t<meta property=\"og:image:height\" content=\"420\" \/>\n\t<meta property=\"og:image:type\" content=\"image\/jpeg\" \/>\n<meta name=\"twitter:card\" content=\"summary_large_image\" \/>\n<meta name=\"twitter:site\" content=\"@SunsetSunside\" \/>\n<meta name=\"twitter:label1\" content=\"Est. reading time\" \/>\n\t<meta name=\"twitter:data1\" content=\"1 minute\" \/>\n<script type=\"application\/ld+json\" class=\"yoast-schema-graph\">{\"@context\":\"https:\/\/schema.org\",\"@graph\":[{\"@type\":\"WebPage\",\"@id\":\"https:\/\/www.sunset-sunside.com\/concert\/matthieu-donarier-quartet-hommage-a-steve-lacy\/\",\"url\":\"https:\/\/www.sunset-sunside.com\/concert\/matthieu-donarier-quartet-hommage-a-steve-lacy\/\",\"name\":\"Matthieu Donarier Quartet \\\"Hommage \u00e0 Steve Lacy\\\" - Sunset Sunside\",\"isPartOf\":{\"@id\":\"https:\/\/www.sunset-sunside.com\/#website\"},\"primaryImageOfPage\":{\"@id\":\"https:\/\/www.sunset-sunside.com\/concert\/matthieu-donarier-quartet-hommage-a-steve-lacy\/#primaryimage\"},\"image\":{\"@id\":\"https:\/\/www.sunset-sunside.com\/concert\/matthieu-donarier-quartet-hommage-a-steve-lacy\/#primaryimage\"},\"thumbnailUrl\":\"https:\/\/www.sunset-sunside.com\/app\/uploads\/2025\/09\/MGL0707-e1759242410149.jpeg\",\"datePublished\":\"2025-09-30T14:33:00+00:00\",\"dateModified\":\"2025-12-09T09:34:09+00:00\",\"breadcrumb\":{\"@id\":\"https:\/\/www.sunset-sunside.com\/concert\/matthieu-donarier-quartet-hommage-a-steve-lacy\/#breadcrumb\"},\"inLanguage\":\"en-GB\",\"potentialAction\":[{\"@type\":\"ReadAction\",\"target\":[\"https:\/\/www.sunset-sunside.com\/concert\/matthieu-donarier-quartet-hommage-a-steve-lacy\/\"]}]},{\"@type\":\"ImageObject\",\"inLanguage\":\"en-GB\",\"@id\":\"https:\/\/www.sunset-sunside.com\/concert\/matthieu-donarier-quartet-hommage-a-steve-lacy\/#primaryimage\",\"url\":\"https:\/\/www.sunset-sunside.com\/app\/uploads\/2025\/09\/MGL0707-e1759242410149.jpeg\",\"contentUrl\":\"https:\/\/www.sunset-sunside.com\/app\/uploads\/2025\/09\/MGL0707-e1759242410149.jpeg\",\"width\":425,\"height\":420,\"caption\":\"\u00a9 Annabelle Tiaffay\"},{\"@type\":\"BreadcrumbList\",\"@id\":\"https:\/\/www.sunset-sunside.com\/concert\/matthieu-donarier-quartet-hommage-a-steve-lacy\/#breadcrumb\",\"itemListElement\":[{\"@type\":\"ListItem\",\"position\":1,\"name\":\"Accueil\",\"item\":\"https:\/\/www.sunset-sunside.com\/\"},{\"@type\":\"ListItem\",\"position\":2,\"name\":\"\u00c9v\u00e8nements\",\"item\":\"https:\/\/www.sunset-sunside.com\/concerts\/\"},{\"@type\":\"ListItem\",\"position\":3,\"name\":\"Matthieu Donarier Quartet &#8220;Hommage \u00e0 Steve Lacy&#8221;\"}]},{\"@type\":\"WebSite\",\"@id\":\"https:\/\/www.sunset-sunside.com\/#website\",\"url\":\"https:\/\/www.sunset-sunside.com\/\",\"name\":\"Sunset Sunside\",\"description\":\"\",\"potentialAction\":[{\"@type\":\"SearchAction\",\"target\":{\"@type\":\"EntryPoint\",\"urlTemplate\":\"https:\/\/www.sunset-sunside.com\/?s={search_term_string}\"},\"query-input\":{\"@type\":\"PropertyValueSpecification\",\"valueRequired\":true,\"valueName\":\"search_term_string\"}}],\"inLanguage\":\"en-GB\"}]}<\/script>\n<!-- \/ Yoast SEO plugin. -->","yoast_head_json":{"title":"Matthieu Donarier Quartet \"Hommage \u00e0 Steve Lacy\" - Sunset Sunside","robots":{"index":"index","follow":"follow","max-snippet":"max-snippet:-1","max-image-preview":"max-image-preview:large","max-video-preview":"max-video-preview:-1"},"canonical":"https:\/\/www.sunset-sunside.com\/concert\/matthieu-donarier-quartet-hommage-a-steve-lacy\/","og_locale":"en_GB","og_type":"article","og_title":"Matthieu Donarier Quartet \"Hommage \u00e0 Steve Lacy\" - Sunset Sunside","og_description":"Aventureux, imaginatif et naviguant depuis plus d\u2019un quart de si\u00e8cle dans le paysage jazzistique fran\u00e7ais, Matthieu Donarier a souvent jou\u00e9 avec les esth\u00e9tiques et d\u00e9jou\u00e9 les tentatives de classement stylistique. [&hellip;]","og_url":"https:\/\/www.sunset-sunside.com\/concert\/matthieu-donarier-quartet-hommage-a-steve-lacy\/","og_site_name":"Sunset Sunside","article_publisher":"https:\/\/www.facebook.com\/SunsetSunsideJazzClub\/","article_modified_time":"2025-12-09T09:34:09+00:00","og_image":[{"width":425,"height":420,"url":"https:\/\/www.sunset-sunside.com\/app\/uploads\/2025\/09\/MGL0707-e1759242410149.jpeg","type":"image\/jpeg"}],"twitter_card":"summary_large_image","twitter_site":"@SunsetSunside","twitter_misc":{"Est. reading time":"1 minute"},"schema":{"@context":"https:\/\/schema.org","@graph":[{"@type":"WebPage","@id":"https:\/\/www.sunset-sunside.com\/concert\/matthieu-donarier-quartet-hommage-a-steve-lacy\/","url":"https:\/\/www.sunset-sunside.com\/concert\/matthieu-donarier-quartet-hommage-a-steve-lacy\/","name":"Matthieu Donarier Quartet \"Hommage \u00e0 Steve Lacy\" - Sunset Sunside","isPartOf":{"@id":"https:\/\/www.sunset-sunside.com\/#website"},"primaryImageOfPage":{"@id":"https:\/\/www.sunset-sunside.com\/concert\/matthieu-donarier-quartet-hommage-a-steve-lacy\/#primaryimage"},"image":{"@id":"https:\/\/www.sunset-sunside.com\/concert\/matthieu-donarier-quartet-hommage-a-steve-lacy\/#primaryimage"},"thumbnailUrl":"https:\/\/www.sunset-sunside.com\/app\/uploads\/2025\/09\/MGL0707-e1759242410149.jpeg","datePublished":"2025-09-30T14:33:00+00:00","dateModified":"2025-12-09T09:34:09+00:00","breadcrumb":{"@id":"https:\/\/www.sunset-sunside.com\/concert\/matthieu-donarier-quartet-hommage-a-steve-lacy\/#breadcrumb"},"inLanguage":"en-GB","potentialAction":[{"@type":"ReadAction","target":["https:\/\/www.sunset-sunside.com\/concert\/matthieu-donarier-quartet-hommage-a-steve-lacy\/"]}]},{"@type":"ImageObject","inLanguage":"en-GB","@id":"https:\/\/www.sunset-sunside.com\/concert\/matthieu-donarier-quartet-hommage-a-steve-lacy\/#primaryimage","url":"https:\/\/www.sunset-sunside.com\/app\/uploads\/2025\/09\/MGL0707-e1759242410149.jpeg","contentUrl":"https:\/\/www.sunset-sunside.com\/app\/uploads\/2025\/09\/MGL0707-e1759242410149.jpeg","width":425,"height":420,"caption":"\u00a9 Annabelle Tiaffay"},{"@type":"BreadcrumbList","@id":"https:\/\/www.sunset-sunside.com\/concert\/matthieu-donarier-quartet-hommage-a-steve-lacy\/#breadcrumb","itemListElement":[{"@type":"ListItem","position":1,"name":"Accueil","item":"https:\/\/www.sunset-sunside.com\/"},{"@type":"ListItem","position":2,"name":"\u00c9v\u00e8nements","item":"https:\/\/www.sunset-sunside.com\/concerts\/"},{"@type":"ListItem","position":3,"name":"Matthieu Donarier Quartet &#8220;Hommage \u00e0 Steve Lacy&#8221;"}]},{"@type":"WebSite","@id":"https:\/\/www.sunset-sunside.com\/#website","url":"https:\/\/www.sunset-sunside.com\/","name":"Sunset Sunside","description":"","potentialAction":[{"@type":"SearchAction","target":{"@type":"EntryPoint","urlTemplate":"https:\/\/www.sunset-sunside.com\/?s={search_term_string}"},"query-input":{"@type":"PropertyValueSpecification","valueRequired":true,"valueName":"search_term_string"}}],"inLanguage":"en-GB"}]}},"publishpress_future_action":{"enabled":false,"date":"2026-04-12 17:30:33","action":"change-status","newStatus":"draft","terms":[],"taxonomy":"post_tag","extraData":[]},"publishpress_future_workflow_manual_trigger":{"enabledWorkflows":[]},"ticketed":["woo"],"_links":{"self":[{"href":"https:\/\/www.sunset-sunside.com\/wp-json\/wp\/v2\/tribe_events\/99058","targetHints":{"allow":["GET"]}}],"collection":[{"href":"https:\/\/www.sunset-sunside.com\/wp-json\/wp\/v2\/tribe_events"}],"about":[{"href":"https:\/\/www.sunset-sunside.com\/wp-json\/wp\/v2\/types\/tribe_events"}],"author":[{"embeddable":true,"href":"https:\/\/www.sunset-sunside.com\/wp-json\/wp\/v2\/users\/2"}],"version-history":[{"count":1,"href":"https:\/\/www.sunset-sunside.com\/wp-json\/wp\/v2\/tribe_events\/99058\/revisions"}],"predecessor-version":[{"id":99065,"href":"https:\/\/www.sunset-sunside.com\/wp-json\/wp\/v2\/tribe_events\/99058\/revisions\/99065"}],"wp:featuredmedia":[{"embeddable":true,"href":"https:\/\/www.sunset-sunside.com\/wp-json\/wp\/v2\/media\/99062"}],"wp:attachment":[{"href":"https:\/\/www.sunset-sunside.com\/wp-json\/wp\/v2\/media?parent=99058"}],"wp:term":[{"taxonomy":"post_tag","embeddable":true,"href":"https:\/\/www.sunset-sunside.com\/wp-json\/wp\/v2\/tags?post=99058"},{"taxonomy":"genre","embeddable":true,"href":"https:\/\/www.sunset-sunside.com\/wp-json\/wp\/v2\/genre?post=99058"},{"taxonomy":"tribe_events_cat","embeddable":true,"href":"https:\/\/www.sunset-sunside.com\/wp-json\/wp\/v2\/tribe_events_cat?post=99058"}],"curies":[{"name":"wp","href":"https:\/\/api.w.org\/{rel}","templated":true}]}}